{"id":2291,"date":"2020-09-24T19:32:35","date_gmt":"2020-09-24T17:32:35","guid":{"rendered":"https:\/\/schutzmasken.ch\/?page_id=2291"},"modified":"2020-12-19T09:16:18","modified_gmt":"2020-12-19T08:16:18","slug":"empfehlungen-bag","status":"publish","type":"page","link":"https:\/\/schutzmasken.ch\/fr\/empfehlungen-bag\/","title":{"rendered":"Recommandations BAG"},"content":{"rendered":"<section class=\"section\" id=\"section_1437126813\">\n\t\t<div class=\"section-bg fill\" >\n\t\t\t\t\t\t\t\t\t\n\t\t\t\n\t<div class=\"is-border\"\n\t\tstyle=\"border-color:rgb(235, 235, 235);border-width:1px 0px 0px 0px;\">\n\t<\/div>\n\n\t\t<\/div>\n\n\t\t\n\n\t\t<div class=\"section-content relative\">\n\t\t\t\n<div class=\"row\"  id=\"row-1216284648\">\n\n\t<div id=\"col-1213177693\" class=\"col small-12 large-12\"  >\n\t\t\t\t<div class=\"col-inner\"  >\n\t\t\t\n\t\t\t\n<p>LES MASQUES D&rsquo;HYGI\u00c8NE PEUVENT \u00caTRE COMMAND\u00c9S \u00c0 PARTIR DE 0.40 CHF<\/p>\n<h1 class=\"uppercase\"><span style=\"font-size: 150%;font-weight: 700;\">\u201eL&rsquo;Office f\u00e9d\u00e9ral de la sant\u00e9 publique (OFSP) recommande que la population dispose d&rsquo;un stock personnel de 50 masques d&rsquo;hygi\u00e8ne par personne. \u201c<\/span><\/h1>\n<p>Source:<span style=\"color: #d92e17;\"><a style=\"color: #d92e17;\" href=\"https:\/\/www.bag.admin.ch\/bag\/de\/home\/krankheiten\/ausbrueche-epidemien-pandemien\/hygiene-pandemiefall\/hygienemasken.html\" data-wplink-edit=\"true\">Office f\u00e9d\u00e9ral de la sant\u00e9 publique (OFSP)<\/a><\/span><\/p>\n<p>Les masques respiratoires sont une composante \u00e9l\u00e9mentaire de la lutte contre le coronavirus. Sur la base des recommandations du Conseil f\u00e9d\u00e9ral, vous trouverez les deux types de masques les plus importants dans notre gamme. Il s&rsquo;agit notamment des respirateurs TYPE IIR, qui sont \u00e9galement utilis\u00e9s par le personnel m\u00e9dical. Masques de protection de ce filtre standard \u2265 98%. Ils conviennent \u00e0 la plupart de nos activit\u00e9s publiques quotidiennes telles que les achats, les visites \u00e0 la banque ou au magasin de bricolage. Toutefois, si les activit\u00e9s se d\u00e9roulent \u00e0 des distances plus courtes et pendant des p\u00e9riodes plus longues plut\u00f4t qu&rsquo;en public, nous recommandons d&rsquo;utiliser des appareils respiratoires KN95. Les respirateurs de ce filtre standard \u2265 95%.<\/p>\n\t\t<\/div>\n\t\t\t\t\t<\/div>\n\n\t\n<\/div>\n\t\t<\/div>\n\n\t\t\n<style>\n#section_1437126813 {\n  padding-top: 60px;\n  padding-bottom: 60px;\n  min-height: 300px;\n  background-color: rgb(255,255,255);\n}\n<\/style>\n\t<\/section>\n\t\n\n\t<section class=\"section\" id=\"section_403383045\">\n\t\t<div class=\"section-bg fill\" >\n\t\t\t\t\t\t\t\t\t\n\t\t\t\n\t<div class=\"is-border\"\n\t\tstyle=\"border-color:rgb(235, 235, 235);border-width:1px 0px 0px 0px;\">\n\t<\/div>\n\n\t\t<\/div>\n\n\t\t\n\n\t\t<div class=\"section-content relative\">\n\t\t\t\n<div class=\"row row-collapse\"  id=\"row-516184684\">\n\n\t<div id=\"col-936345302\" class=\"col medium-5 small-12 large-5\"  >\n\t\t\t\t<div class=\"col-inner\"  >\n\t\t\t\n\t\t\t\n\t<div class=\"img has-hover x md-x lg-x y md-y lg-y\" id=\"image_646076166\">\n\t\t\t\t\t\t\t\t<div class=\"img-inner dark\" >\n\t\t\t<img loading=\"lazy\" decoding=\"async\" width=\"512\" height=\"110\" src=\"https:\/\/schutzmasken.ch\/wp-content\/uploads\/2020\/09\/schutzmasken-logo-retina-1.png\" class=\"attachment-large size-large\" alt=\"Schutzmasken kaufen, Schutzmasken kaufen Schweiz, FFP2 Masken, FFP2 Masken, kaufen corona schnelltest, corona antigen Tes,t Kinder Schutzmasken\" \/>\t\t\t\t\t\t\n\t\t\t\t\t<\/div>\n\t\t\t\t\t\t\t\t\n<style>\n#image_646076166 {\n  width: 90%;\n}\n<\/style>\n\t<\/div>\n\t\n\t\t<\/div>\n\t\t\t\t\t<\/div>\n\n\t\n\n\t<div id=\"col-31310000\" class=\"col medium-7 small-12 large-7\"  >\n\t\t\t\t<div class=\"col-inner\"  >\n\t\t\t\n\t\t\t\n\n\t\t<div class=\"icon-box featured-box icon-box-left text-left\"  >\n\t\t\t\t\t<div class=\"icon-box-img\" style=\"width: 22px\">\n\t\t\t\t<div class=\"icon\">\n\t\t\t\t\t<div class=\"icon-inner\" style=\"color:rgb(63, 191, 57);\">\n\t\t\t\t\t\t<?xml version=\"1.0\" encoding=\"UTF-8\"?>\r\n<!DOCTYPE svg PUBLIC \"-\/\/W3C\/\/DTD SVG 1.1\/\/EN\" \"http:\/\/www.w3.org\/Graphics\/SVG\/1.1\/DTD\/svg11.dtd\">\r\n<!-- Creator: CorelDRAW Home & Student 2018 -->\r\n<?xml-stylesheet href=\"ok.css\" type=\"text\/css\"?>\r\n<svg xmlns=\"http:\/\/www.w3.org\/2000\/svg\" xml:space=\"preserve\" width=\"2480px\" height=\"3508px\" version=\"1.1\" style=\"shape-rendering:geometricPrecision; text-rendering:geometricPrecision; image-rendering:optimizeQuality; fill-rule:evenodd; clip-rule:evenodd\"\r\nviewBox=\"0 0 2480 3507.43\"\r\n xmlns:xlink=\"http:\/\/www.w3.org\/1999\/xlink\">\r\n <g id=\"Ebene_x0020_1\">\r\n  <metadata id=\"CorelCorpID_0Corel-Layer\"\/>\r\n  <polygon class=\"fil0\" points=\"2152.03,822.64 2480,1150.62 945.82,2684.8 0,1739 327.97,1411.02 945.82,2028.86 \"\/>\r\n <\/g>\r\n<\/svg>\r\n\t\t\t\t\t<\/div>\n\t\t\t\t<\/div>\n\t\t\t<\/div>\n\t\t\t\t<div class=\"icon-box-text last-reset\">\n\t\t\t\t\t\t\t\t\t\n<h3>Respirateurs certifi\u00e9s<\/h3>\n\t\t<\/div>\n\t<\/div>\n\t\n\t\n\n\t\t<div class=\"icon-box featured-box icon-box-left text-left\"  >\n\t\t\t\t\t<div class=\"icon-box-img\" style=\"width: 22px\">\n\t\t\t\t<div class=\"icon\">\n\t\t\t\t\t<div class=\"icon-inner\" style=\"color:rgb(63, 191, 57);\">\n\t\t\t\t\t\t<?xml version=\"1.0\" encoding=\"UTF-8\"?>\r\n<!DOCTYPE svg PUBLIC \"-\/\/W3C\/\/DTD SVG 1.1\/\/EN\" \"http:\/\/www.w3.org\/Graphics\/SVG\/1.1\/DTD\/svg11.dtd\">\r\n<!-- Creator: CorelDRAW Home & Student 2018 -->\r\n<?xml-stylesheet href=\"ok.css\" type=\"text\/css\"?>\r\n<svg xmlns=\"http:\/\/www.w3.org\/2000\/svg\" xml:space=\"preserve\" width=\"2480px\" height=\"3508px\" version=\"1.1\" style=\"shape-rendering:geometricPrecision; text-rendering:geometricPrecision; image-rendering:optimizeQuality; fill-rule:evenodd; clip-rule:evenodd\"\r\nviewBox=\"0 0 2480 3507.43\"\r\n xmlns:xlink=\"http:\/\/www.w3.org\/1999\/xlink\">\r\n <g id=\"Ebene_x0020_1\">\r\n  <metadata id=\"CorelCorpID_0Corel-Layer\"\/>\r\n  <polygon class=\"fil0\" points=\"2152.03,822.64 2480,1150.62 945.82,2684.8 0,1739 327.97,1411.02 945.82,2028.86 \"\/>\r\n <\/g>\r\n<\/svg>\r\n\t\t\t\t\t<\/div>\n\t\t\t\t<\/div>\n\t\t\t<\/div>\n\t\t\t\t<div class=\"icon-box-text last-reset\">\n\t\t\t\t\t\t\t\t\t\n<h3>Recommandation pour assouplir le verrouillage<\/h3>\n\t\t<\/div>\n\t<\/div>\n\t\n\t\n\n\t\t<div class=\"icon-box featured-box icon-box-left text-left\"  >\n\t\t\t\t\t<div class=\"icon-box-img\" style=\"width: 22px\">\n\t\t\t\t<div class=\"icon\">\n\t\t\t\t\t<div class=\"icon-inner\" style=\"color:rgb(63, 191, 57);\">\n\t\t\t\t\t\t<?xml version=\"1.0\" encoding=\"UTF-8\"?>\r\n<!DOCTYPE svg PUBLIC \"-\/\/W3C\/\/DTD SVG 1.1\/\/EN\" \"http:\/\/www.w3.org\/Graphics\/SVG\/1.1\/DTD\/svg11.dtd\">\r\n<!-- Creator: CorelDRAW Home & Student 2018 -->\r\n<?xml-stylesheet href=\"ok.css\" type=\"text\/css\"?>\r\n<svg xmlns=\"http:\/\/www.w3.org\/2000\/svg\" xml:space=\"preserve\" width=\"2480px\" height=\"3508px\" version=\"1.1\" style=\"shape-rendering:geometricPrecision; text-rendering:geometricPrecision; image-rendering:optimizeQuality; fill-rule:evenodd; clip-rule:evenodd\"\r\nviewBox=\"0 0 2480 3507.43\"\r\n xmlns:xlink=\"http:\/\/www.w3.org\/1999\/xlink\">\r\n <g id=\"Ebene_x0020_1\">\r\n  <metadata id=\"CorelCorpID_0Corel-Layer\"\/>\r\n  <polygon class=\"fil0\" points=\"2152.03,822.64 2480,1150.62 945.82,2684.8 0,1739 327.97,1411.02 945.82,2028.86 \"\/>\r\n <\/g>\r\n<\/svg>\r\n\t\t\t\t\t<\/div>\n\t\t\t\t<\/div>\n\t\t\t<\/div>\n\t\t\t\t<div class=\"icon-box-text last-reset\">\n\t\t\t\t\t\t\t\t\t\n<h3>Couverture compl\u00e8te du nez et de la bouche<\/h3>\n\t\t<\/div>\n\t<\/div>\n\t\n\t\n\n\t\t<div class=\"icon-box featured-box icon-box-left text-left\"  >\n\t\t\t\t\t<div class=\"icon-box-img\" style=\"width: 22px\">\n\t\t\t\t<div class=\"icon\">\n\t\t\t\t\t<div class=\"icon-inner\" style=\"color:rgb(63, 191, 57);\">\n\t\t\t\t\t\t<?xml version=\"1.0\" encoding=\"UTF-8\"?>\r\n<!DOCTYPE svg PUBLIC \"-\/\/W3C\/\/DTD SVG 1.1\/\/EN\" \"http:\/\/www.w3.org\/Graphics\/SVG\/1.1\/DTD\/svg11.dtd\">\r\n<!-- Creator: CorelDRAW Home & Student 2018 -->\r\n<?xml-stylesheet href=\"ok.css\" type=\"text\/css\"?>\r\n<svg xmlns=\"http:\/\/www.w3.org\/2000\/svg\" xml:space=\"preserve\" width=\"2480px\" height=\"3508px\" version=\"1.1\" style=\"shape-rendering:geometricPrecision; text-rendering:geometricPrecision; image-rendering:optimizeQuality; fill-rule:evenodd; clip-rule:evenodd\"\r\nviewBox=\"0 0 2480 3507.43\"\r\n xmlns:xlink=\"http:\/\/www.w3.org\/1999\/xlink\">\r\n <g id=\"Ebene_x0020_1\">\r\n  <metadata id=\"CorelCorpID_0Corel-Layer\"\/>\r\n  <polygon class=\"fil0\" points=\"2152.03,822.64 2480,1150.62 945.82,2684.8 0,1739 327.97,1411.02 945.82,2028.86 \"\/>\r\n <\/g>\r\n<\/svg>\r\n\t\t\t\t\t<\/div>\n\t\t\t\t<\/div>\n\t\t\t<\/div>\n\t\t\t\t<div class=\"icon-box-text last-reset\">\n\t\t\t\t\t\t\t\t\t\n<h3>Prot\u00e8ge les voies respiratoires contre les virus et le smog<\/h3>\n\t\t<\/div>\n\t<\/div>\n\t\n\t\n\n\t\t<div class=\"icon-box featured-box icon-box-left text-left\"  >\n\t\t\t\t\t<div class=\"icon-box-img\" style=\"width: 22px\">\n\t\t\t\t<div class=\"icon\">\n\t\t\t\t\t<div class=\"icon-inner\" style=\"color:rgb(63, 191, 57);\">\n\t\t\t\t\t\t<?xml version=\"1.0\" encoding=\"UTF-8\"?>\r\n<!DOCTYPE svg PUBLIC \"-\/\/W3C\/\/DTD SVG 1.1\/\/EN\" \"http:\/\/www.w3.org\/Graphics\/SVG\/1.1\/DTD\/svg11.dtd\">\r\n<!-- Creator: CorelDRAW Home & Student 2018 -->\r\n<?xml-stylesheet href=\"ok.css\" type=\"text\/css\"?>\r\n<svg xmlns=\"http:\/\/www.w3.org\/2000\/svg\" xml:space=\"preserve\" width=\"2480px\" height=\"3508px\" version=\"1.1\" style=\"shape-rendering:geometricPrecision; text-rendering:geometricPrecision; image-rendering:optimizeQuality; fill-rule:evenodd; clip-rule:evenodd\"\r\nviewBox=\"0 0 2480 3507.43\"\r\n xmlns:xlink=\"http:\/\/www.w3.org\/1999\/xlink\">\r\n <g id=\"Ebene_x0020_1\">\r\n  <metadata id=\"CorelCorpID_0Corel-Layer\"\/>\r\n  <polygon class=\"fil0\" points=\"2152.03,822.64 2480,1150.62 945.82,2684.8 0,1739 327.97,1411.02 945.82,2028.86 \"\/>\r\n <\/g>\r\n<\/svg>\r\n\t\t\t\t\t<\/div>\n\t\t\t\t<\/div>\n\t\t\t<\/div>\n\t\t\t\t<div class=\"icon-box-text last-reset\">\n\t\t\t\t\t\t\t\t\t\n<h3>\u2265 95% Capacit\u00e9 de filtrage KN95 \/ \u2265 98% Capacit\u00e9 de filtrage TYPE IIR<\/h3>\n\t\t<\/div>\n\t<\/div>\n\t\n\t\n\t\t<\/div>\n\t\t\t\t\t<\/div>\n\n\t\n<\/div>\n\t\t<\/div>\n\n\t\t\n<style>\n#section_403383045 {\n  padding-top: 80px;\n  padding-bottom: 80px;\n  min-height: 300px;\n  background-color: rgb(210, 224, 236);\n}\n<\/style>\n\t<\/section>\n\t\n\n\t<section class=\"section\" id=\"section_1329642976\">\n\t\t<div class=\"section-bg fill\" >\n\t\t\t\t\t\t\t\t\t\n\t\t\t\n\t<div class=\"is-border\"\n\t\tstyle=\"border-color:rgb(235, 235, 235);border-width:1px 0px 0px 0px;\">\n\t<\/div>\n\n\t\t<\/div>\n\n\t\t\n\n\t\t<div class=\"section-content relative\">\n\t\t\t\n<div class=\"row\"  id=\"row-840016643\">\n\n\t<div id=\"col-691932390\" class=\"col medium-6 small-12 large-6\"  >\n\t\t\t\t<div class=\"col-inner text-center\"  >\n\t\t\t\n\t\t\t\n<h3 class = \"uppercase\"> <span style = \"font-size: 150%; font-weight: 700;\"> Respirateurs KN95 <\/span> <\/h3>\n<p> MASQUES KN95 CERTIFI\u00c9S <\/p>\n\t<div class=\"img has-hover x md-x lg-x y md-y lg-y\" id=\"image_1480389593\">\n\t\t<a class=\"\" href=\"https:\/\/schutzmasken.ch\/shop\/Atemschutzmasken-KN95-FFP2-10er-Packung-p191398035\" >\t\t\t\t\t\t<div class=\"img-inner image-zoom dark\" >\n\t\t\t<img loading=\"lazy\" decoding=\"async\" width=\"960\" height=\"800\" src=\"https:\/\/schutzmasken.ch\/wp-content\/uploads\/2020\/09\/1537305934-960x800.jpg\" class=\"attachment-large size-large\" alt=\"Atemschutzmaske KN95\" srcset=\"https:\/\/schutzmasken.ch\/wp-content\/uploads\/2020\/09\/1537305934-960x800.jpg 960w, https:\/\/schutzmasken.ch\/wp-content\/uploads\/2020\/09\/1537305934-480x400.jpg 480w, https:\/\/schutzmasken.ch\/wp-content\/uploads\/2020\/09\/1537305934-768x640.jpg 768w, https:\/\/schutzmasken.ch\/wp-content\/uploads\/2020\/09\/1537305934-600x500.jpg 600w, https:\/\/schutzmasken.ch\/wp-content\/uploads\/2020\/09\/1537305934.jpg 1500w\" sizes=\"(max-width: 960px) 100vw, 960px\" \/>\t\t\t\t\t\t\n\t\t\t\t\t<\/div>\n\t\t\t\t\t\t<\/a>\t\t\n<style>\n#image_1480389593 {\n  width: 100%;\n}\n<\/style>\n\t<\/div>\n\t\n<a href=\"https:\/\/schutzmasken.ch\/shop\/Atemschutzmasken-KN95-FFP2-10er-Packung-p191398035\" class=\"button primary\"  >\n\t\t<span>Commandez un masque de protection test\u00e9 DEKRA<\/span>\n\t<\/a>\n\n\t\t<\/div>\n\t\t\t\t\t<\/div>\n\n\t\n\n\t<div id=\"col-2134624452\" class=\"col medium-6 small-12 large-6\"  >\n\t\t\t\t<div class=\"col-inner text-center\"  >\n\t\t\t\n\t\t\t\n<h3 class = \"uppercase\"> <span style = \"font-size: 150%; font-weight: 700;\"> Masques protection TYPE IIR <\/span> <\/h3>\n<p> TYPE DE MASQUE RECOMMAND\u00c9 DANS LE SAC <\/p>\n\t<div class=\"img has-hover x md-x lg-x y md-y lg-y\" id=\"image_781828415\">\n\t\t<a class=\"\" href=\"https:\/\/schutzmasken.ch\/shop\/TYP-IIR-Atemschutzmasken-50er-Packung-p218029168\" >\t\t\t\t\t\t<div class=\"img-inner image-zoom dark\" >\n\t\t\t<img loading=\"lazy\" decoding=\"async\" width=\"960\" height=\"800\" src=\"https:\/\/schutzmasken.ch\/wp-content\/uploads\/2020\/09\/1537328392-960x800.jpg\" class=\"attachment-large size-large\" alt=\"Schutzmaske Typ IIR\" srcset=\"https:\/\/schutzmasken.ch\/wp-content\/uploads\/2020\/09\/1537328392-960x800.jpg 960w, https:\/\/schutzmasken.ch\/wp-content\/uploads\/2020\/09\/1537328392-480x400.jpg 480w, https:\/\/schutzmasken.ch\/wp-content\/uploads\/2020\/09\/1537328392-768x640.jpg 768w, https:\/\/schutzmasken.ch\/wp-content\/uploads\/2020\/09\/1537328392-600x500.jpg 600w, https:\/\/schutzmasken.ch\/wp-content\/uploads\/2020\/09\/1537328392.jpg 1500w\" sizes=\"(max-width: 960px) 100vw, 960px\" \/>\t\t\t\t\t\t\n\t\t\t\t\t<\/div>\n\t\t\t\t\t\t<\/a>\t\t\n<style>\n#image_781828415 {\n  width: 100%;\n}\n<\/style>\n\t<\/div>\n\t\n<a href=\"https:\/\/schutzmasken.ch\/shop\/TYP-IIR-Atemschutzmasken-50er-Packung-p218029168\" class=\"button primary\"  >\n\t\t<span>Commandez un masque de protection certifi\u00e9 T\u00dcV<\/span>\n\t<\/a>\n\n\t\t<\/div>\n\t\t\t\t\t<\/div>\n\n\t\n<\/div>\n\t\t<\/div>\n\n\t\t\n<style>\n#section_1329642976 {\n  padding-top: 60px;\n  padding-bottom: 60px;\n  min-height: 300px;\n  background-color: rgb(255,255,255);\n}\n<\/style>\n\t<\/section>\n\t\n\n\t<section class=\"section\" id=\"section_42692232\">\n\t\t<div class=\"section-bg fill\" >\n\t\t\t\t\t\t\t\t\t\n\t\t\t\n\t<div class=\"is-border\"\n\t\tstyle=\"border-color:rgb(235, 235, 235);border-width:1px 0px 0px 0px;\">\n\t<\/div>\n\n\t\t<\/div>\n\n\t\t\n\n\t\t<div class=\"section-content relative\">\n\t\t\t\n<div class=\"row row-collapse\"  id=\"row-594081968\">\n\n\t<div id=\"col-900067261\" class=\"col small-12 large-12\"  >\n\t\t\t\t<div class=\"col-inner\"  >\n\t\t\t\n\t\t\t\n<h2 class=\"uppercase\"><span style=\"font-size: 120%;font-weight: 700;\">Coronavirus &#8211; Toujours en vigueur :<\/span><\/h2>\n<p>Le d\u00e9confinement \u00e0 venir ne doit pas \u00eatre compris comme la fin de la pand\u00e9mie de corona. Au contraire, elle d\u00e9pend maintenant de nous tous. Le Covid-19 doit continuer \u00e0 se propager lentement au sein de la population. Si nous n&rsquo;y parvenons pas, le confinement menace de s&rsquo;aggraver encore et les dommages \u00e9conomiques seront de plus en plus importants. Il nous appartient toujours de savoir comment nous exploitons ces connaissances. En tant que commer\u00e7ant sp\u00e9cialis\u00e9, nous recommandons l&rsquo;utilisation r\u00e9fl\u00e9chie et uniquement en situation des masques. Les promenades avec des possibilit\u00e9s d&rsquo;\u00e9vitement suffisantes, les bains de soleil sur le balcon ou un chemin de travail d\u00e9sert ne n\u00e9cessitent pas de masque de protection.<\/p>\n\t\t<\/div>\n\t\t\t\t\t<\/div>\n\n\t\n<\/div>\n\t\t<\/div>\n\n\t\t\n<style>\n#section_42692232 {\n  padding-top: 60px;\n  padding-bottom: 60px;\n  min-height: 300px;\n  background-color: rgb(255,255,255);\n}\n<\/style>\n\t<\/section>\n\t\n\n\t<section class=\"section\" id=\"section_377820104\">\n\t\t<div class=\"section-bg fill\" >\n\t\t\t\t\t\t\t\t\t\n\t\t\t\n\t<div class=\"is-border\"\n\t\tstyle=\"border-color:rgb(235, 235, 235);border-width:1px 0px 0px 0px;\">\n\t<\/div>\n\n\t\t<\/div>\n\n\t\t\n\n\t\t<div class=\"section-content relative\">\n\t\t\t\n<div class=\"row\"  id=\"row-1376734779\">\n\n\t<div id=\"col-821442669\" class=\"col small-12 large-12\"  >\n\t\t\t\t<div class=\"col-inner\"  >\n\t\t\t\n\t\t\t\n\t<div class=\"img has-hover x md-x lg-x y md-y lg-y\" id=\"image_1124169717\">\n\t\t\t\t\t\t\t\t<div class=\"img-inner dark\" >\n\t\t\t<img loading=\"lazy\" decoding=\"async\" width=\"1189\" height=\"839\" src=\"https:\/\/schutzmasken.ch\/wp-content\/uploads\/2020\/09\/fr.png\" class=\"attachment-original size-original\" alt=\"Schutzmasken kaufen, Schutzmasken kaufen Schweiz, FFP2 Masken, FFP2 Masken, kaufen corona schnelltest, corona antigen Tes,t Kinder Schutzmasken\" srcset=\"https:\/\/schutzmasken.ch\/wp-content\/uploads\/2020\/09\/fr.png 1189w, https:\/\/schutzmasken.ch\/wp-content\/uploads\/2020\/09\/fr-567x400.png 567w, https:\/\/schutzmasken.ch\/wp-content\/uploads\/2020\/09\/fr-1134x800.png 1134w, https:\/\/schutzmasken.ch\/wp-content\/uploads\/2020\/09\/fr-768x542.png 768w, https:\/\/schutzmasken.ch\/wp-content\/uploads\/2020\/09\/fr-600x423.png 600w\" sizes=\"(max-width: 1189px) 100vw, 1189px\" \/>\t\t\t\t\t\t\n\t\t\t\t\t<\/div>\n\t\t\t\t\t\t\t\t\n<style>\n#image_1124169717 {\n  width: 100%;\n}\n<\/style>\n\t<\/div>\n\t\n\t\t<\/div>\n\t\t\t\t\t<\/div>\n\n\t\n<\/div>\n\t\t<\/div>\n\n\t\t\n<style>\n#section_377820104 {\n  padding-top: 60px;\n  padding-bottom: 60px;\n  min-height: 300px;\n  background-color: rgb(255,255,255);\n}\n<\/style>\n\t<\/section>","protected":false},"excerpt":{"rendered":"","protected":false},"author":1,"featured_media":0,"parent":0,"menu_order":0,"comment_status":"closed","ping_status":"open","template":"page-blank.php","meta":{"footnotes":""},"_links":{"self":[{"href":"https:\/\/schutzmasken.ch\/fr\/wp-json\/wp\/v2\/pages\/2291"}],"collection":[{"href":"https:\/\/schutzmasken.ch\/fr\/wp-json\/wp\/v2\/pages"}],"about":[{"href":"https:\/\/schutzmasken.ch\/fr\/wp-json\/wp\/v2\/types\/page"}],"author":[{"embeddable":true,"href":"https:\/\/schutzmasken.ch\/fr\/wp-json\/wp\/v2\/users\/1"}],"replies":[{"embeddable":true,"href":"https:\/\/schutzmasken.ch\/fr\/wp-json\/wp\/v2\/comments?post=2291"}],"version-history":[{"count":0,"href":"https:\/\/schutzmasken.ch\/fr\/wp-json\/wp\/v2\/pages\/2291\/revisions"}],"wp:attachment":[{"href":"https:\/\/schutzmasken.ch\/fr\/wp-json\/wp\/v2\/media?parent=2291"}],"curies":[{"name":"wp","href":"https:\/\/api.w.org\/{rel}","templated":true}]}}