{"id":2705,"date":"2020-10-05T22:08:29","date_gmt":"2020-10-05T20:08:29","guid":{"rendered":"https:\/\/schutzmasken.ch\/?page_id=2705"},"modified":"2021-01-04T21:14:53","modified_gmt":"2021-01-04T20:14:53","slug":"schutzmasken-faq","status":"publish","type":"page","link":"https:\/\/schutzmasken.ch\/fr\/schutzmasken-faq\/","title":{"rendered":"Masques de protection FAQ | Tout sur les masques en Suisse"},"content":{"rendered":"<section class=\"section\" id=\"section_412859599\">\n\t\t<div class=\"section-bg fill\" >\n\t\t\t\t\t\t\t\t\t\n\t\t\t\n\n\t\t<\/div>\n\n\t\t\n\n\t\t<div class=\"section-content relative\">\n\t\t\t\n<div class=\"row\"  id=\"row-67522505\">\n\n\t<div id=\"col-1551341193\" class=\"col medium-10 small-12 large-12\"  >\n\t\t\t\t<div class=\"col-inner text-left\"  >\n\t\t\t\n\t\t\t\n<h1>FAQ| Masques de protection en Suisse<\/h1>\n<p>Les masques sont devenus indispensables depuis le d\u00e9clenchement de la pand\u00e9mie de la Corona. Dans de nombreux cantons, les masques sont obligatoires dans les magasins. Pour beaucoup, cependant, il n&rsquo;est pas toujours \u00e9vident de savoir quel masque de protection est efficace et quel type de masque doit \u00eatre achet\u00e9. Apr\u00e8s tout, il existe des masques plus r\u00e9sistants qui ne prot\u00e8gent que les autres de celui qui les porte et il existe des masques qui prot\u00e8gent \u00e9galement celui qui les porte.<\/p>\n<p><strong> Quels sont les masques qui offrent la meilleure protection ? Nous avons rassembl\u00e9 toutes les questions et r\u00e9ponses importantes dans notre FAQ.<\/strong><\/p>\n\t\t<\/div>\n\t\t\t\t\n<style>\n#col-1551341193 > .col-inner {\n  margin: 0px 0px -40px 0px;\n}\n<\/style>\n\t<\/div>\n\n\t\n<\/div>\n<div class=\"row align-center\"  id=\"row-225965316\">\n\n\t<div id=\"col-1948470785\" class=\"col medium-12 small-12 large-12\"  >\n\t\t\t\t<div class=\"col-inner text-left\"  >\n\t\t\t\n\t\t\t\n<div class=\"is-divider divider clearfix\" style=\"margin-top:3em;margin-bottom:3em;max-width:100%;background-color:rgb(9, 14, 29);\"><\/div>\n<div class=\"row row-collapse\"  id=\"row-1714641656\">\n\n\t<div id=\"col-1688523704\" class=\"col medium-12 small-12 large-4\"  >\n\t\t\t\t<div class=\"col-inner\"  >\n\t\t\t\n\t\t\t\n\n\t\t<div class=\"icon-box featured-box icon-box-left text-left\"  style=\"margin:0px 0px 30px 0px;\">\n\t\t\t\t\t<div class=\"icon-box-img\" style=\"width: 60px\">\n\t\t\t\t<div class=\"icon\">\n\t\t\t\t\t<div class=\"icon-inner\" >\n\t\t\t\t\t\t<img loading=\"lazy\" decoding=\"async\" width=\"256\" height=\"256\" src=\"https:\/\/schutzmasken.ch\/wp-content\/uploads\/2020\/10\/safemask.png\" class=\"attachment-medium size-medium\" alt=\"Schutzmasken kaufen, Schutzmasken kaufen Schweiz, FFP2 Masken, FFP2 Masken, kaufen corona schnelltest, corona antigen Tes,t Kinder Schutzmasken\" \/>\t\t\t\t\t<\/div>\n\t\t\t\t<\/div>\n\t\t\t<\/div>\n\t\t\t\t<div class=\"icon-box-text last-reset\">\n\t\t\t\t\t\t\t\t\t\n<h3>Masques de protection <\/h3>\n\t\t<\/div>\n\t<\/div>\n\t\n\t\n\t\t<\/div>\n\t\t\t\t\t<\/div>\n\n\t\n\n\t<div id=\"col-1269901943\" class=\"col medium-12 small-12 large-8\"  >\n\t\t\t\t<div class=\"col-inner text-left\"  >\n\t\t\t\n\t\t\t\n<div class=\"accordion\">\n\t<div id=\"accordion-1709241149\" class=\"accordion-item\">\n\t\t<a id=\"accordion-1709241149-label\" class=\"accordion-title plain\" href=\"#accordion-item-est-ce-que-le-port-du-masque-est-obligatoire-en-suisse-?\" aria-expanded=\"false\" aria-controls=\"accordion-1709241149-content\" >\n\t\t\t<button class=\"toggle\" aria-label=\"Basculer\"><i class=\"icon-angle-down\"><\/i><\/button>\n\t\t\t<span>Est-ce que le port du masque est obligatoire en Suisse ?<\/span>\n\t\t<\/a>\n\t\t<div id=\"accordion-1709241149-content\" class=\"accordion-inner\" aria-labelledby=\"accordion-1709241149-label\" >\n\t\t\t\n<p> En Suisse, le port du masque n&rsquo;est obligatoire que dans les transports publics. Cette mesure vise \u00e0 limiter la propagation du virus de la corona. En outre, certains cantons rendent obligatoire le port du masque dans les magasins. Pour savoir si le port du masque est obligatoire dans votre canton, vous devez consulter le site web de votre autorit\u00e9 cantonale.<\/p>\n\t\t<\/div>\n\t<\/div>\n\t\n\t<div id=\"accordion-3622267872\" class=\"accordion-item\">\n\t\t<a id=\"accordion-3622267872-label\" class=\"accordion-title plain\" href=\"#accordion-item-o\u00f9-devez-vous-porter-un-masque-en-suisse-?\" aria-expanded=\"false\" aria-controls=\"accordion-3622267872-content\" >\n\t\t\t<button class=\"toggle\" aria-label=\"Basculer\"><i class=\"icon-angle-down\"><\/i><\/button>\n\t\t\t<span>O\u00f9 devez-vous porter un masque en Suisse ?<\/span>\n\t\t<\/a>\n\t\t<div id=\"accordion-3622267872-content\" class=\"accordion-inner\" aria-labelledby=\"accordion-3622267872-label\" >\n\t\t\t\n<p> Les personnes \u00e2g\u00e9es de plus de 12 ans doivent obligatoirement porter un masque dans les bus, les trains et les tramways. Dans certains cantons, les masques sont \u00e9galement obligatoires dans les centres commerciaux et les b\u00e2timents publics. En g\u00e9n\u00e9ral, l&rsquo;ensemble est trait\u00e9 de mani\u00e8re f\u00e9d\u00e9raliste et les r\u00e9glementations peuvent \u00eatre diff\u00e9rentes dans chaque canton.<\/p>\n\t\t<\/div>\n\t<\/div>\n\t\n\t<div id=\"accordion-2934309466\" class=\"accordion-item\">\n\t\t<a id=\"accordion-2934309466-label\" class=\"accordion-title plain\" href=\"#accordion-item-le-port-d&#039;un-masque-est-il-recommand\u00e9-en-suisse-?\" aria-expanded=\"false\" aria-controls=\"accordion-2934309466-content\" >\n\t\t\t<button class=\"toggle\" aria-label=\"Basculer\"><i class=\"icon-angle-down\"><\/i><\/button>\n\t\t\t<span>Le port d'un masque est-il recommand\u00e9 en Suisse ?<\/span>\n\t\t<\/a>\n\t\t<div id=\"accordion-2934309466-content\" class=\"accordion-inner\" aria-labelledby=\"accordion-2934309466-label\" >\n\t\t\t\n<p> Le port d&rsquo;un masque est recommand\u00e9 par la Conf\u00e9d\u00e9ration suisse, car il prot\u00e8ge contre la propagation du virus. L&rsquo;achat d&rsquo;un masque de protection est donc recommand\u00e9 &#8211; en plus de toutes les autres mesures de protection telles qu&rsquo;une distance de s\u00e9curit\u00e9 et un lavage complet des mains. <\/p>\n\t\t<\/div>\n\t<\/div>\n\t\n\t<div id=\"accordion-917618548\" class=\"accordion-item\">\n\t\t<a id=\"accordion-917618548-label\" class=\"accordion-title plain\" href=\"#accordion-item-quels-sont-les-types-de-masques-disponibles-?\" aria-expanded=\"false\" aria-controls=\"accordion-917618548-content\" >\n\t\t\t<button class=\"toggle\" aria-label=\"Basculer\"><i class=\"icon-angle-down\"><\/i><\/button>\n\t\t\t<span>Quels sont les types de masques disponibles ?<\/span>\n\t\t<\/a>\n\t\t<div id=\"accordion-917618548-content\" class=\"accordion-inner\" aria-labelledby=\"accordion-917618548-label\" >\n\t\t\t\n<p> Facilement explicables, il y a les masques chirurgicaux, les masques d&rsquo;hygi\u00e8ne et les masques respiratoires. Ces trois types ont tous des niveaux de protection diff\u00e9rents. <\/p>\n<p>Les masques d&rsquo;hygi\u00e8ne sont constitu\u00e9s d&rsquo;une toison multicouche. Elles prot\u00e8gent avant tout la zone environnante contre toute nouvelle infection par un porteur. Les masques de protection hygi\u00e9nique sont parmi les plus vendus en Suisse. On les reconna\u00eet \u00e0 leur surface bleu clair. Ces masques d&rsquo;hygi\u00e8ne sont \u00e0 usage unique.<\/p>\n<p>Les masques respiratoires &#8211; \u00e9galement appel\u00e9s FFP2 ou FFP3 &#8211; ont des filtres int\u00e9gr\u00e9s qui offrent une protection plus importante que, par exemple, les masques d&rsquo;hygi\u00e8ne. Le porteur du masque est prot\u00e9g\u00e9 par les respirateurs contre toutes les particules ainsi que contre la poussi\u00e8re et les autres bact\u00e9ries. Ces masques se trouvent souvent sur les chantiers de construction en temps normal. Les patients \u00e0 risque et le personnel hospitalier sont bien servis par le respirateur. <\/p>\n<p>Les masques en tissu se composent d&rsquo;un filtre et d&rsquo;un tissu confortable pour le porteur du masque. Les masques test\u00e9s offrent \u00e9galement une meilleure protection contre la transmission et ils sont \u00e9galement lavables et donc r\u00e9utilisables. <\/p>\n\t\t<\/div>\n\t<\/div>\n\t\n\t<div id=\"accordion-1570794955\" class=\"accordion-item\">\n\t\t<a id=\"accordion-1570794955-label\" class=\"accordion-title plain\" href=\"#accordion-item-comment-un-masque-est-il-utilis\u00e9-correctement-?\" aria-expanded=\"false\" aria-controls=\"accordion-1570794955-content\" >\n\t\t\t<button class=\"toggle\" aria-label=\"Basculer\"><i class=\"icon-angle-down\"><\/i><\/button>\n\t\t\t<span>Comment un masque est-il utilis\u00e9 correctement ?<\/span>\n\t\t<\/a>\n\t\t<div id=\"accordion-1570794955-content\" class=\"accordion-inner\" aria-labelledby=\"accordion-1570794955-label\" >\n\t\t\t\n<p> Pour une meilleure protection, le masque doit couvrir compl\u00e8tement la bouche et le nez. Il est fortement recommand\u00e9 de toujours se laver soigneusement les mains avant de changer de masque. \u00c9vitez de toucher le masque lorsque vous le portez ou de toucher le visage en g\u00e9n\u00e9ral. Apr\u00e8s une seule utilisation, vous devez vous d\u00e9barrasser des masques d&rsquo;hygi\u00e8ne.<\/p>\n\t\t<\/div>\n\t<\/div>\n\t\n\t<div id=\"accordion-3509571457\" class=\"accordion-item\">\n\t\t<a id=\"accordion-3509571457-label\" class=\"accordion-title plain\" href=\"#accordion-item-le-masque-peut-il-\u00eatre-utilis\u00e9-plus-d&#039;une-fois-?\" aria-expanded=\"false\" aria-controls=\"accordion-3509571457-content\" >\n\t\t\t<button class=\"toggle\" aria-label=\"Basculer\"><i class=\"icon-angle-down\"><\/i><\/button>\n\t\t\t<span>Le masque peut-il \u00eatre utilis\u00e9 plus d'une fois ?<\/span>\n\t\t<\/a>\n\t\t<div id=\"accordion-3509571457-content\" class=\"accordion-inner\" aria-labelledby=\"accordion-3509571457-label\" >\n\t\t\t\n<p> Les masques en tissu et les masques m\u00e9dicaux peuvent \u00eatre utilis\u00e9s plusieurs fois s&rsquo;ils n&rsquo;ont pas \u00e9t\u00e9 utilis\u00e9s trop souvent. Les masques d&rsquo;hygi\u00e8ne sont \u00e0 usage unique et doivent \u00eatre \u00e9limin\u00e9s de mani\u00e8re appropri\u00e9e. <\/p>\n\t\t<\/div>\n\t<\/div>\n\t\n\t<div id=\"accordion-1163842883\" class=\"accordion-item\">\n\t\t<a id=\"accordion-1163842883-label\" class=\"accordion-title plain\" href=\"#accordion-item-stockage-du-masque-pour-usage-multiple\" aria-expanded=\"false\" aria-controls=\"accordion-1163842883-content\" >\n\t\t\t<button class=\"toggle\" aria-label=\"Basculer\"><i class=\"icon-angle-down\"><\/i><\/button>\n\t\t\t<span>Stockage du masque pour usage multiple<\/span>\n\t\t<\/a>\n\t\t<div id=\"accordion-1163842883-content\" class=\"accordion-inner\" aria-labelledby=\"accordion-1163842883-label\" >\n\t\t\t\n<p> Si vous utilisez le masque plus d&rsquo;une fois, assurez-vous qu&rsquo;il peut bien s\u00e9cher. Vous devez donc suspendre le masque \u00e0 un crochet. Veillez \u00e9galement \u00e0 ce que le masque ne contamine rien et n&rsquo;entre pas en contact avec d&rsquo;autres personnes.<\/p>\n\t\t<\/div>\n\t<\/div>\n\t\n\t<div id=\"accordion-720980729\" class=\"accordion-item\">\n\t\t<a id=\"accordion-720980729-label\" class=\"accordion-title plain\" href=\"#accordion-item-combien-de-temps-puis-je-porter-un-masque-?\" aria-expanded=\"false\" aria-controls=\"accordion-720980729-content\" >\n\t\t\t<button class=\"toggle\" aria-label=\"Basculer\"><i class=\"icon-angle-down\"><\/i><\/button>\n\t\t\t<span>Combien de temps puis-je porter un masque ?<\/span>\n\t\t<\/a>\n\t\t<div id=\"accordion-720980729-content\" class=\"accordion-inner\" aria-labelledby=\"accordion-720980729-label\" >\n\t\t\t\n<p>Les masques peuvent \u00eatre port\u00e9s pendant des dur\u00e9es diff\u00e9rentes, selon le type de masque de protection. Les masques d&rsquo;hygi\u00e8ne normaux ne peuvent \u00eatre port\u00e9s que pendant 1 \u00e0 2 heures &#8211; 3 heures maximum. Avec le temps, l&rsquo;humidit\u00e9 rendra la respiration difficile. L&rsquo;effet protecteur de l&rsquo;humidit\u00e9 est \u00e9galement r\u00e9duit.<\/p>\n<p>Les masques FFP peuvent \u00eatre port\u00e9s pendant 9 heures ou m\u00eame plus d&rsquo;affil\u00e9e. Vous devez toujours pr\u00eater attention au confort et aussi \u00e0 l&rsquo;humidit\u00e9 du masque. Il vaut la peine de changer r\u00e9guli\u00e8rement le masque pour chaque type de masque.<\/p>\n\t\t<\/div>\n\t<\/div>\n\t\n\t<div id=\"accordion-616278562\" class=\"accordion-item\">\n\t\t<a id=\"accordion-616278562-label\" class=\"accordion-title plain\" href=\"#accordion-item-comment-puis-je-me-d\u00e9barrasser-d&#039;un-masque-?\" aria-expanded=\"false\" aria-controls=\"accordion-616278562-content\" >\n\t\t\t<button class=\"toggle\" aria-label=\"Basculer\"><i class=\"icon-angle-down\"><\/i><\/button>\n\t\t\t<span>Comment puis-je me d\u00e9barrasser d'un masque ?<\/span>\n\t\t<\/a>\n\t\t<div id=\"accordion-616278562-content\" class=\"accordion-inner\" aria-labelledby=\"accordion-616278562-label\" >\n\t\t\t\n<p> Les masques peuvent \u00eatre jet\u00e9s normalement dans les d\u00e9chets. Ils peuvent \u00e9galement \u00eatre jet\u00e9s dans des poubelles lorsqu&rsquo;ils sont en d\u00e9placement. Veillez \u00e0 vous d\u00e9barrasser des masques de mani\u00e8re \u00e0 ce que personne d&rsquo;autre n&rsquo;entre en contact avec eux. <\/p>\n\t\t<\/div>\n\t<\/div>\n\t\n\t<div id=\"accordion-2621030124\" class=\"accordion-item\">\n\t\t<a id=\"accordion-2621030124-label\" class=\"accordion-title plain\" href=\"#accordion-item-les-masques-peuvent-ils-\u00eatre-lav\u00e9s-?\" aria-expanded=\"false\" aria-controls=\"accordion-2621030124-content\" >\n\t\t\t<button class=\"toggle\" aria-label=\"Basculer\"><i class=\"icon-angle-down\"><\/i><\/button>\n\t\t\t<span>Les masques peuvent-ils \u00eatre lav\u00e9s ?<\/span>\n\t\t<\/a>\n\t\t<div id=\"accordion-2621030124-content\" class=\"accordion-inner\" aria-labelledby=\"accordion-2621030124-label\" >\n\t\t\t\n<p> Les masques d&rsquo;hygi\u00e8ne ne peuvent \u00eatre utilis\u00e9s qu&rsquo;une seule fois. La r\u00e9utilisation n&rsquo;est pas recommand\u00e9e et peut m\u00eame \u00eatre nuisible. Selon le fabricant, les masques en tissu peuvent \u00eatre lav\u00e9s en machine \u00e0 laver. Faites attention aux instructions du fabricant.<\/p>\n\t\t<\/div>\n\t<\/div>\n\t\n\t<div id=\"accordion-1244275425\" class=\"accordion-item\">\n\t\t<a id=\"accordion-1244275425-label\" class=\"accordion-title plain\" href=\"#accordion-item-les-porteurs-de-barbe-peuvent-ils-utiliser-des-masques-de-protection-?\" aria-expanded=\"false\" aria-controls=\"accordion-1244275425-content\" >\n\t\t\t<button class=\"toggle\" aria-label=\"Basculer\"><i class=\"icon-angle-down\"><\/i><\/button>\n\t\t\t<span>Les porteurs de barbe peuvent-ils utiliser des masques de protection ?<\/span>\n\t\t<\/a>\n\t\t<div id=\"accordion-1244275425-content\" class=\"accordion-inner\" aria-labelledby=\"accordion-1244275425-label\" >\n\t\t\t\n<p> Les porteurs de barbe peuvent-ils utiliser des masques de protection ?<\/p>\n\t\t<\/div>\n\t<\/div>\n\t\n<\/div>\n\t\t<\/div>\n\t\t\t\t\t<\/div>\n\n\t\n<\/div>\n<div class=\"is-divider divider clearfix\" style=\"margin-top:3em;margin-bottom:3em;max-width:100%;background-color:rgb(9, 14, 29);\"><\/div>\n<div class=\"row row-collapse\"  id=\"row-827574672\">\n\n\t<div id=\"col-1285303257\" class=\"col medium-12 small-12 large-4\"  >\n\t\t\t\t<div class=\"col-inner\"  >\n\t\t\t\n\t\t\t\n\n\t\t<div class=\"icon-box featured-box icon-box-left text-left\"  style=\"margin:0px 0px 30px 0px;\">\n\t\t\t\t\t<div class=\"icon-box-img\" style=\"width: 60px\">\n\t\t\t\t<div class=\"icon\">\n\t\t\t\t\t<div class=\"icon-inner\" >\n\t\t\t\t\t\t<img loading=\"lazy\" decoding=\"async\" width=\"256\" height=\"256\" src=\"https:\/\/schutzmasken.ch\/wp-content\/uploads\/2020\/10\/payment-icon-flatelements.png\" class=\"attachment-medium size-medium\" alt=\"Schutzmasken kaufen, Schutzmasken kaufen Schweiz, FFP2 Masken, FFP2 Masken, kaufen corona schnelltest, corona antigen Tes,t Kinder Schutzmasken\" \/>\t\t\t\t\t<\/div>\n\t\t\t\t<\/div>\n\t\t\t<\/div>\n\t\t\t\t<div class=\"icon-box-text last-reset\">\n\t\t\t\t\t\t\t\t\t\n<h3>Paiement<\/h3>\n\t\t<\/div>\n\t<\/div>\n\t\n\t\n\t\t<\/div>\n\t\t\t\t\t<\/div>\n\n\t\n\n\t<div id=\"col-1129178752\" class=\"col medium-12 small-12 large-8\"  >\n\t\t\t\t<div class=\"col-inner text-left\"  >\n\t\t\t\n\t\t\t\n<div class=\"accordion\">\n\t<div id=\"accordion-904838929\" class=\"accordion-item\">\n\t\t<a id=\"accordion-904838929-label\" class=\"accordion-title plain\" href=\"#accordion-item-quels-modes-de-paiement-sont-disponibles?\" aria-expanded=\"false\" aria-controls=\"accordion-904838929-content\" >\n\t\t\t<button class=\"toggle\" aria-label=\"Basculer\"><i class=\"icon-angle-down\"><\/i><\/button>\n\t\t\t<span>Quels modes de paiement sont disponibles?<\/span>\n\t\t<\/a>\n\t\t<div id=\"accordion-904838929-content\" class=\"accordion-inner\" aria-labelledby=\"accordion-904838929-label\" >\n\t\t\t\n<p> Les modes de paiement suivants sont disponibles sur Schutzmasken.ch: <br \/> <strong> Facture, carte de cr\u00e9dit, TWINT ou PayPal <\/strong> <\/p>\n<p> Le paiement est effectu\u00e9 \u00e0 la derni\u00e8re \u00e9tape du processus de commande. <\/p>\n<p> L\u00e0, vous avez la possibilit\u00e9 de choisir le mode de paiement souhait\u00e9. <\/p>\n\t\t<\/div>\n\t<\/div>\n\t\n<\/div>\n\t\t<\/div>\n\t\t\t\t\t<\/div>\n\n\t\n<\/div>\n<div class=\"is-divider divider clearfix\" style=\"margin-top:3em;margin-bottom:3em;max-width:100%;background-color:rgb(9, 14, 29);\"><\/div>\n<div class=\"row row-collapse\"  id=\"row-1349399975\">\n\n\t<div id=\"col-1282810625\" class=\"col medium-12 small-12 large-4\"  >\n\t\t\t\t<div class=\"col-inner\"  >\n\t\t\t\n\t\t\t\n\n\t\t<div class=\"icon-box featured-box icon-box-left text-left\"  style=\"margin:0px 0px 30px 0px;\">\n\t\t\t\t\t<div class=\"icon-box-img\" style=\"width: 60px\">\n\t\t\t\t<div class=\"icon\">\n\t\t\t\t\t<div class=\"icon-inner\" >\n\t\t\t\t\t\t<img loading=\"lazy\" decoding=\"async\" width=\"256\" height=\"256\" src=\"https:\/\/schutzmasken.ch\/wp-content\/uploads\/2020\/10\/shipping-icon-flatelements.png\" class=\"attachment-medium size-medium\" alt=\"Schutzmasken kaufen, Schutzmasken kaufen Schweiz, FFP2 Masken, FFP2 Masken, kaufen corona schnelltest, corona antigen Tes,t Kinder Schutzmasken\" \/>\t\t\t\t\t<\/div>\n\t\t\t\t<\/div>\n\t\t\t<\/div>\n\t\t\t\t<div class=\"icon-box-text last-reset\">\n\t\t\t\t\t\t\t\t\t\n<h3>livraison<\/h3>\n\t\t<\/div>\n\t<\/div>\n\t\n\t\n\t\t<\/div>\n\t\t\t\t\t<\/div>\n\n\t\n\n\t<div id=\"col-998027935\" class=\"col medium-12 small-12 large-8\"  >\n\t\t\t\t<div class=\"col-inner text-left\"  >\n\t\t\t\n\t\t\t\n<div class=\"accordion\">\n\t<div id=\"accordion-829055643\" class=\"accordion-item\">\n\t\t<a id=\"accordion-829055643-label\" class=\"accordion-title plain\" href=\"#accordion-item-quelles-m\u00e9thodes-d&#039;exp\u00e9dition-existe-t-il-sur-schutzmasken.ch?\" aria-expanded=\"false\" aria-controls=\"accordion-829055643-content\" >\n\t\t\t<button class=\"toggle\" aria-label=\"Basculer\"><i class=\"icon-angle-down\"><\/i><\/button>\n\t\t\t<span>Quelles m\u00e9thodes d'exp\u00e9dition existe-t-il sur Schutzmasken.ch?<\/span>\n\t\t<\/a>\n\t\t<div id=\"accordion-829055643-content\" class=\"accordion-inner\" aria-labelledby=\"accordion-829055643-label\" >\n\t\t\t\n<p> Nous exp\u00e9dions depuis un entrep\u00f4t suisse avec PostPac Priority (A Mail). <\/p>\n\t\t<\/div>\n\t<\/div>\n\t\n<\/div>\n\t\t<\/div>\n\t\t\t\t\t<\/div>\n\n\t\n<\/div>\n\t<div id=\"gap-1384668670\" class=\"gap-element clearfix\" style=\"display:block; height:auto;\">\n\t\t\n<style>\n#gap-1384668670 {\n  padding-top: 60px;\n}\n<\/style>\n\t<\/div>\n\t\n<div class=\"row align-center\"  id=\"row-54332789\">\n\n\t<div id=\"col-624425306\" class=\"col small-12 large-12\"  >\n\t\t\t\t<div class=\"col-inner text-center\" style=\"background-color:rgb(244, 244, 244);\" >\n\t\t\t\n\t\t\t\n<h3> Avez-vous des questions? <\/h3>\n<p> Veuillez nous contacter pour plus d&rsquo;informations. <\/p>\n<a href=\"\/kontakt\/\" class=\"button primary\"  >\n\t\t<span>Contactez-nous<\/span>\n\t<\/a>\n\n\t\t<\/div>\n\t\t\t\t\t<\/div>\n\n\t\n\n<style>\n#row-54332789 > .col > .col-inner {\n  padding: 40px 20px 40px 20px;\n  background-color: rgb(244, 244, 244);\n}\n@media (min-width:550px) {\n  #row-54332789 > .col > .col-inner {\n    padding: 40px 40px 40px 40px;\n  }\n}\n<\/style>\n<\/div>\n\t\t<\/div>\n\t\t\t\t\t<\/div>\n\n\t\n<\/div>\n\t\t<\/div>\n\n\t\t\n<style>\n#section_412859599 {\n  padding-top: 60px;\n  padding-bottom: 60px;\n}\n<\/style>\n\t<\/section>","protected":false},"excerpt":{"rendered":"","protected":false},"author":1,"featured_media":0,"parent":0,"menu_order":0,"comment_status":"closed","ping_status":"closed","template":"page-blank.php","meta":{"footnotes":""},"_links":{"self":[{"href":"https:\/\/schutzmasken.ch\/fr\/wp-json\/wp\/v2\/pages\/2705"}],"collection":[{"href":"https:\/\/schutzmasken.ch\/fr\/wp-json\/wp\/v2\/pages"}],"about":[{"href":"https:\/\/schutzmasken.ch\/fr\/wp-json\/wp\/v2\/types\/page"}],"author":[{"embeddable":true,"href":"https:\/\/schutzmasken.ch\/fr\/wp-json\/wp\/v2\/users\/1"}],"replies":[{"embeddable":true,"href":"https:\/\/schutzmasken.ch\/fr\/wp-json\/wp\/v2\/comments?post=2705"}],"version-history":[{"count":0,"href":"https:\/\/schutzmasken.ch\/fr\/wp-json\/wp\/v2\/pages\/2705\/revisions"}],"wp:attachment":[{"href":"https:\/\/schutzmasken.ch\/fr\/wp-json\/wp\/v2\/media?parent=2705"}],"curies":[{"name":"wp","href":"https:\/\/api.w.org\/{rel}","templated":true}]}}