{"id":2291,"date":"2020-09-24T19:32:35","date_gmt":"2020-09-24T17:32:35","guid":{"rendered":"https:\/\/schutzmasken.ch\/?page_id=2291"},"modified":"2020-12-19T09:16:18","modified_gmt":"2020-12-19T08:16:18","slug":"empfehlungen-bag","status":"publish","type":"page","link":"https:\/\/schutzmasken.ch\/it\/empfehlungen-bag\/","title":{"rendered":"Raccomandazioni BAG"},"content":{"rendered":"<section class=\"section\" id=\"section_1272525795\">\n\t\t<div class=\"section-bg fill\" >\n\t\t\t\t\t\t\t\t\t\n\t\t\t\n\t<div class=\"is-border\"\n\t\tstyle=\"border-color:rgb(235, 235, 235);border-width:1px 0px 0px 0px;\">\n\t<\/div>\n\n\t\t<\/div>\n\n\t\t\n\n\t\t<div class=\"section-content relative\">\n\t\t\t\n<div class=\"row\"  id=\"row-426301799\">\n\n\t<div id=\"col-919517667\" class=\"col small-12 large-12\"  >\n\t\t\t\t<div class=\"col-inner\"  >\n\t\t\t\n\t\t\t\n<p>LE MASCHERINE IGIENICHE POSSONO ESSERE ORDINATE DA CHF 0,40<\/p>\n<h1 class=\"uppercase\"><span style=\"font-size: 150%;font-weight: 700;\">\u201eL&#8217;Ufficio federale della sanit\u00e0 pubblica (UFSP) raccomanda alla popolazione di disporre di una fornitura personale di 50 maschere igieniche a persona.\u201c<\/span><\/h1>\n<p>Fonte:: <span style=\"color: #d92e17;\"><a style=\"color: #d92e17;\" href=\"https:\/\/www.bag.admin.ch\/bag\/de\/home\/krankheiten\/ausbrueche-epidemien-pandemien\/hygiene-pandemiefall\/hygienemasken.html\" data-wplink-edit=\"true\">Ufficio federale della sanit\u00e0 pubblica (BAG) <\/a><\/span><\/p>\n<p>Le maschere respiratorie sono una componente elementare nella lotta contro il coronavirus. Sulla base delle raccomandazioni del Consiglio federale, troverete i due tipi di maschera pi\u00f9 importanti del nostro assortimento. Tra questi vi sono le maschere respiratorie TIPO IIR, utilizzati anche dal personale medico. Maschere protettive di questo filtro standard \u2265 98%. Sono adatti per la maggior parte delle nostre attivit\u00e0 pubbliche quotidiane come lo shopping, le visite in banca o le visite al negozio di fai da te. Tuttavia, se le attivit\u00e0 si svolgono a distanze pi\u00f9 brevi e per periodi di tempo pi\u00f9 lunghi piuttosto che in pubblico, si consiglia di utilizzare le maschere KN95. Mascherine di questo filtro standard \u2265 95%.<\/p>\n\t\t<\/div>\n\t\t\t\t\t<\/div>\n\n\t\n<\/div>\n\t\t<\/div>\n\n\t\t\n<style>\n#section_1272525795 {\n  padding-top: 60px;\n  padding-bottom: 60px;\n  min-height: 300px;\n  background-color: rgb(255,255,255);\n}\n<\/style>\n\t<\/section>\n\t\n\n\t<section class=\"section\" id=\"section_197605277\">\n\t\t<div class=\"section-bg fill\" >\n\t\t\t\t\t\t\t\t\t\n\t\t\t\n\t<div class=\"is-border\"\n\t\tstyle=\"border-color:rgb(235, 235, 235);border-width:1px 0px 0px 0px;\">\n\t<\/div>\n\n\t\t<\/div>\n\n\t\t\n\n\t\t<div class=\"section-content relative\">\n\t\t\t\n<div class=\"row row-collapse\"  id=\"row-1674211134\">\n\n\t<div id=\"col-1504552610\" class=\"col medium-5 small-12 large-5\"  >\n\t\t\t\t<div class=\"col-inner\"  >\n\t\t\t\n\t\t\t\n\t<div class=\"img has-hover x md-x lg-x y md-y lg-y\" id=\"image_2003420303\">\n\t\t\t\t\t\t\t\t<div class=\"img-inner dark\" >\n\t\t\t<img loading=\"lazy\" decoding=\"async\" width=\"512\" height=\"110\" src=\"https:\/\/schutzmasken.ch\/wp-content\/uploads\/2020\/09\/schutzmasken-logo-retina-1.png\" class=\"attachment-large size-large\" alt=\"Schutzmasken kaufen, Schutzmasken kaufen Schweiz, FFP2 Masken, FFP2 Masken, kaufen corona schnelltest, corona antigen Tes,t Kinder Schutzmasken\" \/>\t\t\t\t\t\t\n\t\t\t\t\t<\/div>\n\t\t\t\t\t\t\t\t\n<style>\n#image_2003420303 {\n  width: 90%;\n}\n<\/style>\n\t<\/div>\n\t\n\t\t<\/div>\n\t\t\t\t\t<\/div>\n\n\t\n\n\t<div id=\"col-2054827286\" class=\"col medium-7 small-12 large-7\"  >\n\t\t\t\t<div class=\"col-inner\"  >\n\t\t\t\n\t\t\t\n\n\t\t<div class=\"icon-box featured-box icon-box-left text-left\"  >\n\t\t\t\t\t<div class=\"icon-box-img\" style=\"width: 22px\">\n\t\t\t\t<div class=\"icon\">\n\t\t\t\t\t<div class=\"icon-inner\" style=\"color:rgb(63, 191, 57);\">\n\t\t\t\t\t\t<?xml version=\"1.0\" encoding=\"UTF-8\"?>\r\n<!DOCTYPE svg PUBLIC \"-\/\/W3C\/\/DTD SVG 1.1\/\/EN\" \"http:\/\/www.w3.org\/Graphics\/SVG\/1.1\/DTD\/svg11.dtd\">\r\n<!-- Creator: CorelDRAW Home & Student 2018 -->\r\n<?xml-stylesheet href=\"ok.css\" type=\"text\/css\"?>\r\n<svg xmlns=\"http:\/\/www.w3.org\/2000\/svg\" xml:space=\"preserve\" width=\"2480px\" height=\"3508px\" version=\"1.1\" style=\"shape-rendering:geometricPrecision; text-rendering:geometricPrecision; image-rendering:optimizeQuality; fill-rule:evenodd; clip-rule:evenodd\"\r\nviewBox=\"0 0 2480 3507.43\"\r\n xmlns:xlink=\"http:\/\/www.w3.org\/1999\/xlink\">\r\n <g id=\"Ebene_x0020_1\">\r\n  <metadata id=\"CorelCorpID_0Corel-Layer\"\/>\r\n  <polygon class=\"fil0\" points=\"2152.03,822.64 2480,1150.62 945.82,2684.8 0,1739 327.97,1411.02 945.82,2028.86 \"\/>\r\n <\/g>\r\n<\/svg>\r\n\t\t\t\t\t<\/div>\n\t\t\t\t<\/div>\n\t\t\t<\/div>\n\t\t\t\t<div class=\"icon-box-text last-reset\">\n\t\t\t\t\t\t\t\t\t\n<h3>Maschere respiratorie certificate<\/h3>\n\t\t<\/div>\n\t<\/div>\n\t\n\t\n\n\t\t<div class=\"icon-box featured-box icon-box-left text-left\"  >\n\t\t\t\t\t<div class=\"icon-box-img\" style=\"width: 22px\">\n\t\t\t\t<div class=\"icon\">\n\t\t\t\t\t<div class=\"icon-inner\" style=\"color:rgb(63, 191, 57);\">\n\t\t\t\t\t\t<?xml version=\"1.0\" encoding=\"UTF-8\"?>\r\n<!DOCTYPE svg PUBLIC \"-\/\/W3C\/\/DTD SVG 1.1\/\/EN\" \"http:\/\/www.w3.org\/Graphics\/SVG\/1.1\/DTD\/svg11.dtd\">\r\n<!-- Creator: CorelDRAW Home & Student 2018 -->\r\n<?xml-stylesheet href=\"ok.css\" type=\"text\/css\"?>\r\n<svg xmlns=\"http:\/\/www.w3.org\/2000\/svg\" xml:space=\"preserve\" width=\"2480px\" height=\"3508px\" version=\"1.1\" style=\"shape-rendering:geometricPrecision; text-rendering:geometricPrecision; image-rendering:optimizeQuality; fill-rule:evenodd; clip-rule:evenodd\"\r\nviewBox=\"0 0 2480 3507.43\"\r\n xmlns:xlink=\"http:\/\/www.w3.org\/1999\/xlink\">\r\n <g id=\"Ebene_x0020_1\">\r\n  <metadata id=\"CorelCorpID_0Corel-Layer\"\/>\r\n  <polygon class=\"fil0\" points=\"2152.03,822.64 2480,1150.62 945.82,2684.8 0,1739 327.97,1411.02 945.82,2028.86 \"\/>\r\n <\/g>\r\n<\/svg>\r\n\t\t\t\t\t<\/div>\n\t\t\t\t<\/div>\n\t\t\t<\/div>\n\t\t\t\t<div class=\"icon-box-text last-reset\">\n\t\t\t\t\t\t\t\t\t\n<h3>Raccomandazione per l\u2019allentamento del lockdown<\/h3>\n\t\t<\/div>\n\t<\/div>\n\t\n\t\n\n\t\t<div class=\"icon-box featured-box icon-box-left text-left\"  >\n\t\t\t\t\t<div class=\"icon-box-img\" style=\"width: 22px\">\n\t\t\t\t<div class=\"icon\">\n\t\t\t\t\t<div class=\"icon-inner\" style=\"color:rgb(63, 191, 57);\">\n\t\t\t\t\t\t<?xml version=\"1.0\" encoding=\"UTF-8\"?>\r\n<!DOCTYPE svg PUBLIC \"-\/\/W3C\/\/DTD SVG 1.1\/\/EN\" \"http:\/\/www.w3.org\/Graphics\/SVG\/1.1\/DTD\/svg11.dtd\">\r\n<!-- Creator: CorelDRAW Home & Student 2018 -->\r\n<?xml-stylesheet href=\"ok.css\" type=\"text\/css\"?>\r\n<svg xmlns=\"http:\/\/www.w3.org\/2000\/svg\" xml:space=\"preserve\" width=\"2480px\" height=\"3508px\" version=\"1.1\" style=\"shape-rendering:geometricPrecision; text-rendering:geometricPrecision; image-rendering:optimizeQuality; fill-rule:evenodd; clip-rule:evenodd\"\r\nviewBox=\"0 0 2480 3507.43\"\r\n xmlns:xlink=\"http:\/\/www.w3.org\/1999\/xlink\">\r\n <g id=\"Ebene_x0020_1\">\r\n  <metadata id=\"CorelCorpID_0Corel-Layer\"\/>\r\n  <polygon class=\"fil0\" points=\"2152.03,822.64 2480,1150.62 945.82,2684.8 0,1739 327.97,1411.02 945.82,2028.86 \"\/>\r\n <\/g>\r\n<\/svg>\r\n\t\t\t\t\t<\/div>\n\t\t\t\t<\/div>\n\t\t\t<\/div>\n\t\t\t\t<div class=\"icon-box-text last-reset\">\n\t\t\t\t\t\t\t\t\t\n<h3>Copertura completa del naso e della bocca<\/h3>\n\t\t<\/div>\n\t<\/div>\n\t\n\t\n\n\t\t<div class=\"icon-box featured-box icon-box-left text-left\"  >\n\t\t\t\t\t<div class=\"icon-box-img\" style=\"width: 22px\">\n\t\t\t\t<div class=\"icon\">\n\t\t\t\t\t<div class=\"icon-inner\" style=\"color:rgb(63, 191, 57);\">\n\t\t\t\t\t\t<?xml version=\"1.0\" encoding=\"UTF-8\"?>\r\n<!DOCTYPE svg PUBLIC \"-\/\/W3C\/\/DTD SVG 1.1\/\/EN\" \"http:\/\/www.w3.org\/Graphics\/SVG\/1.1\/DTD\/svg11.dtd\">\r\n<!-- Creator: CorelDRAW Home & Student 2018 -->\r\n<?xml-stylesheet href=\"ok.css\" type=\"text\/css\"?>\r\n<svg xmlns=\"http:\/\/www.w3.org\/2000\/svg\" xml:space=\"preserve\" width=\"2480px\" height=\"3508px\" version=\"1.1\" style=\"shape-rendering:geometricPrecision; text-rendering:geometricPrecision; image-rendering:optimizeQuality; fill-rule:evenodd; clip-rule:evenodd\"\r\nviewBox=\"0 0 2480 3507.43\"\r\n xmlns:xlink=\"http:\/\/www.w3.org\/1999\/xlink\">\r\n <g id=\"Ebene_x0020_1\">\r\n  <metadata id=\"CorelCorpID_0Corel-Layer\"\/>\r\n  <polygon class=\"fil0\" points=\"2152.03,822.64 2480,1150.62 945.82,2684.8 0,1739 327.97,1411.02 945.82,2028.86 \"\/>\r\n <\/g>\r\n<\/svg>\r\n\t\t\t\t\t<\/div>\n\t\t\t\t<\/div>\n\t\t\t<\/div>\n\t\t\t\t<div class=\"icon-box-text last-reset\">\n\t\t\t\t\t\t\t\t\t\n<h3>Protegge le vie aeree da virus e smog<\/h3>\n\t\t<\/div>\n\t<\/div>\n\t\n\t\n\n\t\t<div class=\"icon-box featured-box icon-box-left text-left\"  >\n\t\t\t\t\t<div class=\"icon-box-img\" style=\"width: 22px\">\n\t\t\t\t<div class=\"icon\">\n\t\t\t\t\t<div class=\"icon-inner\" style=\"color:rgb(63, 191, 57);\">\n\t\t\t\t\t\t<?xml version=\"1.0\" encoding=\"UTF-8\"?>\r\n<!DOCTYPE svg PUBLIC \"-\/\/W3C\/\/DTD SVG 1.1\/\/EN\" \"http:\/\/www.w3.org\/Graphics\/SVG\/1.1\/DTD\/svg11.dtd\">\r\n<!-- Creator: CorelDRAW Home & Student 2018 -->\r\n<?xml-stylesheet href=\"ok.css\" type=\"text\/css\"?>\r\n<svg xmlns=\"http:\/\/www.w3.org\/2000\/svg\" xml:space=\"preserve\" width=\"2480px\" height=\"3508px\" version=\"1.1\" style=\"shape-rendering:geometricPrecision; text-rendering:geometricPrecision; image-rendering:optimizeQuality; fill-rule:evenodd; clip-rule:evenodd\"\r\nviewBox=\"0 0 2480 3507.43\"\r\n xmlns:xlink=\"http:\/\/www.w3.org\/1999\/xlink\">\r\n <g id=\"Ebene_x0020_1\">\r\n  <metadata id=\"CorelCorpID_0Corel-Layer\"\/>\r\n  <polygon class=\"fil0\" points=\"2152.03,822.64 2480,1150.62 945.82,2684.8 0,1739 327.97,1411.02 945.82,2028.86 \"\/>\r\n <\/g>\r\n<\/svg>\r\n\t\t\t\t\t<\/div>\n\t\t\t\t<\/div>\n\t\t\t<\/div>\n\t\t\t\t<div class=\"icon-box-text last-reset\">\n\t\t\t\t\t\t\t\t\t\n<h3>\u2265 95% Capacit\u00e0 del filtro KN95 \/ \u2265 98% Capacit\u00e0 del filtro TIPO IIR<\/h3>\n\t\t<\/div>\n\t<\/div>\n\t\n\t\n\t\t<\/div>\n\t\t\t\t\t<\/div>\n\n\t\n<\/div>\n\t\t<\/div>\n\n\t\t\n<style>\n#section_197605277 {\n  padding-top: 80px;\n  padding-bottom: 80px;\n  min-height: 300px;\n  background-color: rgb(210, 224, 236);\n}\n<\/style>\n\t<\/section>\n\t\n\n\t<section class=\"section\" id=\"section_1001823356\">\n\t\t<div class=\"section-bg fill\" >\n\t\t\t\t\t\t\t\t\t\n\t\t\t\n\t<div class=\"is-border\"\n\t\tstyle=\"border-color:rgb(235, 235, 235);border-width:1px 0px 0px 0px;\">\n\t<\/div>\n\n\t\t<\/div>\n\n\t\t\n\n\t\t<div class=\"section-content relative\">\n\t\t\t\n<div class=\"row\"  id=\"row-421818396\">\n\n\t<div id=\"col-1635838586\" class=\"col medium-6 small-12 large-6\"  >\n\t\t\t\t<div class=\"col-inner text-center\"  >\n\t\t\t\n\t\t\t\n<h3 class = \"uppercase\"> <span style = \"font-size: 150%; font-weight: 700;\"> Respiratori KN95 <\/span> <\/h3>\n<p> MASCHERE KN95 CERTIFICATE <\/p>\n\t<div class=\"img has-hover x md-x lg-x y md-y lg-y\" id=\"image_152564248\">\n\t\t<a class=\"\" href=\"https:\/\/schutzmasken.ch\/shop\/Atemschutzmasken-KN95-FFP2-10er-Packung-p191398035\" >\t\t\t\t\t\t<div class=\"img-inner image-zoom dark\" >\n\t\t\t<img loading=\"lazy\" decoding=\"async\" width=\"960\" height=\"800\" src=\"https:\/\/schutzmasken.ch\/wp-content\/uploads\/2020\/09\/1537305934-960x800.jpg\" class=\"attachment-large size-large\" alt=\"Atemschutzmaske KN95\" srcset=\"https:\/\/schutzmasken.ch\/wp-content\/uploads\/2020\/09\/1537305934-960x800.jpg 960w, https:\/\/schutzmasken.ch\/wp-content\/uploads\/2020\/09\/1537305934-480x400.jpg 480w, https:\/\/schutzmasken.ch\/wp-content\/uploads\/2020\/09\/1537305934-768x640.jpg 768w, https:\/\/schutzmasken.ch\/wp-content\/uploads\/2020\/09\/1537305934-600x500.jpg 600w, https:\/\/schutzmasken.ch\/wp-content\/uploads\/2020\/09\/1537305934.jpg 1500w\" sizes=\"(max-width: 960px) 100vw, 960px\" \/>\t\t\t\t\t\t\n\t\t\t\t\t<\/div>\n\t\t\t\t\t\t<\/a>\t\t\n<style>\n#image_152564248 {\n  width: 100%;\n}\n<\/style>\n\t<\/div>\n\t\n<a href=\"https:\/\/schutzmasken.ch\/shop\/Atemschutzmasken-KN95-FFP2-10er-Packung-p191398035\" class=\"button primary\"  >\n\t\t<span>Ordina una maschera protettiva testata da DEKRA<\/span>\n\t<\/a>\n\n\t\t<\/div>\n\t\t\t\t\t<\/div>\n\n\t\n\n\t<div id=\"col-1737866919\" class=\"col medium-6 small-12 large-6\"  >\n\t\t\t\t<div class=\"col-inner text-center\"  >\n\t\t\t\n\t\t\t\n<h3 class = \"uppercase\"> <span style = \"font-size: 150%; font-weight: 700;\"> Maschere protettive TYPE IIR <\/span> <\/h3>\n<p> TIPO DI MASCHERA CONSIGLIATO DA BORSA <\/p>\n\t<div class=\"img has-hover x md-x lg-x y md-y lg-y\" id=\"image_770695629\">\n\t\t<a class=\"\" href=\"https:\/\/schutzmasken.ch\/shop\/TYP-IIR-Atemschutzmasken-50er-Packung-p218029168\" >\t\t\t\t\t\t<div class=\"img-inner image-zoom dark\" >\n\t\t\t<img loading=\"lazy\" decoding=\"async\" width=\"960\" height=\"800\" src=\"https:\/\/schutzmasken.ch\/wp-content\/uploads\/2020\/09\/1537328392-960x800.jpg\" class=\"attachment-large size-large\" alt=\"Schutzmaske Typ IIR\" srcset=\"https:\/\/schutzmasken.ch\/wp-content\/uploads\/2020\/09\/1537328392-960x800.jpg 960w, https:\/\/schutzmasken.ch\/wp-content\/uploads\/2020\/09\/1537328392-480x400.jpg 480w, https:\/\/schutzmasken.ch\/wp-content\/uploads\/2020\/09\/1537328392-768x640.jpg 768w, https:\/\/schutzmasken.ch\/wp-content\/uploads\/2020\/09\/1537328392-600x500.jpg 600w, https:\/\/schutzmasken.ch\/wp-content\/uploads\/2020\/09\/1537328392.jpg 1500w\" sizes=\"(max-width: 960px) 100vw, 960px\" \/>\t\t\t\t\t\t\n\t\t\t\t\t<\/div>\n\t\t\t\t\t\t<\/a>\t\t\n<style>\n#image_770695629 {\n  width: 100%;\n}\n<\/style>\n\t<\/div>\n\t\n<a href=\"https:\/\/schutzmasken.ch\/shop\/TYP-IIR-Atemschutzmasken-50er-Packung-p218029168\" class=\"button primary\"  >\n\t\t<span>Ordina una maschera protettiva testata dal T\u00dcV<\/span>\n\t<\/a>\n\n\t\t<\/div>\n\t\t\t\t\t<\/div>\n\n\t\n<\/div>\n\t\t<\/div>\n\n\t\t\n<style>\n#section_1001823356 {\n  padding-top: 60px;\n  padding-bottom: 60px;\n  min-height: 300px;\n  background-color: rgb(255,255,255);\n}\n<\/style>\n\t<\/section>\n\t\n\n\t<section class=\"section\" id=\"section_153698553\">\n\t\t<div class=\"section-bg fill\" >\n\t\t\t\t\t\t\t\t\t\n\t\t\t\n\t<div class=\"is-border\"\n\t\tstyle=\"border-color:rgb(235, 235, 235);border-width:1px 0px 0px 0px;\">\n\t<\/div>\n\n\t\t<\/div>\n\n\t\t\n\n\t\t<div class=\"section-content relative\">\n\t\t\t\n<div class=\"row row-collapse\"  id=\"row-816872592\">\n\n\t<div id=\"col-1771594089\" class=\"col small-12 large-12\"  >\n\t\t\t\t<div class=\"col-inner\"  >\n\t\t\t\n\t\t\t\n<h2 class=\"uppercase\"><span style=\"font-size: 120%;font-weight: 700;\">Coronavirus \u2013 Inoltre, vale quanto segue:<\/span><\/h2>\n<p>L&#8217;imminente allentamento delle restrizioni non deve essere visto come la fine della pandemia. Al contrario, ora dipende da tutti noi. Il Covid-19 non deve continuare a diffondersi lentamente tra la popolazione. Se non ci riusciamo, l&#8217;isolamento rischia di diventare ancora pi\u00f9 grave e i danni economici si aggraveranno sempre pi\u00f9. Il modo in cui affrontiamo questa situazione dipende ancora da noi. Come rivenditore specializzato raccomandiamo l&#8217;uso ben ponderato e solo situazionale delle maschere. Passeggiare mantenendo le giuste distanze, prendere il sole sul balcone o un luogo di lavoro senza molte persone non richiedono maschere protettive.<\/p>\n\t\t<\/div>\n\t\t\t\t\t<\/div>\n\n\t\n<\/div>\n\t\t<\/div>\n\n\t\t\n<style>\n#section_153698553 {\n  padding-top: 60px;\n  padding-bottom: 60px;\n  min-height: 300px;\n  background-color: rgb(255,255,255);\n}\n<\/style>\n\t<\/section>\n\t\n\n\t<section class=\"section\" id=\"section_878551362\">\n\t\t<div class=\"section-bg fill\" >\n\t\t\t\t\t\t\t\t\t\n\t\t\t\n\t<div class=\"is-border\"\n\t\tstyle=\"border-color:rgb(235, 235, 235);border-width:1px 0px 0px 0px;\">\n\t<\/div>\n\n\t\t<\/div>\n\n\t\t\n\n\t\t<div class=\"section-content relative\">\n\t\t\t\n<div class=\"row\"  id=\"row-354390785\">\n\n\t<div id=\"col-1001084805\" class=\"col small-12 large-12\"  >\n\t\t\t\t<div class=\"col-inner\"  >\n\t\t\t\n\t\t\t\n\t<div class=\"img has-hover x md-x lg-x y md-y lg-y\" id=\"image_1919684956\">\n\t\t\t\t\t\t\t\t<div class=\"img-inner dark\" >\n\t\t\t<img loading=\"lazy\" decoding=\"async\" width=\"1190\" height=\"840\" src=\"https:\/\/schutzmasken.ch\/wp-content\/uploads\/2020\/09\/it.png\" class=\"attachment-original size-original\" alt=\"Schutzmasken kaufen, Schutzmasken kaufen Schweiz, FFP2 Masken, FFP2 Masken, kaufen corona schnelltest, corona antigen Tes,t Kinder Schutzmasken\" srcset=\"https:\/\/schutzmasken.ch\/wp-content\/uploads\/2020\/09\/it.png 1190w, https:\/\/schutzmasken.ch\/wp-content\/uploads\/2020\/09\/it-567x400.png 567w, https:\/\/schutzmasken.ch\/wp-content\/uploads\/2020\/09\/it-1133x800.png 1133w, https:\/\/schutzmasken.ch\/wp-content\/uploads\/2020\/09\/it-768x542.png 768w, https:\/\/schutzmasken.ch\/wp-content\/uploads\/2020\/09\/it-600x424.png 600w\" sizes=\"(max-width: 1190px) 100vw, 1190px\" \/>\t\t\t\t\t\t\n\t\t\t\t\t<\/div>\n\t\t\t\t\t\t\t\t\n<style>\n#image_1919684956 {\n  width: 100%;\n}\n<\/style>\n\t<\/div>\n\t\n\t\t<\/div>\n\t\t\t\t\t<\/div>\n\n\t\n<\/div>\n\t\t<\/div>\n\n\t\t\n<style>\n#section_878551362 {\n  padding-top: 60px;\n  padding-bottom: 60px;\n  min-height: 300px;\n  background-color: rgb(255,255,255);\n}\n<\/style>\n\t<\/section>","protected":false},"excerpt":{"rendered":"","protected":false},"author":1,"featured_media":0,"parent":0,"menu_order":0,"comment_status":"closed","ping_status":"open","template":"page-blank.php","meta":{"footnotes":""},"_links":{"self":[{"href":"https:\/\/schutzmasken.ch\/it\/wp-json\/wp\/v2\/pages\/2291"}],"collection":[{"href":"https:\/\/schutzmasken.ch\/it\/wp-json\/wp\/v2\/pages"}],"about":[{"href":"https:\/\/schutzmasken.ch\/it\/wp-json\/wp\/v2\/types\/page"}],"author":[{"embeddable":true,"href":"https:\/\/schutzmasken.ch\/it\/wp-json\/wp\/v2\/users\/1"}],"replies":[{"embeddable":true,"href":"https:\/\/schutzmasken.ch\/it\/wp-json\/wp\/v2\/comments?post=2291"}],"version-history":[{"count":0,"href":"https:\/\/schutzmasken.ch\/it\/wp-json\/wp\/v2\/pages\/2291\/revisions"}],"wp:attachment":[{"href":"https:\/\/schutzmasken.ch\/it\/wp-json\/wp\/v2\/media?parent=2291"}],"curies":[{"name":"wp","href":"https:\/\/api.w.org\/{rel}","templated":true}]}}