{"id":2705,"date":"2020-10-05T22:08:29","date_gmt":"2020-10-05T20:08:29","guid":{"rendered":"https:\/\/schutzmasken.ch\/?page_id=2705"},"modified":"2021-01-04T21:14:53","modified_gmt":"2021-01-04T20:14:53","slug":"schutzmasken-faq","status":"publish","type":"page","link":"https:\/\/schutzmasken.ch\/it\/schutzmasken-faq\/","title":{"rendered":"Domande frequenti sulle maschere protettive | Tutto sulle maschere in Svizzera"},"content":{"rendered":"<section class=\"section\" id=\"section_1791261365\">\n\t\t<div class=\"section-bg fill\" >\n\t\t\t\t\t\t\t\t\t\n\t\t\t\n\n\t\t<\/div>\n\n\t\t\n\n\t\t<div class=\"section-content relative\">\n\t\t\t\n<div class=\"row\"  id=\"row-1647768961\">\n\n\t<div id=\"col-1428081188\" class=\"col medium-10 small-12 large-12\"  >\n\t\t\t\t<div class=\"col-inner text-left\"  >\n\t\t\t\n\t\t\t\n<h1>Maschere di protezione in Svizzera | Maschere di protezione in Svizzera<\/h1>\n<p>Le maschere sono diventate indispensabili al pi\u00f9 tardi dallo scoppio della pandemia del Corona virus. In molti cantoni le maschere sono obbligatorie nei negozi. Per molti, tuttavia, non \u00e8 sempre chiaro quale maschera di protezione sia efficace e quale tipo di maschera debba essere acquistata. Dopo tutto, ci sono maschere pi\u00f9 forti che proteggono solo gli altri da chi le indossa e ci sono maschere che proteggono anche chi le indossa. <\/p>\n<p><strong>Quali maschere offrono la migliore protezione? Abbiamo raccolto tutte le domande e le risposte importanti nelle nostre FAQ.<\/strong><\/p>\n\t\t<\/div>\n\t\t\t\t\n<style>\n#col-1428081188 > .col-inner {\n  margin: 0px 0px -40px 0px;\n}\n<\/style>\n\t<\/div>\n\n\t\n<\/div>\n<div class=\"row align-center\"  id=\"row-1177779911\">\n\n\t<div id=\"col-648583405\" class=\"col medium-12 small-12 large-12\"  >\n\t\t\t\t<div class=\"col-inner text-left\"  >\n\t\t\t\n\t\t\t\n<div class=\"is-divider divider clearfix\" style=\"margin-top:3em;margin-bottom:3em;max-width:100%;background-color:rgb(9, 14, 29);\"><\/div>\n<div class=\"row row-collapse\"  id=\"row-149263357\">\n\n\t<div id=\"col-292731004\" class=\"col medium-12 small-12 large-4\"  >\n\t\t\t\t<div class=\"col-inner\"  >\n\t\t\t\n\t\t\t\n\n\t\t<div class=\"icon-box featured-box icon-box-left text-left\"  style=\"margin:0px 0px 30px 0px;\">\n\t\t\t\t\t<div class=\"icon-box-img\" style=\"width: 60px\">\n\t\t\t\t<div class=\"icon\">\n\t\t\t\t\t<div class=\"icon-inner\" >\n\t\t\t\t\t\t<img loading=\"lazy\" decoding=\"async\" width=\"256\" height=\"256\" src=\"https:\/\/schutzmasken.ch\/wp-content\/uploads\/2020\/10\/safemask.png\" class=\"attachment-medium size-medium\" alt=\"Schutzmasken kaufen, Schutzmasken kaufen Schweiz, FFP2 Masken, FFP2 Masken, kaufen corona schnelltest, corona antigen Tes,t Kinder Schutzmasken\" \/>\t\t\t\t\t<\/div>\n\t\t\t\t<\/div>\n\t\t\t<\/div>\n\t\t\t\t<div class=\"icon-box-text last-reset\">\n\t\t\t\t\t\t\t\t\t\n<h3>Maschere di protezione<\/h3>\n\t\t<\/div>\n\t<\/div>\n\t\n\t\n\t\t<\/div>\n\t\t\t\t\t<\/div>\n\n\t\n\n\t<div id=\"col-647207275\" class=\"col medium-12 small-12 large-8\"  >\n\t\t\t\t<div class=\"col-inner text-left\"  >\n\t\t\t\n\t\t\t\n<div class=\"accordion\">\n\t<div id=\"accordion-1690148194\" class=\"accordion-item\">\n\t\t<a id=\"accordion-1690148194-label\" class=\"accordion-title plain\" href=\"#accordion-item-c&#039;\u00e8-un-obbligo-di-maschera-in-svizzera?\" aria-expanded=\"false\" aria-controls=\"accordion-1690148194-content\" >\n\t\t\t<button class=\"toggle\" aria-label=\"Attiva\/Disattiva\"><i class=\"icon-angle-down\"><\/i><\/button>\n\t\t\t<span>C'\u00e8 un obbligo di maschera in Svizzera?<\/span>\n\t\t<\/a>\n\t\t<div id=\"accordion-1690148194-content\" class=\"accordion-inner\" aria-labelledby=\"accordion-1690148194-label\" >\n\t\t\t\n<p> In Svizzera esiste solo l&#8217;obbligo di indossare la maschera nei trasporti pubblici. Questo per aiutare a contenere la diffusione del corona virus. Inoltre, alcuni cantoni rendono obbligatorio l&#8217;uso di maschere nei negozi. Per sapere se nel vostro Cantone esiste una maschera obbligatoria, visitate il sito web della vostra autorit\u00e0 cantonale. <\/p>\n\t\t<\/div>\n\t<\/div>\n\t\n\t<div id=\"accordion-2906081881\" class=\"accordion-item\">\n\t\t<a id=\"accordion-2906081881-label\" class=\"accordion-title plain\" href=\"#accordion-item-dove-si-deve-indossare-una-maschera-in-svizzera\" aria-expanded=\"false\" aria-controls=\"accordion-2906081881-content\" >\n\t\t\t<button class=\"toggle\" aria-label=\"Attiva\/Disattiva\"><i class=\"icon-angle-down\"><\/i><\/button>\n\t\t\t<span>Dove si deve indossare una maschera in Svizzera<\/span>\n\t\t<\/a>\n\t\t<div id=\"accordion-2906081881-content\" class=\"accordion-inner\" aria-labelledby=\"accordion-2906081881-label\" >\n\t\t\t\n<p> Le persone di et\u00e0 superiore ai 12 anni sono generalmente tenute a indossare maschere su autobus, treni e tram. In alcuni cantoni, le maschere sono obbligatorie anche nei centri commerciali e negli edifici pubblici. In generale, il tutto viene gestito in modo federalista e le norme possono differire da cantone a cantone.<\/p>\n\t\t<\/div>\n\t<\/div>\n\t\n\t<div id=\"accordion-2989266037\" class=\"accordion-item\">\n\t\t<a id=\"accordion-2989266037-label\" class=\"accordion-title plain\" href=\"#accordion-item-in-svizzera-\u00e8-consigliato-l&#039;uso-di-una-maschera?\" aria-expanded=\"false\" aria-controls=\"accordion-2989266037-content\" >\n\t\t\t<button class=\"toggle\" aria-label=\"Attiva\/Disattiva\"><i class=\"icon-angle-down\"><\/i><\/button>\n\t\t\t<span>In Svizzera \u00e8 consigliato l'uso di una maschera?<\/span>\n\t\t<\/a>\n\t\t<div id=\"accordion-2989266037-content\" class=\"accordion-inner\" aria-labelledby=\"accordion-2989266037-label\" >\n\t\t\t\n<p> L&#8217;uso di una maschera \u00e8 raccomandato dalla Confederazione Svizzera, in quanto protegge dalla diffusione del virus. Si raccomanda pertanto l&#8217;acquisto di una maschera protettiva &#8211; in aggiunta a tutte le altre misure di protezione, come la distanza di sicurezza e un accurato lavaggio delle mani. <\/p>\n\t\t<\/div>\n\t<\/div>\n\t\n\t<div id=\"accordion-41955672\" class=\"accordion-item\">\n\t\t<a id=\"accordion-41955672-label\" class=\"accordion-title plain\" href=\"#accordion-item-quali-tipi-di-maschere-sono-disponibili?\" aria-expanded=\"false\" aria-controls=\"accordion-41955672-content\" >\n\t\t\t<button class=\"toggle\" aria-label=\"Attiva\/Disattiva\"><i class=\"icon-angle-down\"><\/i><\/button>\n\t\t\t<span>Quali tipi di maschere sono disponibili?<\/span>\n\t\t<\/a>\n\t\t<div id=\"accordion-41955672-content\" class=\"accordion-inner\" aria-labelledby=\"accordion-41955672-label\" >\n\t\t\t\n<p> Spiegato in maniera semplice, ci sono maschere chirurgiche, maschere igieniche e maschere respiratorie. Tutti questi 3 tipi hanno diversi livelli di protezione. <\/p>\n<p>Le maschere igieniche sono realizzate in pile multistrato. Queste proteggono soprattutto l&#8217;area circostante da ulteriori infezioni da parte di chi li indossa. Le maschere di protezione per l&#8217;igiene sono tra le maschere pi\u00f9 vendute in Svizzera. Si riconoscono dalla loro superficie azzurra. Tali maschere igieniche sono monouso.<\/p>\n<p>Le maschere di protezione respiratoria &#8211; note anche come FFP2 o FFP3 &#8211; sono dotate di filtri incorporati che forniscono una protezione pi\u00f9 forte rispetto, ad esempio, alle maschere igieniche. Chi indossa la maschera \u00e8 protetto con i respiratori da tutte le particelle, dalla polvere e da altri batteri. Queste maschere si trovano spesso nei cantieri edili in orari normali. I pazienti a rischio e il personale ospedaliero sono ben serviti con la maschera respiratoria.<\/p>\n<p>Le maschere in tessuto sono costituite da un filtro e da un tessuto confortevole per chi indossa la maschera. Le maschere testate forniscono anche una migliore protezione contro la trasmissione e sono lavabili e quindi riutilizzabili. <\/p>\n\t\t<\/div>\n\t<\/div>\n\t\n\t<div id=\"accordion-2802728390\" class=\"accordion-item\">\n\t\t<a id=\"accordion-2802728390-label\" class=\"accordion-title plain\" href=\"#accordion-item-come-si-usa-correttamente-una-maschera?\" aria-expanded=\"false\" aria-controls=\"accordion-2802728390-content\" >\n\t\t\t<button class=\"toggle\" aria-label=\"Attiva\/Disattiva\"><i class=\"icon-angle-down\"><\/i><\/button>\n\t\t\t<span>Come si usa correttamente una maschera?<\/span>\n\t\t<\/a>\n\t\t<div id=\"accordion-2802728390-content\" class=\"accordion-inner\" aria-labelledby=\"accordion-2802728390-label\" >\n\t\t\t\n<p> Per una migliore protezione, la maschera deve coprire completamente la bocca e il naso. Si raccomanda inoltre di lavarsi sempre accuratamente le mani prima di cambiare le maschere. Evitare di toccare la maschera mentre la si indossa o di toccare il viso in generale. Dopo un solo utilizzo, \u00e8 necessario smaltire le maschere igieniche. <\/p>\n\t\t<\/div>\n\t<\/div>\n\t\n\t<div id=\"accordion-3807093541\" class=\"accordion-item\">\n\t\t<a id=\"accordion-3807093541-label\" class=\"accordion-title plain\" href=\"#accordion-item-la-maschera-pu\u00f2-essere-utilizzata-pi\u00f9-di-una-volta?\" aria-expanded=\"false\" aria-controls=\"accordion-3807093541-content\" >\n\t\t\t<button class=\"toggle\" aria-label=\"Attiva\/Disattiva\"><i class=\"icon-angle-down\"><\/i><\/button>\n\t\t\t<span>La maschera pu\u00f2 essere utilizzata pi\u00f9 di una volta?<\/span>\n\t\t<\/a>\n\t\t<div id=\"accordion-3807093541-content\" class=\"accordion-inner\" aria-labelledby=\"accordion-3807093541-label\" >\n\t\t\t\n<p> Le maschere in tessuto e le maschere mediche possono essere usate pi\u00f9 volte se non sono state usate troppo spesso. Le maschere igieniche sono monouso e devono essere smaltite correttamente. <\/p>\n\t\t<\/div>\n\t<\/div>\n\t\n\t<div id=\"accordion-1386421458\" class=\"accordion-item\">\n\t\t<a id=\"accordion-1386421458-label\" class=\"accordion-title plain\" href=\"#accordion-item-conservazione-della-maschera-per-uso-ripetuto\" aria-expanded=\"false\" aria-controls=\"accordion-1386421458-content\" >\n\t\t\t<button class=\"toggle\" aria-label=\"Attiva\/Disattiva\"><i class=\"icon-angle-down\"><\/i><\/button>\n\t\t\t<span>Conservazione della maschera per uso ripetuto<\/span>\n\t\t<\/a>\n\t\t<div id=\"accordion-1386421458-content\" class=\"accordion-inner\" aria-labelledby=\"accordion-1386421458-label\" >\n\t\t\t\n<p> Se si utilizza la maschera pi\u00f9 di una volta, assicurarsi che possa asciugare bene. Si dovrebbe quindi appendere la maschera a un gancio. Assicuratevi anche che la maschera non contamini nulla e non entri in contatto con altre persone.<\/p>\n\t\t<\/div>\n\t<\/div>\n\t\n\t<div id=\"accordion-2741519959\" class=\"accordion-item\">\n\t\t<a id=\"accordion-2741519959-label\" class=\"accordion-title plain\" href=\"#accordion-item-per-quanto-tempo-posso-indossare-una-maschera?\" aria-expanded=\"false\" aria-controls=\"accordion-2741519959-content\" >\n\t\t\t<button class=\"toggle\" aria-label=\"Attiva\/Disattiva\"><i class=\"icon-angle-down\"><\/i><\/button>\n\t\t\t<span>Per quanto tempo posso indossare una maschera?<\/span>\n\t\t<\/a>\n\t\t<div id=\"accordion-2741519959-content\" class=\"accordion-inner\" aria-labelledby=\"accordion-2741519959-label\" >\n\t\t\t\n<p> A seconda del tipo di maschera protettiva, le maschere possono essere indossate per periodi di tempo differenti. Le normali maschere igieniche possono essere indossate solo per 1-2 ore &#8211; un massimo di 3 ore. Nel tempo, l&#8217;umidit\u00e0 render\u00e0 difficile respirare. Anche l&#8217;effetto protettivo dovuto all&#8217;umidit\u00e0 \u00e8 inferiore. <\/p>\n<p>Le maschere FFP possono essere indossate per 9 ore o anche di pi\u00f9 in fila. Si dovrebbe sempre prestare attenzione al comfort e anche al fatto che la maschera diventi umida o meno. Vale la pena cambiare la maschera regolarmente per ogni tipo di maschera.<\/p>\n\t\t<\/div>\n\t<\/div>\n\t\n\t<div id=\"accordion-1385277642\" class=\"accordion-item\">\n\t\t<a id=\"accordion-1385277642-label\" class=\"accordion-title plain\" href=\"#accordion-item-come-faccio-a-smaltire-una-maschera?\" aria-expanded=\"false\" aria-controls=\"accordion-1385277642-content\" >\n\t\t\t<button class=\"toggle\" aria-label=\"Attiva\/Disattiva\"><i class=\"icon-angle-down\"><\/i><\/button>\n\t\t\t<span>Come faccio a smaltire una maschera?<\/span>\n\t\t<\/a>\n\t\t<div id=\"accordion-1385277642-content\" class=\"accordion-inner\" aria-labelledby=\"accordion-1385277642-label\" >\n\t\t\t\n<p> Le maschere possono essere smaltite normalmente nei rifiuti. Possono anche essere smaltiti in bidoni quando si \u00e8 in viaggio. Assicuratevi di smaltire le maschere in modo che nessun&#8217;altra persona entri in contatto con esse. <\/p>\n\t\t<\/div>\n\t<\/div>\n\t\n\t<div id=\"accordion-3840938548\" class=\"accordion-item\">\n\t\t<a id=\"accordion-3840938548-label\" class=\"accordion-title plain\" href=\"#accordion-item-le-maschere-possono-essere-lavate?\" aria-expanded=\"false\" aria-controls=\"accordion-3840938548-content\" >\n\t\t\t<button class=\"toggle\" aria-label=\"Attiva\/Disattiva\"><i class=\"icon-angle-down\"><\/i><\/button>\n\t\t\t<span>Le maschere possono essere lavate?<\/span>\n\t\t<\/a>\n\t\t<div id=\"accordion-3840938548-content\" class=\"accordion-inner\" aria-labelledby=\"accordion-3840938548-label\" >\n\t\t\t\n<p> Le maschere igieniche possono essere utilizzate una sola volta. Il riutilizzo non \u00e8 raccomandato e pu\u00f2 anche essere dannoso. A seconda del produttore, le maschere in tessuto possono essere lavate in lavatrice. Prestare attenzione alle istruzioni del produttore.<\/p>\n\t\t<\/div>\n\t<\/div>\n\t\n\t<div id=\"accordion-370103027\" class=\"accordion-item\">\n\t\t<a id=\"accordion-370103027-label\" class=\"accordion-title plain\" href=\"#accordion-item-chi-ha-la-barba-pu\u00f2-utilizzare-maschere-protettive?\" aria-expanded=\"false\" aria-controls=\"accordion-370103027-content\" >\n\t\t\t<button class=\"toggle\" aria-label=\"Attiva\/Disattiva\"><i class=\"icon-angle-down\"><\/i><\/button>\n\t\t\t<span>Chi ha la barba pu\u00f2 utilizzare maschere protettive?<\/span>\n\t\t<\/a>\n\t\t<div id=\"accordion-370103027-content\" class=\"accordion-inner\" aria-labelledby=\"accordion-370103027-label\" >\n\t\t\t\n<p> Una maschera protettiva pu\u00f2 e deve essere indossata anche da chi ha la barba. \u00c8 necessario assicurarsi che la bocca e il naso siano completamente coperti.<\/p>\n\t\t<\/div>\n\t<\/div>\n\t\n<\/div>\n\t\t<\/div>\n\t\t\t\t\t<\/div>\n\n\t\n<\/div>\n<div class=\"is-divider divider clearfix\" style=\"margin-top:3em;margin-bottom:3em;max-width:100%;background-color:rgb(9, 14, 29);\"><\/div>\n<div class=\"row row-collapse\"  id=\"row-259130445\">\n\n\t<div id=\"col-145634168\" class=\"col medium-12 small-12 large-4\"  >\n\t\t\t\t<div class=\"col-inner\"  >\n\t\t\t\n\t\t\t\n\n\t\t<div class=\"icon-box featured-box icon-box-left text-left\"  style=\"margin:0px 0px 30px 0px;\">\n\t\t\t\t\t<div class=\"icon-box-img\" style=\"width: 60px\">\n\t\t\t\t<div class=\"icon\">\n\t\t\t\t\t<div class=\"icon-inner\" >\n\t\t\t\t\t\t<img loading=\"lazy\" decoding=\"async\" width=\"256\" height=\"256\" src=\"https:\/\/schutzmasken.ch\/wp-content\/uploads\/2020\/10\/payment-icon-flatelements.png\" class=\"attachment-medium size-medium\" alt=\"Schutzmasken kaufen, Schutzmasken kaufen Schweiz, FFP2 Masken, FFP2 Masken, kaufen corona schnelltest, corona antigen Tes,t Kinder Schutzmasken\" \/>\t\t\t\t\t<\/div>\n\t\t\t\t<\/div>\n\t\t\t<\/div>\n\t\t\t\t<div class=\"icon-box-text last-reset\">\n\t\t\t\t\t\t\t\t\t\n<h3> Pagamento<br \/>\n<\/h3>\n\t\t<\/div>\n\t<\/div>\n\t\n\t\n\t\t<\/div>\n\t\t\t\t\t<\/div>\n\n\t\n\n\t<div id=\"col-661972575\" class=\"col medium-12 small-12 large-8\"  >\n\t\t\t\t<div class=\"col-inner text-left\"  >\n\t\t\t\n\t\t\t\n<div class=\"accordion\">\n\t<div id=\"accordion-3224674303\" class=\"accordion-item\">\n\t\t<a id=\"accordion-3224674303-label\" class=\"accordion-title plain\" href=\"#accordion-item-quali-metodi-di-pagamento-sono-disponibili?\" aria-expanded=\"false\" aria-controls=\"accordion-3224674303-content\" >\n\t\t\t<button class=\"toggle\" aria-label=\"Attiva\/Disattiva\"><i class=\"icon-angle-down\"><\/i><\/button>\n\t\t\t<span>Quali metodi di pagamento sono disponibili?<\/span>\n\t\t<\/a>\n\t\t<div id=\"accordion-3224674303-content\" class=\"accordion-inner\" aria-labelledby=\"accordion-3224674303-label\" >\n\t\t\t\n<p> I seguenti metodi di pagamento sono disponibili su Schutzmasken.ch: <br \/> <strong> Fattura, carta di credito, TWINT o PayPal <\/strong> <\/p>\n<p> Il pagamento viene effettuato nell&#8217;ultima fase del processo di ordinazione. <\/p>\n<p> Da l\u00ec hai la possibilit\u00e0 di scegliere il metodo di pagamento desiderato. <\/p>\n\t\t<\/div>\n\t<\/div>\n\t\n<\/div>\n\t\t<\/div>\n\t\t\t\t\t<\/div>\n\n\t\n<\/div>\n<div class=\"is-divider divider clearfix\" style=\"margin-top:3em;margin-bottom:3em;max-width:100%;background-color:rgb(9, 14, 29);\"><\/div>\n<div class=\"row row-collapse\"  id=\"row-624235312\">\n\n\t<div id=\"col-1638370656\" class=\"col medium-12 small-12 large-4\"  >\n\t\t\t\t<div class=\"col-inner\"  >\n\t\t\t\n\t\t\t\n\n\t\t<div class=\"icon-box featured-box icon-box-left text-left\"  style=\"margin:0px 0px 30px 0px;\">\n\t\t\t\t\t<div class=\"icon-box-img\" style=\"width: 60px\">\n\t\t\t\t<div class=\"icon\">\n\t\t\t\t\t<div class=\"icon-inner\" >\n\t\t\t\t\t\t<img loading=\"lazy\" decoding=\"async\" width=\"256\" height=\"256\" src=\"https:\/\/schutzmasken.ch\/wp-content\/uploads\/2020\/10\/shipping-icon-flatelements.png\" class=\"attachment-medium size-medium\" alt=\"Schutzmasken kaufen, Schutzmasken kaufen Schweiz, FFP2 Masken, FFP2 Masken, kaufen corona schnelltest, corona antigen Tes,t Kinder Schutzmasken\" \/>\t\t\t\t\t<\/div>\n\t\t\t\t<\/div>\n\t\t\t<\/div>\n\t\t\t\t<div class=\"icon-box-text last-reset\">\n\t\t\t\t\t\t\t\t\t\n<h3>Spedizione<\/h3>\n\t\t<\/div>\n\t<\/div>\n\t\n\t\n\t\t<\/div>\n\t\t\t\t\t<\/div>\n\n\t\n\n\t<div id=\"col-141429653\" class=\"col medium-12 small-12 large-8\"  >\n\t\t\t\t<div class=\"col-inner text-left\"  >\n\t\t\t\n\t\t\t\n<div class=\"accordion\">\n\t<div id=\"accordion-3370275742\" class=\"accordion-item\">\n\t\t<a id=\"accordion-3370275742-label\" class=\"accordion-title plain\" href=\"#accordion-item-quali-metodi-di-spedizione-ci-sono-su-schutzmasken.ch?\" aria-expanded=\"false\" aria-controls=\"accordion-3370275742-content\" >\n\t\t\t<button class=\"toggle\" aria-label=\"Attiva\/Disattiva\"><i class=\"icon-angle-down\"><\/i><\/button>\n\t\t\t<span>Quali metodi di spedizione ci sono su Schutzmasken.ch?<\/span>\n\t\t<\/a>\n\t\t<div id=\"accordion-3370275742-content\" class=\"accordion-inner\" aria-labelledby=\"accordion-3370275742-label\" >\n\t\t\t\n<p> Spediamo da un magazzino svizzero con PostPac Priority (posta A). <\/p>\n\t\t<\/div>\n\t<\/div>\n\t\n<\/div>\n\t\t<\/div>\n\t\t\t\t\t<\/div>\n\n\t\n<\/div>\n\t<div id=\"gap-165994303\" class=\"gap-element clearfix\" style=\"display:block; height:auto;\">\n\t\t\n<style>\n#gap-165994303 {\n  padding-top: 60px;\n}\n<\/style>\n\t<\/div>\n\t\n<div class=\"row align-center\"  id=\"row-802123346\">\n\n\t<div id=\"col-801707848\" class=\"col small-12 large-12\"  >\n\t\t\t\t<div class=\"col-inner text-center\" style=\"background-color:rgb(244, 244, 244);\" >\n\t\t\t\n\t\t\t\n<h3> Hai altre domande? <\/h3>\n<p> Contattaci per ulteriori informazioni. <\/p>\n<a href=\"\/kontakt\/\" class=\"button primary\"  >\n\t\t<span>Contattaci<\/span>\n\t<\/a>\n\n\t\t<\/div>\n\t\t\t\t\t<\/div>\n\n\t\n\n<style>\n#row-802123346 > .col > .col-inner {\n  padding: 40px 20px 40px 20px;\n  background-color: rgb(244, 244, 244);\n}\n@media (min-width:550px) {\n  #row-802123346 > .col > .col-inner {\n    padding: 40px 40px 40px 40px;\n  }\n}\n<\/style>\n<\/div>\n\t\t<\/div>\n\t\t\t\t\t<\/div>\n\n\t\n<\/div>\n\t\t<\/div>\n\n\t\t\n<style>\n#section_1791261365 {\n  padding-top: 60px;\n  padding-bottom: 60px;\n}\n<\/style>\n\t<\/section>","protected":false},"excerpt":{"rendered":"","protected":false},"author":1,"featured_media":0,"parent":0,"menu_order":0,"comment_status":"closed","ping_status":"closed","template":"page-blank.php","meta":{"footnotes":""},"_links":{"self":[{"href":"https:\/\/schutzmasken.ch\/it\/wp-json\/wp\/v2\/pages\/2705"}],"collection":[{"href":"https:\/\/schutzmasken.ch\/it\/wp-json\/wp\/v2\/pages"}],"about":[{"href":"https:\/\/schutzmasken.ch\/it\/wp-json\/wp\/v2\/types\/page"}],"author":[{"embeddable":true,"href":"https:\/\/schutzmasken.ch\/it\/wp-json\/wp\/v2\/users\/1"}],"replies":[{"embeddable":true,"href":"https:\/\/schutzmasken.ch\/it\/wp-json\/wp\/v2\/comments?post=2705"}],"version-history":[{"count":0,"href":"https:\/\/schutzmasken.ch\/it\/wp-json\/wp\/v2\/pages\/2705\/revisions"}],"wp:attachment":[{"href":"https:\/\/schutzmasken.ch\/it\/wp-json\/wp\/v2\/media?parent=2705"}],"curies":[{"name":"wp","href":"https:\/\/api.w.org\/{rel}","templated":true}]}}