{"id":2756,"date":"2021-12-02T17:00:15","date_gmt":"2021-12-02T16:00:15","guid":{"rendered":"https:\/\/schutzmasken.ch\/schutzmasken-shop-copy\/"},"modified":"2026-02-06T13:58:17","modified_gmt":"2026-02-06T12:58:17","slug":"schutzmasken-shop","status":"publish","type":"page","link":"https:\/\/schutzmasken.ch\/it\/","title":{"rendered":"Schutzmasken  Shop SEO"},"content":{"rendered":"<section class=\"section\" id=\"section_1079650939\">\n\t\t<div class=\"section-bg fill\" >\n\t\t\t\t\t\t\t\t\t\n\t\t\t\n\n\t\t<\/div>\n\n\t\t\n\n\t\t<div class=\"section-content relative\">\n\t\t\t\n<div class=\"row row-collapse align-bottom align-center row-dashed\"  id=\"row-1465921313\">\n\n\t<div id=\"col-1960117894\" class=\"col medium-6 small-12 large-6\"  >\n\t\t\t\t<div class=\"col-inner text-center dark\"  >\n\t\t\t\n\t\t\t\n\n\t\t<div class=\"icon-box featured-box icon-box-left text-left\"  style=\"margin:px px px px;\">\n\t\t\t\t\t<div class=\"icon-box-img\" style=\"width: 27px\">\n\t\t\t\t<div class=\"icon\">\n\t\t\t\t\t<div class=\"icon-inner\" >\n\t\t\t\t\t\t<img loading=\"lazy\" decoding=\"async\" width=\"30\" height=\"30\" src=\"https:\/\/schutzmasken.ch\/wp-content\/uploads\/2020\/09\/delivery-rot.png\" class=\"attachment-medium size-medium\" alt=\"Schnelle Schutzmasken Lieferung\" \/>\t\t\t\t\t<\/div>\n\t\t\t\t<\/div>\n\t\t\t<\/div>\n\t\t\t\t<div class=\"icon-box-text last-reset\">\n\t\t\t\t\t\t\t\t\t\n<p><span style=\"font-size: 100%;\"><strong>Livraison rapide:<\/strong> Tous les produits de l\u2019entrep\u00f4t suisse<\/span><\/p>\n\t\t<\/div>\n\t<\/div>\n\t\n\t\n\t\t<\/div>\n\t\t\t\t\n<style>\n#col-1960117894 > .col-inner {\n  padding: 0px 10px 0px 10px;\n}\n<\/style>\n\t<\/div>\n\n\t\n\n\t<div id=\"col-629247007\" class=\"col medium-6 small-12 large-6\"  >\n\t\t\t\t<div class=\"col-inner text-center dark\"  >\n\t\t\t\n\t\t\t\n\n\t\t<div class=\"icon-box featured-box icon-box-left text-left\"  style=\"margin:px px px px;\">\n\t\t\t\t\t<div class=\"icon-box-img\" style=\"width: 25px\">\n\t\t\t\t<div class=\"icon\">\n\t\t\t\t\t<div class=\"icon-inner\" >\n\t\t\t\t\t\t<img loading=\"lazy\" decoding=\"async\" width=\"30\" height=\"30\" src=\"https:\/\/schutzmasken.ch\/wp-content\/uploads\/2020\/09\/rabatt-rot.png\" class=\"attachment-medium size-medium\" alt=\"Online Bezahlung\" \/>\t\t\t\t\t<\/div>\n\t\t\t\t<\/div>\n\t\t\t<\/div>\n\t\t\t\t<div class=\"icon-box-text last-reset\">\n\t\t\t\t\t\t\t\t\t\n<p><span style=\"font-size: 100%;\">Paiement par:<strong> Facture, carte de cr\u00e9dit, Twint ou PayPal<\/strong> <\/span><\/p>\n\t\t<\/div>\n\t<\/div>\n\t\n\t\n\t\t<\/div>\n\t\t\t\t\n<style>\n#col-629247007 > .col-inner {\n  padding: 0px 0px 0px 80px;\n}\n<\/style>\n\t<\/div>\n\n\t\n<\/div>\n\t\t<\/div>\n\n\t\t\n<style>\n#section_1079650939 {\n  padding-top: 10px;\n  padding-bottom: 10px;\n  margin-bottom: 0px;\n  background-color: rgb(0,0,0);\n}\n<\/style>\n\t<\/section>\n\t\n  <div class=\"banner-grid-wrapper\">\n  <div id=\"banner-grid-1214022169\" class=\"banner-grid row row-grid row-collapse row-full-width\" data-packery-options=\"\">\n                      \n<div class=\"col grid-col small-12 large-9 grid-col-1\" ><div class=\"col-inner\">\n<div class=\"slider-wrapper relative\" id=\"slider-1308809022\" >\n    <div class=\"slider slider-nav-circle slider-nav-large slider-nav-light slider-style-normal\"\n        data-flickity-options='{\n            \"cellAlign\": \"center\",\n            \"imagesLoaded\": true,\n            \"lazyLoad\": 1,\n            \"freeScroll\": false,\n            \"wrapAround\": true,\n            \"autoPlay\": 6000,\n            \"pauseAutoPlayOnHover\" : true,\n            \"prevNextButtons\": false,\n            \"contain\" : true,\n            \"adaptiveHeight\" : true,\n            \"dragThreshold\" : 10,\n            \"percentPosition\": true,\n            \"pageDots\": false,\n            \"rightToLeft\": false,\n            \"draggable\": true,\n            \"selectedAttraction\": 0.1,\n            \"parallax\" : 0,\n            \"friction\": 0.6        }'\n        >\n        \n\n  <div class=\"banner has-hover\" id=\"banner-396315632\">\n          <div class=\"banner-inner fill\">\n        <div class=\"banner-bg fill\" >\n            <img loading=\"lazy\" decoding=\"async\" width=\"1020\" height=\"442\" src=\"https:\/\/schutzmasken.ch\/wp-content\/uploads\/2020\/09\/atemschutzmasken-slider-opmasken-1400x607.jpg\" class=\"bg attachment-large size-large\" alt=\"Schutzmasken Onlineshop\" \/>                        <div class=\"overlay\"><\/div>            \n                    <\/div>\n\t\t\n        <div class=\"banner-layers container\">\n            <div class=\"fill banner-link\"><\/div>            \n   <div id=\"text-box-918840677\" class=\"text-box banner-layer hide-for-medium x50 md-x50 lg-x50 y80 md-y80 lg-y80 res-text\">\n                                <div class=\"text-box-content text dark\">\n              \n              <div class=\"text-inner text-left\">\n                  \n<h2 class=\"alt-font\"><span style=\"color: #000000;\">Boutique en ligne des <br \/>masques de protection<\/span><\/h2>\n<h2 class=\"uppercase\"><span style=\"font-size: 150%;\"><strong> Masques<br \/>\nrespiratoires test\u00e9s<br \/>\net certifi\u00e9s <\/strong><\/span><\/h2>\n<div class=\"is-divider divider clearfix\" ><\/div>\n<a href=\"\/shop\/\" class=\"button primary is-larger\"  >\n\t\t<span>Commander des masques de protection<\/span>\n\t<\/a>\n\n              <\/div>\n           <\/div>\n                            \n<style>\n#text-box-918840677 {\n  width: 80%;\n}\n#text-box-918840677 .text-box-content {\n  font-size: 100%;\n}\n@media (min-width:550px) {\n  #text-box-918840677 {\n    width: 80%;\n  }\n}\n<\/style>\n    <\/div>\n \n   <div id=\"text-box-742627729\" class=\"text-box banner-layer show-for-small x50 md-x50 lg-x50 y80 md-y80 lg-y80 res-text\">\n                                <div class=\"text-box-content text dark\">\n              \n              <div class=\"text-inner text-left\">\n                  \n<h2 class=\"alt-font\"><span style=\"color: #000000;\">Boutique en ligne des masques de protection<\/span><\/h2>\n<h2 class=\"uppercase\"><span style=\"font-size: 70%; color: #000000;\"><strong> MASQUES<br \/>\nund RESPIRATOIRES TEST\u00c9S<br \/>\nET CERTIFI\u00c9S<\/strong><\/span><\/h2>\n<div class=\"is-divider divider clearfix\" ><\/div>\n<a href=\"\/shop\/\" class=\"button primary is-larger\"  >\n\t\t<span>Commander des masques de protection<\/span>\n\t<\/a>\n\n              <\/div>\n           <\/div>\n                            \n<style>\n#text-box-742627729 {\n  width: 80%;\n}\n#text-box-742627729 .text-box-content {\n  font-size: 100%;\n}\n@media (min-width:550px) {\n  #text-box-742627729 {\n    width: 80%;\n  }\n}\n<\/style>\n    <\/div>\n \n        <\/div>\n      <\/div>\n\n            \n<style>\n#banner-396315632 {\n  padding-top: 500px;\n}\n#banner-396315632 .overlay {\n  background-color: rgba(43, 56, 139, 0.16);\n}\n#banner-396315632 .banner-bg img {\n  object-position: 89% 0%;\n}\n<\/style>\n  <\/div>\n\n\n     <\/div>\n\n     <div class=\"loading-spin dark large centered\"><\/div>\n\n\t<\/div>\n\n\n<\/div><\/div>\n<div class=\"col grid-col small-12 large-3 grid-col-3-4 hide-for-medium\" ><div class=\"col-inner\">\n\n  <div class=\"banner has-hover\" id=\"banner-1284205842\">\n          <div class=\"banner-inner fill\">\n        <div class=\"banner-bg fill\" >\n                                                \n                    <\/div>\n\t\t\n        <div class=\"banner-layers container\">\n            <div class=\"fill banner-link\"><\/div>            \n   <div id=\"text-box-520752045\" class=\"text-box banner-layer x50 md-x50 lg-x50 y50 md-y50 lg-y50 res-text\">\n                                <div class=\"text-box-content text dark\">\n              \n              <div class=\"text-inner text-center\">\n                  \n<h4 class=\"uppercase\"><span style=\"font-size: 190%;\"><strong>Masques respiratoires test\u00e9s et certifi\u00e9s par T\u00dcV \/ DEKRA \/ CE.<\/strong><\/span><\/h4>\n\t<div id=\"gap-671124148\" class=\"gap-element clearfix\" style=\"display:block; height:auto;\">\n\t\t\n<style>\n#gap-671124148 {\n  padding-top: 15px;\n}\n<\/style>\n\t<\/div>\n\t\n<p><span style=\"font-size: 160%;\">Avec nous, vous pouvez commander en ligne des respirateurs test\u00e9s et certifi\u00e9s, facilement, rapidement et sans complications \u2013 \u00e9galement sur facture!<\/span><\/p>\n<p><span style=\"font-size: 160%;\">Revendeurs et clients commerciaux : Bien s\u00fbr, nous continuons \u00e0 fournir des respirateurs \u00e0 tous nos clients commerciaux. Les demandes concernant des quantit\u00e9s plus grandes en stock peuvent \u00eatre adress\u00e9es \u00e0 info@schutzmasken.ch ou par t\u00e9l\u00e9phone au +41 43 500 00 26.<\/span><\/p>\n              <\/div>\n           <\/div>\n                            \n<style>\n#text-box-520752045 {\n  width: 87%;\n}\n#text-box-520752045 .text-box-content {\n  font-size: 100%;\n}\n<\/style>\n    <\/div>\n \n        <\/div>\n      <\/div>\n\n            \n<style>\n#banner-1284205842 {\n  padding-top: 160px;\n  background-color: #d92e17;\n}\n<\/style>\n  <\/div>\n\n\n<\/div><\/div>\n<div class=\"col grid-col small-12 large-3 grid-col-1-4 hide-for-medium\" ><div class=\"col-inner\">\n\n  <div class=\"banner has-hover\" id=\"banner-661008966\">\n          <div class=\"banner-inner fill\">\n        <div class=\"banner-bg fill\" >\n                                                \n                    <\/div>\n\t\t\n        <div class=\"banner-layers container\">\n            <div class=\"fill banner-link\"><\/div>            \n   <div id=\"text-box-1939652663\" class=\"text-box banner-layer x50 md-x50 lg-x50 y50 md-y50 lg-y50 res-text\">\n                                <div class=\"text-box-content text \">\n              \n              <div class=\"text-inner text-center\">\n                  \n\t<div class=\"img has-hover x md-x lg-x y md-y lg-y\" id=\"image_74082016\">\n\t\t\t\t\t\t\t\t<div class=\"img-inner dark\" >\n\t\t\t<img loading=\"lazy\" decoding=\"async\" width=\"660\" height=\"200\" src=\"https:\/\/schutzmasken.ch\/wp-content\/uploads\/2020\/12\/zertificates-logos.png\" class=\"attachment-original size-original\" alt=\"Schutzmasken kaufen, Schutzmasken kaufen Schweiz, FFP2 Masken, FFP2 Masken, kaufen corona schnelltest, corona antigen Tes,t Kinder Schutzmasken\" \/>\t\t\t\t\t\t\n\t\t\t\t\t<\/div>\n\t\t\t\t\t\t\t\t\n<style>\n#image_74082016 {\n  width: 100%;\n}\n<\/style>\n\t<\/div>\n\t\n              <\/div>\n           <\/div>\n                            \n<style>\n#text-box-1939652663 {\n  width: 87%;\n}\n#text-box-1939652663 .text-box-content {\n  font-size: 100%;\n}\n<\/style>\n    <\/div>\n \n        <\/div>\n      <\/div>\n\n            \n<style>\n#banner-661008966 {\n  padding-top: 160px;\n  background-color: rgb(255,255,255);\n}\n<\/style>\n  <\/div>\n\n\n<\/div><\/div>\n<div class=\"col grid-col small-12 large-3 grid-col-1 show-for-small\" ><div class=\"col-inner\">\n\n  <div class=\"banner has-hover\" id=\"banner-2077910809\">\n          <div class=\"banner-inner fill\">\n        <div class=\"banner-bg fill\" >\n                                                \n                    <\/div>\n\t\t\n        <div class=\"banner-layers container\">\n            <div class=\"fill banner-link\"><\/div>            \n   <div id=\"text-box-706467076\" class=\"text-box banner-layer x50 md-x50 lg-x50 y50 md-y50 lg-y50 res-text\">\n                                <div class=\"text-box-content text \">\n              \n              <div class=\"text-inner text-center\">\n                  \n<h2 class=\"uppercase\"><span style=\"font-size: 70%;\"><strong>Masques respiratoires test\u00e9s et certifi\u00e9s par T\u00dcV \/ DEKRA \/ CE.<\/strong><\/span><\/h2>\n\t<div id=\"gap-1361695904\" class=\"gap-element clearfix\" style=\"display:block; height:auto;\">\n\t\t\n<style>\n#gap-1361695904 {\n  padding-top: 15px;\n}\n<\/style>\n\t<\/div>\n\t\n\t<div class=\"img has-hover x md-x lg-x y md-y lg-y\" id=\"image_1650454412\">\n\t\t\t\t\t\t\t\t<div class=\"img-inner dark\" >\n\t\t\t<img loading=\"lazy\" decoding=\"async\" width=\"660\" height=\"200\" src=\"https:\/\/schutzmasken.ch\/wp-content\/uploads\/2020\/09\/zert-logos.png\" class=\"attachment-large size-large\" alt=\"zertifizierte Atemschutzmasken\" \/>\t\t\t\t\t\t\n\t\t\t\t\t<\/div>\n\t\t\t\t\t\t\t\t\n<style>\n#image_1650454412 {\n  width: 90%;\n}\n@media (min-width:550px) {\n  #image_1650454412 {\n    width: 90%;\n  }\n}\n<\/style>\n\t<\/div>\n\t\n\t<div id=\"gap-1483938859\" class=\"gap-element clearfix\" style=\"display:block; height:auto;\">\n\t\t\n<style>\n#gap-1483938859 {\n  padding-top: 15px;\n}\n<\/style>\n\t<\/div>\n\t\n<p><span style=\"font-size: 130%;\">Avec nous, vous pouvez commander en ligne des respirateurs test\u00e9s et certifi\u00e9s, facilement, rapidement et sans complications \u2013 \u00e9galement sur facture!<\/span><\/p>\n<p><span style=\"font-size: 130%;\">Revendeurs et clients commerciaux : Bien s\u00fbr, nous continuons \u00e0 fournir des respirateurs \u00e0 tous nos clients commerciaux. Les demandes concernant des quantit\u00e9s plus grandes en stock peuvent \u00eatre adress\u00e9es \u00e0 info@schutzmasken.ch ou par t\u00e9l\u00e9phone au +41 43 500 00 26.<\/span><\/p>\n              <\/div>\n           <\/div>\n                            \n<style>\n#text-box-706467076 {\n  width: 87%;\n}\n#text-box-706467076 .text-box-content {\n  font-size: 100%;\n}\n<\/style>\n    <\/div>\n \n        <\/div>\n      <\/div>\n\n            \n<style>\n#banner-2077910809 {\n  padding-top: 160px;\n  background-color: rgb(255,255,255);\n}\n<\/style>\n  <\/div>\n\n\n<\/div><\/div>\n            <\/div>\n    <style>\n    #banner-grid-1214022169 .grid-col-1{height: 600px}\n    #banner-grid-1214022169 .grid-col-1-2{height: 300px}\n    #banner-grid-1214022169 .grid-col-1-3{height:200px}\n    #banner-grid-1214022169 .grid-col-2-3{height: 400px}\n    #banner-grid-1214022169 .grid-col-1-4{height: 150px}\n    #banner-grid-1214022169 .grid-col-3-4{height: 450px}\n\n\n    \n    \n\n  <\/style>\n    <\/div>\n  \n\n\t<section class=\"section dark\" id=\"section_1661294493\">\n\t\t<div class=\"section-bg fill\" >\n\t\t\t\t\t\t\t\t\t<div class=\"section-bg-overlay absolute fill\"><\/div>\n\t\t\t\n\n\t\t<\/div>\n\n\t\t\n\n\t\t<div class=\"section-content relative\">\n\t\t\t\n<div class=\"row row-collapse align-middle align-center\"  id=\"row-1445754912\">\n\n\t<div id=\"col-1600324255\" class=\"col small-12 large-12\"  >\n\t\t\t\t<div class=\"col-inner text-center\"  >\n\t\t\t\n\t\t\t\n<h3>Information client : Nous avons tous les produits en stock et les exp\u00e9dions le jour m\u00eame<\/h3>\n\t\t<\/div>\n\t\t\t\t\n<style>\n#col-1600324255 > .col-inner {\n  padding: 10px 0px 0px 0px;\n}\n<\/style>\n\t<\/div>\n\n\t\n<\/div>\n\t\t<\/div>\n\n\t\t\n<style>\n#section_1661294493 {\n  padding-top: 0px;\n  padding-bottom: 0px;\n  background-color: rgb(255,255,255);\n}\n#section_1661294493 .section-bg-overlay {\n  background-color: #d92e17;\n}\n<\/style>\n\t<\/section>\n\t\n\t<div id=\"gap-542165769\" class=\"gap-element clearfix\" style=\"display:block; height:auto;\">\n\t\t\n<style>\n#gap-542165769 {\n  padding-top: 50px;\n}\n<\/style>\n\t<\/div>\n\t\n<div class=\"container section-title-container\" ><h4 class=\"section-title section-title-center\"><b><\/b><span class=\"section-title-main\" style=\"font-size:200%;\">Nos produits<\/span><b><\/b><\/h4><\/div>\n\n\t<section class=\"section\" id=\"section_698901895\">\n\t\t<div class=\"section-bg fill\" >\n\t\t\t\t\t\t\t\t\t\n\t\t\t\n\n\t\t<\/div>\n\n\t\t\n\n\t\t<div class=\"section-content relative\">\n\t\t\t\n<div class=\"row row-collapse\"  id=\"row-86599522\">\n\n\t<div id=\"col-1110067417\" class=\"col small-12 large-12\"  >\n\t\t\t\t<div class=\"col-inner\"  >\n\t\t\t\n\t\t\t\n\t\t<!--noptimize-->\n\t\t<script data-cfasync=\"false\" data-no-optimize=\"1\">\n\t\t\tif( typeof document.documentElement.id == 'undefined' || document.documentElement.id === '' ) {\n\t\t\t\tdocument.documentElement.id = 'ecwid_html';\n\t\t\t}\n\n\t\t\tif( typeof document.body.id == 'undefined' || document.body.id === '' ) {\n\t\t\t\tdocument.body.id = 'ecwid_body';\n\t\t\t}\n\t\t<\/script>\n\t\t<!--\/noptimize-->\n\t\t\t\t<!--noptimize-->\n\t\t<script data-cfasync=\"false\" data-no-optimize=\"1\" type=\"text\/javascript\">\n\t\t\tfunction createClass(name,rules){\n\t\t\t\tvar style = document.createElement('style');\n\t\t\t\tstyle.type = 'text\/css';\n\t\t\t\tdocument.getElementsByTagName('head')[0].appendChild(style);\n\t\t\t\tif(!(style.sheet||{}).insertRule) \n\t\t\t\t\t(style.styleSheet || style.sheet).addRule(name, rules);\n\t\t\t\telse\n\t\t\t\t\tstyle.sheet.insertRule(name+'{'+rules+'}',0);\n\n\t\t\t\tdocument.addEventListener(\"DOMContentLoaded\", function() {\n\t\t\t\t\tvar static = document.getElementById('static-ec-store-container');\n\t\t\t\t\tstatic.parentNode.removeChild(static);\n\t\t\t\t});\n\t\t\t}\n\t\t\tcreateClass('#static-ec-store-container','display:none;');\n\t\t<\/script>\n\t\t<!--\/noptimize-->\n\t\t<div id=\"dynamic-ec-store-container\" class=\"\"><!-- Ecwid shopping cart plugin v 7.0.8 --><!--noptimize--><script data-cfasync=\"false\" data-no-optimize=\"1\" src=\"https:\/\/app.ecwid.com\/script.js?28197001&data_platform=wporg&lang=it\"><\/script><script data-cfasync=\"false\" data-no-optimize=\"1\">if (typeof jQuery !== undefined && jQuery.mobile) { jQuery.mobile.hashListeningEnabled = false; jQuery.mobile.pushStateEnabled=false; }<\/script><!--\/noptimize--><div id=\"ecwid-store-28197001\" class=\"ecwid-shopping-cart-product-browser\" data-ecwid-default-category-id=\"0\"><\/div><script data-cfasync=\"false\" data-no-optimize=\"1\" type=\"text\/javascript\">xProductBrowser(\"id=ecwid-store-28197001\",\"views=grid(20,3) list(60) table(60)\",\"default_page=\");<\/script><!-- END Ecwid Shopping Cart v 7.0.8 --><\/div>\n<div id=\"static-ec-store-container\"><div class=\"static-content\"><div lang=\"it\" class=\"ec-storefront-v3-ssr ecwid-no-touch ecwid-supports-cssanimations ec-size ec-size--xxs ec-size--xs ec-size--s ec-size--m ec-size--l ec-size--xl ecwid-responsive ecwid-no-dragndrop\" style=\"opacity:0;\"><a id=\"ec-storefront-v3-top-scroller\" style=\"width:0;height:0;position:absolute;display:block;\"><\/a><!--[--><div><div class=\"ecwid-productBrowser ecwid-productBrowser-v3 ecwid-productBrowser-CategoryPage ecwid-productBrowser-CategoryPage-0\"><div><div><div class=\"ecwid-productBrowser-head\"><\/div><div><div class=\"ec-wrapper\"><!--[--><!--[--><style>\n<\/style><div class=\"ec-store ec-store__category-page ec-store__category-page--0 ec-store--large-category-images ec-store--large-product-images\"><div class=\"ec-store__content-wrapper ec-store__content-wrapper--wide\"><div><!--[--><!----><!--]--><!--[--><!--[--><div class=\"ec-grid grid__wrap\"><div class=\"grid__description\"><div class=\"grid__description-inner\"><p><strong>Informazioni per i clienti:<\/strong> tutte le mascherine protettive sono disponibili in magazzino, <strong>con spedizione dei vostri articoli oggi <\/strong>stesso tramite Post Priority (posta A).<\/p><\/div><\/div><div><section class=\"\"><!----><div class=\"grid__sort ec-text-muted\"><!----><div class=\"form-control form-control--select-inline grid-sort__item grid-sort__item--sortby\"><label for=\"ec-products-sort\"><div class=\"form-control__select-text\">Ordina per<\/div><select id=\"ec-products-sort\" class=\"form-control__select\"><!--[--><option value=\"\" selected>Consigliato<\/option><option value=\"addedTimeDesc\">Ultimi arrivi<\/option><option value=\"priceAsc\">Prezzo: crescente<\/option><option value=\"priceDesc\">Prezzo: decrescente<\/option><option value=\"nameAsc\">Nome: A-Z<\/option><option value=\"nameDesc\">Nome: Z-A<\/option><!--]--><\/select><\/label><div class=\"form-control__arrow\"><svg width=\"12\" height=\"12\" viewBox=\"0 0 12 12\" xmlns=\"http:\/\/www.w3.org\/2000\/svg\"><path d=\"M11 4L6 9 1 4\" fill=\"none\" fill-rule=\"evenodd\" stroke=\"currentColor\" stroke-width=\"1\" stroke-linecap=\"round\" stroke-linejoin=\"round\"><\/path><\/svg><\/div><\/div><\/div><\/section><div class=\"grid__wrap\"><div class=\"grid__filters\"><div class=\"ec-filters ec-filters--inline ec-filters--right ec-filters--animation-closed ec-filters--section-opened ec-filters--sticky-bar\"><div class=\"ec-filters__wrap\"><div class=\"ec-filters__wrap-inner\"><div class=\"ec-filters__top\"><h2 class=\"ec-filters__title ec-header-h2\">Filtri<\/h2><div class=\"ec-filter__clear\"><a class=\"ec-link ec-link--muted ec-filters__clear-all-link\" tabindex=\"0\" href=\"javascript:\" role=\"button\">Cancella tutto<\/a><\/div><\/div><div class=\"ec-filters__summary\"><!----><div class=\"ec-filters__applied ec-filters__applied--empty\"><div class=\"ec-filters__applied-head\"><div class=\"ec-filter__head\"><div class=\"ec-filter__name ec-header-h6\"><div class=\"ec-filter__name-inner\">Filtri<\/div><\/div><div class=\"ec-filter__clear\"><a class=\"ec-link ec-link--muted ec-filters__clear-all-link\" tabindex=\"0\" href=\"javascript:\" role=\"button\">Cancella tutto<\/a><\/div><\/div><\/div><div class=\"ec-filters__applied-body\"><!--[--><!--]--><\/div><\/div><\/div><div class=\"ec-filters__body\"><div><!----><\/div><div class=\"filters-button-container\"><div class=\"form-control form-control--button form-control--large form-control--primary form-control--flexible form-control--done form-control--no-animation\"><button class=\"form-control__button\" type=\"button\"><!----><!----><span class=\"form-control__button-text\"><!--[-->Mostra prodotti<!--]--><\/span><!----><\/button><\/div><\/div><\/div><\/div><\/div><div class=\"filters-sticky-bar\"><div class=\"form-control form-control--button form-control--large form-control--primary form-control--flexible form-control--done form-control--no-animation\"><button class=\"form-control__button\" type=\"button\"><!----><!----><span class=\"form-control__button-text\"><!--[-->Mostra prodotti<!--]--><\/span><!----><\/button><\/div><\/div><\/div><div class=\"ec-filters__products\"><!----><!--[--><!--[--><!--[--><!----><!----><!----><!--]--><!----><div class=\"grid__wrap-inner\"><div class=\"grid__products grid__products--classic grid__products--layout-left grid__products--aspect-ratio-1 grid__products--large-items\" data-items=\"15\" data-cols=\"3\" style=\"max-width:10000px;\"><!--[--><div class=\"grid-product grid-product--id-474775324 grid-product--has-shadow\"><div class=\"grid-product__wrap\" data-product-id=\"474775324\"><div class=\"grid-product__scroller grid-product__scroller--id-474775324\"><\/div><div class=\"grid-product__wrap-inner\"><!--[--><a href=\"https:\/\/schutzmasken.ch\/it\/DOC-NFW-FFP2-Masken-Weiss-20er-Box-p474775324\" class=\"grid-product__image\" title=\"Maschere DOC NFW FFP2 - Bianco - Scatola da 20\" data-product-id=\"474775324\"><!--[--><div class=\"grid-product__spacer\"><div class=\"grid-product__spacer-inner\"><\/div><\/div><div class=\"grid-product__bg\" style=\"background-color:#ffffff;\"><\/div><div class=\"grid-product__image-wrap\"><div class=\"grid-product__label\" is-only-preorder-available=\"false\"><div class=\"ec-label label--notice\" style=\"\"><div class=\"label__text\"><!--[-->In saldo<!--]--><\/div><\/div><\/div><img  src=\"https:\/\/d2j6dbq0eux0bg.cloudfront.net\/images\/28197001\/4368193957.jpg\" srcset=\"https:\/\/d2j6dbq0eux0bg.cloudfront.net\/images\/28197001\/4368193957.jpg 1x\" alt=\"Maschere DOC NFW FFP2 - Bianco - Scatola da 20\" title=\"Maschere DOC NFW FFP2 - Bianco - Scatola da 20\" width=\"2580\" height=\"2150\" loading=\"lazy\" style=\"width:100%;height:auto;margin-top:8.333333333333329%;\" class=\"grid-product__picture\" decoding=\"async\"><!----><\/div><div class=\"grid-product__shadow ec-text-muted\"><div class=\"grid-product__shadow-inner\">Maschere DOC NFW FFP2 - Bianco - Scatola da 20<\/div><\/div><div class=\"grid__clearfix\"><\/div><div class=\"grid-product__hover-wrap\"><!----><!----><!----><!----><!----><!----><\/div><!--]--><\/a><!----><a href=\"https:\/\/schutzmasken.ch\/it\/DOC-NFW-FFP2-Masken-Weiss-20er-Box-p474775324\" class=\"grid-product__title\" title=\"Maschere DOC NFW FFP2 - Bianco - Scatola da 20\" data-product-id=\"474775324\"><!--[--><!----><!----><div class=\"grid-product__title-inner\">Maschere DOC NFW FFP2 - Bianco - Scatola da 20<\/div><!----><!--]--><\/a><!----><!----><!----><div class=\"grid-product__price\"><div class=\"grid-product__price-compare ec-text-muted\"><div class=\"grid-product__textblock\"><span class=\"grid-product__price-label\">was<\/span>   <s>CHF 37.80<\/s><\/div>   <div class=\"grid-product__textblock grid-product__price-label\">Risparmia   <!--[-->40%<!--]--><\/div><\/div><div class=\"grid-product__price-amount\"><div class=\"grid-product__price-value ec-price-item\"><!--[-->CHF 22.60<!--]--><\/div><\/div><!----><!----><!----><!----><\/div><!----><!----><div class=\"grid-product__button grid-product__buy-now\"><div class=\"form-control form-control--button form-control--medium form-control--secondary form-control--animated form-control--done form-control--no-animation\" data-product-id=\"474775324\"><button class=\"form-control__button form-control__button--icon-center\" type=\"button\"><!----><!----><span class=\"form-control__button-text\"><!--[--> Acquista Ora<!--]--><\/span><span class=\"form-control__button-svg\"><span class=\"svg-icon\"><!--[--><svg width=\"27\" height=\"23\" viewBox=\"0 0 27 23\" xmlns=\"http:\/\/www.w3.org\/2000\/svg\"><path class=\"svg-line-check\" d=\"M1.97 11.94L10.03 20 25.217 2\" fill=\"none\" fill-rule=\"evenodd\" stroke=\"currentColor\" stroke-width=\"3\" stroke-linecap=\"round\"><\/path><\/svg><!--]--><\/span><\/span><\/button><\/div><div class=\"grid-product__button-justify-inner\"><!----><!----><\/div><\/div><!----><!--]--><\/div><\/div><script>\n  (function () {\n    var container = document.querySelector(`.grid-product--id-474775324`);\n    var img = container?.getElementsByTagName(`img`)[0];\n    if (!img) return;\n    if (!img.complete || img.naturalHeight === 0) {\n      container?.classList.add(`grid-product--loading`);\n      function callback(){\n        container?.classList.remove(`grid-product--loading`);\n        img.removeEventListener(`load`, callback);\n      };\n      img?.addEventListener(`load`, callback);\n    }\n   })();\n  <\/script><\/div><div class=\"grid-product grid-product--id-267855053 grid-product--has-shadow\"><div class=\"grid-product__wrap\" data-product-id=\"267855053\"><div class=\"grid-product__scroller grid-product__scroller--id-267855053\"><\/div><div class=\"grid-product__wrap-inner\"><!--[--><a href=\"https:\/\/schutzmasken.ch\/it\/Atemschutzmasken-3M-FFP3-Aura-9332-mit-Ventil-10er-Packung-p267855053\" class=\"grid-product__image\" title=\"Respiratori FFP3 con valvola - confezione da 10\" data-product-id=\"267855053\"><!--[--><div class=\"grid-product__spacer\"><div class=\"grid-product__spacer-inner\"><\/div><\/div><div class=\"grid-product__bg\" style=\"background-color:#ffffff;\"><\/div><div class=\"grid-product__image-wrap\"><div class=\"grid-product__label\" is-only-preorder-available=\"false\"><div class=\"ec-label label--notice\" style=\"\"><div class=\"label__text\"><!--[-->In saldo<!--]--><\/div><\/div><\/div><img  src=\"https:\/\/d2j6dbq0eux0bg.cloudfront.net\/images\/28197001\/2756148872.jpg\" srcset=\"https:\/\/d2j6dbq0eux0bg.cloudfront.net\/images\/28197001\/2756148872.jpg 1x\" alt=\"Respiratori FFP3 con valvola - confezione da 10\" title=\"Respiratori FFP3 con valvola - confezione da 10\" width=\"2100\" height=\"1750\" loading=\"lazy\" style=\"width:100%;height:auto;margin-top:8.333333333333329%;\" class=\"grid-product__picture\" decoding=\"async\"><!----><\/div><div class=\"grid-product__shadow ec-text-muted\"><div class=\"grid-product__shadow-inner\">Respiratori FFP3 con valvola - confezione da 10<\/div><\/div><div class=\"grid__clearfix\"><\/div><div class=\"grid-product__hover-wrap\"><!----><!----><!----><!----><!----><!----><\/div><!--]--><\/a><!----><a href=\"https:\/\/schutzmasken.ch\/it\/Atemschutzmasken-3M-FFP3-Aura-9332-mit-Ventil-10er-Packung-p267855053\" class=\"grid-product__title\" title=\"Respiratori FFP3 con valvola - confezione da 10\" data-product-id=\"267855053\"><!--[--><!----><!----><div class=\"grid-product__title-inner\">Respiratori FFP3 con valvola - confezione da 10<\/div><!----><!--]--><\/a><!----><!----><!----><div class=\"grid-product__price\"><div class=\"grid-product__price-compare ec-text-muted\"><div class=\"grid-product__textblock\"><span class=\"grid-product__price-label\">was<\/span>   <s>CHF 161.05<\/s><\/div>   <div class=\"grid-product__textblock grid-product__price-label\">Risparmia   <!--[-->45%<!--]--><\/div><\/div><div class=\"grid-product__price-amount\"><div class=\"grid-product__price-value ec-price-item\"><!--[-->CHF 89.35<!--]--><\/div><\/div><!----><!----><!----><!----><\/div><!----><!----><div class=\"grid-product__button grid-product__buy-now\"><div class=\"form-control form-control--button form-control--medium form-control--secondary form-control--animated form-control--done form-control--no-animation\" data-product-id=\"267855053\"><button class=\"form-control__button form-control__button--icon-center\" type=\"button\"><!----><!----><span class=\"form-control__button-text\"><!--[--> Acquista Ora<!--]--><\/span><span class=\"form-control__button-svg\"><span class=\"svg-icon\"><!--[--><svg width=\"27\" height=\"23\" viewBox=\"0 0 27 23\" xmlns=\"http:\/\/www.w3.org\/2000\/svg\"><path class=\"svg-line-check\" d=\"M1.97 11.94L10.03 20 25.217 2\" fill=\"none\" fill-rule=\"evenodd\" stroke=\"currentColor\" stroke-width=\"3\" stroke-linecap=\"round\"><\/path><\/svg><!--]--><\/span><\/span><\/button><\/div><div class=\"grid-product__button-justify-inner\"><!----><!----><\/div><\/div><!----><!--]--><\/div><\/div><script>\n  (function () {\n    var container = document.querySelector(`.grid-product--id-267855053`);\n    var img = container?.getElementsByTagName(`img`)[0];\n    if (!img) return;\n    if (!img.complete || img.naturalHeight === 0) {\n      container?.classList.add(`grid-product--loading`);\n      function callback(){\n        container?.classList.remove(`grid-product--loading`);\n        img.removeEventListener(`load`, callback);\n      };\n      img?.addEventListener(`load`, callback);\n    }\n   })();\n  <\/script><\/div><div class=\"grid-product grid-product--id-472066563 grid-product--has-shadow\"><div class=\"grid-product__wrap\" data-product-id=\"472066563\"><div class=\"grid-product__scroller grid-product__scroller--id-472066563\"><\/div><div class=\"grid-product__wrap-inner\"><!--[--><a href=\"https:\/\/schutzmasken.ch\/it\/Intco-Synguard%C2%AE-Nitril-Handschuhe-p472066563\" class=\"grid-product__image\" title=\"Guanti da esame Synguard\u00ae in nitrile\" data-product-id=\"472066563\"><!--[--><div class=\"grid-product__spacer\"><div class=\"grid-product__spacer-inner\"><\/div><\/div><div class=\"grid-product__bg\" style=\"background-color:#ffffff;\"><\/div><div class=\"grid-product__image-wrap\"><div class=\"grid-product__label\" is-only-preorder-available=\"false\"><div class=\"ec-label label--notice\" style=\"\"><div class=\"label__text\"><!--[-->In saldo<!--]--><\/div><\/div><\/div><img  src=\"https:\/\/d2j6dbq0eux0bg.cloudfront.net\/images\/28197001\/3113887614.jpg\" srcset=\"https:\/\/d2j6dbq0eux0bg.cloudfront.net\/images\/28197001\/3113887614.jpg 1x\" alt=\"Guanti da esame Synguard\u00ae in nitrile\" title=\"Guanti da esame Synguard\u00ae in nitrile\" width=\"699\" height=\"410\" loading=\"lazy\" style=\"width:100%;height:auto;margin-top:20.67238912732475%;\" class=\"grid-product__picture\" decoding=\"async\"><!----><\/div><div class=\"grid-product__shadow ec-text-muted\"><div class=\"grid-product__shadow-inner\">Guanti da esame Synguard\u00ae in nitrile<\/div><\/div><div class=\"grid__clearfix\"><\/div><div class=\"grid-product__hover-wrap\"><!----><!----><!----><!----><!----><!----><\/div><!--]--><\/a><!----><a href=\"https:\/\/schutzmasken.ch\/it\/Intco-Synguard%C2%AE-Nitril-Handschuhe-p472066563\" class=\"grid-product__title\" title=\"Guanti da esame Synguard\u00ae in nitrile\" data-product-id=\"472066563\"><!--[--><!----><!----><div class=\"grid-product__title-inner\">Guanti da esame Synguard\u00ae in nitrile<\/div><!----><!--]--><\/a><!----><!----><!----><div class=\"grid-product__price\"><div class=\"grid-product__price-compare ec-text-muted\"><div class=\"grid-product__textblock\"><span class=\"grid-product__price-label\">was<\/span>   <s>CHF 21.50<\/s><\/div>   <div class=\"grid-product__textblock grid-product__price-label\">Risparmia   <!--[-->63%<!--]--><\/div><\/div><div class=\"grid-product__price-amount\"><div class=\"grid-product__price-value ec-price-item\"><!--[-->CHF 7.90<!--]--><\/div><\/div><!----><!----><!----><!----><\/div><!----><!----><div class=\"grid-product__button grid-product__buy-now\"><div class=\"form-control form-control--button form-control--medium form-control--secondary form-control--animated form-control--done form-control--no-animation\" data-product-id=\"472066563\"><button class=\"form-control__button form-control__button--icon-center\" type=\"button\"><!----><!----><span class=\"form-control__button-text\"><!--[--> Acquista Ora<!--]--><\/span><span class=\"form-control__button-svg\"><span class=\"svg-icon\"><!--[--><svg width=\"27\" height=\"23\" viewBox=\"0 0 27 23\" xmlns=\"http:\/\/www.w3.org\/2000\/svg\"><path class=\"svg-line-check\" d=\"M1.97 11.94L10.03 20 25.217 2\" fill=\"none\" fill-rule=\"evenodd\" stroke=\"currentColor\" stroke-width=\"3\" stroke-linecap=\"round\"><\/path><\/svg><!--]--><\/span><\/span><\/button><\/div><div class=\"grid-product__button-justify-inner\"><!----><!----><\/div><\/div><!----><!--]--><\/div><\/div><script>\n  (function () {\n    var container = document.querySelector(`.grid-product--id-472066563`);\n    var img = container?.getElementsByTagName(`img`)[0];\n    if (!img) return;\n    if (!img.complete || img.naturalHeight === 0) {\n      container?.classList.add(`grid-product--loading`);\n      function callback(){\n        container?.classList.remove(`grid-product--loading`);\n        img.removeEventListener(`load`, callback);\n      };\n      img?.addEventListener(`load`, callback);\n    }\n   })();\n  <\/script><\/div><div class=\"grid-product grid-product--id-513371763 grid-product--has-shadow\"><div class=\"grid-product__wrap\" data-product-id=\"513371763\"><div class=\"grid-product__scroller grid-product__scroller--id-513371763\"><\/div><div class=\"grid-product__wrap-inner\"><!--[--><a href=\"https:\/\/schutzmasken.ch\/it\/FFP3-Masken-DOC-TNW-25er-Box-p513371763\" class=\"grid-product__image\" title=\"Maschere FFP3 DOC TNW - confezione da 25 pezzi\" data-product-id=\"513371763\"><!--[--><div class=\"grid-product__spacer\"><div class=\"grid-product__spacer-inner\"><\/div><\/div><div class=\"grid-product__bg\" style=\"background-color:#efedee;\"><\/div><div class=\"grid-product__image-wrap\"><div class=\"grid-product__label\" is-only-preorder-available=\"false\"><div class=\"ec-label label--notice\" style=\"\"><div class=\"label__text\"><!--[-->In saldo<!--]--><\/div><\/div><\/div><img  src=\"https:\/\/d2j6dbq0eux0bg.cloudfront.net\/images\/28197001\/3351483371.jpg\" srcset=\"https:\/\/d2j6dbq0eux0bg.cloudfront.net\/images\/28197001\/3351483371.jpg 1x\" alt=\"Maschere FFP3 DOC TNW - confezione da 25 pezzi\" title=\"Maschere FFP3 DOC TNW - confezione da 25 pezzi\" width=\"800\" height=\"800\" loading=\"lazy\" style=\"width:100%;height:100%;\" class=\"grid-product__picture\" decoding=\"async\"><!----><\/div><div class=\"grid-product__shadow ec-text-muted\"><div class=\"grid-product__shadow-inner\">Maschere FFP3 DOC TNW - confezione da 25 pezzi<\/div><\/div><div class=\"grid__clearfix\"><\/div><div class=\"grid-product__hover-wrap\"><!----><!----><!----><!----><!----><!----><\/div><!--]--><\/a><!----><a href=\"https:\/\/schutzmasken.ch\/it\/FFP3-Masken-DOC-TNW-25er-Box-p513371763\" class=\"grid-product__title\" title=\"Maschere FFP3 DOC TNW - confezione da 25 pezzi\" data-product-id=\"513371763\"><!--[--><!----><!----><div class=\"grid-product__title-inner\">Maschere FFP3 DOC TNW - confezione da 25 pezzi<\/div><!----><!--]--><\/a><!----><!----><!----><div class=\"grid-product__price\"><div class=\"grid-product__price-compare ec-text-muted\"><div class=\"grid-product__textblock\"><span class=\"grid-product__price-label\">was<\/span>   <s>CHF 48.65<\/s><\/div>   <div class=\"grid-product__textblock grid-product__price-label\">Risparmia   <!--[-->18%<!--]--><\/div><\/div><div class=\"grid-product__price-amount\"><div class=\"grid-product__price-value ec-price-item\"><!--[-->CHF 40.05<!--]--><\/div><\/div><!----><!----><!----><!----><\/div><!----><!----><div class=\"grid-product__button grid-product__buy-now\"><div class=\"form-control form-control--button form-control--medium form-control--secondary form-control--animated form-control--done form-control--no-animation\" data-product-id=\"513371763\"><button class=\"form-control__button form-control__button--icon-center\" type=\"button\"><!----><!----><span class=\"form-control__button-text\"><!--[--> Acquista Ora<!--]--><\/span><span class=\"form-control__button-svg\"><span class=\"svg-icon\"><!--[--><svg width=\"27\" height=\"23\" viewBox=\"0 0 27 23\" xmlns=\"http:\/\/www.w3.org\/2000\/svg\"><path class=\"svg-line-check\" d=\"M1.97 11.94L10.03 20 25.217 2\" fill=\"none\" fill-rule=\"evenodd\" stroke=\"currentColor\" stroke-width=\"3\" stroke-linecap=\"round\"><\/path><\/svg><!--]--><\/span><\/span><\/button><\/div><div class=\"grid-product__button-justify-inner\"><!----><!----><\/div><\/div><!----><!--]--><\/div><\/div><script>\n  (function () {\n    var container = document.querySelector(`.grid-product--id-513371763`);\n    var img = container?.getElementsByTagName(`img`)[0];\n    if (!img) return;\n    if (!img.complete || img.naturalHeight === 0) {\n      container?.classList.add(`grid-product--loading`);\n      function callback(){\n        container?.classList.remove(`grid-product--loading`);\n        img.removeEventListener(`load`, callback);\n      };\n      img?.addEventListener(`load`, callback);\n    }\n   })();\n  <\/script><\/div><div class=\"grid-product grid-product--id-474775596 grid-product--has-shadow\"><div class=\"grid-product__wrap\" data-product-id=\"474775596\"><div class=\"grid-product__scroller grid-product__scroller--id-474775596\"><\/div><div class=\"grid-product__wrap-inner\"><!--[--><a href=\"https:\/\/schutzmasken.ch\/it\/DOC-NFW-FFP2-Masken-Schwarz-20er-Box-p474775596\" class=\"grid-product__image\" title=\"Maschere DOC NFW FFP2 - Nero - Scatola da 20\" data-product-id=\"474775596\"><!--[--><div class=\"grid-product__spacer\"><div class=\"grid-product__spacer-inner\"><\/div><\/div><div class=\"grid-product__bg\" style=\"background-color:#ffffff;\"><\/div><div class=\"grid-product__image-wrap\"><div class=\"grid-product__label\" is-only-preorder-available=\"false\"><div class=\"ec-label label--notice\" style=\"\"><div class=\"label__text\"><!--[-->In saldo<!--]--><\/div><\/div><\/div><img  src=\"https:\/\/d2j6dbq0eux0bg.cloudfront.net\/images\/28197001\/3137199239.jpg\" srcset=\"https:\/\/d2j6dbq0eux0bg.cloudfront.net\/images\/28197001\/3137199239.jpg 1x\" alt=\"Maschere DOC NFW FFP2 - Nero - Scatola da 20\" title=\"Maschere DOC NFW FFP2 - Nero - Scatola da 20\" width=\"640\" height=\"533\" loading=\"lazy\" style=\"width:100%;height:auto;margin-top:8.359375%;\" class=\"grid-product__picture\" decoding=\"async\"><!----><\/div><div class=\"grid-product__shadow ec-text-muted\"><div class=\"grid-product__shadow-inner\">Maschere DOC NFW FFP2 - Nero - Scatola da 20<\/div><\/div><div class=\"grid__clearfix\"><\/div><div class=\"grid-product__hover-wrap\"><!----><!----><!----><!----><!----><!----><\/div><!--]--><\/a><!----><a href=\"https:\/\/schutzmasken.ch\/it\/DOC-NFW-FFP2-Masken-Schwarz-20er-Box-p474775596\" class=\"grid-product__title\" title=\"Maschere DOC NFW FFP2 - Nero - Scatola da 20\" data-product-id=\"474775596\"><!--[--><!----><!----><div class=\"grid-product__title-inner\">Maschere DOC NFW FFP2 - Nero - Scatola da 20<\/div><!----><!--]--><\/a><!----><!----><!----><div class=\"grid-product__price\"><div class=\"grid-product__price-compare ec-text-muted\"><div class=\"grid-product__textblock\"><span class=\"grid-product__price-label\">was<\/span>   <s>CHF 43.20<\/s><\/div>   <div class=\"grid-product__textblock grid-product__price-label\">Risparmia   <!--[-->58%<!--]--><\/div><\/div><div class=\"grid-product__price-amount\"><div class=\"grid-product__price-value ec-price-item\"><!--[-->CHF 18.05<!--]--><\/div><\/div><!----><!----><!----><!----><\/div><!----><!----><div class=\"grid-product__button grid-product__buy-now\"><div class=\"form-control form-control--button form-control--medium form-control--secondary form-control--animated form-control--done form-control--no-animation\" data-product-id=\"474775596\"><button class=\"form-control__button form-control__button--icon-center\" type=\"button\"><!----><!----><span class=\"form-control__button-text\"><!--[--> Acquista Ora<!--]--><\/span><span class=\"form-control__button-svg\"><span class=\"svg-icon\"><!--[--><svg width=\"27\" height=\"23\" viewBox=\"0 0 27 23\" xmlns=\"http:\/\/www.w3.org\/2000\/svg\"><path class=\"svg-line-check\" d=\"M1.97 11.94L10.03 20 25.217 2\" fill=\"none\" fill-rule=\"evenodd\" stroke=\"currentColor\" stroke-width=\"3\" stroke-linecap=\"round\"><\/path><\/svg><!--]--><\/span><\/span><\/button><\/div><div class=\"grid-product__button-justify-inner\"><!----><!----><\/div><\/div><!----><!--]--><\/div><\/div><script>\n  (function () {\n    var container = document.querySelector(`.grid-product--id-474775596`);\n    var img = container?.getElementsByTagName(`img`)[0];\n    if (!img) return;\n    if (!img.complete || img.naturalHeight === 0) {\n      container?.classList.add(`grid-product--loading`);\n      function callback(){\n        container?.classList.remove(`grid-product--loading`);\n        img.removeEventListener(`load`, callback);\n      };\n      img?.addEventListener(`load`, callback);\n    }\n   })();\n  <\/script><\/div><div class=\"grid-product grid-product--id-474742895 grid-product--has-shadow\"><div class=\"grid-product__wrap\" data-product-id=\"474742895\"><div class=\"grid-product__scroller grid-product__scroller--id-474742895\"><\/div><div class=\"grid-product__wrap-inner\"><!--[--><a href=\"https:\/\/schutzmasken.ch\/it\/DOC-NFW-FFP2-Masken-Pink-25er-Box-p474742895\" class=\"grid-product__image\" title=\"Maschere DOC NFW FFP2 - Rosa - Scatola da 25\" data-product-id=\"474742895\"><!--[--><div class=\"grid-product__spacer\"><div class=\"grid-product__spacer-inner\"><\/div><\/div><div class=\"grid-product__bg\" style=\"background-color:#ffffff;\"><\/div><div class=\"grid-product__image-wrap\"><div class=\"grid-product__label\" is-only-preorder-available=\"false\"><div class=\"ec-label label--notice\" style=\"\"><div class=\"label__text\"><!--[-->In saldo<!--]--><\/div><\/div><\/div><img  src=\"https:\/\/d2j6dbq0eux0bg.cloudfront.net\/images\/28197001\/3137209287.jpg\" srcset=\"https:\/\/d2j6dbq0eux0bg.cloudfront.net\/images\/28197001\/3137209287.jpg 1x\" alt=\"Maschere DOC NFW FFP2 - Rosa - Scatola da 25\" title=\"Maschere DOC NFW FFP2 - Rosa - Scatola da 25\" width=\"640\" height=\"533\" loading=\"lazy\" style=\"width:100%;height:auto;margin-top:8.359375%;\" class=\"grid-product__picture\" decoding=\"async\"><!----><\/div><div class=\"grid-product__shadow ec-text-muted\"><div class=\"grid-product__shadow-inner\">Maschere DOC NFW FFP2 - Rosa - Scatola da 25<\/div><\/div><div class=\"grid__clearfix\"><\/div><div class=\"grid-product__hover-wrap\"><!----><!----><!----><!----><!----><!----><\/div><!--]--><\/a><!----><a href=\"https:\/\/schutzmasken.ch\/it\/DOC-NFW-FFP2-Masken-Pink-25er-Box-p474742895\" class=\"grid-product__title\" title=\"Maschere DOC NFW FFP2 - Rosa - Scatola da 25\" data-product-id=\"474742895\"><!--[--><!----><!----><div class=\"grid-product__title-inner\">Maschere DOC NFW FFP2 - Rosa - Scatola da 25<\/div><!----><!--]--><\/a><!----><!----><!----><div class=\"grid-product__price\"><div class=\"grid-product__price-compare ec-text-muted\"><div class=\"grid-product__textblock\"><span class=\"grid-product__price-label\">was<\/span>   <s>CHF 37.80<\/s><\/div>   <div class=\"grid-product__textblock grid-product__price-label\">Risparmia   <!--[-->40%<!--]--><\/div><\/div><div class=\"grid-product__price-amount\"><div class=\"grid-product__price-value ec-price-item\"><!--[-->CHF 22.60<!--]--><\/div><\/div><!----><!----><!----><!----><\/div><!----><!----><div class=\"grid-product__button grid-product__buy-now\"><div class=\"form-control form-control--button form-control--medium form-control--secondary form-control--animated form-control--done form-control--no-animation\" data-product-id=\"474742895\"><button class=\"form-control__button form-control__button--icon-center\" type=\"button\"><!----><!----><span class=\"form-control__button-text\"><!--[--> Acquista Ora<!--]--><\/span><span class=\"form-control__button-svg\"><span class=\"svg-icon\"><!--[--><svg width=\"27\" height=\"23\" viewBox=\"0 0 27 23\" xmlns=\"http:\/\/www.w3.org\/2000\/svg\"><path class=\"svg-line-check\" d=\"M1.97 11.94L10.03 20 25.217 2\" fill=\"none\" fill-rule=\"evenodd\" stroke=\"currentColor\" stroke-width=\"3\" stroke-linecap=\"round\"><\/path><\/svg><!--]--><\/span><\/span><\/button><\/div><div class=\"grid-product__button-justify-inner\"><!----><!----><\/div><\/div><!----><!--]--><\/div><\/div><script>\n  (function () {\n    var container = document.querySelector(`.grid-product--id-474742895`);\n    var img = container?.getElementsByTagName(`img`)[0];\n    if (!img) return;\n    if (!img.complete || img.naturalHeight === 0) {\n      container?.classList.add(`grid-product--loading`);\n      function callback(){\n        container?.classList.remove(`grid-product--loading`);\n        img.removeEventListener(`load`, callback);\n      };\n      img?.addEventListener(`load`, callback);\n    }\n   })();\n  <\/script><\/div><div class=\"grid-product grid-product--id-513163021 grid-product--has-shadow\"><div class=\"grid-product__wrap\" data-product-id=\"513163021\"><div class=\"grid-product__scroller grid-product__scroller--id-513163021\"><\/div><div class=\"grid-product__wrap-inner\"><!--[--><a href=\"https:\/\/schutzmasken.ch\/it\/FFP3-Masken-ohne-Ventil-DOC-NEO-3DH-30er-Box-p513163021\" class=\"grid-product__image\" title=\"Maschere FFP3 senza valvola - DOC NEO-3DH - Confezione da 30 pezzi\" data-product-id=\"513163021\"><!--[--><div class=\"grid-product__spacer\"><div class=\"grid-product__spacer-inner\"><\/div><\/div><div class=\"grid-product__bg\" style=\"background-color:#dddcd8;\"><\/div><div class=\"grid-product__image-wrap\"><div class=\"grid-product__label\" is-only-preorder-available=\"false\"><div class=\"ec-label label--notice\" style=\"\"><div class=\"label__text\"><!--[-->In saldo<!--]--><\/div><\/div><\/div><img  src=\"https:\/\/d2j6dbq0eux0bg.cloudfront.net\/images\/28197001\/3349650713.jpg\" srcset=\"https:\/\/d2j6dbq0eux0bg.cloudfront.net\/images\/28197001\/3349650713.jpg 1x\" alt=\"Maschere FFP3 senza valvola - DOC NEO-3DH - Confezione da 30 pezzi\" title=\"Maschere FFP3 senza valvola - DOC NEO-3DH - Confezione da 30 pezzi\" width=\"800\" height=\"800\" loading=\"lazy\" style=\"width:100%;height:100%;\" class=\"grid-product__picture\" decoding=\"async\"><!----><\/div><div class=\"grid-product__shadow ec-text-muted\"><div class=\"grid-product__shadow-inner\">Maschere FFP3 senza valvola - DOC NEO-3DH - Confezione da 30 pezzi<\/div><\/div><div class=\"grid__clearfix\"><\/div><div class=\"grid-product__hover-wrap\"><!----><!----><!----><!----><!----><!----><\/div><!--]--><\/a><!----><a href=\"https:\/\/schutzmasken.ch\/it\/FFP3-Masken-ohne-Ventil-DOC-NEO-3DH-30er-Box-p513163021\" class=\"grid-product__title\" title=\"Maschere FFP3 senza valvola - DOC NEO-3DH - Confezione da 30 pezzi\" data-product-id=\"513163021\"><!--[--><!----><!----><div class=\"grid-product__title-inner\">Maschere FFP3 senza valvola - DOC NEO-3DH - Confezione da 30 pezzi<\/div><!----><!--]--><\/a><!----><!----><!----><div class=\"grid-product__price\"><div class=\"grid-product__price-compare ec-text-muted\"><div class=\"grid-product__textblock\"><span class=\"grid-product__price-label\">was<\/span>   <s>CHF 75.55<\/s><\/div>   <div class=\"grid-product__textblock grid-product__price-label\">Risparmia   <!--[-->34%<!--]--><\/div><\/div><div class=\"grid-product__price-amount\"><div class=\"grid-product__price-value ec-price-item\"><!--[-->CHF 50.10<!--]--><\/div><\/div><!----><!----><!----><!----><\/div><!----><!----><div class=\"grid-product__button grid-product__buy-now\"><div class=\"form-control form-control--button form-control--medium form-control--secondary form-control--animated form-control--done form-control--no-animation\" data-product-id=\"513163021\"><button class=\"form-control__button form-control__button--icon-center\" type=\"button\"><!----><!----><span class=\"form-control__button-text\"><!--[--> Acquista Ora<!--]--><\/span><span class=\"form-control__button-svg\"><span class=\"svg-icon\"><!--[--><svg width=\"27\" height=\"23\" viewBox=\"0 0 27 23\" xmlns=\"http:\/\/www.w3.org\/2000\/svg\"><path class=\"svg-line-check\" d=\"M1.97 11.94L10.03 20 25.217 2\" fill=\"none\" fill-rule=\"evenodd\" stroke=\"currentColor\" stroke-width=\"3\" stroke-linecap=\"round\"><\/path><\/svg><!--]--><\/span><\/span><\/button><\/div><div class=\"grid-product__button-justify-inner\"><!----><!----><\/div><\/div><!----><!--]--><\/div><\/div><script>\n  (function () {\n    var container = document.querySelector(`.grid-product--id-513163021`);\n    var img = container?.getElementsByTagName(`img`)[0];\n    if (!img) return;\n    if (!img.complete || img.naturalHeight === 0) {\n      container?.classList.add(`grid-product--loading`);\n      function callback(){\n        container?.classList.remove(`grid-product--loading`);\n        img.removeEventListener(`load`, callback);\n      };\n      img?.addEventListener(`load`, callback);\n    }\n   })();\n  <\/script><\/div><div class=\"grid-product grid-product--id-222287863 grid-product--has-shadow\"><div class=\"grid-product__wrap\" data-product-id=\"222287863\"><div class=\"grid-product__scroller grid-product__scroller--id-222287863\"><\/div><div class=\"grid-product__wrap-inner\"><!--[--><a href=\"https:\/\/schutzmasken.ch\/it\/Kinder-TYP-IIR-Atemschutzmasken-50er-Packung-p222287863\" class=\"grid-product__image\" title=\"3ply - Mascherine igieniche - confezione da 50 pz.\" data-product-id=\"222287863\"><!--[--><div class=\"grid-product__spacer\"><div class=\"grid-product__spacer-inner\"><\/div><\/div><div class=\"grid-product__bg\" style=\"background-color:#ffffff;\"><\/div><div class=\"grid-product__image-wrap\"><div class=\"grid-product__label\" is-only-preorder-available=\"false\"><div class=\"ec-label label--notice\" style=\"\"><div class=\"label__text\"><!--[-->In saldo<!--]--><\/div><\/div><\/div><img  src=\"https:\/\/d2j6dbq0eux0bg.cloudfront.net\/images\/28197001\/2827542534.jpg\" srcset=\"https:\/\/d2j6dbq0eux0bg.cloudfront.net\/images\/28197001\/2827542534.jpg 1x\" alt=\"3ply - Mascherine igieniche - confezione da 50 pz.\" title=\"3ply - Mascherine igieniche - confezione da 50 pz.\" width=\"1080\" height=\"1080\" loading=\"lazy\" style=\"width:100%;height:100%;\" class=\"grid-product__picture\" decoding=\"async\"><!----><\/div><div class=\"grid-product__shadow ec-text-muted\"><div class=\"grid-product__shadow-inner\">3ply - Mascherine igieniche - confezione da 50 pz.<\/div><\/div><div class=\"grid__clearfix\"><\/div><div class=\"grid-product__hover-wrap\"><!----><!----><!----><!----><!----><!----><\/div><!--]--><\/a><!----><a href=\"https:\/\/schutzmasken.ch\/it\/Kinder-TYP-IIR-Atemschutzmasken-50er-Packung-p222287863\" class=\"grid-product__title\" title=\"3ply - Mascherine igieniche - confezione da 50 pz.\" data-product-id=\"222287863\"><!--[--><!----><!----><div class=\"grid-product__title-inner\">3ply - Mascherine igieniche - confezione da 50 pz.<\/div><!----><!--]--><\/a><!----><!----><!----><div class=\"grid-product__price\"><div class=\"grid-product__price-compare ec-text-muted\"><div class=\"grid-product__textblock\"><span class=\"grid-product__price-label\">was<\/span>   <s>CHF 26.90<\/s><\/div>   <div class=\"grid-product__textblock grid-product__price-label\">Risparmia   <!--[-->52%<!--]--><\/div><\/div><div class=\"grid-product__price-amount\"><div class=\"grid-product__price-value ec-price-item\"><!--[-->CHF 12.95<!--]--><\/div><\/div><!----><!----><!----><!----><\/div><!----><!----><div class=\"grid-product__button grid-product__buy-now\"><div class=\"form-control form-control--button form-control--medium form-control--secondary form-control--animated form-control--done form-control--no-animation\" data-product-id=\"222287863\"><button class=\"form-control__button form-control__button--icon-center\" type=\"button\"><!----><!----><span class=\"form-control__button-text\"><!--[--> Acquista Ora<!--]--><\/span><span class=\"form-control__button-svg\"><span class=\"svg-icon\"><!--[--><svg width=\"27\" height=\"23\" viewBox=\"0 0 27 23\" xmlns=\"http:\/\/www.w3.org\/2000\/svg\"><path class=\"svg-line-check\" d=\"M1.97 11.94L10.03 20 25.217 2\" fill=\"none\" fill-rule=\"evenodd\" stroke=\"currentColor\" stroke-width=\"3\" stroke-linecap=\"round\"><\/path><\/svg><!--]--><\/span><\/span><\/button><\/div><div class=\"grid-product__button-justify-inner\"><!----><!----><\/div><\/div><!----><!--]--><\/div><\/div><script>\n  (function () {\n    var container = document.querySelector(`.grid-product--id-222287863`);\n    var img = container?.getElementsByTagName(`img`)[0];\n    if (!img) return;\n    if (!img.complete || img.naturalHeight === 0) {\n      container?.classList.add(`grid-product--loading`);\n      function callback(){\n        container?.classList.remove(`grid-product--loading`);\n        img.removeEventListener(`load`, callback);\n      };\n      img?.addEventListener(`load`, callback);\n    }\n   })();\n  <\/script><\/div><div class=\"grid-product grid-product--id-213032690 grid-product--has-shadow\"><div class=\"grid-product__wrap\" data-product-id=\"213032690\"><div class=\"grid-product__scroller grid-product__scroller--id-213032690\"><\/div><div class=\"grid-product__wrap-inner\"><!--[--><a href=\"https:\/\/schutzmasken.ch\/it\/Sensor-Desinfektionsmittelspender-h%C3%B6henverstellbar-p213032690\" class=\"grid-product__image\" title=\"Sensor Desinfektionsmittelspender - h\u00f6henverstellbar\" data-product-id=\"213032690\"><!--[--><div class=\"grid-product__spacer\"><div class=\"grid-product__spacer-inner\"><\/div><\/div><div class=\"grid-product__bg\" style=\"background-color:#ffffff;\"><\/div><div class=\"grid-product__image-wrap\"><div class=\"grid-product__label\" is-only-preorder-available=\"false\"><div class=\"ec-label label--notice\" style=\"\"><div class=\"label__text\"><!--[-->In saldo<!--]--><\/div><\/div><\/div><img  src=\"https:\/\/d2j6dbq0eux0bg.cloudfront.net\/images\/28197001\/2756084493.jpg\" srcset=\"https:\/\/d2j6dbq0eux0bg.cloudfront.net\/images\/28197001\/2756084493.jpg 1x\" alt=\"Sensor Desinfektionsmittelspender - h\u00f6henverstellbar\" title=\"Sensor Desinfektionsmittelspender - h\u00f6henverstellbar\" width=\"1500\" height=\"1250\" loading=\"lazy\" style=\"width:100%;height:auto;margin-top:8.333333333333329%;\" class=\"grid-product__picture\" decoding=\"async\"><!----><\/div><div class=\"grid-product__shadow ec-text-muted\"><div class=\"grid-product__shadow-inner\">Sensor Desinfektionsmittelspender - h\u00f6henverstellbar<\/div><\/div><div class=\"grid__clearfix\"><\/div><div class=\"grid-product__hover-wrap\"><!----><!----><!----><!----><!----><!----><\/div><!--]--><\/a><!----><a href=\"https:\/\/schutzmasken.ch\/it\/Sensor-Desinfektionsmittelspender-h%C3%B6henverstellbar-p213032690\" class=\"grid-product__title\" title=\"Sensor Desinfektionsmittelspender - h\u00f6henverstellbar\" data-product-id=\"213032690\"><!--[--><!----><!----><div class=\"grid-product__title-inner\">Sensor Desinfektionsmittelspender - h\u00f6henverstellbar<\/div><!----><!--]--><\/a><!----><!----><!----><div class=\"grid-product__price\"><div class=\"grid-product__price-compare ec-text-muted\"><div class=\"grid-product__textblock\"><span class=\"grid-product__price-label\">was<\/span>   <s>CHF 322.15<\/s><\/div>   <div class=\"grid-product__textblock grid-product__price-label\">Risparmia   <!--[-->38%<!--]--><\/div><\/div><div class=\"grid-product__price-amount\"><div class=\"grid-product__price-value ec-price-item\"><!--[-->CHF 198.75<!--]--><\/div><\/div><!----><!----><!----><!----><\/div><!----><!----><div class=\"grid-product__button grid-product__buy-now\"><div class=\"form-control form-control--button form-control--medium form-control--secondary form-control--animated form-control--done form-control--no-animation\" data-product-id=\"213032690\"><button class=\"form-control__button form-control__button--icon-center\" type=\"button\"><!----><!----><span class=\"form-control__button-text\"><!--[--> Acquista Ora<!--]--><\/span><span class=\"form-control__button-svg\"><span class=\"svg-icon\"><!--[--><svg width=\"27\" height=\"23\" viewBox=\"0 0 27 23\" xmlns=\"http:\/\/www.w3.org\/2000\/svg\"><path class=\"svg-line-check\" d=\"M1.97 11.94L10.03 20 25.217 2\" fill=\"none\" fill-rule=\"evenodd\" stroke=\"currentColor\" stroke-width=\"3\" stroke-linecap=\"round\"><\/path><\/svg><!--]--><\/span><\/span><\/button><\/div><div class=\"grid-product__button-justify-inner\"><!----><!----><\/div><\/div><!----><!--]--><\/div><\/div><script>\n  (function () {\n    var container = document.querySelector(`.grid-product--id-213032690`);\n    var img = container?.getElementsByTagName(`img`)[0];\n    if (!img) return;\n    if (!img.complete || img.naturalHeight === 0) {\n      container?.classList.add(`grid-product--loading`);\n      function callback(){\n        container?.classList.remove(`grid-product--loading`);\n        img.removeEventListener(`load`, callback);\n      };\n      img?.addEventListener(`load`, callback);\n    }\n   })();\n  <\/script><\/div><div class=\"grid-product grid-product--id-218048661 grid-product--has-shadow\"><div class=\"grid-product__wrap\" data-product-id=\"218048661\"><div class=\"grid-product__scroller grid-product__scroller--id-218048661\"><\/div><div class=\"grid-product__wrap-inner\"><!--[--><a href=\"https:\/\/schutzmasken.ch\/it\/H%C3%A4nde-Desinfektionsmittel-CH-Produkt-100ml-p218048661\" class=\"grid-product__image\" title=\"Disinfettante per le mani - prodotto CH - 100ml\" data-product-id=\"218048661\"><!--[--><div class=\"grid-product__spacer\"><div class=\"grid-product__spacer-inner\"><\/div><\/div><div class=\"grid-product__bg\" style=\"background-color:#ffffff;\"><\/div><div class=\"grid-product__image-wrap\"><div class=\"grid-product__label\" is-only-preorder-available=\"false\"><div class=\"ec-label label--notice\" style=\"\"><div class=\"label__text\"><!--[-->In saldo<!--]--><\/div><\/div><\/div><img  src=\"https:\/\/d2j6dbq0eux0bg.cloudfront.net\/images\/28197001\/2756127514.jpg\" srcset=\"https:\/\/d2j6dbq0eux0bg.cloudfront.net\/images\/28197001\/2756127514.jpg 1x\" alt=\"Disinfettante per le mani - prodotto CH - 100ml\" title=\"Disinfettante per le mani - prodotto CH - 100ml\" width=\"1500\" height=\"1250\" loading=\"lazy\" style=\"width:100%;height:auto;margin-top:8.333333333333329%;\" class=\"grid-product__picture\" decoding=\"async\"><!----><\/div><div class=\"grid-product__shadow ec-text-muted\"><div class=\"grid-product__shadow-inner\">Disinfettante per le mani - prodotto CH - 100ml<\/div><\/div><div class=\"grid__clearfix\"><\/div><div class=\"grid-product__hover-wrap\"><!----><!----><!----><!----><!----><!----><\/div><!--]--><\/a><!----><a href=\"https:\/\/schutzmasken.ch\/it\/H%C3%A4nde-Desinfektionsmittel-CH-Produkt-100ml-p218048661\" class=\"grid-product__title\" title=\"Disinfettante per le mani - prodotto CH - 100ml\" data-product-id=\"218048661\"><!--[--><!----><!----><div class=\"grid-product__title-inner\">Disinfettante per le mani - prodotto CH - 100ml<\/div><!----><!--]--><\/a><!----><!----><!----><div class=\"grid-product__price\"><div class=\"grid-product__price-compare ec-text-muted\"><div class=\"grid-product__textblock\"><span class=\"grid-product__price-label\">was<\/span>   <s>CHF 7.55<\/s><\/div>   <div class=\"grid-product__textblock grid-product__price-label\">Risparmia   <!--[-->48%<!--]--><\/div><\/div><div class=\"grid-product__price-amount\"><div class=\"grid-product__price-value ec-price-item\"><!--[-->CHF 3.90<!--]--><\/div><\/div><!----><!----><!----><!----><\/div><!----><!----><div class=\"grid-product__button grid-product__buy-now\"><div class=\"form-control form-control--button form-control--medium form-control--secondary form-control--animated form-control--done form-control--no-animation\" data-product-id=\"218048661\"><button class=\"form-control__button form-control__button--icon-center\" type=\"button\"><!----><!----><span class=\"form-control__button-text\"><!--[--> Acquista Ora<!--]--><\/span><span class=\"form-control__button-svg\"><span class=\"svg-icon\"><!--[--><svg width=\"27\" height=\"23\" viewBox=\"0 0 27 23\" xmlns=\"http:\/\/www.w3.org\/2000\/svg\"><path class=\"svg-line-check\" d=\"M1.97 11.94L10.03 20 25.217 2\" fill=\"none\" fill-rule=\"evenodd\" stroke=\"currentColor\" stroke-width=\"3\" stroke-linecap=\"round\"><\/path><\/svg><!--]--><\/span><\/span><\/button><\/div><div class=\"grid-product__button-justify-inner\"><!----><!----><\/div><\/div><!----><!--]--><\/div><\/div><script>\n  (function () {\n    var container = document.querySelector(`.grid-product--id-218048661`);\n    var img = container?.getElementsByTagName(`img`)[0];\n    if (!img) return;\n    if (!img.complete || img.naturalHeight === 0) {\n      container?.classList.add(`grid-product--loading`);\n      function callback(){\n        container?.classList.remove(`grid-product--loading`);\n        img.removeEventListener(`load`, callback);\n      };\n      img?.addEventListener(`load`, callback);\n    }\n   })();\n  <\/script><\/div><div class=\"grid-product grid-product--id-214818444 grid-product--has-shadow\"><div class=\"grid-product__wrap\" data-product-id=\"214818444\"><div class=\"grid-product__scroller grid-product__scroller--id-214818444\"><\/div><div class=\"grid-product__wrap-inner\"><!--[--><a href=\"https:\/\/schutzmasken.ch\/it\/Infrarot-Thermometer-p214818444\" class=\"grid-product__image\" title=\"Termometro a infrarossi\" data-product-id=\"214818444\"><!--[--><div class=\"grid-product__spacer\"><div class=\"grid-product__spacer-inner\"><\/div><\/div><div class=\"grid-product__bg\" style=\"background-color:#ffffff;\"><\/div><div class=\"grid-product__image-wrap\"><div class=\"grid-product__label\" is-only-preorder-available=\"false\"><div class=\"ec-label label--notice\" style=\"\"><div class=\"label__text\"><!--[-->In saldo<!--]--><\/div><\/div><\/div><img  src=\"https:\/\/d2j6dbq0eux0bg.cloudfront.net\/images\/28197001\/2756126767.jpg\" srcset=\"https:\/\/d2j6dbq0eux0bg.cloudfront.net\/images\/28197001\/2756126767.jpg 1x\" alt=\"Termometro a infrarossi\" title=\"Termometro a infrarossi\" width=\"1500\" height=\"1250\" loading=\"lazy\" style=\"width:100%;height:auto;margin-top:8.333333333333329%;\" class=\"grid-product__picture\" decoding=\"async\"><!----><\/div><div class=\"grid-product__shadow ec-text-muted\"><div class=\"grid-product__shadow-inner\">Termometro a infrarossi<\/div><\/div><div class=\"grid__clearfix\"><\/div><div class=\"grid-product__hover-wrap\"><!----><!----><!----><!----><!----><!----><\/div><!--]--><\/a><!----><a href=\"https:\/\/schutzmasken.ch\/it\/Infrarot-Thermometer-p214818444\" class=\"grid-product__title\" title=\"Termometro a infrarossi\" data-product-id=\"214818444\"><!--[--><!----><!----><div class=\"grid-product__title-inner\">Termometro a infrarossi<\/div><!----><!--]--><\/a><!----><!----><!----><div class=\"grid-product__price\"><div class=\"grid-product__price-compare ec-text-muted\"><div class=\"grid-product__textblock\"><span class=\"grid-product__price-label\">was<\/span>   <s>CHF 161.05<\/s><\/div>   <div class=\"grid-product__textblock grid-product__price-label\">Risparmia   <!--[-->38%<!--]--><\/div><\/div><div class=\"grid-product__price-amount\"><div class=\"grid-product__price-value ec-price-item\"><!--[-->CHF 99.35<!--]--><\/div><\/div><!----><!----><!----><!----><\/div><!----><!----><div class=\"grid-product__button grid-product__buy-now\"><div class=\"form-control form-control--button form-control--medium form-control--secondary form-control--animated form-control--done form-control--no-animation\" data-product-id=\"214818444\"><button class=\"form-control__button form-control__button--icon-center\" type=\"button\"><!----><!----><span class=\"form-control__button-text\"><!--[--> Acquista Ora<!--]--><\/span><span class=\"form-control__button-svg\"><span class=\"svg-icon\"><!--[--><svg width=\"27\" height=\"23\" viewBox=\"0 0 27 23\" xmlns=\"http:\/\/www.w3.org\/2000\/svg\"><path class=\"svg-line-check\" d=\"M1.97 11.94L10.03 20 25.217 2\" fill=\"none\" fill-rule=\"evenodd\" stroke=\"currentColor\" stroke-width=\"3\" stroke-linecap=\"round\"><\/path><\/svg><!--]--><\/span><\/span><\/button><\/div><div class=\"grid-product__button-justify-inner\"><!----><!----><\/div><\/div><!----><!--]--><\/div><\/div><script>\n  (function () {\n    var container = document.querySelector(`.grid-product--id-214818444`);\n    var img = container?.getElementsByTagName(`img`)[0];\n    if (!img) return;\n    if (!img.complete || img.naturalHeight === 0) {\n      container?.classList.add(`grid-product--loading`);\n      function callback(){\n        container?.classList.remove(`grid-product--loading`);\n        img.removeEventListener(`load`, callback);\n      };\n      img?.addEventListener(`load`, callback);\n    }\n   })();\n  <\/script><\/div><div class=\"grid-product grid-product--id-196992117 grid-product--has-shadow\"><div class=\"grid-product__wrap\" data-product-id=\"196992117\"><div class=\"grid-product__scroller grid-product__scroller--id-196992117\"><\/div><div class=\"grid-product__wrap-inner\"><!--[--><a href=\"https:\/\/schutzmasken.ch\/it\/Hand-Gel-Antibacterial-p196992117\" class=\"grid-product__image\" title=\"Gel per le mani - antibatterico\" data-product-id=\"196992117\"><!--[--><div class=\"grid-product__spacer\"><div class=\"grid-product__spacer-inner\"><\/div><\/div><div class=\"grid-product__bg\" style=\"background-color:#ffffff;\"><\/div><div class=\"grid-product__image-wrap\"><div class=\"grid-product__label\" is-only-preorder-available=\"false\"><div class=\"ec-label label--notice\" style=\"\"><div class=\"label__text\"><!--[-->In saldo<!--]--><\/div><\/div><\/div><img  src=\"https:\/\/d2j6dbq0eux0bg.cloudfront.net\/images\/28197001\/2756127274.jpg\" srcset=\"https:\/\/d2j6dbq0eux0bg.cloudfront.net\/images\/28197001\/2756127274.jpg 1x\" alt=\"Gel per le mani - antibatterico\" title=\"Gel per le mani - antibatterico\" width=\"1500\" height=\"1250\" loading=\"lazy\" style=\"width:100%;height:auto;margin-top:8.333333333333329%;\" class=\"grid-product__picture\" decoding=\"async\"><!----><\/div><div class=\"grid-product__shadow ec-text-muted\"><div class=\"grid-product__shadow-inner\">Gel per le mani - antibatterico<\/div><\/div><div class=\"grid__clearfix\"><\/div><div class=\"grid-product__hover-wrap\"><!----><!----><!----><!----><!----><!----><\/div><!--]--><\/a><!----><a href=\"https:\/\/schutzmasken.ch\/it\/Hand-Gel-Antibacterial-p196992117\" class=\"grid-product__title\" title=\"Gel per le mani - antibatterico\" data-product-id=\"196992117\"><!--[--><!----><!----><div class=\"grid-product__title-inner\">Gel per le mani - antibatterico<\/div><!----><!--]--><\/a><!----><!----><!----><div class=\"grid-product__price\"><div class=\"grid-product__price-compare ec-text-muted\"><div class=\"grid-product__textblock\"><span class=\"grid-product__price-label\">was<\/span>   <s>CHF 7.45<\/s><\/div>   <div class=\"grid-product__textblock grid-product__price-label\">Risparmia   <!--[-->34%<!--]--><\/div><\/div><div class=\"grid-product__price-amount\"><div class=\"grid-product__price-value ec-price-item\"><!--[-->CHF 4.90<!--]--><\/div><\/div><!----><!----><!----><!----><\/div><!----><!----><div class=\"grid-product__button grid-product__buy-now\"><div class=\"form-control form-control--button form-control--medium form-control--secondary form-control--animated form-control--done form-control--no-animation\" data-product-id=\"196992117\"><button class=\"form-control__button form-control__button--icon-center\" type=\"button\"><!----><!----><span class=\"form-control__button-text\"><!--[--> Acquista Ora<!--]--><\/span><span class=\"form-control__button-svg\"><span class=\"svg-icon\"><!--[--><svg width=\"27\" height=\"23\" viewBox=\"0 0 27 23\" xmlns=\"http:\/\/www.w3.org\/2000\/svg\"><path class=\"svg-line-check\" d=\"M1.97 11.94L10.03 20 25.217 2\" fill=\"none\" fill-rule=\"evenodd\" stroke=\"currentColor\" stroke-width=\"3\" stroke-linecap=\"round\"><\/path><\/svg><!--]--><\/span><\/span><\/button><\/div><div class=\"grid-product__button-justify-inner\"><!----><!----><\/div><\/div><!----><!--]--><\/div><\/div><script>\n  (function () {\n    var container = document.querySelector(`.grid-product--id-196992117`);\n    var img = container?.getElementsByTagName(`img`)[0];\n    if (!img) return;\n    if (!img.complete || img.naturalHeight === 0) {\n      container?.classList.add(`grid-product--loading`);\n      function callback(){\n        container?.classList.remove(`grid-product--loading`);\n        img.removeEventListener(`load`, callback);\n      };\n      img?.addEventListener(`load`, callback);\n    }\n   })();\n  <\/script><\/div><div class=\"grid-product grid-product--id-192336344 grid-product--has-shadow\"><div class=\"grid-product__wrap\" data-product-id=\"192336344\"><div class=\"grid-product__scroller grid-product__scroller--id-192336344\"><\/div><div class=\"grid-product__wrap-inner\"><!--[--><a href=\"https:\/\/schutzmasken.ch\/it\/Gesichts-Visier-Tr%C3%B6pfchenschutz-p192336344\" class=\"grid-product__image\" title=\"Visiera protettiva antigoccia - confezione da 5 pz.\" data-product-id=\"192336344\"><!--[--><div class=\"grid-product__spacer\"><div class=\"grid-product__spacer-inner\"><\/div><\/div><div class=\"grid-product__bg\" style=\"background-color:#ffffff;\"><\/div><div class=\"grid-product__image-wrap\"><!----><img  src=\"https:\/\/d2j6dbq0eux0bg.cloudfront.net\/images\/28197001\/1907546327.jpg\" srcset=\"https:\/\/d2j6dbq0eux0bg.cloudfront.net\/images\/28197001\/1907546327.jpg 1x\" alt=\"Visiera protettiva antigoccia - confezione da 5 pz.\" title=\"Visiera protettiva antigoccia - confezione da 5 pz.\" width=\"550\" height=\"550\" loading=\"lazy\" style=\"width:100%;height:100%;\" class=\"grid-product__picture\" decoding=\"async\"><!----><\/div><div class=\"grid-product__shadow ec-text-muted\"><div class=\"grid-product__shadow-inner\">Visiera protettiva antigoccia - confezione da 5 pz.<\/div><\/div><div class=\"grid__clearfix\"><\/div><div class=\"grid-product__hover-wrap\"><!----><!----><!----><!----><!----><!----><\/div><!--]--><\/a><!----><a href=\"https:\/\/schutzmasken.ch\/it\/Gesichts-Visier-Tr%C3%B6pfchenschutz-p192336344\" class=\"grid-product__title\" title=\"Visiera protettiva antigoccia - confezione da 5 pz.\" data-product-id=\"192336344\"><!--[--><!----><!----><div class=\"grid-product__title-inner\">Visiera protettiva antigoccia - confezione da 5 pz.<\/div><!----><!--]--><\/a><!----><!----><!----><div class=\"grid-product__price\"><!----><div class=\"grid-product__price-amount\"><div class=\"grid-product__price-value ec-price-item\"><!--[-->CHF 9.95<!--]--><\/div><\/div><!----><!----><!----><!----><\/div><!----><!----><div class=\"grid-product__button grid-product__buy-now\"><div class=\"form-control form-control--button form-control--medium form-control--secondary form-control--animated form-control--done form-control--no-animation\" data-product-id=\"192336344\"><button class=\"form-control__button form-control__button--icon-center\" type=\"button\"><!----><!----><span class=\"form-control__button-text\"><!--[--> Acquista Ora<!--]--><\/span><span class=\"form-control__button-svg\"><span class=\"svg-icon\"><!--[--><svg width=\"27\" height=\"23\" viewBox=\"0 0 27 23\" xmlns=\"http:\/\/www.w3.org\/2000\/svg\"><path class=\"svg-line-check\" d=\"M1.97 11.94L10.03 20 25.217 2\" fill=\"none\" fill-rule=\"evenodd\" stroke=\"currentColor\" stroke-width=\"3\" stroke-linecap=\"round\"><\/path><\/svg><!--]--><\/span><\/span><\/button><\/div><div class=\"grid-product__button-justify-inner\"><!----><!----><\/div><\/div><!----><!--]--><\/div><\/div><script>\n  (function () {\n    var container = document.querySelector(`.grid-product--id-192336344`);\n    var img = container?.getElementsByTagName(`img`)[0];\n    if (!img) return;\n    if (!img.complete || img.naturalHeight === 0) {\n      container?.classList.add(`grid-product--loading`);\n      function callback(){\n        container?.classList.remove(`grid-product--loading`);\n        img.removeEventListener(`load`, callback);\n      };\n      img?.addEventListener(`load`, callback);\n    }\n   })();\n  <\/script><\/div><div class=\"grid-product grid-product--id-225355126 grid-product--dark grid-product--has-shadow ec-store-productsGrid-cell-outOfStock\"><div class=\"grid-product__wrap\" data-product-id=\"225355126\"><div class=\"grid-product__scroller grid-product__scroller--id-225355126\"><\/div><div class=\"grid-product__wrap-inner\"><!--[--><a href=\"https:\/\/schutzmasken.ch\/it\/Hand-Desinfektionsspr%C3%BCher-mit-Sensor-45-ml-p225355126\" class=\"grid-product__image\" title=\"Spray disinfettante per le mani con sensore - 45 ml.\" data-product-id=\"225355126\"><!--[--><div class=\"grid-product__spacer\"><div class=\"grid-product__spacer-inner\"><\/div><\/div><div class=\"grid-product__bg\" style=\"background-color:#c0c3bd;\"><\/div><div class=\"grid-product__image-wrap\"><div class=\"grid-product__label\" is-only-preorder-available=\"false\"><div class=\"ec-label label--attention\" style=\"\"><div class=\"label__text\"><!--[-->Esaurito<!--]--><\/div><\/div><\/div><img  src=\"https:\/\/d2j6dbq0eux0bg.cloudfront.net\/images\/28197001\/1813523753.jpg\" srcset=\"https:\/\/d2j6dbq0eux0bg.cloudfront.net\/images\/28197001\/1813523753.jpg 1x\" alt=\"Spray disinfettante per le mani con sensore - 45 ml.\" title=\"Spray disinfettante per le mani con sensore - 45 ml.\" width=\"368\" height=\"368\" loading=\"lazy\" style=\"width:100%;height:100%;\" class=\"grid-product__picture\" decoding=\"async\"><!----><\/div><div class=\"grid-product__shadow ec-text-muted\"><div class=\"grid-product__shadow-inner\">Spray disinfettante per le mani con sensore - 45 ml.<\/div><\/div><div class=\"grid__clearfix\"><\/div><div class=\"grid-product__hover-wrap\"><!----><!----><!----><!----><!----><!----><\/div><!--]--><\/a><!----><a href=\"https:\/\/schutzmasken.ch\/it\/Hand-Desinfektionsspr%C3%BCher-mit-Sensor-45-ml-p225355126\" class=\"grid-product__title\" title=\"Spray disinfettante per le mani con sensore - 45 ml.\" data-product-id=\"225355126\"><!--[--><!----><!----><div class=\"grid-product__title-inner\">Spray disinfettante per le mani con sensore - 45 ml.<\/div><!----><!--]--><\/a><!----><!----><!----><div class=\"grid-product__price\"><!----><div class=\"grid-product__price-amount\"><div class=\"grid-product__price-value ec-price-item\"><!--[-->CHF 69.25<!--]--><\/div><\/div><!----><!----><!----><!----><\/div><!----><!----><div class=\"grid-product__button grid-product__buy-now\"><span>Non disponibile<\/span><div class=\"grid-product__button-justify-inner\"><!----><!----><\/div><\/div><!----><!--]--><\/div><\/div><script>\n  (function () {\n    var container = document.querySelector(`.grid-product--id-225355126`);\n    var img = container?.getElementsByTagName(`img`)[0];\n    if (!img) return;\n    if (!img.complete || img.naturalHeight === 0) {\n      container?.classList.add(`grid-product--loading`);\n      function callback(){\n        container?.classList.remove(`grid-product--loading`);\n        img.removeEventListener(`load`, callback);\n      };\n      img?.addEventListener(`load`, callback);\n    }\n   })();\n  <\/script><\/div><div class=\"grid-product grid-product--id-218029198 grid-product--has-shadow\"><div class=\"grid-product__wrap\" data-product-id=\"218029198\"><div class=\"grid-product__scroller grid-product__scroller--id-218029198\"><\/div><div class=\"grid-product__wrap-inner\"><!--[--><a href=\"https:\/\/schutzmasken.ch\/it\/Desinfektions-Tunnel-p218029198\" class=\"grid-product__image\" title=\"Tunnel di disinfezione\" data-product-id=\"218029198\"><!--[--><div class=\"grid-product__spacer\"><div class=\"grid-product__spacer-inner\"><\/div><\/div><div class=\"grid-product__bg\" style=\"background-color:#ffffff;\"><\/div><div class=\"grid-product__image-wrap\"><!----><img  src=\"https:\/\/d2j6dbq0eux0bg.cloudfront.net\/images\/28197001\/1907445857.jpg\" srcset=\"https:\/\/d2j6dbq0eux0bg.cloudfront.net\/images\/28197001\/1907445857.jpg 1x\" alt=\"Tunnel di disinfezione\" title=\"Tunnel di disinfezione\" width=\"912\" height=\"1322\" loading=\"lazy\" style=\"width:auto;height:100%;margin-left:15.506807866868385%;\" class=\"grid-product__picture\" decoding=\"async\"><!----><\/div><div class=\"grid-product__shadow ec-text-muted\"><div class=\"grid-product__shadow-inner\">Tunnel di disinfezione<\/div><\/div><div class=\"grid__clearfix\"><\/div><div class=\"grid-product__hover-wrap\"><!----><!----><!----><!----><!----><!----><\/div><!--]--><\/a><!----><a href=\"https:\/\/schutzmasken.ch\/it\/Desinfektions-Tunnel-p218029198\" class=\"grid-product__title\" title=\"Tunnel di disinfezione\" data-product-id=\"218029198\"><!--[--><!----><!----><div class=\"grid-product__title-inner\">Tunnel di disinfezione<\/div><!----><!--]--><\/a><!----><!----><!----><div class=\"grid-product__price\"><!----><div class=\"grid-product__price-amount\"><div class=\"grid-product__price-value ec-price-item\"><!--[-->CHF 14\u00a0955.35<!--]--><\/div><\/div><!----><!----><!----><!----><\/div><!----><!----><div class=\"grid-product__button grid-product__buy-now\"><div class=\"form-control form-control--button form-control--medium form-control--secondary form-control--animated form-control--done form-control--no-animation\" data-product-id=\"218029198\"><button class=\"form-control__button form-control__button--icon-center\" type=\"button\"><!----><!----><span class=\"form-control__button-text\"><!--[--> Acquista Ora<!--]--><\/span><span class=\"form-control__button-svg\"><span class=\"svg-icon\"><!--[--><svg width=\"27\" height=\"23\" viewBox=\"0 0 27 23\" xmlns=\"http:\/\/www.w3.org\/2000\/svg\"><path class=\"svg-line-check\" d=\"M1.97 11.94L10.03 20 25.217 2\" fill=\"none\" fill-rule=\"evenodd\" stroke=\"currentColor\" stroke-width=\"3\" stroke-linecap=\"round\"><\/path><\/svg><!--]--><\/span><\/span><\/button><\/div><div class=\"grid-product__button-justify-inner\"><!----><!----><\/div><\/div><!----><!--]--><\/div><\/div><script>\n  (function () {\n    var container = document.querySelector(`.grid-product--id-218029198`);\n    var img = container?.getElementsByTagName(`img`)[0];\n    if (!img) return;\n    if (!img.complete || img.naturalHeight === 0) {\n      container?.classList.add(`grid-product--loading`);\n      function callback(){\n        container?.classList.remove(`grid-product--loading`);\n        img.removeEventListener(`load`, callback);\n      };\n      img?.addEventListener(`load`, callback);\n    }\n   })();\n  <\/script><\/div><!--]--><!----><\/div><\/div><!----><!----><!--]--><!--]--><\/div><\/div><\/div><\/div><\/div><!----><!--]--><!--]--><!--[--><div class=\"ec-footer data-nosnippet ec-footer--no-menu\"><!----><!----><div class=\"ec-currency-converter-element ec-currency-converter-selector\"><div class=\"form-control form-control--select-inline\"><div class=\"form-control__select-text\"><span class=\"form-control__select-text\">Mostra prezzi in:<\/span><span>CHF<\/span><\/div><select class=\"form-control__select\" aria-label=\"Mostra prezzi in:\"><\/select><div class=\"form-control__arrow\"><svg width=\"12\" height=\"12\" viewBox=\"0 0 12 12\" xmlns=\"http:\/\/www.w3.org\/2000\/svg\"><path d=\"M11 4L6 9 1 4\" fill=\"none\" fill-rule=\"evenodd\" stroke=\"currentColor\" stroke-width=\"1\" stroke-linecap=\"round\" stroke-linejoin=\"round\"><\/path><\/svg><\/div><\/div><\/div><\/div><!--]--><\/div><\/div><\/div><!--]--><!--]--><div class=\"ec-store ec-store--no-transition\"><div class=\"ec-notices ec-notices--animation-default ec-notices--order-direct ec-notices--fixed ec-notices--top ec-notices--right\"><div class=\"ec-notices__wrap\"><!--[--><!--]--><\/div><\/div><\/div><!----><!----><\/div><\/div><\/div><\/div><\/div><!----><!----><\/div><!--]--><style> .ec-store * {\n      transition: none !important;\n    }<\/style><\/div><\/div><\/div><!--noptimize--><script id=\"ec-static-inline-js\" data-cfasync=\"false\" data-no-optimize=\"1\" type=\"text\/javascript\">var EcStaticPageUtils = (function () {\nfunction isEmpty(str) {\nreturn (!str || 0 === str.length);\n}\nfunction isNotEmpty(str) {\nreturn !isEmpty(str);\n}\nfunction findFirstNotEmpty(urlArray) {\nif (!urlArray) {\nreturn \"\";\n}\nfor (var i = 0; i < urlArray.length; i++) {\nif (isNotEmpty(urlArray[i])) {\nreturn urlArray[i];\n}\n}\nreturn \"\";\n}\nreturn {\nfindFirstNotEmpty: function(urlArray) { return findFirstNotEmpty(urlArray); },\nisEmpty: function(str) { return isEmpty(str); },\nisNotEmpty: function(str) { return isNotEmpty(str); }\n};\n}) ();\nvar LanguageUtils = (function () {\nfunction isEnglish(languageCode) {\nreturn languageCode === \"en\";\n}\nfunction isItalian(languageCode) {\nreturn languageCode === \"it\";\n}\nfunction isGerman(languageCode) {\nreturn languageCode === \"de\";\n}\nfunction isPolish(languageCode) {\nreturn languageCode === \"pl\";\n}\nfunction isFrench(languageCode) {\nreturn languageCode === \"fr\";\n}\nfunction isSpanish(languageCode) {\nreturn languageCode === \"es\";\n}\nfunction isBulgarian(languageCode) {\nreturn languageCode === \"bg\";\n}\nfunction isCroatian(languageCode) {\nreturn languageCode === \"hr\";\n}\nfunction isCzech(languageCode) {\nreturn languageCode === \"cs\";\n}\nfunction isDanish(languageCode) {\nreturn languageCode === \"da\";\n}\nfunction isEstonian(languageCode) {\nreturn languageCode === \"et\";\n}\nfunction isFinnish(languageCode) {\nreturn languageCode === \"fi\";\n}\nfunction isGreek(languageCode) {\nreturn languageCode === \"el\";\n}\nfunction isHungarian(languageCode) {\nreturn languageCode === \"hu\";\n}\nfunction isLatvian(languageCode) {\nreturn languageCode === \"lv\";\n}\nfunction isLithuanian(languageCode) {\nreturn languageCode === \"lt\";\n}\nfunction isDutch(languageCode) {\nreturn languageCode === \"nl\";\n}\nfunction isPortuguese(languageCode) {\nreturn languageCode === \"pt\";\n}\nfunction isRomanian(languageCode) {\nreturn languageCode === \"ro\";\n}\nfunction isSlovak(languageCode) {\nreturn languageCode === \"sk\";\n}\nfunction isSlovenian(languageCode) {\nreturn languageCode === \"sl\";\n}\nfunction isSwedish(languageCode) {\nreturn languageCode === \"sv\";\n}\nreturn {\nisEnglish: function(language) { return isEnglish(language); },\nisItalian: function(language) { return isItalian(language); },\nisGerman: function(language) { return isGerman(language); },\nisPolish: function(language) { return isPolish(language); },\nisFrench: function(language) { return isFrench(language); },\nisSpanish: function(language) { return isSpanish(language); },\nisBulgarian: function(language) { return isBulgarian(language); },\nisCroatian: function(language) { return isCroatian(language); },\nisCzech: function(language) { return isCzech(language); },\nisDanish: function(language) { return isDanish(language); },\nisEstonian: function(language) { return isEstonian(language); },\nisFinnish: function(language) { return isFinnish(language); },\nisGreek: function(language) { return isGreek(language); },\nisHungarian: function(language) { return isHungarian(language); },\nisLatvian: function(language) { return isLatvian(language); },\nisLithuanian: function(language) { return isLithuanian(language); },\nisDutch: function(language) { return isDutch(language); },\nisPortuguese: function(language) { return isPortuguese(language); },\nisRomanian: function(language) { return isRomanian(language); },\nisSlovak: function(language) { return isSlovak(language); },\nisSlovenian: function(language) { return isSlovenian(language); },\nisSwedish: function(language) { return isSwedish(language); }\n};\n}) ();\n(function processProductPictures() {\nvar productsPicturesData = buildProductPicturesData();\nvar lastWidth = document.body.clientWidth;\nfunction buildProductPicturesData() {\nreturn [\n{\nid: \"474775324\",\nthumbnailUrl: \"https:\/\/d2j6dbq0eux0bg.cloudfront.net\/images\/28197001\/4368193959.jpg\",\noriginalImageUrl: \"https:\/\/d2j6dbq0eux0bg.cloudfront.net\/images\/28197001\/4368193955\",\nhdThumbnailUrl: \"https:\/\/d2j6dbq0eux0bg.cloudfront.net\/images\/28197001\/4368193958.jpg\",\npictureUrl: \"https:\/\/d2j6dbq0eux0bg.cloudfront.net\/images\/28197001\/4368193957.jpg\",\nadditionalImage: {\nthumbnailUrl: \"https:\/\/d2j6dbq0eux0bg.cloudfront.net\/images\/28197001\/4368199468.png\",\noriginalImageUrl: \"https:\/\/d2j6dbq0eux0bg.cloudfront.net\/images\/28197001\/4368199464\",\nhdThumbnailUrl: \"https:\/\/d2j6dbq0eux0bg.cloudfront.net\/images\/28197001\/4368199467.png\",\npictureUrl: \"https:\/\/d2j6dbq0eux0bg.cloudfront.net\/images\/28197001\/4368199466.png\",\nborderInfo: {\nalpha: \"255\",\nred: \"255\",\ngreen: \"255\",\nblue: \"255\"\n}\n}\n}\n,\n{\nid: \"267855053\",\nthumbnailUrl: \"https:\/\/d2j6dbq0eux0bg.cloudfront.net\/images\/28197001\/2756148874.jpg\",\noriginalImageUrl: \"https:\/\/d2j6dbq0eux0bg.cloudfront.net\/images\/28197001\/2756148870.jpg\",\nhdThumbnailUrl: \"https:\/\/d2j6dbq0eux0bg.cloudfront.net\/images\/28197001\/2756148873.jpg\",\npictureUrl: \"https:\/\/d2j6dbq0eux0bg.cloudfront.net\/images\/28197001\/2756148872.jpg\",\nadditionalImage: {\nthumbnailUrl: \"https:\/\/d2j6dbq0eux0bg.cloudfront.net\/images\/28197001\/2526323621.jpg\",\noriginalImageUrl: \"https:\/\/d2j6dbq0eux0bg.cloudfront.net\/images\/28197001\/2526323617.jpg\",\nhdThumbnailUrl: \"https:\/\/d2j6dbq0eux0bg.cloudfront.net\/images\/28197001\/2526323620.jpg\",\npictureUrl: \"https:\/\/d2j6dbq0eux0bg.cloudfront.net\/images\/28197001\/2526323619.jpg\",\nborderInfo: {\nalpha: \"255\",\nred: \"255\",\ngreen: \"255\",\nblue: \"255\"\n}\n}\n}\n,\n{\nid: \"472066563\",\nthumbnailUrl: \"https:\/\/d2j6dbq0eux0bg.cloudfront.net\/images\/28197001\/3113887616.jpg\",\noriginalImageUrl: \"https:\/\/d2j6dbq0eux0bg.cloudfront.net\/images\/28197001\/3113887612.jpg\",\nhdThumbnailUrl: \"https:\/\/d2j6dbq0eux0bg.cloudfront.net\/images\/28197001\/3113887615.jpg\",\npictureUrl: \"https:\/\/d2j6dbq0eux0bg.cloudfront.net\/images\/28197001\/3113887614.jpg\",\nadditionalImage: {\nthumbnailUrl: \"https:\/\/d2j6dbq0eux0bg.cloudfront.net\/images\/28197001\/2779553631.jpg\",\noriginalImageUrl: \"https:\/\/d2j6dbq0eux0bg.cloudfront.net\/images\/28197001\/2779553627.jpg\",\nhdThumbnailUrl: \"https:\/\/d2j6dbq0eux0bg.cloudfront.net\/images\/28197001\/2779553630.jpg\",\npictureUrl: \"https:\/\/d2j6dbq0eux0bg.cloudfront.net\/images\/28197001\/2779553629.jpg\",\nborderInfo: {\nalpha: \"255\",\nred: \"255\",\ngreen: \"255\",\nblue: \"255\"\n}\n}\n}\n,\n{\nid: \"513371763\",\nthumbnailUrl: \"https:\/\/d2j6dbq0eux0bg.cloudfront.net\/images\/28197001\/3351483373.jpg\",\noriginalImageUrl: \"https:\/\/d2j6dbq0eux0bg.cloudfront.net\/images\/28197001\/3351483369.jpg\",\nhdThumbnailUrl: \"https:\/\/d2j6dbq0eux0bg.cloudfront.net\/images\/28197001\/3351483372.jpg\",\npictureUrl: \"https:\/\/d2j6dbq0eux0bg.cloudfront.net\/images\/28197001\/3351483371.jpg\",\nadditionalImage: {\nthumbnailUrl: \"https:\/\/d2j6dbq0eux0bg.cloudfront.net\/images\/28197001\/3351483134.jpg\",\noriginalImageUrl: \"https:\/\/d2j6dbq0eux0bg.cloudfront.net\/images\/28197001\/3351483130.jpg\",\nhdThumbnailUrl: \"https:\/\/d2j6dbq0eux0bg.cloudfront.net\/images\/28197001\/3351483133.jpg\",\npictureUrl: \"https:\/\/d2j6dbq0eux0bg.cloudfront.net\/images\/28197001\/3351483132.jpg\",\nborderInfo: {\nalpha: \"255\",\nred: \"255\",\ngreen: \"255\",\nblue: \"255\"\n}\n}\n}\n,\n{\nid: \"474775596\",\nthumbnailUrl: \"https:\/\/d2j6dbq0eux0bg.cloudfront.net\/images\/28197001\/3137199241.jpg\",\noriginalImageUrl: \"https:\/\/d2j6dbq0eux0bg.cloudfront.net\/images\/28197001\/3137199237.jpg\",\nhdThumbnailUrl: \"https:\/\/d2j6dbq0eux0bg.cloudfront.net\/images\/28197001\/3137199240.jpg\",\npictureUrl: \"https:\/\/d2j6dbq0eux0bg.cloudfront.net\/images\/28197001\/3137199239.jpg\",\nadditionalImage: {\nthumbnailUrl: \"https:\/\/d2j6dbq0eux0bg.cloudfront.net\/images\/28197001\/3129227494.jpg\",\noriginalImageUrl: \"https:\/\/d2j6dbq0eux0bg.cloudfront.net\/images\/28197001\/3129227490.jpg\",\nhdThumbnailUrl: \"https:\/\/d2j6dbq0eux0bg.cloudfront.net\/images\/28197001\/3129227493.jpg\",\npictureUrl: \"https:\/\/d2j6dbq0eux0bg.cloudfront.net\/images\/28197001\/3129227492.jpg\",\nborderInfo: {\nalpha: \"0\",\nred: \"0\",\ngreen: \"0\",\nblue: \"0\"\n}\n}\n}\n,\n{\nid: \"474742895\",\nthumbnailUrl: \"https:\/\/d2j6dbq0eux0bg.cloudfront.net\/images\/28197001\/3137209289.jpg\",\noriginalImageUrl: \"https:\/\/d2j6dbq0eux0bg.cloudfront.net\/images\/28197001\/3137209285.jpg\",\nhdThumbnailUrl: \"https:\/\/d2j6dbq0eux0bg.cloudfront.net\/images\/28197001\/3137209288.jpg\",\npictureUrl: \"https:\/\/d2j6dbq0eux0bg.cloudfront.net\/images\/28197001\/3137209287.jpg\",\nadditionalImage: {\nthumbnailUrl: \"https:\/\/d2j6dbq0eux0bg.cloudfront.net\/images\/28197001\/3128973694.jpg\",\noriginalImageUrl: \"https:\/\/d2j6dbq0eux0bg.cloudfront.net\/images\/28197001\/3128973690.jpg\",\nhdThumbnailUrl: \"https:\/\/d2j6dbq0eux0bg.cloudfront.net\/images\/28197001\/3128973693.jpg\",\npictureUrl: \"https:\/\/d2j6dbq0eux0bg.cloudfront.net\/images\/28197001\/3128973692.jpg\",\nborderInfo: {\nalpha: \"0\",\nred: \"0\",\ngreen: \"0\",\nblue: \"0\"\n}\n}\n}\n,\n{\nid: \"513163021\",\nthumbnailUrl: \"https:\/\/d2j6dbq0eux0bg.cloudfront.net\/images\/28197001\/3349650715.jpg\",\noriginalImageUrl: \"https:\/\/d2j6dbq0eux0bg.cloudfront.net\/images\/28197001\/3349650711.jpg\",\nhdThumbnailUrl: \"https:\/\/d2j6dbq0eux0bg.cloudfront.net\/images\/28197001\/3349650714.jpg\",\npictureUrl: \"https:\/\/d2j6dbq0eux0bg.cloudfront.net\/images\/28197001\/3349650713.jpg\",\nadditionalImage: {\nthumbnailUrl: \"https:\/\/d2j6dbq0eux0bg.cloudfront.net\/images\/28197001\/3349600745.jpg\",\noriginalImageUrl: \"https:\/\/d2j6dbq0eux0bg.cloudfront.net\/images\/28197001\/3349600741.jpg\",\nhdThumbnailUrl: \"https:\/\/d2j6dbq0eux0bg.cloudfront.net\/images\/28197001\/3349600744.jpg\",\npictureUrl: \"https:\/\/d2j6dbq0eux0bg.cloudfront.net\/images\/28197001\/3349600743.jpg\",\nborderInfo: {\nalpha: \"255\",\nred: \"201\",\ngreen: \"175\",\nblue: \"153\"\n}\n}\n}\n,\n{\nid: \"222287863\",\nthumbnailUrl: \"https:\/\/d2j6dbq0eux0bg.cloudfront.net\/images\/28197001\/2827542536.jpg\",\noriginalImageUrl: \"https:\/\/d2j6dbq0eux0bg.cloudfront.net\/images\/28197001\/2827542532.jpg\",\nhdThumbnailUrl: \"https:\/\/d2j6dbq0eux0bg.cloudfront.net\/images\/28197001\/2827542535.jpg\",\npictureUrl: \"https:\/\/d2j6dbq0eux0bg.cloudfront.net\/images\/28197001\/2827542534.jpg\",\nadditionalImage: {\nthumbnailUrl: \"https:\/\/d2j6dbq0eux0bg.cloudfront.net\/images\/28197001\/2756178501.jpg\",\noriginalImageUrl: \"https:\/\/d2j6dbq0eux0bg.cloudfront.net\/images\/28197001\/2756127747.jpg\",\nhdThumbnailUrl: \"https:\/\/d2j6dbq0eux0bg.cloudfront.net\/images\/28197001\/2756178500.jpg\",\npictureUrl: \"https:\/\/d2j6dbq0eux0bg.cloudfront.net\/images\/28197001\/2756127749.jpg\",\nborderInfo: {\nalpha: \"255\",\nred: \"255\",\ngreen: \"255\",\nblue: \"255\"\n}\n}\n}\n,\n{\nid: \"213032690\",\nthumbnailUrl: \"https:\/\/d2j6dbq0eux0bg.cloudfront.net\/images\/28197001\/2756084495.jpg\",\noriginalImageUrl: \"https:\/\/d2j6dbq0eux0bg.cloudfront.net\/images\/28197001\/2756084491.jpg\",\nhdThumbnailUrl: \"https:\/\/d2j6dbq0eux0bg.cloudfront.net\/images\/28197001\/2756084494.jpg\",\npictureUrl: \"https:\/\/d2j6dbq0eux0bg.cloudfront.net\/images\/28197001\/2756084493.jpg\",\n}\n,\n{\nid: \"218048661\",\nthumbnailUrl: \"https:\/\/d2j6dbq0eux0bg.cloudfront.net\/images\/28197001\/2756127516.jpg\",\noriginalImageUrl: \"https:\/\/d2j6dbq0eux0bg.cloudfront.net\/images\/28197001\/2756127512.jpg\",\nhdThumbnailUrl: \"https:\/\/d2j6dbq0eux0bg.cloudfront.net\/images\/28197001\/2756127515.jpg\",\npictureUrl: \"https:\/\/d2j6dbq0eux0bg.cloudfront.net\/images\/28197001\/2756127514.jpg\",\n}\n,\n{\nid: \"214818444\",\nthumbnailUrl: \"https:\/\/d2j6dbq0eux0bg.cloudfront.net\/images\/28197001\/2756126769.jpg\",\noriginalImageUrl: \"https:\/\/d2j6dbq0eux0bg.cloudfront.net\/images\/28197001\/2756126765.jpg\",\nhdThumbnailUrl: \"https:\/\/d2j6dbq0eux0bg.cloudfront.net\/images\/28197001\/2756126768.jpg\",\npictureUrl: \"https:\/\/d2j6dbq0eux0bg.cloudfront.net\/images\/28197001\/2756126767.jpg\",\nadditionalImage: {\nthumbnailUrl: \"https:\/\/d2j6dbq0eux0bg.cloudfront.net\/images\/28197001\/1907612378.jpg\",\noriginalImageUrl: \"https:\/\/d2j6dbq0eux0bg.cloudfront.net\/images\/28197001\/1907612374.jpg\",\nhdThumbnailUrl: \"https:\/\/d2j6dbq0eux0bg.cloudfront.net\/images\/28197001\/1907612377.jpg\",\npictureUrl: \"https:\/\/d2j6dbq0eux0bg.cloudfront.net\/images\/28197001\/1907612376.jpg\",\nborderInfo: {\nalpha: \"255\",\nred: \"255\",\ngreen: \"255\",\nblue: \"255\"\n}\n}\n}\n,\n{\nid: \"196992117\",\nthumbnailUrl: \"https:\/\/d2j6dbq0eux0bg.cloudfront.net\/images\/28197001\/2756127276.jpg\",\noriginalImageUrl: \"https:\/\/d2j6dbq0eux0bg.cloudfront.net\/images\/28197001\/2756127272.jpg\",\nhdThumbnailUrl: \"https:\/\/d2j6dbq0eux0bg.cloudfront.net\/images\/28197001\/2756127275.jpg\",\npictureUrl: \"https:\/\/d2j6dbq0eux0bg.cloudfront.net\/images\/28197001\/2756127274.jpg\",\n}\n,\n{\nid: \"192336344\",\nthumbnailUrl: \"https:\/\/d2j6dbq0eux0bg.cloudfront.net\/images\/28197001\/1907546329.jpg\",\noriginalImageUrl: \"https:\/\/d2j6dbq0eux0bg.cloudfront.net\/images\/28197001\/1907546325.jpg\",\nhdThumbnailUrl: \"https:\/\/d2j6dbq0eux0bg.cloudfront.net\/images\/28197001\/1907546328.jpg\",\npictureUrl: \"https:\/\/d2j6dbq0eux0bg.cloudfront.net\/images\/28197001\/1907546327.jpg\",\n}\n,\n{\nid: \"225355126\",\nthumbnailUrl: \"https:\/\/d2j6dbq0eux0bg.cloudfront.net\/images\/28197001\/1813523755.jpg\",\noriginalImageUrl: \"https:\/\/d2j6dbq0eux0bg.cloudfront.net\/images\/28197001\/1813523751.jpg\",\nhdThumbnailUrl: \"https:\/\/d2j6dbq0eux0bg.cloudfront.net\/images\/28197001\/1813523754.jpg\",\npictureUrl: \"https:\/\/d2j6dbq0eux0bg.cloudfront.net\/images\/28197001\/1813523753.jpg\",\nadditionalImage: {\nthumbnailUrl: \"https:\/\/d2j6dbq0eux0bg.cloudfront.net\/images\/28197001\/1907546339.jpg\",\noriginalImageUrl: \"https:\/\/d2j6dbq0eux0bg.cloudfront.net\/images\/28197001\/1907546335.jpg\",\nhdThumbnailUrl: \"https:\/\/d2j6dbq0eux0bg.cloudfront.net\/images\/28197001\/1907546338.jpg\",\npictureUrl: \"https:\/\/d2j6dbq0eux0bg.cloudfront.net\/images\/28197001\/1907546337.jpg\",\nborderInfo: {\nalpha: \"255\",\nred: \"208\",\ngreen: \"206\",\nblue: \"179\"\n}\n}\n}\n,\n{\nid: \"218029198\",\nthumbnailUrl: \"https:\/\/d2j6dbq0eux0bg.cloudfront.net\/images\/28197001\/1907445859.jpg\",\noriginalImageUrl: \"https:\/\/d2j6dbq0eux0bg.cloudfront.net\/images\/28197001\/1907445855.jpg\",\nhdThumbnailUrl: \"https:\/\/d2j6dbq0eux0bg.cloudfront.net\/images\/28197001\/1907445858.jpg\",\npictureUrl: \"https:\/\/d2j6dbq0eux0bg.cloudfront.net\/images\/28197001\/1907445857.jpg\",\n}\n];\n}\nfunction addSrcSetAttribute(element, retinaThumbnailUrl) {\nif (!element) {\nreturn;\n}\nvar thumbnailUrl = element.getAttribute('src');\nvar srcSetAttribute;\nif (EcStaticPageUtils.isNotEmpty(thumbnailUrl) && EcStaticPageUtils.isNotEmpty(retinaThumbnailUrl)) {\nsrcSetAttribute = thumbnailUrl + \" 1x, \" + retinaThumbnailUrl + \" 2x\";\n} else if (EcStaticPageUtils.isNotEmpty(thumbnailUrl)) {\nsrcSetAttribute = thumbnailUrl + \" 1x\";\n} else if (EcStaticPageUtils.isNotEmpty(retinaThumbnailUrl)) {\nsrcSetAttribute = retinaThumbnailUrl + \" 2x\";\n}\nif (srcSetAttribute) {\nvar lazyLoadingEnabled = \"false\";\nif (lazyLoadingEnabled === \"true\") {\nelement.setAttribute(\"data-srcset\", srcSetAttribute);\n} else {\nelement.setAttribute(\"srcset\", srcSetAttribute);\n}\n}\n}\nfunction setBackgroundImageStyle(element, thumbnailUrl, retinaThumbnailUrl, borderInfo) {\nif (!element || !borderInfo || (EcStaticPageUtils.isEmpty(thumbnailUrl) && EcStaticPageUtils.isEmpty(retinaThumbnailUrl))) {\nreturn;\n}\nvar notEmptyRetinaThumbnailUrl = retinaThumbnailUrl;\nif (EcStaticPageUtils.isEmpty(retinaThumbnailUrl)) {\nnotEmptyRetinaThumbnailUrl = thumbnailUrl;\n}\nelement.setAttribute(\"style\", \"background-image: url(\"\n+ thumbnailUrl\n+ \"); background-image: -webkit-image-set(url(\"\n+ thumbnailUrl\n+ \") 1x, url(\"\n+ notEmptyRetinaThumbnailUrl\n+ \") 2x); background-image: -moz-image-set(url(\"\n+ thumbnailUrl\n+ \") 1x, url(\"\n+ notEmptyRetinaThumbnailUrl\n+ \") 2x); background-image: -o-image-set(url(\"\n+ thumbnailUrl\n+ \") 1x, url(\"\n+ notEmptyRetinaThumbnailUrl\n+ \") 2x); background-image: -ms-image-set(url(\"\n+ thumbnailUrl\n+ \") 1x, url(\"\n+ notEmptyRetinaThumbnailUrl\n+ \") 2x);\"\n+ backgroundColor(borderInfo));\n}\nfunction backgroundColor(borderInfo) {\nif (borderInfo.alpha == 0) {\nreturn \"\";\n}\nreturn \" background-color: rgba\" + \"(\" + borderInfo.red + \", \"\n+ borderInfo.green\n+ \", \" + borderInfo.blue + \", 1)\"\n}\nfunction hdProductImage(pictureModel) {\nvar imageSize = \"LARGE\";\nvar browserWidth = document.body.clientWidth;\nswitch (imageSize) {\ncase \"SMALL\":\nif (browserWidth < 520) {\nreturn hdThumbnailUrl(pictureModel);\n}\nreturn thumbnailUrl(pictureModel);\ncase \"MEDIUM\":\nreturn hdThumbnailUrl(pictureModel);\ncase \"LARGE\":\nreturn pictureUrl(pictureModel);\n}\n}\nfunction productImage(pictureModel) {\nvar imageSize = \"LARGE\";\nswitch (imageSize) {\ncase \"SMALL\":\ncase \"MEDIUM\":\nreturn thumbnailUrl(pictureModel);\ncase \"LARGE\":\nreturn hdThumbnailUrl(pictureModel);\n}\n}\nfunction hdThumbnailUrl(pictureModel) {\nvar urls = [\npictureModel.hdThumbnailUrl,\npictureModel.thumbnailUrl,\npictureModel.pictureUrl,\npictureModel.originalImageUrl\n];\nreturn EcStaticPageUtils.findFirstNotEmpty(urls);\n}\nfunction thumbnailUrl(pictureModel) {\nvar urls = [\npictureModel.thumbnailUrl,\npictureModel.hdThumbnailUrl,\npictureModel.pictureUrl,\npictureModel.originalImageUrl\n];\nreturn EcStaticPageUtils.findFirstNotEmpty(urls);\n}\nfunction pictureUrl(pictureModel) {\nvar urls = [\npictureModel.pictureUrl,\npictureModel.hdThumbnailUrl,\npictureModel.originalImageUrl,\npictureModel.thumbnailUrl\n];\nreturn EcStaticPageUtils.findFirstNotEmpty(urls);\n}\nfunction process() {\nif (window.ec && window.ec.storefront && window.ec.storefront.staticPages && window.ec.storefront.staticPages.staticContainerID) {\nvar staticContainer = document.querySelector('#' + window.ec.storefront.staticPages.staticContainerID);\nif (staticContainer == null) {\nwindow.removeEventListener(\"resize\", onResize);\nreturn;\n}\n}\nvar pictureElements = document.querySelectorAll('.grid-product__image');\nif (productsPicturesData.length !== pictureElements.length) {\nreturn;\n}\nproductsPicturesData.forEach(function (item, i) {\nvar imageWrapper = document.querySelector(\".grid-product__image[data-product-id='\" + item.id + \"']\");\nvar pictureElement = imageWrapper.querySelector('.grid-product__picture');\nvar additionalPictureElement = imageWrapper.querySelector('.grid-product__picture-additional');\naddSrcSetAttribute(pictureElement, hdProductImage(item));\nif (additionalPictureElement != null && item.additionalImage != undefined) {\nsetBackgroundImageStyle(additionalPictureElement, productImage(item.additionalImage), hdProductImage(item.additionalImage), item.additionalImage.borderInfo);\n}\n});\n}\nfunction onResize() {\nif (document.body.clientWidth !== lastWidth) {\nlastWidth = document.body.clientWidth;\nprocess();\n}\n}\nwindow.addEventListener(\"resize\", onResize);\nprocess();\n})();\n(function processRibbonColor() {\nfunction getColorValues(color) {\nif (!color)\nreturn;\nif (color.toLowerCase() === 'transparent')\nreturn [0, 0, 0, 0];\nif (color[0] === '#') {\nif (color.length == 6)\nreturn;\nif (color.length < 7) {\nvar r = color[1],\ng = color[2],\nb = color[3],\na = color[4];\ncolor = '#' + r + r + g + g + b + b + (color.length > 4 ? a + a : '');\n}\nreturn [\nparseInt(color.substr(1, 2), 16),\nparseInt(color.substr(3, 2), 16),\nparseInt(color.substr(5, 2), 16),\ncolor.length > 7 ? parseInt(color.substr(7, 2), 16)\/255 : 1\n];\n}\nif (color.indexOf('rgb') === -1) {\nvar tmp = document.body.appendChild(document.createElement('fictum'));\nvar flag = 'rgb(1, 2, 3)';\ntmp.style.color = flag;\nif (tmp.style.color !== flag)\nreturn;\ntmp.style.color = color;\nif (tmp.style.color === flag || tmp.style.color === '')\nreturn;\ncolor = getComputedStyle(tmp).color;\ndocument.body.removeChild(tmp);\n}\nif (color.indexOf('rgb') === 0) {\nif (color.indexOf('rgba') === -1)\ncolor += ',1';\nreturn color.match(\/[\\.\\d]+\/g).map(function (a) {\nreturn +a\n});\n}\n}\nfunction isColorDark(color) {\nvar c = getColorValues(color);\nvar hsp = Math.sqrt(\n0.299 * (c[0] * c[0]) +\n0.587 * (c[1] * c[1]) +\n0.114 * (c[2] * c[2])\n);\nreturn !!(hsp <= 200);\n}\nfunction process() {\nvar ribbonElements = document.querySelectorAll('.grid-product__label');\nif (ribbonElements) {\nribbonElements.forEach(function (item, i) {\nvar ribbonElement = ribbonElements[i].querySelector('.ec-label');\nvar color = ribbonElement.style.color;\nif (color) {\nribbonElement.classList.toggle('label--inversed', !isColorDark(color));\n}\n});\n}\n}\nprocess();\n})();\n(function processCategoryPictures() {\nvar categoryPicturesData = buildCategoryPicturesData();\nvar lastWidth = document.body.clientWidth;\nvar sizeBorder = 400;\nfunction buildCategoryPicturesData() {\nreturn [\n];\n}\nfunction categoryImage(pictureModel) {\nvar imageSize = \"LARGE\";\nswitch (imageSize) {\ncase \"SMALL\":\ncase \"MEDIUM\":\nreturn thumbnailUrl(pictureModel);\ncase \"LARGE\":\nreturn hdThumbnailUrl(pictureModel);\n}\n}\nfunction hdCategoryImage(pictureModel) {\nvar imageSize = \"LARGE\";\nvar browserWidth = document.body.clientWidth;\nswitch (imageSize) {\ncase \"SMALL\":\nif (browserWidth < 520) {\nreturn hdThumbnailUrl(pictureModel);\n}\nreturn thumbnailUrl(pictureModel);\ncase \"MEDIUM\":\nreturn hdThumbnailUrl(pictureModel);\ncase \"LARGE\":\nif (browserWidth < 1060) {\nreturn hdThumbnailUrl(pictureModel);\n}\nreturn mainImageUrl(pictureModel)\n}\n}\nfunction hdThumbnailUrl(pictureModel) {\nvar urls = [\npictureModel.hdThumbnailUrl,\npictureModel.mainImageUrl,\npictureModel.originalImageUrl,\npictureModel.pictureUrl\n];\nreturn EcStaticPageUtils.findFirstNotEmpty(urls);\n}\nfunction mainImageUrl(pictureModel) {\nvar urls = [\npictureModel.mainImageUrl,\npictureModel.originalImageUrl,\npictureModel.pictureUrl\n];\nreturn EcStaticPageUtils.findFirstNotEmpty(urls);\n}\nfunction thumbnailUrl(pictureModel) {\nif (pictureModel.pictureWidth < sizeBorder && pictureModel.pictureHeight < sizeBorder) {\nreturn hdThumbnailUrl(pictureModel);\n} else {\nreturn pictureModel.pictureUrl;\n}\n}\nfunction process() {\nvar categoryImageElements = document.querySelectorAll('.grid-category__image');\nif (categoryImageElements.length !== categoryPicturesData.length) {\nreturn;\n}\ncategoryPicturesData.forEach(function (item, i) {\nvar categoryImageUrl = categoryImage(item);\nvar hdCategoryImageUrl = hdCategoryImage(item);\nvar categoryPictureElements = categoryImageElements[i].querySelectorAll('.grid-category__picture-img');\ncategoryPictureElements.forEach(function (element, j) {\naddSrcSetAttribute(element, categoryImageUrl, hdCategoryImageUrl);\n});\n});\n}\nfunction addSrcSetAttribute(element, thumbnailUrl, retinaThumbnailUrl) {\nif (!element) {\nreturn;\n}\nvar srcSetAttribute;\nif (EcStaticPageUtils.isNotEmpty(thumbnailUrl) && EcStaticPageUtils.isNotEmpty(retinaThumbnailUrl)) {\nsrcSetAttribute = thumbnailUrl + \" 1x, \" + retinaThumbnailUrl + \" 2x\";\n} else if (EcStaticPageUtils.isNotEmpty(thumbnailUrl)) {\nsrcSetAttribute = thumbnailUrl + \" 1x\";\n} else if (EcStaticPageUtils.isNotEmpty(retinaThumbnailUrl)) {\nsrcSetAttribute = retinaThumbnailUrl + \" 2x\";\n}\nif (srcSetAttribute) {\nvar lazyLoadingEnabled = \"false\";\nif (lazyLoadingEnabled === \"true\") {\nelement.setAttribute(\"data-srcset\", srcSetAttribute);\n} else {\nelement.setAttribute(\"srcset\", srcSetAttribute);\n}\n}\n}\nfunction onResize() {\nif (document.body.clientWidth !== lastWidth) {\nlastWidth = document.body.clientWidth;\nprocess();\n}\n}\nwindow.addEventListener(\"resize\", onResize);\nprocess();\n})();\n(function() {\nwindow.ec = window.ec || {};\nif (window.ec.static_category_evaluated === true) {\nreturn;\n}\nwindow.ec.static_category_evaluated = true;\nvar Grid = function() {\nvar params = {\nproductListImageSize : \"LARGE\",\ncategoryImageSize : \"LARGE\",\nproductCellSpacing : \"\",\ncategoryCellSpacing : \"\"\n};\nvar settings = {\nproductBreakpoints: {\nLARGE : [0, 680, 1060, 1440, 10000],\nMEDIUM : [0, 260, 680, 1060, 1370, 1700, 10000],\nSMALL : [0, 260, 520, 680, 870, 1060, 1280, 1450, 1750, 10000]\n},\ncategoryBreakpoints: {\nLARGE : [0, 680, 1060, 1440, 10000],\nMEDIUM : [0, 480, 680, 1060, 1370, 1700, 10000],\nSMALL : [0, 390, 520, 680, 870, 1060, 1280, 1450, 1750, 10000]\n}\n};\nfunction setAttributes(grids, breakpoints) {\nif (!grids) {\nreturn;\n}\ngrids.forEach(function (grid) {\nvar w = grid.offsetWidth;\nvar columnCount = 0;\nfor (var i = 1; i <= breakpoints.length; i++) {\nif (w < Math.ceil(breakpoints[i])) {\nif (i !== columnCount) {\ncolumnCount = i;\ngrid.setAttribute('data-cols', i);\n}\nbreak;\n}\n}\n});\n}\nfunction checkProductGridsLayout() {\nvar productGrids = document.querySelectorAll('.grid__products');\nvar productBreakpoints = settings.productBreakpoints[params.productListImageSize];\nsetAttributes(productGrids, productBreakpoints);\n}\nfunction checkCategoryGridsLayout() {\nvar categoryGrids = document.querySelectorAll('.grid__categories');\nvar categoryBreakpoints = settings.categoryBreakpoints[params.categoryImageSize];\nsetAttributes(categoryGrids, categoryBreakpoints);\n}\nfunction checkLayout() {\ncheckProductGridsLayout();\ncheckCategoryGridsLayout();\n}\nfunction setCellInterval(p, c) {\nvar style = document.getElementById('customCss') || document.createElement('div');\nstyle.id = 'customCss';\ndocument.body.appendChild(style);\nvar css = '';\nif (+p == p && p != \"\" ) {\np = +p;\ncss += '.ec-size .ec-store .grid__products { margin-left: -' + Math.max(0, p\/2 - .4) + 'px; margin-right: -' + p\/2 + 'px; }';\ncss += '.ec-size .ec-store .grid__products .grid-product__wrap { padding: ' + p\/2 + 'px; }';\ncss += '.ec-size:not(.ec-size--s) .ec-store .grid__products { margin-left: -' + Math.max(0, Math.min(16, p) \/ 2 - .4) + 'px; margin-right: -' + Math.min(16, p) \/ 2 + 'px; }';\ncss += '.ec-size:not(.ec-size--s) .ec-store .grid__products .grid-product__wrap { padding: ' + Math.min(16, p) \/ 2 + 'px; }';\n}\nif (+c == c && c != \"\") {\nc = +c;\ncss += '.ec-size .ec-store .grid__categories { margin-left: -' + Math.max(0, c\/2 - .4) + 'px; margin-right: -' + c\/2 + 'px; }';\ncss += '.ec-size .ec-store .grid-category__wrap { padding: ' + c\/2 + 'px; }';\ncss += '.ec-size:not(.ec-size--s) .ec-store .grid__categories { margin-left: -' + Math.max(0, Math.min(16, c) \/ 2 - .4) + 'px; margin-right: -' + Math.min(16, c) \/ 2 + 'px; }';\ncss += '.ec-size:not(.ec-size--s) .ec-store .grid__categories .grid-category__wrap { padding: ' + Math.min(16, c) \/ 2 + 'px; }';\n}\nstyle.innerHTML = '<style>' + css + '<\/style>';\n}\nfunction init() {\nsetCellInterval(params.productCellSpacing, params.categoryCellSpacing);\ncheckLayout();\nwindow.addEventListener('resize', function() {\ncheckLayout();\n});\n}\ninit();\n};\nvar ecwidContainer = document.querySelector('.static-content .ec-size');\nvar breakpoints = {\n320: 'ec-size--xxs',\n414: 'ec-size--xs',\n480: 'ec-size--s',\n768: 'ec-size--m',\n1024: 'ec-size--l',\n1100: 'ec-size--xl',\n1440: 'ec-size--xxl'\n};\nfunction onResize() {\nvar w = ecwidContainer.offsetWidth;\nfor (var i in breakpoints) {\nif (w >= i) {\necwidContainer.classList.add(breakpoints[i]);\n}\nelse {\necwidContainer.classList.remove(breakpoints[i]);\n}\n}\n}\nonResize();\nwindow.addEventListener('load', onResize);\nwindow.addEventListener('resize', onResize);\nvar links = document.querySelectorAll(\".static-content a\");\nfor (var i = 0; i < links.length; i++) {\nvar link = links[i];\nlink.addEventListener('click',function(){\ndocument.querySelector('.ec-static-container').classList.add(\"static-content__wait\");\n})\n}\nvar grid = new Grid();\n})();<\/script><!--\/noptimize-->\n\n\t\t<\/div>\n\t\t\t\t\t<\/div>\n\n\t\n<\/div>\n\t\t<\/div>\n\n\t\t\n<style>\n#section_698901895 {\n  padding-top: 30px;\n  padding-bottom: 30px;\n}\n<\/style>\n\t<\/section>\n\t\n\t<div id=\"gap-951155149\" class=\"gap-element clearfix\" style=\"display:block; height:auto;\">\n\t\t\n<style>\n#gap-951155149 {\n  padding-top: 50px;\n}\n<\/style>\n\t<\/div>\n\t\n\n\t<section class=\"section dark\" id=\"section_68416830\">\n\t\t<div class=\"section-bg fill\" >\n\t\t\t\t\t\t\t\t\t\n\t\t\t\n\n\t\t<\/div>\n\n\t\t\n\n\t\t<div class=\"section-content relative\">\n\t\t\t\n<div class=\"row row-collapse align-middle align-center\"  id=\"row-1490095040\">\n\n\t<div id=\"col-621799932\" class=\"col small-12 large-12\"  >\n\t\t\t\t<div class=\"col-inner text-center\"  >\n\t\t\t\n\t\t\t\n<h3>Information client : Nous avons tous les produits en stock et les exp\u00e9dions le jour m\u00eame<\/h3>\n\t\t<\/div>\n\t\t\t\t\n<style>\n#col-621799932 > .col-inner {\n  padding: 10px 0px 0px 0px;\n}\n<\/style>\n\t<\/div>\n\n\t\n<\/div>\n\t\t<\/div>\n\n\t\t\n<style>\n#section_68416830 {\n  padding-top: 0px;\n  padding-bottom: 0px;\n  background-color: rgb(0,0,0);\n}\n<\/style>\n\t<\/section>\n\t\n\n\t<section class=\"section info-cards-chess-box\" id=\"section_693254811\">\n\t\t<div class=\"section-bg fill\" >\n\t\t\t\t\t\t\t\t\t\n\t\t\t\n\n\t\t<\/div>\n\n\t\t\n\n\t\t<div class=\"section-content relative\">\n\t\t\t\n<div class=\"row row-collapse align-middle\"  id=\"row-475446222\">\n\n\t<div id=\"col-159468188\" class=\"col medium-4 small-12 large-4\"  >\n\t\t\t\t<div class=\"col-inner\" style=\"background-color:rgb(255,255,255);\" >\n\t\t\t\n\t\t\t\n\t<div class=\"img has-hover x md-x lg-x y md-y lg-y\" id=\"image_162791628\">\n\t\t<a class=\"\" href=\"\/shop\/Atemschutzmasken-FFP2-CE-0598-CE-0099-p244608335\" >\t\t\t\t\t\t<div class=\"img-inner dark\" >\n\t\t\t<img loading=\"lazy\" decoding=\"async\" width=\"960\" height=\"800\" src=\"https:\/\/schutzmasken.ch\/wp-content\/uploads\/2022\/01\/2801465505-neu-960x800.jpg\" class=\"attachment-large size-large\" alt=\"\" srcset=\"https:\/\/schutzmasken.ch\/wp-content\/uploads\/2022\/01\/2801465505-neu-960x800.jpg 960w, https:\/\/schutzmasken.ch\/wp-content\/uploads\/2022\/01\/2801465505-neu-480x400.jpg 480w, https:\/\/schutzmasken.ch\/wp-content\/uploads\/2022\/01\/2801465505-neu.jpg 1350w\" sizes=\"(max-width: 960px) 100vw, 960px\" \/>\t\t\t\t\t\t\n\t\t\t\t\t<\/div>\n\t\t\t\t\t\t<\/a>\t\t\n<style>\n#image_162791628 {\n  width: 100%;\n}\n<\/style>\n\t<\/div>\n\t\n\t\t<\/div>\n\t\t\t\t\n<style>\n#col-159468188 > .col-inner {\n  padding: 50px 0px 60px 0px;\n}\n<\/style>\n\t<\/div>\n\n\t\n\n\t<div id=\"col-788522486\" class=\"col medium-8 small-12 large-8\"  >\n\t\t\t\t<div class=\"col-inner\"  >\n\t\t\t\n\t\t\t\n<div class=\"row align-center\"  id=\"row-472927718\">\n\n\t<div id=\"col-1826928121\" class=\"col medium-10 small-10 large-10\"  >\n\t\t\t\t<div class=\"col-inner\"  >\n\t\t\t\n\t\t\t\n<p><span style=\"color: #d92e17;\">RECOMMAND\u00c9 UFSP<\/span><\/p>\n<h2>Masques de protection FFP2 (Filtering Face Piece Masks)<\/h2>\n<p><b>Les masques de protection respiratoire FFP2 se r\u00e9partissent dans les types de masques suivants :<\/b><\/p>\n<ul>\n<li>Masques FFP2 sans valve<\/li>\n<li>Masques FFP2 avec valve<\/li>\n<\/ul>\n<p>Les masques de protection respiratoire sans valve offrent au porteur et \u00e0 son vis-\u00e0-vis une protection contre les virus et les bact\u00e9ries. Les masques FFP2 sont compos\u00e9s de plusieurs couches de non-tiss\u00e9 et offrent un grand confort de port. Les masques de protection FFP2 sont donc adapt\u00e9s \u00e0 un usage quotidien. Les masques de protection FFP2 r\u00e9sistent \u00e0 de fortes sollicitations.<\/p>\n<a href=\"\/shop\/Atemschutzmasken-FFP2-CE-0598-CE-0099-p244608335\" class=\"button primary\"  >\n\t\t<span>Vers le masque FFP2<\/span>\n\t<i class=\"icon-angle-right\" aria-hidden=\"true\" ><\/i><\/a>\n\n\t\t<\/div>\n\t\t\t\t\n<style>\n#col-1826928121 > .col-inner {\n  padding: 50px 0px 0px 0px;\n}\n<\/style>\n\t<\/div>\n\n\t\n<\/div>\n\t\t<\/div>\n\t\t\t\t\n<style>\n#col-788522486 > .col-inner {\n  padding: 50 0px 0px 0px;\n}\n<\/style>\n\t<\/div>\n\n\t\n<\/div>\n\t<div id=\"gap-2131410180\" class=\"gap-element clearfix\" style=\"display:block; height:auto;\">\n\t\t\n<style>\n#gap-2131410180 {\n  padding-top: 50px;\n}\n<\/style>\n\t<\/div>\n\t\n<div class=\"row row-collapse align-middle\"  id=\"row-790725116\">\n\n\t<div id=\"col-645012031\" class=\"col medium-8 small-12 large-8\"  >\n\t\t\t\t<div class=\"col-inner\"  >\n\t\t\t\n\t\t\t\n<div class=\"row align-center\"  id=\"row-1281957683\">\n\n\t<div id=\"col-419987671\" class=\"col medium-10 small-10 large-10\"  >\n\t\t\t\t<div class=\"col-inner\"  >\n\t\t\t\n\t\t\t\n<p><span style=\"color: #d92e17;\">RECOMMAND\u00c9 PAR UFSP<\/span><\/p>\n<h2>Type IIR Masques de protection (masques de protection hygi\u00e9nique)<\/h2>\n<p>Les masques d&#8217;hygi\u00e8ne offrent une protection au quotidien.<\/p>\n<p>Les masques de protection hygi\u00e9nique doivent \u00eatre port\u00e9s lorsque la distance minimale d&#8217;un m\u00e8tre avec d&#8217;autres personnes ne peut pas \u00eatre respect\u00e9e. Le personnel m\u00e9dical hospitalier utilise \u00e9galement ce type de masque pour son travail quotidien.<\/p>\n<p>Important : le port d&#8217;un masque de protection n&#8217;offre une protection contre les virus et les bact\u00e9ries qu&#8217;en combinaison avec d&#8217;autres mesures de protection hygi\u00e9nique. Gardez vos distances et lavez-vous r\u00e9guli\u00e8rement les mains.<\/p>\n<a href=\"https:\/\/schutzmasken.ch\/fr\/TYP-IIR-Atemschutzmasken-50er-Packung-p218029168\" class=\"button primary\"  >\n\t\t<span>Vers le masque de protection TYPE IIR<\/span>\n\t<i class=\"icon-angle-right\" aria-hidden=\"true\" ><\/i><\/a>\n\n\t\t<\/div>\n\t\t\t\t\t<\/div>\n\n\t\n<\/div>\n\t\t<\/div>\n\t\t\t\t\n<style>\n#col-645012031 > .col-inner {\n  padding: 50px 0px 0px 0px;\n}\n<\/style>\n\t<\/div>\n\n\t\n\n\t<div id=\"col-857625388\" class=\"col medium-4 small-12 large-4 small-col-first\"  >\n\t\t\t\t<div class=\"col-inner\" style=\"background-color:rgb(255,255,255);\" >\n\t\t\t\n\t\t\t\n\t<div class=\"img has-hover x md-x lg-x y md-y lg-y\" id=\"image_421282761\">\n\t\t\t\t\t\t\t\t<div class=\"img-inner dark\" >\n\t\t\t<img loading=\"lazy\" decoding=\"async\" width=\"960\" height=\"800\" src=\"https:\/\/schutzmasken.ch\/wp-content\/uploads\/2022\/01\/2801450938-neu-960x800.jpg\" class=\"attachment-large size-large\" alt=\"\" srcset=\"https:\/\/schutzmasken.ch\/wp-content\/uploads\/2022\/01\/2801450938-neu-960x800.jpg 960w, https:\/\/schutzmasken.ch\/wp-content\/uploads\/2022\/01\/2801450938-neu-480x400.jpg 480w, https:\/\/schutzmasken.ch\/wp-content\/uploads\/2022\/01\/2801450938-neu.jpg 1140w\" sizes=\"(max-width: 960px) 100vw, 960px\" \/>\t\t\t\t\t\t\n\t\t\t\t\t<\/div>\n\t\t\t\t\t\t\t\t\n<style>\n#image_421282761 {\n  width: 100%;\n}\n<\/style>\n\t<\/div>\n\t\n\t\t<\/div>\n\t\t\t\t\n<style>\n#col-857625388 > .col-inner {\n  padding: 90px 0px 90px 0px;\n}\n<\/style>\n\t<\/div>\n\n\t\n<\/div>\n\t\t<\/div>\n\n\t\t\n<style>\n#section_693254811 {\n  padding-top: 60px;\n  padding-bottom: 60px;\n}\n<\/style>\n\t<\/section>\n\t\n\n  <div class=\"banner has-hover has-parallax\" id=\"banner-1708548370\">\n          <div class=\"banner-inner fill\">\n        <div class=\"banner-bg fill\" data-parallax=\"-3\" data-parallax-container=\".banner\" data-parallax-background>\n            <img loading=\"lazy\" decoding=\"async\" width=\"1020\" height=\"574\" src=\"https:\/\/schutzmasken.ch\/wp-content\/uploads\/2020\/09\/banner-new-1400x788.jpg\" class=\"bg attachment-large size-large\" alt=\"Schutzmasken Onlineshop\" \/>                        <div class=\"overlay\"><\/div>            \n                    <\/div>\n\t\t\n        <div class=\"banner-layers container\">\n            <div class=\"fill banner-link\"><\/div>            \n   <div id=\"text-box-2113552042\" class=\"text-box banner-layer x50 md-x50 lg-x50 y50 md-y50 lg-y50 res-text\">\n                                <div class=\"text-box-content text dark\">\n              \n              <div class=\"text-inner text-center\">\n                  \n<h3 class=\"uppercase\"><em><strong>Acheter des masques de protection en ligne<br \/>\n<\/strong><\/em><\/h3>\n<h4 class=\"lead uppercase\"><strong>Jusqu&#8217;\u00e0 50% de r\u00e9duction <\/strong> sur une s\u00e9lection de produits<\/h4>\n<a href=\"\/shop\/\" class=\"button primary\"  >\n\t\t<span>En savoir plus<\/span>\n\t<\/a>\n\n              <\/div>\n           <\/div>\n                            \n<style>\n#text-box-2113552042 {\n  width: 80%;\n}\n#text-box-2113552042 .text-box-content {\n  font-size: 100%;\n}\n@media (min-width:550px) {\n  #text-box-2113552042 {\n    width: 58%;\n  }\n}\n<\/style>\n    <\/div>\n \n        <\/div>\n      <\/div>\n\n            \n<style>\n#banner-1708548370 {\n  padding-top: 399px;\n}\n#banner-1708548370 .overlay {\n  background-color: rgba(0, 0, 0, 0.3);\n}\n#banner-1708548370 .banner-bg img {\n  object-position: 58% 70%;\n}\n<\/style>\n  <\/div>\n\n\n\n\t<section class=\"section\" id=\"section_477080256\">\n\t\t<div class=\"section-bg fill\" >\n\t\t\t\t\t\t\t\t\t\n\t\t\t\n\n\t\t<\/div>\n\n\t\t\n\n\t\t<div class=\"section-content relative\">\n\t\t\t\n<div class=\"row align-center\"  id=\"row-1184803096\">\n\n\t<div id=\"col-495176762\" class=\"col medium-5 small-12 large-5\"  >\n\t\t\t\t<div class=\"col-inner text-center\"  >\n\t\t\t\n\t\t\t\n\t<div id=\"gap-1099928832\" class=\"gap-element clearfix\" style=\"display:block; height:auto;\">\n\t\t\n<style>\n#gap-1099928832 {\n  padding-top: 22px;\n}\n<\/style>\n\t<\/div>\n\t\n<p><span style=\"font-size: 200%; font-weight: 300;\">Connu par<\/span><\/p>\n\t\t<\/div>\n\t\t\t\t\n<style>\n#col-495176762 > .col-inner {\n  padding: 0px 0px 0px 0px;\n  margin: 0px 0px -15px 0px;\n}\n<\/style>\n\t<\/div>\n\n\t\n<\/div>\n\t<div id=\"gap-1065051850\" class=\"gap-element clearfix\" style=\"display:block; height:auto;\">\n\t\t\n<style>\n#gap-1065051850 {\n  padding-top: 15px;\n}\n<\/style>\n\t<\/div>\n\t\n<div class=\"row align-center\"  id=\"row-1386559947\">\n\n\t<div id=\"col-1701782063\" class=\"col small-12 large-12\"  >\n\t\t\t\t<div class=\"col-inner text-center\"  >\n\t\t\t\n\t\t\t\n<div class=\"slider-wrapper relative\" id=\"slider-1618003402\" >\n    <div class=\"slider slider-nav-circle slider-nav-large slider-nav-dark slider-style-normal\"\n        data-flickity-options='{\n            \"cellAlign\": \"center\",\n            \"imagesLoaded\": true,\n            \"lazyLoad\": 1,\n            \"freeScroll\": false,\n            \"wrapAround\": true,\n            \"autoPlay\": 6000,\n            \"pauseAutoPlayOnHover\" : true,\n            \"prevNextButtons\": true,\n            \"contain\" : true,\n            \"adaptiveHeight\" : true,\n            \"dragThreshold\" : 10,\n            \"percentPosition\": true,\n            \"pageDots\": false,\n            \"rightToLeft\": false,\n            \"draggable\": true,\n            \"selectedAttraction\": 0.1,\n            \"parallax\" : 0,\n            \"friction\": 0.6        }'\n        >\n        \n<div class=\"ux-logo has-hover align-middle ux_logo inline-block\" style=\"max-width: 100%!important; width: 227.9381443299px!important\"><div class=\"ux-logo-link block image-\" title=\"Tele Zueri\" href=\"\" style=\"padding: 15px;\"><img decoding=\"async\" src=\"https:\/\/schutzmasken.ch\/wp-content\/uploads\/2020\/09\/telezueri.png\" title=\"Tele Zueri\" alt=\"Tele Zueri\" class=\"ux-logo-image block\" style=\"height:60px;\" \/><\/div><\/div>\n<div class=\"ux-logo has-hover align-middle ux_logo inline-block\" style=\"max-width: 100%!important; width: 227.9381443299px!important\"><div class=\"ux-logo-link block image-\" title=\"20 minuten\" href=\"\" style=\"padding: 15px;\"><img decoding=\"async\" src=\"https:\/\/schutzmasken.ch\/wp-content\/uploads\/2020\/09\/20-min.png\" title=\"20 minuten\" alt=\"20 minuten\" class=\"ux-logo-image block\" style=\"height:60px;\" \/><\/div><\/div>\n<div class=\"ux-logo has-hover align-middle ux_logo inline-block\" style=\"max-width: 100%!important; width: 248.18181818182px!important\"><div class=\"ux-logo-link block image-\" title=\"proven expert\" href=\"\" style=\"padding: 15px;\"><img decoding=\"async\" src=\"https:\/\/schutzmasken.ch\/wp-content\/uploads\/2021\/02\/provenexpert-logo-with-claim.png\" title=\"proven expert\" alt=\"proven expert\" class=\"ux-logo-image block\" style=\"height:60px;\" \/><\/div><\/div>\n<div class=\"ux-logo has-hover align-middle ux_logo inline-block\" style=\"max-width: 100%!important; width: 186.66666666667px!important\"><div class=\"ux-logo-link block image-\" title=\"Local.ch\" href=\"\" style=\"padding: 15px;\"><img decoding=\"async\" src=\"https:\/\/schutzmasken.ch\/wp-content\/uploads\/2021\/02\/705x270_local_short_rgb.jpg\" title=\"Local.ch\" alt=\"Local.ch\" class=\"ux-logo-image block\" style=\"height:60px;\" \/><\/div><\/div>\n<div class=\"ux-logo has-hover align-middle ux_logo inline-block\" style=\"max-width: 100%!important; width: 100.72463768116px!important\"><div class=\"ux-logo-link block image-\" title=\"BZ - Basler Zeitung\" href=\"\" style=\"padding: 15px;\"><img decoding=\"async\" src=\"https:\/\/schutzmasken.ch\/wp-content\/uploads\/2021\/02\/images.png\" title=\"BZ - Basler Zeitung\" alt=\"BZ - Basler Zeitung\" class=\"ux-logo-image block\" style=\"height:60px;\" \/><\/div><\/div>\n<div class=\"ux-logo has-hover align-middle ux_logo inline-block\" style=\"max-width: 100%!important; width: 195px!important\"><div class=\"ux-logo-link block image-\" title=\"gr heute\" href=\"\" style=\"padding: 15px;\"><img decoding=\"async\" src=\"https:\/\/schutzmasken.ch\/wp-content\/uploads\/2021\/02\/GRH_660.png\" title=\"gr heute\" alt=\"gr heute\" class=\"ux-logo-image block\" style=\"height:60px;\" \/><\/div><\/div>\n<div class=\"ux-logo has-hover align-middle ux_logo inline-block\" style=\"max-width: 100%!important; width: 164.43609022556px!important\"><div class=\"ux-logo-link block image-\" title=\"Luzerner Zeitung\" href=\"\" style=\"padding: 15px;\"><img decoding=\"async\" src=\"https:\/\/schutzmasken.ch\/wp-content\/uploads\/2021\/02\/Luzerner_Zeitung_Logo_2016.png\" title=\"Luzerner Zeitung\" alt=\"Luzerner Zeitung\" class=\"ux-logo-image block\" style=\"height:60px;\" \/><\/div><\/div>\n<div class=\"ux-logo has-hover align-middle ux_logo inline-block\" style=\"max-width: 100%!important; width: 136.69260700389px!important\"><div class=\"ux-logo-link block image-\" title=\"Bluewin - Blue News\" href=\"\" style=\"padding: 15px;\"><img decoding=\"async\" src=\"https:\/\/schutzmasken.ch\/wp-content\/uploads\/2021\/02\/Blue-317605.png\" title=\"Bluewin - Blue News\" alt=\"Bluewin - Blue News\" class=\"ux-logo-image block\" style=\"height:60px;\" \/><\/div><\/div>\n<div class=\"ux-logo has-hover align-middle ux_logo inline-block\" style=\"max-width: 100%!important; width: 176.97674418605px!important\"><div class=\"ux-logo-link block image-\" title=\"Aargauer Zeitung\" href=\"\" style=\"padding: 15px;\"><img decoding=\"async\" src=\"https:\/\/schutzmasken.ch\/wp-content\/uploads\/2021\/02\/Logo_Aargauer_Zeitung_ab_2019.jpg\" title=\"Aargauer Zeitung\" alt=\"Aargauer Zeitung\" class=\"ux-logo-image block\" style=\"height:60px;\" \/><\/div><\/div>\n     <\/div>\n\n     <div class=\"loading-spin dark large centered\"><\/div>\n\n\t<\/div>\n\n\n\t\t<\/div>\n\t\t\t\t\t<\/div>\n\n\t\n<\/div>\n\t\t<\/div>\n\n\t\t\n<style>\n#section_477080256 {\n  padding-top: 50px;\n  padding-bottom: 50px;\n  background-color: rgb(255,255,255);\n}\n<\/style>\n\t<\/section>\n\t\n\n\t<section class=\"section\" id=\"section_1785645731\">\n\t\t<div class=\"section-bg fill\" >\n\t\t\t\t\t\t\t\t\t<div class=\"section-bg-overlay absolute fill\"><\/div>\n\t\t\t\n\n\t\t<\/div>\n\n\t\t\n\n\t\t<div class=\"section-content relative\">\n\t\t\t\n<div class=\"row row-collapse\"  id=\"row-1824966372\">\n\n\t<div id=\"col-648417254\" class=\"col medium-6 small-12 large-6\"  >\n\t\t\t\t<div class=\"col-inner text-left\"  >\n\t\t\t\n\t\t\t\n<h2>Comment utiliser un masque de protection<\/h2>\n<ol>\n<li>Se laver ou se d\u00e9sinfecter les mains<\/li>\n<li>Placer le masque sur le visage en passant par les boucles d&#8217;oreilles.<\/li>\n<li>Fixer l&#8217;\u00e9trier m\u00e9tallique sur le nez en appuyant dessus.<\/li>\n<li>Tirer la masque de protection sur la bouche et le menton.<\/li>\n<li>Ne pas toucher l&#8217;avant du masque en le portant.<\/li>\n<li>Jeter le masque d&#8217;hygi\u00e8ne apr\u00e8s une seule utilisation.<\/li>\n<\/ol>\n\t\t<\/div>\n\t\t\t\t\n<style>\n#col-648417254 > .col-inner {\n  padding: 50px 20px 0px 20px;\n}\n<\/style>\n\t<\/div>\n\n\t\n\n\t<div id=\"col-1758123668\" class=\"col medium-6 large-6\"  >\n\t\t\t\t<div class=\"col-inner text-right\"  >\n\t\t\t\n\t\t\t\n\n  <div class=\"banner has-hover\" id=\"banner-1279918291\">\n          <div class=\"banner-inner fill\">\n        <div class=\"banner-bg fill\" >\n            <img loading=\"lazy\" decoding=\"async\" width=\"990\" height=\"557\" src=\"https:\/\/schutzmasken.ch\/wp-content\/uploads\/2020\/10\/schutzmasken-richtig-verwenden-shop.jpg\" class=\"bg attachment-large size-large\" alt=\"Schutzmasken kaufen, Schutzmasken kaufen Schweiz, FFP2 Masken, FFP2 Masken, kaufen corona schnelltest, corona antigen Tes,t Kinder Schutzmasken\" \/>                                    \n                    <\/div>\n\t\t\n        <div class=\"banner-layers container\">\n            <div class=\"fill banner-link\"><\/div>            \n   <div id=\"text-box-80902069\" class=\"text-box banner-layer x50 md-x50 lg-x50 y50 md-y50 lg-y50 res-text\">\n                                <div class=\"text-box-content text dark\">\n              \n              <div class=\"text-inner text-center\">\n                  \n<div class=\"video-button-wrapper\" style=\"font-size:199%\"><a href=\"https:\/\/schutzmasken.ch\/wp-content\/uploads\/2020\/10\/schutzmasken-richtig-verwenden.mp4\" class=\"button open-video icon circle is-outline is-xlarge\"><i class=\"icon-play\" style=\"font-size:1.5em;\" ><\/i><\/a><\/div>\n              <\/div>\n           <\/div>\n                            \n<style>\n#text-box-80902069 {\n  width: 60%;\n}\n#text-box-80902069 .text-box-content {\n  font-size: 100%;\n}\n<\/style>\n    <\/div>\n \n        <\/div>\n      <\/div>\n\n            \n<style>\n#banner-1279918291 {\n  padding-top: 56.25%;\n}\n<\/style>\n  <\/div>\n\n\n\t\t<\/div>\n\t\t\t\t\t<\/div>\n\n\t\n<\/div>\n\t\t<\/div>\n\n\t\t\n<style>\n#section_1785645731 {\n  padding-top: 0px;\n  padding-bottom: 0px;\n  background-color: rgb(211, 224, 237);\n}\n#section_1785645731 .section-bg-overlay {\n  background-color: rgba(255, 255, 255, 0.2);\n}\n<\/style>\n\t<\/section>\n\t\n\n\t<section class=\"section\" id=\"section_373607126\">\n\t\t<div class=\"section-bg fill\" >\n\t\t\t\t\t\t\t\t\t\n\t\t\t\n\n\t\t<\/div>\n\n\t\t\n\n\t\t<div class=\"section-content relative\">\n\t\t\t\n<div class=\"row\"  id=\"row-2058051299\">\n\n\t<div id=\"col-1751482226\" class=\"col medium-10 small-12 large-12\"  >\n\t\t\t\t<div class=\"col-inner text-left\"  >\n\t\t\t\n\t\t\t\n<h2>Masques de protection FAQ | Tout sur les masques en Suisse<\/h2>\n<p>En Suisse aussi, on ne peut plus se passer de masques. Dans de nombreux cantons, le port du masque est obligatoire dans les magasins. Mais pour beaucoup, il n&#8217;est pas toujours \u00e9vident de savoir quel masque de protection est efficace et quel type de masque il faut acheter. Il existe en effet des masques qui ne prot\u00e8gent que les autres contre le porteur et d&#8217;autres qui prot\u00e8gent \u00e9galement le porteur.<\/p>\n<p><strong>Quels masques prot\u00e8gent le mieux ? Nous avons rassembl\u00e9 pour vous toutes les questions importantes et les r\u00e9ponses dans notre FAQ.<\/strong><\/p>\n\t\t<\/div>\n\t\t\t\t\n<style>\n#col-1751482226 > .col-inner {\n  margin: 0px 0px -40px 0px;\n}\n<\/style>\n\t<\/div>\n\n\t\n<\/div>\n<div class=\"row align-center\"  id=\"row-365758937\">\n\n\t<div id=\"col-1130113725\" class=\"col medium-12 small-12 large-12\"  >\n\t\t\t\t<div class=\"col-inner text-left\"  >\n\t\t\t\n\t\t\t\n<div class=\"is-divider divider clearfix\" style=\"margin-top:3em;margin-bottom:3em;max-width:100%;background-color:rgb(9, 14, 29);\"><\/div>\n<div class=\"row row-collapse\"  id=\"row-138092435\">\n\n\t<div id=\"col-1101374623\" class=\"col medium-12 small-12 large-4\"  >\n\t\t\t\t<div class=\"col-inner\"  >\n\t\t\t\n\t\t\t\n\n\t\t<div class=\"icon-box featured-box icon-box-left text-left\"  style=\"margin:0px 0px 30px 0px;\">\n\t\t\t\t\t<div class=\"icon-box-img\" style=\"width: 60px\">\n\t\t\t\t<div class=\"icon\">\n\t\t\t\t\t<div class=\"icon-inner\" >\n\t\t\t\t\t\t<img loading=\"lazy\" decoding=\"async\" width=\"400\" height=\"400\" src=\"https:\/\/schutzmasken.ch\/wp-content\/uploads\/2021\/02\/Logo_Schutzmasken-ch_Google-1-1-400x400.jpg\" class=\"attachment-medium size-medium\" alt=\"Schutzmasken kaufen, Schutzmasken kaufen Schweiz, FFP2 Masken, FFP2 Masken, kaufen corona schnelltest, corona antigen Tes,t Kinder Schutzmasken\" srcset=\"https:\/\/schutzmasken.ch\/wp-content\/uploads\/2021\/02\/Logo_Schutzmasken-ch_Google-1-1-400x400.jpg 400w, https:\/\/schutzmasken.ch\/wp-content\/uploads\/2021\/02\/Logo_Schutzmasken-ch_Google-1-1-280x280.jpg 280w, https:\/\/schutzmasken.ch\/wp-content\/uploads\/2021\/02\/Logo_Schutzmasken-ch_Google-1-1-768x768.jpg 768w, https:\/\/schutzmasken.ch\/wp-content\/uploads\/2021\/02\/Logo_Schutzmasken-ch_Google-1-1.jpg 785w\" sizes=\"(max-width: 400px) 100vw, 400px\" \/>\t\t\t\t\t<\/div>\n\t\t\t\t<\/div>\n\t\t\t<\/div>\n\t\t\t\t<div class=\"icon-box-text last-reset\">\n\t\t\t\t\t\t\t\t\t\n<p>R\u00e9ponses aux questions sur les masques de protection<\/p>\n\t\t<\/div>\n\t<\/div>\n\t\n\t\n\t\t<\/div>\n\t\t\t\t\t<\/div>\n\n\t\n\n\t<div id=\"col-1695824592\" class=\"col medium-12 small-12 large-8\"  >\n\t\t\t\t<div class=\"col-inner text-left\"  >\n\t\t\t\n\t\t\t\n<div class=\"accordion\">\n\t<div id=\"accordion-2443361416\" class=\"accordion-item\">\n\t\t<a id=\"accordion-2443361416-label\" class=\"accordion-title plain\" href=\"#accordion-item-le-port-du-masque-est-il-obligatoire-en-suisse-?\" aria-expanded=\"false\" aria-controls=\"accordion-2443361416-content\" >\n\t\t\t<button class=\"toggle\" aria-label=\"Attiva\/Disattiva\"><i class=\"icon-angle-down\"><\/i><\/button>\n\t\t\t<span>Le port du masque est-il obligatoire en Suisse ?<\/span>\n\t\t<\/a>\n\t\t<div id=\"accordion-2443361416-content\" class=\"accordion-inner\" aria-labelledby=\"accordion-2443361416-label\" >\n\t\t\t\n<p>En Suisse, seul le port du masque est obligatoire dans les transports publics. L&#8217;obligation de porter un masque doit contribuer \u00e0 endiguer la propagation des maladies virales. Il existe en outre l&#8217;obligation de porter un masque dans certains cantons dans les magasins. Pour savoir si le port du masque est obligatoire dans votre canton, vous devriez consulter le site web de votre autorit\u00e9 cantonale.<\/p>\n\t\t<\/div>\n\t<\/div>\n\t\n\t<div id=\"accordion-2385354413\" class=\"accordion-item\">\n\t\t<a id=\"accordion-2385354413-label\" class=\"accordion-title plain\" href=\"#accordion-item-o\u00f9-doit-on-porter-un-masque-de-protection-en-suisse-?\" aria-expanded=\"false\" aria-controls=\"accordion-2385354413-content\" >\n\t\t\t<button class=\"toggle\" aria-label=\"Attiva\/Disattiva\"><i class=\"icon-angle-down\"><\/i><\/button>\n\t\t\t<span>O\u00f9 doit-on porter un masque de protection en Suisse ?<\/span>\n\t\t<\/a>\n\t\t<div id=\"accordion-2385354413-content\" class=\"accordion-inner\" aria-labelledby=\"accordion-2385354413-label\" >\n\t\t\t\n<p>Pour les personnes \u00e2g\u00e9es de 12 ans et plus, le port du masque est obligatoire dans les bus, les trains et les trams. Dans certains cantons, le port du masque est \u00e9galement obligatoire dans les centres commerciaux et les b\u00e2timents publics. De mani\u00e8re g\u00e9n\u00e9rale, l&#8217;ensemble est g\u00e9r\u00e9 de mani\u00e8re f\u00e9d\u00e9raliste et les r\u00e9glementations peuvent varier d&#8217;un canton \u00e0 l&#8217;autre.<\/p>\n\t\t<\/div>\n\t<\/div>\n\t\n\t<div id=\"accordion-3717999780\" class=\"accordion-item\">\n\t\t<a id=\"accordion-3717999780-label\" class=\"accordion-title plain\" href=\"#accordion-item-le-port-d&#039;un-masque-de-protection-est-il-recommand\u00e9-en-suisse-?\" aria-expanded=\"false\" aria-controls=\"accordion-3717999780-content\" >\n\t\t\t<button class=\"toggle\" aria-label=\"Attiva\/Disattiva\"><i class=\"icon-angle-down\"><\/i><\/button>\n\t\t\t<span>Le port d'un masque de protection est-il recommand\u00e9 en Suisse ?<\/span>\n\t\t<\/a>\n\t\t<div id=\"accordion-3717999780-content\" class=\"accordion-inner\" aria-labelledby=\"accordion-3717999780-label\" >\n\t\t\t\n<p>Le port de masques de protection est recommand\u00e9 par la Conf\u00e9d\u00e9ration, car il prot\u00e8ge avant tout aussi d&#8217;une propagation de virus. L&#8217;achat d&#8217;un masque de protection est donc recommand\u00e9 &#8211; en plus de toutes les autres mesures de protection telles que la distance de s\u00e9curit\u00e9 et le lavage soigneux des mains.<\/p>\n\t\t<\/div>\n\t<\/div>\n\t\n\t<div id=\"accordion-3865048955\" class=\"accordion-item\">\n\t\t<a id=\"accordion-3865048955-label\" class=\"accordion-title plain\" href=\"#accordion-item-quels-sont-les-diff\u00e9rents-types-de-masques-?\" aria-expanded=\"false\" aria-controls=\"accordion-3865048955-content\" >\n\t\t\t<button class=\"toggle\" aria-label=\"Attiva\/Disattiva\"><i class=\"icon-angle-down\"><\/i><\/button>\n\t\t\t<span>Quels sont les diff\u00e9rents types de masques ?<\/span>\n\t\t<\/a>\n\t\t<div id=\"accordion-3865048955-content\" class=\"accordion-inner\" aria-labelledby=\"accordion-3865048955-label\" >\n\t\t\t\n<p>Il est facile d&#8217;expliquer qu&#8217;il existe des masques chirurgicaux, des masques d&#8217;hygi\u00e8ne et des masques de protection respiratoire. Ces 3 versions ont toutes un niveau de protection diff\u00e9rent.<\/p>\n<p>Les masques de protection hygi\u00e9nique sont compos\u00e9s d&#8217;un non-tiss\u00e9 \u00e0 plusieurs couches. Ils prot\u00e8gent avant tout l&#8217;entourage d&#8217;une nouvelle contamination par un porteur. Les masques de protection hygi\u00e9nique font partie des masques les plus vendus en Suisse. On les reconna\u00eet \u00e0 leur surface bleu clair. Ces masques hygi\u00e9niques sont \u00e0 usage unique.<\/p>\n<p>Les masques de protection respiratoire &#8211; \u00e9galement connus sous le nom de FFP2 ou FFP3 &#8211; ont des filtres int\u00e9gr\u00e9s qui offrent une protection plus importante que les masques hygi\u00e9niques par exemple. Avec les masques de protection respiratoire, le porteur est prot\u00e9g\u00e9 de toutes les particules, poussi\u00e8res et autres bact\u00e9ries. On trouve souvent ces masques sur les chantiers en temps normal. Les patients \u00e0 risque et le personnel hospitalier sont bien servis par le masque de protection respiratoire.<\/p>\n<p>Les masques en tissu sont compos\u00e9s d&#8217;un filtre et d&#8217;un tissu agr\u00e9able pour le porteur du masque. Les masques test\u00e9s prot\u00e8gent \u00e9galement mieux contre la transmission et ceux-ci sont en outre lavables et donc r\u00e9utilisables.<\/p>\n\t\t<\/div>\n\t<\/div>\n\t\n\t<div id=\"accordion-917899981\" class=\"accordion-item\">\n\t\t<a id=\"accordion-917899981-label\" class=\"accordion-title plain\" href=\"#accordion-item-comment-utiliser-correctement-un-masque-de-protection-?\" aria-expanded=\"false\" aria-controls=\"accordion-917899981-content\" >\n\t\t\t<button class=\"toggle\" aria-label=\"Attiva\/Disattiva\"><i class=\"icon-angle-down\"><\/i><\/button>\n\t\t\t<span>Comment utiliser correctement un masque de protection ?<\/span>\n\t\t<\/a>\n\t\t<div id=\"accordion-917899981-content\" class=\"accordion-inner\" aria-labelledby=\"accordion-917899981-label\" >\n\t\t\t\n<p>Pour que la protection soit plus efficace, le masque de protection doit recouvrir enti\u00e8rement la bouche et le nez. Il est \u00e9galement fortement recommand\u00e9 de toujours se laver soigneusement les mains avant de changer de masque. \u00c9vitez de toucher le masque pendant qu&#8217;il est port\u00e9 ou m\u00eame de toucher votre visage en g\u00e9n\u00e9ral. Apr\u00e8s une seule utilisation, vous devez jeter les masques d&#8217;hygi\u00e8ne.<\/p>\n\t<div id=\"gap-922321087\" class=\"gap-element clearfix\" style=\"display:block; height:auto;\">\n\t\t\n<style>\n#gap-922321087 {\n  padding-top: 30px;\n}\n<\/style>\n\t<\/div>\n\t\n\t\t<\/div>\n\t<\/div>\n\t\n\t<div id=\"accordion-3340069239\" class=\"accordion-item\">\n\t\t<a id=\"accordion-3340069239-label\" class=\"accordion-title plain\" href=\"#accordion-item-peut-on-utiliser-le-masque-de-protection-plusieurs-fois-?\" aria-expanded=\"false\" aria-controls=\"accordion-3340069239-content\" >\n\t\t\t<button class=\"toggle\" aria-label=\"Attiva\/Disattiva\"><i class=\"icon-angle-down\"><\/i><\/button>\n\t\t\t<span>Peut-on utiliser le masque de protection plusieurs fois ?<\/span>\n\t\t<\/a>\n\t\t<div id=\"accordion-3340069239-content\" class=\"accordion-inner\" aria-labelledby=\"accordion-3340069239-label\" >\n\t\t\t\n<p>Les masques en tissu et les masques de protection m\u00e9dicale peuvent \u00eatre r\u00e9utilis\u00e9s plusieurs fois si on ne les a pas trop utilis\u00e9s. Les masques hygi\u00e9niques ne doivent \u00eatre utilis\u00e9s qu&#8217;une seule fois et doivent \u00eatre \u00e9limin\u00e9s de mani\u00e8re appropri\u00e9e.<\/p>\n\t\t<\/div>\n\t<\/div>\n\t\n\t<div id=\"accordion-1068809134\" class=\"accordion-item\">\n\t\t<a id=\"accordion-1068809134-label\" class=\"accordion-title plain\" href=\"#accordion-item-conservation-du-masque-de-protection-en-cas-d&#039;utilisation-r\u00e9p\u00e9t\u00e9e\" aria-expanded=\"false\" aria-controls=\"accordion-1068809134-content\" >\n\t\t\t<button class=\"toggle\" aria-label=\"Attiva\/Disattiva\"><i class=\"icon-angle-down\"><\/i><\/button>\n\t\t\t<span>Conservation du masque de protection en cas d'utilisation r\u00e9p\u00e9t\u00e9e<\/span>\n\t\t<\/a>\n\t\t<div id=\"accordion-1068809134-content\" class=\"accordion-inner\" aria-labelledby=\"accordion-1068809134-label\" >\n\t\t\t\n<p>Si vous utilisez le masque de protection plusieurs fois, veillez \u00e0 ce qu&#8217;il puisse bien s\u00e9cher. Il est donc conseill\u00e9 de suspendre le masque de protection \u00e0 un crochet. Veillez \u00e9galement \u00e0 ce que le masque de protection ne contamine rien et n&#8217;entre pas en contact avec d&#8217;autres personnes.<\/p>\n\t\t<\/div>\n\t<\/div>\n\t\n\t<div id=\"accordion-4169767284\" class=\"accordion-item\">\n\t\t<a id=\"accordion-4169767284-label\" class=\"accordion-title plain\" href=\"#accordion-item-combien-de-temps-peut-on-porter-un-masque-de-protection-?\" aria-expanded=\"false\" aria-controls=\"accordion-4169767284-content\" >\n\t\t\t<button class=\"toggle\" aria-label=\"Attiva\/Disattiva\"><i class=\"icon-angle-down\"><\/i><\/button>\n\t\t\t<span>Combien de temps peut-on porter un masque de protection ?<\/span>\n\t\t<\/a>\n\t\t<div id=\"accordion-4169767284-content\" class=\"accordion-inner\" aria-labelledby=\"accordion-4169767284-label\" >\n\t\t\t\n<p>Selon le type de masque de protection, les masques de protection peuvent \u00eatre port\u00e9s plus ou moins longtemps. Les masques hygi\u00e9niques normaux ne peuvent \u00eatre port\u00e9s que pendant 1 \u00e0 2 heures &#8211; 3 heures maximum. Avec le temps, l&#8217;humidit\u00e9 rend la respiration plus difficile. De m\u00eame, l&#8217;effet protecteur est moindre en raison de l&#8217;humidit\u00e9.<\/p>\n<p>Les masques de protection FFP peuvent \u00eatre port\u00e9s 9 heures d&#8217;affil\u00e9e, voire plus. Il faut toujours faire attention au confort et au fait que le masque de protection devienne humide ou non. Il vaut la peine de changer r\u00e9guli\u00e8rement de masque, quel que soit le type de masque.<\/p>\n\t\t<\/div>\n\t<\/div>\n\t\n\t<div id=\"accordion-3406245627\" class=\"accordion-item\">\n\t\t<a id=\"accordion-3406245627-label\" class=\"accordion-title plain\" href=\"#accordion-item-comment-se-d\u00e9barrasser-d&#039;un-masque-de-protection-?\" aria-expanded=\"false\" aria-controls=\"accordion-3406245627-content\" >\n\t\t\t<button class=\"toggle\" aria-label=\"Attiva\/Disattiva\"><i class=\"icon-angle-down\"><\/i><\/button>\n\t\t\t<span>Comment se d\u00e9barrasser d'un masque de protection ?<\/span>\n\t\t<\/a>\n\t\t<div id=\"accordion-3406245627-content\" class=\"accordion-inner\" aria-labelledby=\"accordion-3406245627-label\" >\n\t\t\t\n<p>Les masques de protection peuvent \u00eatre jet\u00e9s normalement \u00e0 la poubelle. Ils peuvent \u00e9galement \u00eatre jet\u00e9s dans les poubelles lors de vos d\u00e9placements. Veillez \u00e0 jeter les masques de mani\u00e8re \u00e0 ce qu&#8217;aucune autre personne n&#8217;entre en contact avec eux.<\/p>\n\t\t<\/div>\n\t<\/div>\n\t\n\t<div id=\"accordion-655583919\" class=\"accordion-item\">\n\t\t<a id=\"accordion-655583919-label\" class=\"accordion-title plain\" href=\"#accordion-item-les-masques-de-protection-peuvent-ils-\u00eatre-lav\u00e9s-?\" aria-expanded=\"false\" aria-controls=\"accordion-655583919-content\" >\n\t\t\t<button class=\"toggle\" aria-label=\"Attiva\/Disattiva\"><i class=\"icon-angle-down\"><\/i><\/button>\n\t\t\t<span>Les masques de protection peuvent-ils \u00eatre lav\u00e9s ?<\/span>\n\t\t<\/a>\n\t\t<div id=\"accordion-655583919-content\" class=\"accordion-inner\" aria-labelledby=\"accordion-655583919-label\" >\n\t\t\t\n<p>Les masques d&#8217;hygi\u00e8ne ne peuvent \u00eatre utilis\u00e9s qu&#8217;une seule fois. La r\u00e9utilisation n&#8217;est pas recommand\u00e9e et est m\u00eame plut\u00f4t nocive. Selon le fabricant, les masques en tissu peuvent \u00eatre lav\u00e9s en machine. Veillez \u00e0 ce que les indications du fabricant soient respect\u00e9es.<\/p>\n\t\t<\/div>\n\t<\/div>\n\t\n\t<div id=\"accordion-2292552198\" class=\"accordion-item\">\n\t\t<a id=\"accordion-2292552198-label\" class=\"accordion-title plain\" href=\"#accordion-item-les-barbus-peuvent-ils-utiliser-des-masques-de-protection-?\" aria-expanded=\"false\" aria-controls=\"accordion-2292552198-content\" >\n\t\t\t<button class=\"toggle\" aria-label=\"Attiva\/Disattiva\"><i class=\"icon-angle-down\"><\/i><\/button>\n\t\t\t<span>Les barbus peuvent-ils utiliser des masques de protection ?<\/span>\n\t\t<\/a>\n\t\t<div id=\"accordion-2292552198-content\" class=\"accordion-inner\" aria-labelledby=\"accordion-2292552198-label\" >\n\t\t\t\n<p>M\u00eame en tant que porteur de bar, on peut et on doit porter un masque de protection. Il faut veiller \u00e0 ce que la bouche et le nez soient \u00e9galement enti\u00e8rement recouverts.<\/p>\n\t\t<\/div>\n\t<\/div>\n\t\n<\/div>\n\t\t<\/div>\n\t\t\t\t\t<\/div>\n\n\t\n<\/div>\n\n\t<section class=\"section\" id=\"section_1944541159\">\n\t\t<div class=\"section-bg fill\" >\n\t\t\t\t\t\t\t\t\t\n\t\t\t\n\n\t\t<\/div>\n\n\t\t\n\n\t\t<div class=\"section-content relative\">\n\t\t\t\n\t\t<\/div>\n\n\t\t\n<style>\n#section_1944541159 {\n  padding-top: 50px;\n  padding-bottom: 50px;\n  background-color: rgb(255,255,255);\n}\n<\/style>\n\t<\/section>\n\t\n<div class=\"row align-left\"  id=\"row-59085672\">\n<\/div>\n\n\t<div id=\"col-569043622\" class=\"col medium-8 small-12 large-8\"  >\n\t\t\t\t<div class=\"col-inner text-left\"  >\n\t\t\t\n\t\t\t\n\t\t<\/div>\n\t\t\t\t\n<style>\n#col-569043622 > .col-inner {\n  padding: 0px 0px 0px 0px;\n  margin: 0px 0px -15px 0px;\n}\n<\/style>\n\t<\/div>\n\n\t\n\t<div id=\"gap-816912516\" class=\"gap-element clearfix\" style=\"display:block; height:auto;\">\n\t\t\n<style>\n#gap-816912516 {\n  padding-top: 10px;\n}\n<\/style>\n\t<\/div>\n\t\n<p><span style=\"font-size: 200%; font-weight: 300;\">Pourquoi porter des masques de protection ?<\/span><\/p>\n\t\t<\/div>\n\t\t\t\t\t<\/div>\n\n\t\n<\/div>\n<div class=\"row align-left\"  id=\"row-482479972\">\n\n\t<div id=\"col-729175932\" class=\"col small-12 large-12\"  >\n\t\t\t\t<div class=\"col-inner text-left\"  >\n\t\t\t\n\t\t\t\n<p>Schutzmasken sollte man tragen, weil diese helfen, die Verbreitung eines Virus zu reduzieren. En outre, ils permettent de minimiser la contamination d&#8217;autres personnes en cas d&#8217;infection virale ou bact\u00e9rienne. C&#8217;est pourquoi, en Asie, il est de bon ton, en p\u00e9riode de grippe, de s&#8217;\u00e9changer des <a href=\"https:\/\/www.bag.admin.ch\/bag\/de\/home\/krankheiten\/ausbrueche-epidemien-pandemien\/aktuelle-ausbrueche-epidemien\/novel-cov\/masken.html\">avec le port d&#8217;un masque de protection prot\u00e8ge<\/a>.<\/p>\n<p>Le port d&#8217;un masque de protection est \u00e9galement recommand\u00e9 pour se prot\u00e9ger d&#8217;une contamination.<\/p>\n<h2>Comment porter correctement un masque de protection ?<\/h2>\n<p>Die Schutzmaske bedeckt Mund und Nase, dadurch m\u00f6glichst keine L\u00fccke zwischen Maske und Gesicht entsteht. Sie sollten die <a title=\"Mehr zum Thema Hygienemasken erfahren\" href=\"https:\/\/schutzmasken.ch\/hygienemasken\/\">Hygienemasken<\/a> wechseln, sobald die Innenseite feucht wird. Nur so wird der volle Schutz durch die Atemschutzmaske sichergestellt.<\/p>\n<p>En portant correctement le masque de protection, moins de virus et de bact\u00e9ries sont lib\u00e9r\u00e9s dans l&#8217;environnement.<\/p>\n<h2>Qu&#8217;est-ce qu&#8217;un masque de protection et contre quoi prot\u00e8ge-t-il ?<\/h2>\n<p>Les masques de protection sont utilis\u00e9s pour se prot\u00e9ger contre les substances nocives ou les agents pathog\u00e8nes tels que les bact\u00e9ries et les virus.<\/p>\n<h3>O\u00f9 utilise-t-on les masques de protection respiratoire aujourd&#8217;hui ?<\/h3>\n<p>SIls sont utilis\u00e9s partout o\u00f9 il faut \u00e9viter qu&#8217;ils ne p\u00e9n\u00e8trent dans le corps humain. Les masques de protection sont utilis\u00e9s comme <a href=\"https:\/\/schutzmasken.ch\/fr\/shop\/TYP-IIR-Atemschutzmasken-50er-Packung-p218029168\">masques chirurgicaux ou masques d&#8217;hygi\u00e8ne<\/a> <strong>dans le domaine m\u00e9dical<\/strong> par exemple lors d&#8217;op\u00e9rations ou dans les soins infirmiers au quotidien.<\/p>\n<p>On trouve \u00e9galement des masques de protection chez :<\/p>\n<ul>\n<li>des pompiers<\/li>\n<li>de la police<\/li>\n<li>dans l&#8217;arm\u00e9e<\/li>\n<li>dans la production<\/li>\n<\/ul>\n<p>Un <a title=\"Prot\u00e8ge-dents pour couvrir la bouche et le nez\" href=\"https:\/\/schutzmasken.ch\/mundschutz\/\">Protection buccale et nasale<\/a> se trouve \u00e9galement partout o\u00f9 des gaz toxiques sont utilis\u00e9s.<\/p>\n<h2>Quels masques de protection peut-on acheter ?<\/h2>\n<p>Les personnes souhaitant acheter des masques de protection ont le choix entre la protection bucco-nasale (\u00e9galement appel\u00e9e masque chirurgical ou masque d&#8217;hygi\u00e8ne) et les masques de protection filtrants de type FFP1, FFP2 et FFP3.<\/p>\n<p>La protection bucco-nasale (en abr\u00e9g\u00e9 : PBN) est g\u00e9n\u00e9ralement utilis\u00e9e lors de traitements m\u00e9dicaux ou de la transformation de denr\u00e9es alimentaires. Elle emp\u00eache les gouttelettes de salive et autres liquides corporels comme le sang d&#8217;atteindre le porteur ou son interlocuteur.<\/p>\n<p>Vor feinen Staubpartikeln oder mikroskopischen Aerosolen, die Krankheitserreger wie Bakterien oder Viren enthalten, k\u00f6nnen sie aber nur bedingt sch\u00fctzen. F\u00fcr diese F\u00e4lle gibt es die filtrierenden FFP-Masken (&#8220;Filtering Face Piece&#8221;), die in drei unterschiedliche Schutzklassen (1 bis 3) erh\u00e4ltlich sind, wobei vorwiegend <strong><a href=\"https:\/\/schutzmasken.ch\/ffp2-masken\/\">FFP2<\/a>&#8211;<\/strong> und <strong><a href=\"https:\/\/schutzmasken.ch\/ffp3-masken\/\">FFP3-Masken<\/a><\/strong> zum Einsatz kommen.<\/p>\n<h2>Acheter des masques de protection, ce \u00e0 quoi vous devez faire attention<\/h2>\n<p>Les masques de protection ont pour fonction, selon leur domaine d&#8217;application, d&#8217;emp\u00eacher la transmission de gouttelettes infectieuses ou l&#8217;inhalation de particules dangereuses pour la sant\u00e9. Leur effet protecteur d\u00e9pend toutefois du type de masque que vous achetez. En outre, la qualit\u00e9 de fabrication joue un r\u00f4le d\u00e9cisif dans la performance de filtration. En effet, il arrive r\u00e9guli\u00e8rement que des masques non test\u00e9s et non certifi\u00e9s soient mis sur le march\u00e9. Souvent, ils ne r\u00e9pondent pas aux exigences strictes n\u00e9cessaires \u00e0 une autoprotection et\/ou \u00e0 une protection externe efficace.<\/p>\n<h2>Quels sont les masques de protection respiratoire disponibles ?<\/h2>\n<table style=\"height: 277px;\" width=\"594\">\n<thead>\n<tr>\n<td><strong> Classe <\/strong><\/td>\n<td><strong>Capacit\u00e9 de filtration<\/strong><\/td>\n<td><strong>Protection contre<\/strong><\/td>\n<\/tr>\n<\/thead>\n<tbody>\n<tr>\n<td>Typ I<\/td>\n<td>min. 95%<\/td>\n<td>Bact\u00e9ries et virus<\/td>\n<\/tr>\n<tr>\n<td>Typ II-R<\/td>\n<td>min. 98%<\/td>\n<td>Bact\u00e9ries et virus<\/td>\n<\/tr>\n<tr>\n<td>FFP-1<\/td>\n<td>min. 80% de particules jusqu&#8217;\u00e0 0,6 \u03bcm<\/td>\n<td>Poussi\u00e8res fines, fum\u00e9es et a\u00e9rosols<\/td>\n<\/tr>\n<tr>\n<td>FFP-2<\/td>\n<td>au moins 94% de particules jusqu&#8217;\u00e0 0,6 \u03bcm<\/td>\n<td>Poussi\u00e8res, bact\u00e9ries et virus nocifs et canc\u00e9rig\u00e8nes<\/td>\n<\/tr>\n<tr>\n<td>FFP-3<\/td>\n<td>au moins 99,5% de particules jusqu&#8217;\u00e0 0,6 \u03bcm<\/td>\n<td>Poussi\u00e8res, bact\u00e9ries et virus nocifs et canc\u00e9rig\u00e8nes<\/td>\n<\/tr>\n<\/tbody>\n<\/table>\n<p>Pour en savoir plus sur <a title=\"Comparaison des masques de protection\" href=\"https:\/\/schutzmasken.ch\/schutzmasken-im-vergleich\/\">Comparaison des diff\u00e9rents masques de protection<\/a>, <a title=\"Comparaison des masques de protection\" href=\"https:\/\/schutzmasken.ch\/schutzmasken-im-vergleich\/\">ici<\/a>.<\/p>\n<h2>Comment un masque FFP2 prot\u00e8ge-t-il ?<\/h2>\n<p>Les masques de protection FFP2 sont ce que l&#8217;on appelle des &#8220;demi-masques filtrant les particules&#8221; et ont \u00e9t\u00e9 d\u00e9velopp\u00e9s \u00e0 l&#8217;origine comme masques anti-poussi\u00e8re. L&#8217;abr\u00e9viation est d\u00e9riv\u00e9e de l&#8217;anglais &#8220;Filtering Face Piece&#8221;. Les masques sont con\u00e7us de mani\u00e8re \u00e0 ce que les particules et les bact\u00e9ries, les a\u00e9rosols et les gouttelettes soient retenus par la couche filtrante sp\u00e9ciale.\u00a0Dans le monde du travail, les masques de protection respiratoire FFP2 font partie de l&#8217;\u00e9quipement de protection individuelle. Dans le secteur m\u00e9dical, ils sont utilis\u00e9s depuis longtemps par le personnel m\u00e9dical.<\/p>\n<p><span>Si vous souhaitez acheter un masque FFP2, vous contribuez avant tout \u00e0 votre propre protection. Pour que les masques FFP2 soient efficaces, il est essentiel qu&#8217;ils soient bien ajust\u00e9s et qu&#8217;ils ne laissent pas passer l&#8217;air sur les bords. Afin de favoriser cet \u00e9tat de fait pour les diff\u00e9rentes formes de visage, presque tous les masques FFP2 achet\u00e9s en Suisse et dans l&#8217;UE ont la forme caract\u00e9ristique en d\u00f4me d&#8217;un filtre \u00e0 caf\u00e9.<\/span><\/p>\n<h2>Quels masques FFP2 sont s\u00fbrs ?<\/h2>\n<p><span>Ihre Entscheidung eine bestimmte Atemschutzmaske zu kaufen, sollten Sie unbedingt an das Vorhandensein des Zertifikats DIN EN 149:2001+A1:2009 kn\u00fcpfen. Ce label garantit que le masque FFP2 a \u00e9t\u00e9 test\u00e9 au pr\u00e9alable dans le cadre de tests uniformes et qu&#8217;il ne laisse pas passer de gouttelettes ou d&#8217;a\u00e9rosols d&#8217;une taille sup\u00e9rieure \u00e0 0,6 microm\u00e8tre. Auf Grundlage dieser Norm ist gew\u00e4hrleistet, dass eine FFP2 Maske 95 Prozent aller Partikel abfiltert. (F\u00fcr den Standard FFP1 gilt ein Grenzwert von 80 Prozent, f\u00fcr FFP3 sind es 99 Prozent).<\/span><\/p>\n<p>Le marquage CE suppl\u00e9mentaire indique que les masques FFP2 achet\u00e9s en Suisse ou dans l&#8217;UE ont fait l&#8217;objet de proc\u00e9dures sp\u00e9ciales d&#8217;\u00e9valuation de la conformit\u00e9, qui attestent de leur conformit\u00e9 aux normes et aux lois en vigueur. Le marquage EN 149:2001+A1:2009 et le sigle CE avec le num\u00e9ro \u00e0 quatre chiffres suivant doivent \u00eatre imprim\u00e9s sur le masque FFP2 lui-m\u00eame ainsi que sur l&#8217;emballage dans lequel vous achetez les masques de protection FFP2.<\/p>\n<h2>A quoi faut-il faire attention lors de l&#8217;utilisation d&#8217;un masque FFP2 ?<\/h2>\n<p>Si vous avez d\u00e9cid\u00e9 d&#8217;acheter un masque de protection respiratoire FFP2, vous devez respecter quelques r\u00e8gles de comportement lors de la mise et du retrait du masque afin d&#8217;obtenir une protection optimale. Il faut notamment se laver soigneusement les mains avec du savon ou un d\u00e9sinfectant avant d&#8217;enfiler le masque FFP2. Une fois que vous avez bien positionn\u00e9 le masque &#8211; de sorte qu&#8217;il soit bien ajust\u00e9 sur tout le visage &#8211; \u00e9vitez ensuite tout autre contact avec le masque. Lorsque vous retirez le masque de protection respiratoire, saisissez-le uniquement par les lani\u00e8res lat\u00e9rales et lavez-vous soigneusement les mains.<\/p>\n<p>En principe, un masque FFP2 ne devrait pas \u00eatre port\u00e9 plus de huit heures apr\u00e8s son achat. En g\u00e9n\u00e9ral, la respiration l&#8217;a rendu humide et sa capacit\u00e9 de filtration est r\u00e9duite. En cas de risque accru d&#8217;infection dans l&#8217;environnement imm\u00e9diat, il est donc recommand\u00e9 d&#8217;acheter plus d&#8217;un masque FFP2 afin de pouvoir le changer \u00e0 des intervalles plus courts.<\/p>\n<h2>Quand et o\u00f9 est-il recommand\u00e9 de porter un masque FFP2 ?<\/h2>\n<p>Dans les environnements de travail qui g\u00e9n\u00e8rent de grandes quantit\u00e9s de particules de poussi\u00e8re ou dans lesquels l&#8217;absence de germes est une priorit\u00e9 absolue, les masques de protection respiratoire font partie de la norme. Il est toutefois recommand\u00e9 d&#8217;acheter \u00e9galement des masques de protection FFP2, en Suisse comme dans l&#8217;UE, lorsqu&#8217;il existe un risque accru d&#8217;infection dans l&#8217;environnement imm\u00e9diat. Pour le personnel soignant et les collaborateurs du secteur de la sant\u00e9, une plus grande prudence est en principe de mise. Mais m\u00eame dans la vie quotidienne normale, seul un masque FFP2 garantit une protection efficace contre les virus et les a\u00e9rosols qui peuvent menacer votre sant\u00e9.<strong><a href=\"https:\/\/schutzmasken.ch\/fr\/shop\/Atemschutzmasken-FFP2-10er-Packung-CE-2834-p244608335\"> Achetez maintenant des masques de protection FFP2 \u00e0 un prix promotionnel<\/a><\/strong>.<\/p>\n<h2>Qu&#8217;est-ce qui diff\u00e9rencie les diff\u00e9rents masques FFP ?<\/h2>\n<p>Les masques FFP2 sont \u00e9galement les masques les plus r\u00e9pandus parmi les types FFP en Suisse. Outre les masques FFP2, il existe \u00e9galement des masques FFP1 et FFP3. Ils se distinguent par leur capacit\u00e9 de filtration. Celle-ci se r\u00e9f\u00e8re au pourcentage de particules jusqu&#8217;\u00e0 une taille de 0,6 um qui sont filtr\u00e9es dans l&#8217;air respir\u00e9.<\/p>\n<h3 class=\"accordion_title\">Masques de protection FFP<\/h3><div class=\"accordion\">\n\t<div id=\"accordion-1330623989\" class=\"accordion-item\">\n\t\t<a id=\"accordion-1330623989-label\" class=\"accordion-title plain\" href=\"#accordion-item-strongmasques-ffp1\/strong---masques-filtrants-face-piece-de-type-1\" aria-expanded=\"false\" aria-controls=\"accordion-1330623989-content\" >\n\t\t\t<button class=\"toggle\" aria-label=\"Attiva\/Disattiva\"><i class=\"icon-angle-down\"><\/i><\/button>\n\t\t\t<span><strong>Masques FFP1<\/strong> - Masques filtrants Face Piece de type 1<\/span>\n\t\t<\/a>\n\t\t<div id=\"accordion-1330623989-content\" class=\"accordion-inner\" aria-labelledby=\"accordion-1330623989-label\" >\n\t\t\t\n<p>Filtre au moins 80 pour cent de toutes les particules jusqu&#8217;\u00e0 0,6 um dans l&#8217;air. L&#8217;achat de tels masques de protection est surtout recommand\u00e9 pour les travaux de nettoyage ou les allergies au pollen. Pour bloquer efficacement les virus et les bact\u00e9ries, un masque FFP1 ne suffit pas.<\/p>\n\t\t<\/div>\n\t<\/div>\n\t\n\t<div id=\"accordion-1420760625\" class=\"accordion-item\">\n\t\t<a id=\"accordion-1420760625-label\" class=\"accordion-title plain\" href=\"#accordion-item-strongmasques-ffp2\/strong---filtering-face-piece-masken-des-typs-2\" aria-expanded=\"false\" aria-controls=\"accordion-1420760625-content\" >\n\t\t\t<button class=\"toggle\" aria-label=\"Attiva\/Disattiva\"><i class=\"icon-angle-down\"><\/i><\/button>\n\t\t\t<span><strong>Masques FFP2<\/strong> - Filtering Face Piece Masken des Typs 2<\/span>\n\t\t<\/a>\n\t\t<div id=\"accordion-1420760625-content\" class=\"accordion-inner\" aria-labelledby=\"accordion-1420760625-label\" >\n\t\t\t\n<p>Si vous souhaitez acheter des masques de protection, les masques <strong>FFP2 sont un bon choix<\/strong>. Ils filtrent au moins 94% de toutes les particules jusqu&#8217;\u00e0 0,6 um. Ils sont donc \u00e9galement adapt\u00e9s \u00e0 la protection contre les virus ou les bact\u00e9ries du groupe de risque 2. Parall\u00e8lement, les masques FFP2 offrent une protection et un confort optimaux \u00e0 tous ceux qui souhaitent acheter des masques de protection pour se prot\u00e9ger et prot\u00e9ger les autres.<\/p>\n<a href=\"https:\/\/schutzmasken.ch\/fr\/shop\/Atemschutzmasken-FFP2-CE-0598-CE-0099-p244608335\" target=\"_blank\" class=\"button primary is-primary is-medium\" rel=\"noopener\"  >\n\t\t<span>Acheter des masques FFP2<\/span>\n\t<\/a>\n\n\t\t<\/div>\n\t<\/div>\n\t\n\t<div id=\"accordion-21145038\" class=\"accordion-item\">\n\t\t<a id=\"accordion-21145038-label\" class=\"accordion-title plain\" href=\"#accordion-item-strongmasques-ffp3\/strong---filtering-face-piece-masken-des-typs-3\" aria-expanded=\"false\" aria-controls=\"accordion-21145038-content\" >\n\t\t\t<button class=\"toggle\" aria-label=\"Attiva\/Disattiva\"><i class=\"icon-angle-down\"><\/i><\/button>\n\t\t\t<span><strong>Masques FFP3<\/strong> - Filtering Face Piece Masken des Typs 3<\/span>\n\t\t<\/a>\n\t\t<div id=\"accordion-21145038-content\" class=\"accordion-inner\" aria-labelledby=\"accordion-21145038-label\" >\n\t\t\t\n<p>Ces mod\u00e8les filtrent au moins 99,5 % des particules jusqu&#8217;\u00e0 0,6 um de l&#8217;air respir\u00e9. Ils constituent une protection optimale, par exemple pour les travaux avec des substances canc\u00e9rig\u00e8nes comme l&#8217;amiante ou la manipulation de virus du groupe de risque 3. Pour le quotidien, il vaut la peine d&#8217;acheter de tels masques de protection si vous appartenez \u00e0 plusieurs groupes de risque.<\/p>\n\t\t<\/div>\n\t<\/div>\n\t\n<\/div>\n\t<div id=\"gap-348594656\" class=\"gap-element clearfix\" style=\"display:block; height:auto;\">\n\t\t\n<style>\n#gap-348594656 {\n  padding-top: 30px;\n}\n<\/style>\n\t<\/div>\n\t\n<a href=\"\/produkte\/\" class=\"button primary is-link\"  >\n\t\t<span>Tous les produits<\/span>\n\t<\/a>\n\n\t\t<\/div>\n\t\t\t\t\t<\/div>\n\n\t\n\n\t<div id=\"col-109279748\" class=\"col small-12 large-12\"  >\n\t\t\t\t<div class=\"col-inner text-left\"  >\n\t\t\t\n\t\t\t\n<p><strong><span style=\"color: #c0c0c0;\"><a style=\"color: #c0c0c0;\" title=\"Masques de protection respiratoire TYP-I\" href=\"https:\/\/schutzmasken.ch\/fr\/TYP-I-Atemschutzmasken-50er-Packung-solange-Vorrat-p191394838\">Masques de protection respiratoire TYP-I<\/a> | <a style=\"color: #c0c0c0;\" title=\"Masques de protection respiratoire TYP-IIR\" href=\"https:\/\/schutzmasken.ch\/fr\/TYP-IIR-Atemschutzmasken-50er-Packung-p218029168\">Masques de protection respiratoire TYP-IIR<\/a> | <a style=\"color: #c0c0c0;\" title=\"Masques de protection respiratoire-KN95-FFP2\" href=\"fr\/shop\/Atemschutzmasken-FFP2-CE-0598-CE-0099-p244608335\">Masques de protection respiratoire-KN95-FFP2<\/a> <!--| <a style=\"color: #c0c0c0;\" title=\"Atemschutzmasken-KN95-FFP2-mit-Ventil\" href=\"https:\/\/schutzmasken.ch\/Atemschutzmasken-KN95-FFP2-mit-Ventil-10er-Packung-p191530654\">Atemschutzmasken-KN95-FFP2-mit-Ventil<\/a> | <a style=\"color: #c0c0c0;\" title=\"Kinder-Atemschutzmasken\" href=\"https:\/\/schutzmasken.ch\/Kinder-Atemschutzmasken-50er-Packung-p222287863\">Kinder-Atemschutzmasken<\/a> | <a style=\"color: #c0c0c0;\" title=\"Atemschutzmasken-FFP3-mit-Ventil\" href=\"https:\/\/schutzmasken.ch\/Atemschutzmasken-FFP3-mit-Ventil-10er-Packung-p218010520\">Atemschutzmasken-FFP3-mit-Ventil<\/a>\u00a0| <a style=\"color: #c0c0c0;\" title=\"Sensor-Desinfektionsmittelspender\" href=\"https:\/\/schutzmasken.ch\/Sensor-Desinfektionsmittelspender-h%C3%B6henverstellbar-p213032690\">Sensor-Desinfektionsmittelspender<\/a> | <a style=\"color: #c0c0c0;\" title=\"Desinfektionsmittel\" href=\"https:\/\/schutzmasken.ch\/H%C3%A4nde-Desinfektionsmittel-CH-Produkt-100ml-p218048661\">Desinfektionsmittel<\/a> | <a style=\"color: #c0c0c0;\" title=\"Infrarot-Thermometer\" href=\"https:\/\/schutzmasken.ch\/Infrarot-Thermometer-p214818444\">Infrarot-Thermometer<\/a> | <a style=\"color: #c0c0c0;\" title=\"Hand-Gel-Antibacterial\" href=\"https:\/\/schutzmasken.ch\/Hand-Gel-Antibacterial-p196992117\">Hand-Gel-Antibacterial<\/a> | <a style=\"color: #c0c0c0;\" title=\"Gesichts-Visier\" href=\"https:\/\/schutzmasken.ch\/Gesichts-Visier-Tr%C3%B6pfchenschutz-p192336344\">Gesichts-Visier<\/a> | <a style=\"color: #c0c0c0;\" title=\"Schutzbrille-verstellbar\" href=\"https:\/\/schutzmasken.ch\/Schutzbrille-verstellbar-p214836901\">Schutzbrille-verstellbar<\/a> | <a style=\"color: #c0c0c0;\" title=\"Fingerpulsoximeter-PO30-medical\" href=\"https:\/\/schutzmasken.ch\/Fingerpulsoximeter-PO30-medical-p221189110\">Fingerpulsoximeter-PO30-medical<\/a> | <\/span><a title=\"Desinfektions-Tunnel\" href=\"https:\/\/schutzmasken.ch\/Desinfektions-Tunnel-p218029198\"><span style=\"color: #c0c0c0;\">Desinfektions-Tunnel<\/span><\/a> <span style=\"color: #c0c0c0;\">| <\/span><a title=\"Desinfektions-Tunnel\" href=\"https:\/\/schutzmasken.ch\/Wondfo-Covid-19-Antigen-Rapid-Test-20er-Packung-nur-solange-Vorrat-p307587639\"><span style=\"color: #c0c0c0;\">Wondfo COIVD-19 Antigen Schnelltests<\/span><\/a><\/strong--><\/p>\n\t\t<\/div>\n\t\t\t\t\t<\/div>\n\n\t\n<\/div>\n\t\t<\/div>\n\n\t\t\n<style>\n#section_373607126 {\n  padding-top: 60px;\n  padding-bottom: 60px;\n}\n<\/style>\n\t<\/section>\n\t\n<p><!--\n<\/p>\n\n\n\n\n\n\n\n\n<\/p>\n\n\n\n\n\n\n<\/p>\n\n\n\n\n<\/p>\n\n\n[section label=\"Schutzmasken\" bg_color=\"rgb(255,255,255)\" padding=\"0px\"]\n\n[divider align=\"center\" width=\"90px\" height=\"4px\" color=\"rgb(210, 224, 236)\"]\n\n[row h_align=\"center\"]\n\n[col span=\"8\" span__sm=\"12\" padding=\"0px 0px 0px 0px\" margin=\"0px 0px -15px 0px\" align=\"center\"]\n\n\n[\/col]\n\n[\/row]\n[row h_align=\"center\"]\n\n[col span__sm=\"12\"]\n\n\n\n<h2>Woran erkenne ich gepr\u00fcfte und zertifizierte Schutzmasken?<\/h2>\n\n\n\n\n<p>Wenn Sie Schutzmasken kaufen, sollten Sie die Produkte unbedingt n\u00e4her in Augenschein nehmen. Das gilt sowohl f\u00fcr die Masken selbst als auch f\u00fcr die Verpackungen. Nur so k\u00f6nnen Sie sicher sein, dass Sie Schutzmasken kaufen, die die angegebene Filterleistung erbringen. Auf welche Merkmale Sie beim Masken kaufen besonders achten sollten, haben wir hier f\u00fcr Sie zusammengefasst:<\/p>\n\n\n\n\n<ul>\n\n\n<li><strong>CE-Kennzeichnung<\/strong>: Stellen Sie beim Schutzmasken kauf sicher, dass auf dem Produkt (beim MNS ggf. auf der Verpackung) ein CE-Zeichen aufgedruckt ist. Dieses setzt sich aus den Buchstaben CE und einer vierstelligen Kennziffer f\u00fcr die Pr\u00fcfstelle (z. B. CE 2324) zusammen.<\/li>\n\n\n\n\n<li><strong>Maskentyp<\/strong>: Wenn Sie eine Schutzmaske kaufen, die als FFP3 ausgegeben ist, sollte dies auf der\u00a0Maske selbst aufgedruckt sein. Das gilt nat\u00fcrlich auch, wenn Sie FFP2-Schutzmasken kaufen.<\/li>\n\n\n\n\n<li><strong>Hersteller und Normkennzeichnung<\/strong>: Wenn Sie Schutzmasken kaufen, sehen Sie sich die Verpackung\u00a0genau an. Auf ihr sollten neben dem CE-Kennzeichen der Herstellername inkl. Adresse und die\u00a0Normkennzeichnung (EN 149:2001+A1:2009 bei FFP-Masken und EN 14683:2019+AC:2019 beim Mund-Nasen-Schutz) zu finden sein.<\/li>\n\n\n\n\n<li><strong>Konformit\u00e4tserkl\u00e4rung<\/strong>: Sie sollten nur Schutzmasken kaufen, denen eine Konformit\u00e4tserkl\u00e4rung\u00a0beiliegt. Auf dieser m\u00fcssen der Hersteller und seine Adresse identisch sein wie auf den Masken.\u00a0Meiden Sie Produkte, die weder eine solche Erkl\u00e4rung enthalten noch eine Internetadresse angeben, wo diese abgerufen werden kann.<\/li>\n\n\n<\/ul>\n\n\n\n\n<p>Die Empfehlungen der SUVA, worauf Sie achten m\u00fcssen, wenn Sie konforme Schutzmasken kaufen m\u00f6chten finden Sie <a href=\"https:\/\/www.suva.ch\/de-CH\/material\/Factsheets\/ffp2-oder-ffp3-masken-erkennen-suva\" target=\"_blank\" rel=\"noopener\">hier<\/a>.<\/p>\n\n\n\n\n<h2>\n[accordion title=\"<strong>Das sollten Sie wissen, wenn Sie Schutzmasken kaufen<\/strong>\"]\n\n<\/h2>\n\n\n[accordion-item title=\"Wie erkennt man die Qualit\u00e4t einer Atemschutzmaske?\"]\n\n\n\n<p>Die Qualit\u00e4t einer Schutzmaske erkennen Sie an den Zertifikaten. Ein weiteres entscheidendes Qualit\u00e4tsmerkmal ist die <strong>Filterleistung der Maske<\/strong>. Des Weiteren ist entscheidend, <strong>wie die Maske auf dem Gesicht anliegt<\/strong>. Die Maske muss m\u00f6glichst fest am Gesicht anliegen. Dadurch kann\u00a0<strong>an keiner Stelle ungefilterte Atemluft- ein oder austreten<\/strong>.<\/p>\n\n\n\n\n<p><strong>Schutzmaske vom Typ FFP2 und <a title=\"FFP3 Masken\" href=\"https:\/\/schutzmasken.ch\/ffp3-masken\/\">FFP3<\/a><\/strong> sch\u00fctzen den Tr\u00e4ger wirksam vor einer Infektion mit Viren und Bakterien.<\/p>\n\n\n\n[\/accordion-item]\n[accordion-item title=\"Was ist f\u00fcr die Schutzwirkung einer Hygienemaske wichtig?\"]\n\n\n\n<p>F\u00fcr die Schutzwirkung einer Hygienemaske oder einer Atemschutzmaske ist die\u00a0<strong>Qualit\u00e4t des Produkts entscheidend.\u00a0<\/strong><\/p>\n\n\n\n[\/accordion-item]\n[accordion-item title=\"Wie sch\u00fctzen Schutzmasken vor Ansteckungen?\"]\n\n\n\n<p>Schutzmasken bestehen aus mehrschichtigem Vlies oder Filtermaterial. Dieser halten Partikel zur\u00fcck und filtern Viren und \u00a0Bakterien. In folge dessen wir das Ansteckungsrisiko minimiert. Die Schutzmasken werden\u00a0mit Gummib\u00e4ndern an den Ohren befestigt.<\/p>\n\n\n\n[\/accordion-item]\n[accordion-item title=\"Schutzmasken kaufen: Mit oder ohne Ausatemventil?\"]\n\n\n\n<p>F\u00fcr die Schutzwirkung einer Hygienemaske oder einer Atemschutzmaske ist die\u00a0<strong>Qualit\u00e4t des Produkts entscheidend.\u00a0<\/strong><\/p>\n\n\n\n[\/accordion-item]\n[accordion-item title=\"Wie sch\u00fctzen Schutzmasken vor Ansteckungen?\"]\n\n\n\n<p>FFP-Schutzmasken sind sowohl mit als auch ohne Ausatemventil erh\u00e4ltlich. Das Ausatemventil\u00a0erleichtert das Abatmen der verbrauchten Luft. Das lange Tragen \u00fcber bis zu 8 Stunden gestaltet\u00a0sich damit deutlich angenehmer. Das gilt vor allem f\u00fcr <strong>FFP3- und FFP2-Masken<\/strong>.<\/p>\n\n\n\n\n<p>Da die Ausatemluft ungefiltert nach aussen dringt, sch\u00fctzen solche Schutzmasken zwar den Tr\u00e4ger,\u00a0nicht aber die Umgebung. Die Verwendung solcher Masken ist lediglich dann vertretbar, wenn alle\u00a0anderen Personen in der N\u00e4he ebenfalls mindestens eine FFP2-Maske tragen. FFP2-Masken ohne Ventil\u00a0sind daher f\u00fcr alle Beteiligten in den meisten Situationen die bessere Wahl.\u00a0<\/p>\n\n\n\n[\/accordion-item]\n\n[\/accordion]\n\n\n<p>--><\/p>\n\t<div id=\"gap-2078295305\" class=\"gap-element clearfix\" style=\"display:block; height:auto;\">\n\t\t\n<style>\n#gap-2078295305 {\n  padding-top: 15px;\n}\n<\/style>\n\t<\/div>\n\t\n<p><!--h2>Unsere Empfehlung f\u00fcr Sie:<\/h2>\n\n\n\n\n\n\n\n\n\n\nF\u00fcr den t\u00e4glichen Gebrauch empfehlen wir die kosteng\u00fcnstigen <strong>Hygienemasken vom Typ IIR<\/strong>, beispielsweise f\u00fcr den \u00f6ffentlichen Verkehr, und <a title=\"Alle Informationen zum Thema Atemschutzmasken\" href=\"https:\/\/schutzmasken.ch\/atemschutzmasken\/\">Atemschutzmasken<\/a> vom <strong>Typ FFP2 oder <a title=\"FFP3 Masken\" href=\"https:\/\/schutzmasken.ch\/ffp3-masken\/\">FFP3<\/a>, wenn Sie einer Risikogruppe angeh\u00f6ren<\/strong>.\n\nBestellen Sie gepr\u00fcfte Masken mit hohem Schutz in unserem <strong><a title=\"Schutzmasken Shop\" href=\"\/shop\">Schutzmasken Shop<\/a><\/strong>. Alle Produkte sind ab Lager lieferbar und werden mit PostPac Priority in die ganze Schweiz geliefert.\n\n\n\n\n\n\n\n\n\n\n<h3>Jetzt gepr\u00fcfte und zertifizierte Schutzmasken kaufen!<\/h3>\n\n\n\n\n\n\n\n\n\n\nM\u00f6chten Sie Schutzmasken kaufen, die alle vorgenannten Voraussetzungen\u00a0erf\u00fcllt, sind Sie auf Schutzmaske.ch bestens aufgehoben. Hier k\u00f6nnen Sie T\u00dcV-gepr\u00fcfte und nach\u00a0EU-Vorgaben zertifizierte Masken kaufen, mit denen Sie sich selbst und andere wirksam sch\u00fctzen\u00a0k\u00f6nnen. Und das auf Wunsch auch in gr\u00f6sseren St\u00fcckzahlen.\n<\/p>\n\n\n\n\n\n\n\n\n<\/p>\n\n\n\n\n\n\n<\/p>\n\n\n\n\n<\/p>\n\n\n[button text=\"Zu den Schutzmasken\" style=\"primary\" size=\"medium\" link=\"https:\/\/schutzmasken.ch\/shop\/\"]\n\n\n\n<p>--><\/p>\n[\/col]\n[\/row]\n[\/section]\n<\/p>\n\n\t<section class=\"section\" id=\"section_1103810303\">\n\t\t<div class=\"section-bg fill\" >\n\t\t\t\t\t\t\t\t\t\n\t\t\t\n\n\t\t<\/div>\n\n\t\t\n\n\t\t<div class=\"section-content relative\">\n\t\t\t\n<div class=\"row row-collapse align-bottom align-center row-dashed\"  id=\"row-469946029\">\n\n\t<div id=\"col-1960704607\" class=\"col medium-6 small-12 large-6\"  >\n\t\t\t\t<div class=\"col-inner text-center dark\"  >\n\t\t\t\n\t\t\t\n\n\t\t<div class=\"icon-box featured-box icon-box-left text-left\"  style=\"margin:px px px px;\">\n\t\t\t\t\t<div class=\"icon-box-img\" style=\"width: 27px\">\n\t\t\t\t<div class=\"icon\">\n\t\t\t\t\t<div class=\"icon-inner\" >\n\t\t\t\t\t\t<img loading=\"lazy\" decoding=\"async\" width=\"30\" height=\"30\" src=\"https:\/\/schutzmasken.ch\/wp-content\/uploads\/2020\/09\/delivery-rot.png\" class=\"attachment-medium size-medium\" alt=\"Schnelle Schutzmasken Lieferung\" \/>\t\t\t\t\t<\/div>\n\t\t\t\t<\/div>\n\t\t\t<\/div>\n\t\t\t\t<div class=\"icon-box-text last-reset\">\n\t\t\t\t\t\t\t\t\t\n<p><span style=\"font-size: 100%;\"><strong>Consegna rapida:<\/strong> Tutti i prodotti dal magazzino svizzero<\/span><\/p>\n\t\t<\/div>\n\t<\/div>\n\t\n\t\n\t\t<\/div>\n\t\t\t\t\n<style>\n#col-1960704607 > .col-inner {\n  padding: 0px 10px 0px 10px;\n}\n<\/style>\n\t<\/div>\n\n\t\n\n\t<div id=\"col-2018560447\" class=\"col medium-6 small-12 large-6\"  >\n\t\t\t\t<div class=\"col-inner text-center dark\"  >\n\t\t\t\n\t\t\t\n\n\t\t<div class=\"icon-box featured-box icon-box-left text-left\"  style=\"margin:px px px px;\">\n\t\t\t\t\t<div class=\"icon-box-img\" style=\"width: 25px\">\n\t\t\t\t<div class=\"icon\">\n\t\t\t\t\t<div class=\"icon-inner\" >\n\t\t\t\t\t\t<img loading=\"lazy\" decoding=\"async\" width=\"30\" height=\"30\" src=\"https:\/\/schutzmasken.ch\/wp-content\/uploads\/2020\/09\/rabatt-rot.png\" class=\"attachment-medium size-medium\" alt=\"Online Bezahlung\" \/>\t\t\t\t\t<\/div>\n\t\t\t\t<\/div>\n\t\t\t<\/div>\n\t\t\t\t<div class=\"icon-box-text last-reset\">\n\t\t\t\t\t\t\t\t\t\n<p><span style=\"font-size: 100%;\">Pagamento tramite:<strong> Fattura, carta di credito, Twint o PayPal<\/strong> <\/span><\/p>\n\t\t<\/div>\n\t<\/div>\n\t\n\t\n\t\t<\/div>\n\t\t\t\t\n<style>\n#col-2018560447 > .col-inner {\n  padding: 0px 10px 0px 10px;\n}\n<\/style>\n\t<\/div>\n\n\t\n<\/div>\n\t\t<\/div>\n\n\t\t\n<style>\n#section_1103810303 {\n  padding-top: 10px;\n  padding-bottom: 10px;\n  margin-bottom: 0px;\n  background-color: rgb(0,0,0);\n}\n<\/style>\n\t<\/section>\n\t\n  <div class=\"banner-grid-wrapper\">\n  <div id=\"banner-grid-432267276\" class=\"banner-grid row row-grid row-collapse row-full-width\" data-packery-options=\"\">\n                      \n<div class=\"col grid-col small-12 large-9 grid-col-1\" ><div class=\"col-inner\">\n<div class=\"slider-wrapper relative\" id=\"slider-650545450\" >\n    <div class=\"slider slider-nav-circle slider-nav-large slider-nav-light slider-style-normal\"\n        data-flickity-options='{\n            \"cellAlign\": \"center\",\n            \"imagesLoaded\": true,\n            \"lazyLoad\": 1,\n            \"freeScroll\": false,\n            \"wrapAround\": true,\n            \"autoPlay\": 6000,\n            \"pauseAutoPlayOnHover\" : true,\n            \"prevNextButtons\": false,\n            \"contain\" : true,\n            \"adaptiveHeight\" : true,\n            \"dragThreshold\" : 10,\n            \"percentPosition\": true,\n            \"pageDots\": false,\n            \"rightToLeft\": false,\n            \"draggable\": true,\n            \"selectedAttraction\": 0.1,\n            \"parallax\" : 0,\n            \"friction\": 0.6        }'\n        >\n        \n\n  <div class=\"banner has-hover\" id=\"banner-191632012\">\n          <div class=\"banner-inner fill\">\n        <div class=\"banner-bg fill\" >\n            <img loading=\"lazy\" decoding=\"async\" width=\"1020\" height=\"442\" src=\"https:\/\/schutzmasken.ch\/wp-content\/uploads\/2020\/09\/atemschutzmasken-slider-opmasken-1400x607.jpg\" class=\"bg attachment-large size-large\" alt=\"Schutzmasken Onlineshop\" \/>                        <div class=\"overlay\"><\/div>            \n                    <\/div>\n\t\t\n        <div class=\"banner-layers container\">\n            <div class=\"fill banner-link\"><\/div>            \n   <div id=\"text-box-1762109675\" class=\"text-box banner-layer hide-for-medium x50 md-x50 lg-x50 y80 md-y80 lg-y80 res-text\">\n                                <div class=\"text-box-content text dark\">\n              \n              <div class=\"text-inner text-left\">\n                  \n<h2 class=\"alt-font\"><span style=\"color: #000000;\">Maschere protettive negozio online<\/span><\/h2>\n<h2 class=\"uppercase\"><span style=\"font-size: 150%;\"><strong> Maschere<br \/>\nrespiratorie testate<br \/>\ne certificate <\/strong><\/span><\/h2>\n<div class=\"is-divider divider clearfix\" ><\/div>\n<a href=\"\/shop\/\" class=\"button primary is-larger\"  >\n\t\t<span>Ordina maschere protettive<\/span>\n\t<\/a>\n\n              <\/div>\n           <\/div>\n                            \n<style>\n#text-box-1762109675 {\n  width: 80%;\n}\n#text-box-1762109675 .text-box-content {\n  font-size: 100%;\n}\n@media (min-width:550px) {\n  #text-box-1762109675 {\n    width: 80%;\n  }\n}\n<\/style>\n    <\/div>\n \n   <div id=\"text-box-1991373804\" class=\"text-box banner-layer show-for-small x50 md-x50 lg-x50 y80 md-y80 lg-y80 res-text\">\n                                <div class=\"text-box-content text dark\">\n              \n              <div class=\"text-inner text-left\">\n                  \n<h2 class=\"alt-font\"><span style=\"color: #000000;\">Maschere protettive negozio online<\/span><\/h2>\n<h2 class=\"uppercase\"><span style=\"font-size: 70%; color: #000000;\"><strong> MASCHERE<br \/>\nund RESPIRATORIE TESTATE<br \/>\nET E CERTIFICATE<\/strong><\/span><\/h2>\n<div class=\"is-divider divider clearfix\" ><\/div>\n<a href=\"\/shop\/\" class=\"button primary is-larger\"  >\n\t\t<span>Ordina maschere protettive<\/span>\n\t<\/a>\n\n              <\/div>\n           <\/div>\n                            \n<style>\n#text-box-1991373804 {\n  width: 80%;\n}\n#text-box-1991373804 .text-box-content {\n  font-size: 100%;\n}\n@media (min-width:550px) {\n  #text-box-1991373804 {\n    width: 80%;\n  }\n}\n<\/style>\n    <\/div>\n \n        <\/div>\n      <\/div>\n\n            \n<style>\n#banner-191632012 {\n  padding-top: 500px;\n}\n#banner-191632012 .overlay {\n  background-color: rgba(43, 56, 139, 0.16);\n}\n#banner-191632012 .banner-bg img {\n  object-position: 89% 0%;\n}\n<\/style>\n  <\/div>\n\n\n     <\/div>\n\n     <div class=\"loading-spin dark large centered\"><\/div>\n\n\t<\/div>\n\n\n<\/div><\/div>\n<div class=\"col grid-col small-12 large-3 grid-col-3-4 hide-for-medium\" ><div class=\"col-inner\">\n\n  <div class=\"banner has-hover\" id=\"banner-1572359236\">\n          <div class=\"banner-inner fill\">\n        <div class=\"banner-bg fill\" >\n                                                \n                    <\/div>\n\t\t\n        <div class=\"banner-layers container\">\n            <div class=\"fill banner-link\"><\/div>            \n   <div id=\"text-box-565148415\" class=\"text-box banner-layer x50 md-x50 lg-x50 y50 md-y50 lg-y50 res-text\">\n                                <div class=\"text-box-content text dark\">\n              \n              <div class=\"text-inner text-center\">\n                  \n<h4 class=\"uppercase\"><span style=\"font-size: 190%;\"><strong>Maschere testate e certificate T\u00dcV \/ DEKRA \/ CE.<\/strong><\/span><\/h4>\n\t<div id=\"gap-684247520\" class=\"gap-element clearfix\" style=\"display:block; height:auto;\">\n\t\t\n<style>\n#gap-684247520 {\n  padding-top: 15px;\n}\n<\/style>\n\t<\/div>\n\t\n<p><span style=\"font-size: 180%;\">Puoi ordinare da noi online le maschere testate e certificate in modo semplice, veloce e senza complicazioni \u2013 anche su fattura!<\/span><\/p>\n<p><span style=\"font-size: 180%;\">Rivenditori e clienti commerciali: naturalmente continuiamo a fornire le maschee a tutti i clienti commerciali. Richieste per quantitativi maggiori da magazzino possono essere effettuate all\u2019indirizzo info@schutzmasken.ch o per telefono al numero +41 43 500 00 26.<\/span><\/p>\n              <\/div>\n           <\/div>\n                            \n<style>\n#text-box-565148415 {\n  width: 87%;\n}\n#text-box-565148415 .text-box-content {\n  font-size: 100%;\n}\n<\/style>\n    <\/div>\n \n        <\/div>\n      <\/div>\n\n            \n<style>\n#banner-1572359236 {\n  padding-top: 160px;\n  background-color: #d92e17;\n}\n<\/style>\n  <\/div>\n\n\n<\/div><\/div>\n<div class=\"col grid-col small-12 large-3 grid-col-1-4 hide-for-medium\" ><div class=\"col-inner\">\n\n  <div class=\"banner has-hover\" id=\"banner-1455735447\">\n          <div class=\"banner-inner fill\">\n        <div class=\"banner-bg fill\" >\n                                                \n                    <\/div>\n\t\t\n        <div class=\"banner-layers container\">\n            <div class=\"fill banner-link\"><\/div>            \n   <div id=\"text-box-918726380\" class=\"text-box banner-layer x50 md-x50 lg-x50 y50 md-y50 lg-y50 res-text\">\n                                <div class=\"text-box-content text \">\n              \n              <div class=\"text-inner text-center\">\n                  \n\t<div class=\"img has-hover x md-x lg-x y md-y lg-y\" id=\"image_718143808\">\n\t\t\t\t\t\t\t\t<div class=\"img-inner dark\" >\n\t\t\t<img loading=\"lazy\" decoding=\"async\" width=\"660\" height=\"200\" src=\"https:\/\/schutzmasken.ch\/wp-content\/uploads\/2020\/12\/zertificates-logos.png\" class=\"attachment-original size-original\" alt=\"Schutzmasken kaufen, Schutzmasken kaufen Schweiz, FFP2 Masken, FFP2 Masken, kaufen corona schnelltest, corona antigen Tes,t Kinder Schutzmasken\" \/>\t\t\t\t\t\t\n\t\t\t\t\t<\/div>\n\t\t\t\t\t\t\t\t\n<style>\n#image_718143808 {\n  width: 100%;\n}\n<\/style>\n\t<\/div>\n\t\n              <\/div>\n           <\/div>\n                            \n<style>\n#text-box-918726380 {\n  width: 87%;\n}\n#text-box-918726380 .text-box-content {\n  font-size: 100%;\n}\n<\/style>\n    <\/div>\n \n        <\/div>\n      <\/div>\n\n            \n<style>\n#banner-1455735447 {\n  padding-top: 160px;\n  background-color: rgb(255,255,255);\n}\n<\/style>\n  <\/div>\n\n\n<\/div><\/div>\n<div class=\"col grid-col small-12 large-3 grid-col-1 show-for-small\" ><div class=\"col-inner\">\n\n  <div class=\"banner has-hover\" id=\"banner-933582239\">\n          <div class=\"banner-inner fill\">\n        <div class=\"banner-bg fill\" >\n                                                \n                    <\/div>\n\t\t\n        <div class=\"banner-layers container\">\n            <div class=\"fill banner-link\"><\/div>            \n   <div id=\"text-box-675385682\" class=\"text-box banner-layer x50 md-x50 lg-x50 y50 md-y50 lg-y50 res-text\">\n                                <div class=\"text-box-content text \">\n              \n              <div class=\"text-inner text-center\">\n                  \n<h2 class=\"uppercase\"><span style=\"font-size: 70%;\"><strong>Maschere testate e certificate T\u00dcV \/ DEKRA \/ CE.<\/strong><\/span><\/h2>\n\t<div id=\"gap-2012509100\" class=\"gap-element clearfix\" style=\"display:block; height:auto;\">\n\t\t\n<style>\n#gap-2012509100 {\n  padding-top: 15px;\n}\n<\/style>\n\t<\/div>\n\t\n\t<div class=\"img has-hover x md-x lg-x y md-y lg-y\" id=\"image_998042500\">\n\t\t\t\t\t\t\t\t<div class=\"img-inner dark\" >\n\t\t\t<img loading=\"lazy\" decoding=\"async\" width=\"660\" height=\"200\" src=\"https:\/\/schutzmasken.ch\/wp-content\/uploads\/2020\/09\/zert-logos.png\" class=\"attachment-large size-large\" alt=\"zertifizierte Atemschutzmasken\" \/>\t\t\t\t\t\t\n\t\t\t\t\t<\/div>\n\t\t\t\t\t\t\t\t\n<style>\n#image_998042500 {\n  width: 90%;\n}\n@media (min-width:550px) {\n  #image_998042500 {\n    width: 90%;\n  }\n}\n<\/style>\n\t<\/div>\n\t\n\t<div id=\"gap-463658368\" class=\"gap-element clearfix\" style=\"display:block; height:auto;\">\n\t\t\n<style>\n#gap-463658368 {\n  padding-top: 15px;\n}\n<\/style>\n\t<\/div>\n\t\n<p><span style=\"font-size: 130%;\">Puoi ordinare da noi online le maschere testate e certificate in modo semplice, veloce e senza complicazioni \u2013 anche su fattura!<\/span><\/p>\n<p><span style=\"font-size: 130%;\">Rivenditori e clienti commerciali: naturalmente continuiamo a fornire le maschee a tutti i clienti commerciali. Richieste per quantitativi maggiori da magazzino possono essere effettuate all\u2019indirizzo info@schutzmasken.ch o per telefono al numero +41 43 500 00 26.<\/span><\/p>\n              <\/div>\n           <\/div>\n                            \n<style>\n#text-box-675385682 {\n  width: 87%;\n}\n#text-box-675385682 .text-box-content {\n  font-size: 100%;\n}\n<\/style>\n    <\/div>\n \n        <\/div>\n      <\/div>\n\n            \n<style>\n#banner-933582239 {\n  padding-top: 160px;\n  background-color: rgb(255,255,255);\n}\n<\/style>\n  <\/div>\n\n\n<\/div><\/div>\n            <\/div>\n    <style>\n    #banner-grid-432267276 .grid-col-1{height: 600px}\n    #banner-grid-432267276 .grid-col-1-2{height: 300px}\n    #banner-grid-432267276 .grid-col-1-3{height:200px}\n    #banner-grid-432267276 .grid-col-2-3{height: 400px}\n    #banner-grid-432267276 .grid-col-1-4{height: 150px}\n    #banner-grid-432267276 .grid-col-3-4{height: 450px}\n\n\n    \n    \n\n  <\/style>\n    <\/div>\n  \n\n\t<section class=\"section dark\" id=\"section_1739416882\">\n\t\t<div class=\"section-bg fill\" >\n\t\t\t\t\t\t\t\t\t<div class=\"section-bg-overlay absolute fill\"><\/div>\n\t\t\t\n\n\t\t<\/div>\n\n\t\t\n\n\t\t<div class=\"section-content relative\">\n\t\t\t\n<div class=\"row row-collapse align-middle align-center\"  id=\"row-90753734\">\n\n\t<div id=\"col-680361776\" class=\"col small-12 large-12\"  >\n\t\t\t\t<div class=\"col-inner text-center\"  >\n\t\t\t\n\t\t\t\n<h3>Informazioni per i clienti: Abbiamo tutti i prodotti in magazzino e spediamo il giorno stesso<\/h3>\n\t\t<\/div>\n\t\t\t\t\n<style>\n#col-680361776 > .col-inner {\n  padding: 10px 0px 0px 0px;\n}\n<\/style>\n\t<\/div>\n\n\t\n<\/div>\n\t\t<\/div>\n\n\t\t\n<style>\n#section_1739416882 {\n  padding-top: 0px;\n  padding-bottom: 0px;\n  background-color: rgb(255,255,255);\n}\n#section_1739416882 .section-bg-overlay {\n  background-color: #d92e17;\n}\n<\/style>\n\t<\/section>\n\t\n\t<div id=\"gap-525415392\" class=\"gap-element clearfix\" style=\"display:block; height:auto;\">\n\t\t\n<style>\n#gap-525415392 {\n  padding-top: 50px;\n}\n<\/style>\n\t<\/div>\n\t\n<div class=\"container section-title-container\" ><h4 class=\"section-title section-title-center\"><b><\/b><span class=\"section-title-main\" style=\"font-size:200%;\">I nostri prodotti<\/span><b><\/b><\/h4><\/div>\n\n\t<section class=\"section\" id=\"section_1007875932\">\n\t\t<div class=\"section-bg fill\" >\n\t\t\t\t\t\t\t\t\t\n\t\t\t\n\n\t\t<\/div>\n\n\t\t\n\n\t\t<div class=\"section-content relative\">\n\t\t\t\n<div class=\"row row-collapse\"  id=\"row-16081954\">\n\n\t<div id=\"col-11221451\" class=\"col small-12 large-12\"  >\n\t\t\t\t<div class=\"col-inner\"  >\n\t\t\t\n\t\t\t\n\t\t<!--noptimize-->\n\t\t<script data-cfasync=\"false\" data-no-optimize=\"1\">\n\t\t\tif( typeof document.documentElement.id == 'undefined' || document.documentElement.id === '' ) {\n\t\t\t\tdocument.documentElement.id = 'ecwid_html';\n\t\t\t}\n\n\t\t\tif( typeof document.body.id == 'undefined' || document.body.id === '' ) {\n\t\t\t\tdocument.body.id = 'ecwid_body';\n\t\t\t}\n\t\t<\/script>\n\t\t<!--\/noptimize-->\n\t\t\t\t<!--noptimize-->\n\t\t<script data-cfasync=\"false\" data-no-optimize=\"1\" type=\"text\/javascript\">\n\t\t\tfunction createClass(name,rules){\n\t\t\t\tvar style = document.createElement('style');\n\t\t\t\tstyle.type = 'text\/css';\n\t\t\t\tdocument.getElementsByTagName('head')[0].appendChild(style);\n\t\t\t\tif(!(style.sheet||{}).insertRule) \n\t\t\t\t\t(style.styleSheet || style.sheet).addRule(name, rules);\n\t\t\t\telse\n\t\t\t\t\tstyle.sheet.insertRule(name+'{'+rules+'}',0);\n\n\t\t\t\tdocument.addEventListener(\"DOMContentLoaded\", function() {\n\t\t\t\t\tvar static = document.getElementById('static-ec-store-container');\n\t\t\t\t\tstatic.parentNode.removeChild(static);\n\t\t\t\t});\n\t\t\t}\n\t\t\tcreateClass('#static-ec-store-container','display:none;');\n\t\t<\/script>\n\t\t<!--\/noptimize-->\n\t\t<div id=\"dynamic-ec-store-container\" class=\"\"><!-- Ecwid shopping cart plugin v 7.0.8 --><!--noptimize--><script data-cfasync=\"false\" data-no-optimize=\"1\" src=\"https:\/\/app.ecwid.com\/script.js?28197001&data_platform=wporg&lang=it\"><\/script><script data-cfasync=\"false\" data-no-optimize=\"1\">if (typeof jQuery !== undefined && jQuery.mobile) { jQuery.mobile.hashListeningEnabled = false; jQuery.mobile.pushStateEnabled=false; }<\/script><!--\/noptimize--><div id=\"ecwid-store-28197001\" class=\"ecwid-shopping-cart-product-browser\" data-ecwid-default-category-id=\"0\"><\/div><script data-cfasync=\"false\" data-no-optimize=\"1\" type=\"text\/javascript\">xProductBrowser(\"id=ecwid-store-28197001\",\"views=grid(20,3) list(60) table(60)\",\"default_page=\");<\/script><!-- END Ecwid Shopping Cart v 7.0.8 --><\/div>\n<div id=\"static-ec-store-container\"><div class=\"static-content\"><div lang=\"it\" class=\"ec-storefront-v3-ssr ecwid-no-touch ecwid-supports-cssanimations ec-size ec-size--xxs ec-size--xs ec-size--s ec-size--m ec-size--l ec-size--xl ecwid-responsive ecwid-no-dragndrop\" style=\"opacity:0;\"><a id=\"ec-storefront-v3-top-scroller\" style=\"width:0;height:0;position:absolute;display:block;\"><\/a><!--[--><div><div class=\"ecwid-productBrowser ecwid-productBrowser-v3 ecwid-productBrowser-CategoryPage ecwid-productBrowser-CategoryPage-0\"><div><div><div class=\"ecwid-productBrowser-head\"><\/div><div><div class=\"ec-wrapper\"><!--[--><!--[--><style>\n<\/style><div class=\"ec-store ec-store__category-page ec-store__category-page--0 ec-store--large-category-images ec-store--large-product-images\"><div class=\"ec-store__content-wrapper ec-store__content-wrapper--wide\"><div><!--[--><!----><!--]--><!--[--><!--[--><div class=\"ec-grid grid__wrap\"><div class=\"grid__description\"><div class=\"grid__description-inner\"><p><strong>Informazioni per i clienti:<\/strong> tutte le mascherine protettive sono disponibili in magazzino, <strong>con spedizione dei vostri articoli oggi <\/strong>stesso tramite Post Priority (posta A).<\/p><\/div><\/div><div><section class=\"\"><!----><div class=\"grid__sort ec-text-muted\"><!----><div class=\"form-control form-control--select-inline grid-sort__item grid-sort__item--sortby\"><label for=\"ec-products-sort\"><div class=\"form-control__select-text\">Ordina per<\/div><select id=\"ec-products-sort\" class=\"form-control__select\"><!--[--><option value=\"\" selected>Consigliato<\/option><option value=\"addedTimeDesc\">Ultimi arrivi<\/option><option value=\"priceAsc\">Prezzo: crescente<\/option><option value=\"priceDesc\">Prezzo: decrescente<\/option><option value=\"nameAsc\">Nome: A-Z<\/option><option value=\"nameDesc\">Nome: Z-A<\/option><!--]--><\/select><\/label><div class=\"form-control__arrow\"><svg width=\"12\" height=\"12\" viewBox=\"0 0 12 12\" xmlns=\"http:\/\/www.w3.org\/2000\/svg\"><path d=\"M11 4L6 9 1 4\" fill=\"none\" fill-rule=\"evenodd\" stroke=\"currentColor\" stroke-width=\"1\" stroke-linecap=\"round\" stroke-linejoin=\"round\"><\/path><\/svg><\/div><\/div><\/div><\/section><div class=\"grid__wrap\"><div class=\"grid__filters\"><div class=\"ec-filters ec-filters--inline ec-filters--right ec-filters--animation-closed ec-filters--section-opened ec-filters--sticky-bar\"><div class=\"ec-filters__wrap\"><div class=\"ec-filters__wrap-inner\"><div class=\"ec-filters__top\"><h2 class=\"ec-filters__title ec-header-h2\">Filtri<\/h2><div class=\"ec-filter__clear\"><a class=\"ec-link ec-link--muted ec-filters__clear-all-link\" tabindex=\"0\" href=\"javascript:\" role=\"button\">Cancella tutto<\/a><\/div><\/div><div class=\"ec-filters__summary\"><!----><div class=\"ec-filters__applied ec-filters__applied--empty\"><div class=\"ec-filters__applied-head\"><div class=\"ec-filter__head\"><div class=\"ec-filter__name ec-header-h6\"><div class=\"ec-filter__name-inner\">Filtri<\/div><\/div><div class=\"ec-filter__clear\"><a class=\"ec-link ec-link--muted ec-filters__clear-all-link\" tabindex=\"0\" href=\"javascript:\" role=\"button\">Cancella tutto<\/a><\/div><\/div><\/div><div class=\"ec-filters__applied-body\"><!--[--><!--]--><\/div><\/div><\/div><div class=\"ec-filters__body\"><div><!----><\/div><div class=\"filters-button-container\"><div class=\"form-control form-control--button form-control--large form-control--primary form-control--flexible form-control--done form-control--no-animation\"><button class=\"form-control__button\" type=\"button\"><!----><!----><span class=\"form-control__button-text\"><!--[-->Mostra prodotti<!--]--><\/span><!----><\/button><\/div><\/div><\/div><\/div><\/div><div class=\"filters-sticky-bar\"><div class=\"form-control form-control--button form-control--large form-control--primary form-control--flexible form-control--done form-control--no-animation\"><button class=\"form-control__button\" type=\"button\"><!----><!----><span class=\"form-control__button-text\"><!--[-->Mostra prodotti<!--]--><\/span><!----><\/button><\/div><\/div><\/div><div class=\"ec-filters__products\"><!----><!--[--><!--[--><!--[--><!----><!----><!----><!--]--><!----><div class=\"grid__wrap-inner\"><div class=\"grid__products grid__products--classic grid__products--layout-left grid__products--aspect-ratio-1 grid__products--large-items\" data-items=\"15\" data-cols=\"3\" style=\"max-width:10000px;\"><!--[--><div class=\"grid-product grid-product--id-474775324 grid-product--has-shadow\"><div class=\"grid-product__wrap\" data-product-id=\"474775324\"><div class=\"grid-product__scroller grid-product__scroller--id-474775324\"><\/div><div class=\"grid-product__wrap-inner\"><!--[--><a href=\"https:\/\/schutzmasken.ch\/it\/DOC-NFW-FFP2-Masken-Weiss-20er-Box-p474775324\" class=\"grid-product__image\" title=\"Maschere DOC NFW FFP2 - Bianco - Scatola da 20\" data-product-id=\"474775324\"><!--[--><div class=\"grid-product__spacer\"><div class=\"grid-product__spacer-inner\"><\/div><\/div><div class=\"grid-product__bg\" style=\"background-color:#ffffff;\"><\/div><div class=\"grid-product__image-wrap\"><div class=\"grid-product__label\" is-only-preorder-available=\"false\"><div class=\"ec-label label--notice\" style=\"\"><div class=\"label__text\"><!--[-->In saldo<!--]--><\/div><\/div><\/div><img  src=\"https:\/\/d2j6dbq0eux0bg.cloudfront.net\/images\/28197001\/4368193957.jpg\" srcset=\"https:\/\/d2j6dbq0eux0bg.cloudfront.net\/images\/28197001\/4368193957.jpg 1x\" alt=\"Maschere DOC NFW FFP2 - Bianco - Scatola da 20\" title=\"Maschere DOC NFW FFP2 - Bianco - Scatola da 20\" width=\"2580\" height=\"2150\" loading=\"lazy\" style=\"width:100%;height:auto;margin-top:8.333333333333329%;\" class=\"grid-product__picture\" decoding=\"async\"><!----><\/div><div class=\"grid-product__shadow ec-text-muted\"><div class=\"grid-product__shadow-inner\">Maschere DOC NFW FFP2 - Bianco - Scatola da 20<\/div><\/div><div class=\"grid__clearfix\"><\/div><div class=\"grid-product__hover-wrap\"><!----><!----><!----><!----><!----><!----><\/div><!--]--><\/a><!----><a href=\"https:\/\/schutzmasken.ch\/it\/DOC-NFW-FFP2-Masken-Weiss-20er-Box-p474775324\" class=\"grid-product__title\" title=\"Maschere DOC NFW FFP2 - Bianco - Scatola da 20\" data-product-id=\"474775324\"><!--[--><!----><!----><div class=\"grid-product__title-inner\">Maschere DOC NFW FFP2 - Bianco - Scatola da 20<\/div><!----><!--]--><\/a><!----><!----><!----><div class=\"grid-product__price\"><div class=\"grid-product__price-compare ec-text-muted\"><div class=\"grid-product__textblock\"><span class=\"grid-product__price-label\">was<\/span>   <s>CHF 37.80<\/s><\/div>   <div class=\"grid-product__textblock grid-product__price-label\">Risparmia   <!--[-->40%<!--]--><\/div><\/div><div class=\"grid-product__price-amount\"><div class=\"grid-product__price-value ec-price-item\"><!--[-->CHF 22.60<!--]--><\/div><\/div><!----><!----><!----><!----><\/div><!----><!----><div class=\"grid-product__button grid-product__buy-now\"><div class=\"form-control form-control--button form-control--medium form-control--secondary form-control--animated form-control--done form-control--no-animation\" data-product-id=\"474775324\"><button class=\"form-control__button form-control__button--icon-center\" type=\"button\"><!----><!----><span class=\"form-control__button-text\"><!--[--> Acquista Ora<!--]--><\/span><span class=\"form-control__button-svg\"><span class=\"svg-icon\"><!--[--><svg width=\"27\" height=\"23\" viewBox=\"0 0 27 23\" xmlns=\"http:\/\/www.w3.org\/2000\/svg\"><path class=\"svg-line-check\" d=\"M1.97 11.94L10.03 20 25.217 2\" fill=\"none\" fill-rule=\"evenodd\" stroke=\"currentColor\" stroke-width=\"3\" stroke-linecap=\"round\"><\/path><\/svg><!--]--><\/span><\/span><\/button><\/div><div class=\"grid-product__button-justify-inner\"><!----><!----><\/div><\/div><!----><!--]--><\/div><\/div><script>\n  (function () {\n    var container = document.querySelector(`.grid-product--id-474775324`);\n    var img = container?.getElementsByTagName(`img`)[0];\n    if (!img) return;\n    if (!img.complete || img.naturalHeight === 0) {\n      container?.classList.add(`grid-product--loading`);\n      function callback(){\n        container?.classList.remove(`grid-product--loading`);\n        img.removeEventListener(`load`, callback);\n      };\n      img?.addEventListener(`load`, callback);\n    }\n   })();\n  <\/script><\/div><div class=\"grid-product grid-product--id-267855053 grid-product--has-shadow\"><div class=\"grid-product__wrap\" data-product-id=\"267855053\"><div class=\"grid-product__scroller grid-product__scroller--id-267855053\"><\/div><div class=\"grid-product__wrap-inner\"><!--[--><a href=\"https:\/\/schutzmasken.ch\/it\/Atemschutzmasken-3M-FFP3-Aura-9332-mit-Ventil-10er-Packung-p267855053\" class=\"grid-product__image\" title=\"Respiratori FFP3 con valvola - confezione da 10\" data-product-id=\"267855053\"><!--[--><div class=\"grid-product__spacer\"><div class=\"grid-product__spacer-inner\"><\/div><\/div><div class=\"grid-product__bg\" style=\"background-color:#ffffff;\"><\/div><div class=\"grid-product__image-wrap\"><div class=\"grid-product__label\" is-only-preorder-available=\"false\"><div class=\"ec-label label--notice\" style=\"\"><div class=\"label__text\"><!--[-->In saldo<!--]--><\/div><\/div><\/div><img  src=\"https:\/\/d2j6dbq0eux0bg.cloudfront.net\/images\/28197001\/2756148872.jpg\" srcset=\"https:\/\/d2j6dbq0eux0bg.cloudfront.net\/images\/28197001\/2756148872.jpg 1x\" alt=\"Respiratori FFP3 con valvola - confezione da 10\" title=\"Respiratori FFP3 con valvola - confezione da 10\" width=\"2100\" height=\"1750\" loading=\"lazy\" style=\"width:100%;height:auto;margin-top:8.333333333333329%;\" class=\"grid-product__picture\" decoding=\"async\"><!----><\/div><div class=\"grid-product__shadow ec-text-muted\"><div class=\"grid-product__shadow-inner\">Respiratori FFP3 con valvola - confezione da 10<\/div><\/div><div class=\"grid__clearfix\"><\/div><div class=\"grid-product__hover-wrap\"><!----><!----><!----><!----><!----><!----><\/div><!--]--><\/a><!----><a href=\"https:\/\/schutzmasken.ch\/it\/Atemschutzmasken-3M-FFP3-Aura-9332-mit-Ventil-10er-Packung-p267855053\" class=\"grid-product__title\" title=\"Respiratori FFP3 con valvola - confezione da 10\" data-product-id=\"267855053\"><!--[--><!----><!----><div class=\"grid-product__title-inner\">Respiratori FFP3 con valvola - confezione da 10<\/div><!----><!--]--><\/a><!----><!----><!----><div class=\"grid-product__price\"><div class=\"grid-product__price-compare ec-text-muted\"><div class=\"grid-product__textblock\"><span class=\"grid-product__price-label\">was<\/span>   <s>CHF 161.05<\/s><\/div>   <div class=\"grid-product__textblock grid-product__price-label\">Risparmia   <!--[-->45%<!--]--><\/div><\/div><div class=\"grid-product__price-amount\"><div class=\"grid-product__price-value ec-price-item\"><!--[-->CHF 89.35<!--]--><\/div><\/div><!----><!----><!----><!----><\/div><!----><!----><div class=\"grid-product__button grid-product__buy-now\"><div class=\"form-control form-control--button form-control--medium form-control--secondary form-control--animated form-control--done form-control--no-animation\" data-product-id=\"267855053\"><button class=\"form-control__button form-control__button--icon-center\" type=\"button\"><!----><!----><span class=\"form-control__button-text\"><!--[--> Acquista Ora<!--]--><\/span><span class=\"form-control__button-svg\"><span class=\"svg-icon\"><!--[--><svg width=\"27\" height=\"23\" viewBox=\"0 0 27 23\" xmlns=\"http:\/\/www.w3.org\/2000\/svg\"><path class=\"svg-line-check\" d=\"M1.97 11.94L10.03 20 25.217 2\" fill=\"none\" fill-rule=\"evenodd\" stroke=\"currentColor\" stroke-width=\"3\" stroke-linecap=\"round\"><\/path><\/svg><!--]--><\/span><\/span><\/button><\/div><div class=\"grid-product__button-justify-inner\"><!----><!----><\/div><\/div><!----><!--]--><\/div><\/div><script>\n  (function () {\n    var container = document.querySelector(`.grid-product--id-267855053`);\n    var img = container?.getElementsByTagName(`img`)[0];\n    if (!img) return;\n    if (!img.complete || img.naturalHeight === 0) {\n      container?.classList.add(`grid-product--loading`);\n      function callback(){\n        container?.classList.remove(`grid-product--loading`);\n        img.removeEventListener(`load`, callback);\n      };\n      img?.addEventListener(`load`, callback);\n    }\n   })();\n  <\/script><\/div><div class=\"grid-product grid-product--id-472066563 grid-product--has-shadow\"><div class=\"grid-product__wrap\" data-product-id=\"472066563\"><div class=\"grid-product__scroller grid-product__scroller--id-472066563\"><\/div><div class=\"grid-product__wrap-inner\"><!--[--><a href=\"https:\/\/schutzmasken.ch\/it\/Intco-Synguard%C2%AE-Nitril-Handschuhe-p472066563\" class=\"grid-product__image\" title=\"Guanti da esame Synguard\u00ae in nitrile\" data-product-id=\"472066563\"><!--[--><div class=\"grid-product__spacer\"><div class=\"grid-product__spacer-inner\"><\/div><\/div><div class=\"grid-product__bg\" style=\"background-color:#ffffff;\"><\/div><div class=\"grid-product__image-wrap\"><div class=\"grid-product__label\" is-only-preorder-available=\"false\"><div class=\"ec-label label--notice\" style=\"\"><div class=\"label__text\"><!--[-->In saldo<!--]--><\/div><\/div><\/div><img  src=\"https:\/\/d2j6dbq0eux0bg.cloudfront.net\/images\/28197001\/3113887614.jpg\" srcset=\"https:\/\/d2j6dbq0eux0bg.cloudfront.net\/images\/28197001\/3113887614.jpg 1x\" alt=\"Guanti da esame Synguard\u00ae in nitrile\" title=\"Guanti da esame Synguard\u00ae in nitrile\" width=\"699\" height=\"410\" loading=\"lazy\" style=\"width:100%;height:auto;margin-top:20.67238912732475%;\" class=\"grid-product__picture\" decoding=\"async\"><!----><\/div><div class=\"grid-product__shadow ec-text-muted\"><div class=\"grid-product__shadow-inner\">Guanti da esame Synguard\u00ae in nitrile<\/div><\/div><div class=\"grid__clearfix\"><\/div><div class=\"grid-product__hover-wrap\"><!----><!----><!----><!----><!----><!----><\/div><!--]--><\/a><!----><a href=\"https:\/\/schutzmasken.ch\/it\/Intco-Synguard%C2%AE-Nitril-Handschuhe-p472066563\" class=\"grid-product__title\" title=\"Guanti da esame Synguard\u00ae in nitrile\" data-product-id=\"472066563\"><!--[--><!----><!----><div class=\"grid-product__title-inner\">Guanti da esame Synguard\u00ae in nitrile<\/div><!----><!--]--><\/a><!----><!----><!----><div class=\"grid-product__price\"><div class=\"grid-product__price-compare ec-text-muted\"><div class=\"grid-product__textblock\"><span class=\"grid-product__price-label\">was<\/span>   <s>CHF 21.50<\/s><\/div>   <div class=\"grid-product__textblock grid-product__price-label\">Risparmia   <!--[-->63%<!--]--><\/div><\/div><div class=\"grid-product__price-amount\"><div class=\"grid-product__price-value ec-price-item\"><!--[-->CHF 7.90<!--]--><\/div><\/div><!----><!----><!----><!----><\/div><!----><!----><div class=\"grid-product__button grid-product__buy-now\"><div class=\"form-control form-control--button form-control--medium form-control--secondary form-control--animated form-control--done form-control--no-animation\" data-product-id=\"472066563\"><button class=\"form-control__button form-control__button--icon-center\" type=\"button\"><!----><!----><span class=\"form-control__button-text\"><!--[--> Acquista Ora<!--]--><\/span><span class=\"form-control__button-svg\"><span class=\"svg-icon\"><!--[--><svg width=\"27\" height=\"23\" viewBox=\"0 0 27 23\" xmlns=\"http:\/\/www.w3.org\/2000\/svg\"><path class=\"svg-line-check\" d=\"M1.97 11.94L10.03 20 25.217 2\" fill=\"none\" fill-rule=\"evenodd\" stroke=\"currentColor\" stroke-width=\"3\" stroke-linecap=\"round\"><\/path><\/svg><!--]--><\/span><\/span><\/button><\/div><div class=\"grid-product__button-justify-inner\"><!----><!----><\/div><\/div><!----><!--]--><\/div><\/div><script>\n  (function () {\n    var container = document.querySelector(`.grid-product--id-472066563`);\n    var img = container?.getElementsByTagName(`img`)[0];\n    if (!img) return;\n    if (!img.complete || img.naturalHeight === 0) {\n      container?.classList.add(`grid-product--loading`);\n      function callback(){\n        container?.classList.remove(`grid-product--loading`);\n        img.removeEventListener(`load`, callback);\n      };\n      img?.addEventListener(`load`, callback);\n    }\n   })();\n  <\/script><\/div><div class=\"grid-product grid-product--id-513371763 grid-product--has-shadow\"><div class=\"grid-product__wrap\" data-product-id=\"513371763\"><div class=\"grid-product__scroller grid-product__scroller--id-513371763\"><\/div><div class=\"grid-product__wrap-inner\"><!--[--><a href=\"https:\/\/schutzmasken.ch\/it\/FFP3-Masken-DOC-TNW-25er-Box-p513371763\" class=\"grid-product__image\" title=\"Maschere FFP3 DOC TNW - confezione da 25 pezzi\" data-product-id=\"513371763\"><!--[--><div class=\"grid-product__spacer\"><div class=\"grid-product__spacer-inner\"><\/div><\/div><div class=\"grid-product__bg\" style=\"background-color:#efedee;\"><\/div><div class=\"grid-product__image-wrap\"><div class=\"grid-product__label\" is-only-preorder-available=\"false\"><div class=\"ec-label label--notice\" style=\"\"><div class=\"label__text\"><!--[-->In saldo<!--]--><\/div><\/div><\/div><img  src=\"https:\/\/d2j6dbq0eux0bg.cloudfront.net\/images\/28197001\/3351483371.jpg\" srcset=\"https:\/\/d2j6dbq0eux0bg.cloudfront.net\/images\/28197001\/3351483371.jpg 1x\" alt=\"Maschere FFP3 DOC TNW - confezione da 25 pezzi\" title=\"Maschere FFP3 DOC TNW - confezione da 25 pezzi\" width=\"800\" height=\"800\" loading=\"lazy\" style=\"width:100%;height:100%;\" class=\"grid-product__picture\" decoding=\"async\"><!----><\/div><div class=\"grid-product__shadow ec-text-muted\"><div class=\"grid-product__shadow-inner\">Maschere FFP3 DOC TNW - confezione da 25 pezzi<\/div><\/div><div class=\"grid__clearfix\"><\/div><div class=\"grid-product__hover-wrap\"><!----><!----><!----><!----><!----><!----><\/div><!--]--><\/a><!----><a href=\"https:\/\/schutzmasken.ch\/it\/FFP3-Masken-DOC-TNW-25er-Box-p513371763\" class=\"grid-product__title\" title=\"Maschere FFP3 DOC TNW - confezione da 25 pezzi\" data-product-id=\"513371763\"><!--[--><!----><!----><div class=\"grid-product__title-inner\">Maschere FFP3 DOC TNW - confezione da 25 pezzi<\/div><!----><!--]--><\/a><!----><!----><!----><div class=\"grid-product__price\"><div class=\"grid-product__price-compare ec-text-muted\"><div class=\"grid-product__textblock\"><span class=\"grid-product__price-label\">was<\/span>   <s>CHF 48.65<\/s><\/div>   <div class=\"grid-product__textblock grid-product__price-label\">Risparmia   <!--[-->18%<!--]--><\/div><\/div><div class=\"grid-product__price-amount\"><div class=\"grid-product__price-value ec-price-item\"><!--[-->CHF 40.05<!--]--><\/div><\/div><!----><!----><!----><!----><\/div><!----><!----><div class=\"grid-product__button grid-product__buy-now\"><div class=\"form-control form-control--button form-control--medium form-control--secondary form-control--animated form-control--done form-control--no-animation\" data-product-id=\"513371763\"><button class=\"form-control__button form-control__button--icon-center\" type=\"button\"><!----><!----><span class=\"form-control__button-text\"><!--[--> Acquista Ora<!--]--><\/span><span class=\"form-control__button-svg\"><span class=\"svg-icon\"><!--[--><svg width=\"27\" height=\"23\" viewBox=\"0 0 27 23\" xmlns=\"http:\/\/www.w3.org\/2000\/svg\"><path class=\"svg-line-check\" d=\"M1.97 11.94L10.03 20 25.217 2\" fill=\"none\" fill-rule=\"evenodd\" stroke=\"currentColor\" stroke-width=\"3\" stroke-linecap=\"round\"><\/path><\/svg><!--]--><\/span><\/span><\/button><\/div><div class=\"grid-product__button-justify-inner\"><!----><!----><\/div><\/div><!----><!--]--><\/div><\/div><script>\n  (function () {\n    var container = document.querySelector(`.grid-product--id-513371763`);\n    var img = container?.getElementsByTagName(`img`)[0];\n    if (!img) return;\n    if (!img.complete || img.naturalHeight === 0) {\n      container?.classList.add(`grid-product--loading`);\n      function callback(){\n        container?.classList.remove(`grid-product--loading`);\n        img.removeEventListener(`load`, callback);\n      };\n      img?.addEventListener(`load`, callback);\n    }\n   })();\n  <\/script><\/div><div class=\"grid-product grid-product--id-474775596 grid-product--has-shadow\"><div class=\"grid-product__wrap\" data-product-id=\"474775596\"><div class=\"grid-product__scroller grid-product__scroller--id-474775596\"><\/div><div class=\"grid-product__wrap-inner\"><!--[--><a href=\"https:\/\/schutzmasken.ch\/it\/DOC-NFW-FFP2-Masken-Schwarz-20er-Box-p474775596\" class=\"grid-product__image\" title=\"Maschere DOC NFW FFP2 - Nero - Scatola da 20\" data-product-id=\"474775596\"><!--[--><div class=\"grid-product__spacer\"><div class=\"grid-product__spacer-inner\"><\/div><\/div><div class=\"grid-product__bg\" style=\"background-color:#ffffff;\"><\/div><div class=\"grid-product__image-wrap\"><div class=\"grid-product__label\" is-only-preorder-available=\"false\"><div class=\"ec-label label--notice\" style=\"\"><div class=\"label__text\"><!--[-->In saldo<!--]--><\/div><\/div><\/div><img  src=\"https:\/\/d2j6dbq0eux0bg.cloudfront.net\/images\/28197001\/3137199239.jpg\" srcset=\"https:\/\/d2j6dbq0eux0bg.cloudfront.net\/images\/28197001\/3137199239.jpg 1x\" alt=\"Maschere DOC NFW FFP2 - Nero - Scatola da 20\" title=\"Maschere DOC NFW FFP2 - Nero - Scatola da 20\" width=\"640\" height=\"533\" loading=\"lazy\" style=\"width:100%;height:auto;margin-top:8.359375%;\" class=\"grid-product__picture\" decoding=\"async\"><!----><\/div><div class=\"grid-product__shadow ec-text-muted\"><div class=\"grid-product__shadow-inner\">Maschere DOC NFW FFP2 - Nero - Scatola da 20<\/div><\/div><div class=\"grid__clearfix\"><\/div><div class=\"grid-product__hover-wrap\"><!----><!----><!----><!----><!----><!----><\/div><!--]--><\/a><!----><a href=\"https:\/\/schutzmasken.ch\/it\/DOC-NFW-FFP2-Masken-Schwarz-20er-Box-p474775596\" class=\"grid-product__title\" title=\"Maschere DOC NFW FFP2 - Nero - Scatola da 20\" data-product-id=\"474775596\"><!--[--><!----><!----><div class=\"grid-product__title-inner\">Maschere DOC NFW FFP2 - Nero - Scatola da 20<\/div><!----><!--]--><\/a><!----><!----><!----><div class=\"grid-product__price\"><div class=\"grid-product__price-compare ec-text-muted\"><div class=\"grid-product__textblock\"><span class=\"grid-product__price-label\">was<\/span>   <s>CHF 43.20<\/s><\/div>   <div class=\"grid-product__textblock grid-product__price-label\">Risparmia   <!--[-->58%<!--]--><\/div><\/div><div class=\"grid-product__price-amount\"><div class=\"grid-product__price-value ec-price-item\"><!--[-->CHF 18.05<!--]--><\/div><\/div><!----><!----><!----><!----><\/div><!----><!----><div class=\"grid-product__button grid-product__buy-now\"><div class=\"form-control form-control--button form-control--medium form-control--secondary form-control--animated form-control--done form-control--no-animation\" data-product-id=\"474775596\"><button class=\"form-control__button form-control__button--icon-center\" type=\"button\"><!----><!----><span class=\"form-control__button-text\"><!--[--> Acquista Ora<!--]--><\/span><span class=\"form-control__button-svg\"><span class=\"svg-icon\"><!--[--><svg width=\"27\" height=\"23\" viewBox=\"0 0 27 23\" xmlns=\"http:\/\/www.w3.org\/2000\/svg\"><path class=\"svg-line-check\" d=\"M1.97 11.94L10.03 20 25.217 2\" fill=\"none\" fill-rule=\"evenodd\" stroke=\"currentColor\" stroke-width=\"3\" stroke-linecap=\"round\"><\/path><\/svg><!--]--><\/span><\/span><\/button><\/div><div class=\"grid-product__button-justify-inner\"><!----><!----><\/div><\/div><!----><!--]--><\/div><\/div><script>\n  (function () {\n    var container = document.querySelector(`.grid-product--id-474775596`);\n    var img = container?.getElementsByTagName(`img`)[0];\n    if (!img) return;\n    if (!img.complete || img.naturalHeight === 0) {\n      container?.classList.add(`grid-product--loading`);\n      function callback(){\n        container?.classList.remove(`grid-product--loading`);\n        img.removeEventListener(`load`, callback);\n      };\n      img?.addEventListener(`load`, callback);\n    }\n   })();\n  <\/script><\/div><div class=\"grid-product grid-product--id-474742895 grid-product--has-shadow\"><div class=\"grid-product__wrap\" data-product-id=\"474742895\"><div class=\"grid-product__scroller grid-product__scroller--id-474742895\"><\/div><div class=\"grid-product__wrap-inner\"><!--[--><a href=\"https:\/\/schutzmasken.ch\/it\/DOC-NFW-FFP2-Masken-Pink-25er-Box-p474742895\" class=\"grid-product__image\" title=\"Maschere DOC NFW FFP2 - Rosa - Scatola da 25\" data-product-id=\"474742895\"><!--[--><div class=\"grid-product__spacer\"><div class=\"grid-product__spacer-inner\"><\/div><\/div><div class=\"grid-product__bg\" style=\"background-color:#ffffff;\"><\/div><div class=\"grid-product__image-wrap\"><div class=\"grid-product__label\" is-only-preorder-available=\"false\"><div class=\"ec-label label--notice\" style=\"\"><div class=\"label__text\"><!--[-->In saldo<!--]--><\/div><\/div><\/div><img  src=\"https:\/\/d2j6dbq0eux0bg.cloudfront.net\/images\/28197001\/3137209287.jpg\" srcset=\"https:\/\/d2j6dbq0eux0bg.cloudfront.net\/images\/28197001\/3137209287.jpg 1x\" alt=\"Maschere DOC NFW FFP2 - Rosa - Scatola da 25\" title=\"Maschere DOC NFW FFP2 - Rosa - Scatola da 25\" width=\"640\" height=\"533\" loading=\"lazy\" style=\"width:100%;height:auto;margin-top:8.359375%;\" class=\"grid-product__picture\" decoding=\"async\"><!----><\/div><div class=\"grid-product__shadow ec-text-muted\"><div class=\"grid-product__shadow-inner\">Maschere DOC NFW FFP2 - Rosa - Scatola da 25<\/div><\/div><div class=\"grid__clearfix\"><\/div><div class=\"grid-product__hover-wrap\"><!----><!----><!----><!----><!----><!----><\/div><!--]--><\/a><!----><a href=\"https:\/\/schutzmasken.ch\/it\/DOC-NFW-FFP2-Masken-Pink-25er-Box-p474742895\" class=\"grid-product__title\" title=\"Maschere DOC NFW FFP2 - Rosa - Scatola da 25\" data-product-id=\"474742895\"><!--[--><!----><!----><div class=\"grid-product__title-inner\">Maschere DOC NFW FFP2 - Rosa - Scatola da 25<\/div><!----><!--]--><\/a><!----><!----><!----><div class=\"grid-product__price\"><div class=\"grid-product__price-compare ec-text-muted\"><div class=\"grid-product__textblock\"><span class=\"grid-product__price-label\">was<\/span>   <s>CHF 37.80<\/s><\/div>   <div class=\"grid-product__textblock grid-product__price-label\">Risparmia   <!--[-->40%<!--]--><\/div><\/div><div class=\"grid-product__price-amount\"><div class=\"grid-product__price-value ec-price-item\"><!--[-->CHF 22.60<!--]--><\/div><\/div><!----><!----><!----><!----><\/div><!----><!----><div class=\"grid-product__button grid-product__buy-now\"><div class=\"form-control form-control--button form-control--medium form-control--secondary form-control--animated form-control--done form-control--no-animation\" data-product-id=\"474742895\"><button class=\"form-control__button form-control__button--icon-center\" type=\"button\"><!----><!----><span class=\"form-control__button-text\"><!--[--> Acquista Ora<!--]--><\/span><span class=\"form-control__button-svg\"><span class=\"svg-icon\"><!--[--><svg width=\"27\" height=\"23\" viewBox=\"0 0 27 23\" xmlns=\"http:\/\/www.w3.org\/2000\/svg\"><path class=\"svg-line-check\" d=\"M1.97 11.94L10.03 20 25.217 2\" fill=\"none\" fill-rule=\"evenodd\" stroke=\"currentColor\" stroke-width=\"3\" stroke-linecap=\"round\"><\/path><\/svg><!--]--><\/span><\/span><\/button><\/div><div class=\"grid-product__button-justify-inner\"><!----><!----><\/div><\/div><!----><!--]--><\/div><\/div><script>\n  (function () {\n    var container = document.querySelector(`.grid-product--id-474742895`);\n    var img = container?.getElementsByTagName(`img`)[0];\n    if (!img) return;\n    if (!img.complete || img.naturalHeight === 0) {\n      container?.classList.add(`grid-product--loading`);\n      function callback(){\n        container?.classList.remove(`grid-product--loading`);\n        img.removeEventListener(`load`, callback);\n      };\n      img?.addEventListener(`load`, callback);\n    }\n   })();\n  <\/script><\/div><div class=\"grid-product grid-product--id-513163021 grid-product--has-shadow\"><div class=\"grid-product__wrap\" data-product-id=\"513163021\"><div class=\"grid-product__scroller grid-product__scroller--id-513163021\"><\/div><div class=\"grid-product__wrap-inner\"><!--[--><a href=\"https:\/\/schutzmasken.ch\/it\/FFP3-Masken-ohne-Ventil-DOC-NEO-3DH-30er-Box-p513163021\" class=\"grid-product__image\" title=\"Maschere FFP3 senza valvola - DOC NEO-3DH - Confezione da 30 pezzi\" data-product-id=\"513163021\"><!--[--><div class=\"grid-product__spacer\"><div class=\"grid-product__spacer-inner\"><\/div><\/div><div class=\"grid-product__bg\" style=\"background-color:#dddcd8;\"><\/div><div class=\"grid-product__image-wrap\"><div class=\"grid-product__label\" is-only-preorder-available=\"false\"><div class=\"ec-label label--notice\" style=\"\"><div class=\"label__text\"><!--[-->In saldo<!--]--><\/div><\/div><\/div><img  src=\"https:\/\/d2j6dbq0eux0bg.cloudfront.net\/images\/28197001\/3349650713.jpg\" srcset=\"https:\/\/d2j6dbq0eux0bg.cloudfront.net\/images\/28197001\/3349650713.jpg 1x\" alt=\"Maschere FFP3 senza valvola - DOC NEO-3DH - Confezione da 30 pezzi\" title=\"Maschere FFP3 senza valvola - DOC NEO-3DH - Confezione da 30 pezzi\" width=\"800\" height=\"800\" loading=\"lazy\" style=\"width:100%;height:100%;\" class=\"grid-product__picture\" decoding=\"async\"><!----><\/div><div class=\"grid-product__shadow ec-text-muted\"><div class=\"grid-product__shadow-inner\">Maschere FFP3 senza valvola - DOC NEO-3DH - Confezione da 30 pezzi<\/div><\/div><div class=\"grid__clearfix\"><\/div><div class=\"grid-product__hover-wrap\"><!----><!----><!----><!----><!----><!----><\/div><!--]--><\/a><!----><a href=\"https:\/\/schutzmasken.ch\/it\/FFP3-Masken-ohne-Ventil-DOC-NEO-3DH-30er-Box-p513163021\" class=\"grid-product__title\" title=\"Maschere FFP3 senza valvola - DOC NEO-3DH - Confezione da 30 pezzi\" data-product-id=\"513163021\"><!--[--><!----><!----><div class=\"grid-product__title-inner\">Maschere FFP3 senza valvola - DOC NEO-3DH - Confezione da 30 pezzi<\/div><!----><!--]--><\/a><!----><!----><!----><div class=\"grid-product__price\"><div class=\"grid-product__price-compare ec-text-muted\"><div class=\"grid-product__textblock\"><span class=\"grid-product__price-label\">was<\/span>   <s>CHF 75.55<\/s><\/div>   <div class=\"grid-product__textblock grid-product__price-label\">Risparmia   <!--[-->34%<!--]--><\/div><\/div><div class=\"grid-product__price-amount\"><div class=\"grid-product__price-value ec-price-item\"><!--[-->CHF 50.10<!--]--><\/div><\/div><!----><!----><!----><!----><\/div><!----><!----><div class=\"grid-product__button grid-product__buy-now\"><div class=\"form-control form-control--button form-control--medium form-control--secondary form-control--animated form-control--done form-control--no-animation\" data-product-id=\"513163021\"><button class=\"form-control__button form-control__button--icon-center\" type=\"button\"><!----><!----><span class=\"form-control__button-text\"><!--[--> Acquista Ora<!--]--><\/span><span class=\"form-control__button-svg\"><span class=\"svg-icon\"><!--[--><svg width=\"27\" height=\"23\" viewBox=\"0 0 27 23\" xmlns=\"http:\/\/www.w3.org\/2000\/svg\"><path class=\"svg-line-check\" d=\"M1.97 11.94L10.03 20 25.217 2\" fill=\"none\" fill-rule=\"evenodd\" stroke=\"currentColor\" stroke-width=\"3\" stroke-linecap=\"round\"><\/path><\/svg><!--]--><\/span><\/span><\/button><\/div><div class=\"grid-product__button-justify-inner\"><!----><!----><\/div><\/div><!----><!--]--><\/div><\/div><script>\n  (function () {\n    var container = document.querySelector(`.grid-product--id-513163021`);\n    var img = container?.getElementsByTagName(`img`)[0];\n    if (!img) return;\n    if (!img.complete || img.naturalHeight === 0) {\n      container?.classList.add(`grid-product--loading`);\n      function callback(){\n        container?.classList.remove(`grid-product--loading`);\n        img.removeEventListener(`load`, callback);\n      };\n      img?.addEventListener(`load`, callback);\n    }\n   })();\n  <\/script><\/div><div class=\"grid-product grid-product--id-222287863 grid-product--has-shadow\"><div class=\"grid-product__wrap\" data-product-id=\"222287863\"><div class=\"grid-product__scroller grid-product__scroller--id-222287863\"><\/div><div class=\"grid-product__wrap-inner\"><!--[--><a href=\"https:\/\/schutzmasken.ch\/it\/Kinder-TYP-IIR-Atemschutzmasken-50er-Packung-p222287863\" class=\"grid-product__image\" title=\"3ply - Mascherine igieniche - confezione da 50 pz.\" data-product-id=\"222287863\"><!--[--><div class=\"grid-product__spacer\"><div class=\"grid-product__spacer-inner\"><\/div><\/div><div class=\"grid-product__bg\" style=\"background-color:#ffffff;\"><\/div><div class=\"grid-product__image-wrap\"><div class=\"grid-product__label\" is-only-preorder-available=\"false\"><div class=\"ec-label label--notice\" style=\"\"><div class=\"label__text\"><!--[-->In saldo<!--]--><\/div><\/div><\/div><img  src=\"https:\/\/d2j6dbq0eux0bg.cloudfront.net\/images\/28197001\/2827542534.jpg\" srcset=\"https:\/\/d2j6dbq0eux0bg.cloudfront.net\/images\/28197001\/2827542534.jpg 1x\" alt=\"3ply - Mascherine igieniche - confezione da 50 pz.\" title=\"3ply - Mascherine igieniche - confezione da 50 pz.\" width=\"1080\" height=\"1080\" loading=\"lazy\" style=\"width:100%;height:100%;\" class=\"grid-product__picture\" decoding=\"async\"><!----><\/div><div class=\"grid-product__shadow ec-text-muted\"><div class=\"grid-product__shadow-inner\">3ply - Mascherine igieniche - confezione da 50 pz.<\/div><\/div><div class=\"grid__clearfix\"><\/div><div class=\"grid-product__hover-wrap\"><!----><!----><!----><!----><!----><!----><\/div><!--]--><\/a><!----><a href=\"https:\/\/schutzmasken.ch\/it\/Kinder-TYP-IIR-Atemschutzmasken-50er-Packung-p222287863\" class=\"grid-product__title\" title=\"3ply - Mascherine igieniche - confezione da 50 pz.\" data-product-id=\"222287863\"><!--[--><!----><!----><div class=\"grid-product__title-inner\">3ply - Mascherine igieniche - confezione da 50 pz.<\/div><!----><!--]--><\/a><!----><!----><!----><div class=\"grid-product__price\"><div class=\"grid-product__price-compare ec-text-muted\"><div class=\"grid-product__textblock\"><span class=\"grid-product__price-label\">was<\/span>   <s>CHF 26.90<\/s><\/div>   <div class=\"grid-product__textblock grid-product__price-label\">Risparmia   <!--[-->52%<!--]--><\/div><\/div><div class=\"grid-product__price-amount\"><div class=\"grid-product__price-value ec-price-item\"><!--[-->CHF 12.95<!--]--><\/div><\/div><!----><!----><!----><!----><\/div><!----><!----><div class=\"grid-product__button grid-product__buy-now\"><div class=\"form-control form-control--button form-control--medium form-control--secondary form-control--animated form-control--done form-control--no-animation\" data-product-id=\"222287863\"><button class=\"form-control__button form-control__button--icon-center\" type=\"button\"><!----><!----><span class=\"form-control__button-text\"><!--[--> Acquista Ora<!--]--><\/span><span class=\"form-control__button-svg\"><span class=\"svg-icon\"><!--[--><svg width=\"27\" height=\"23\" viewBox=\"0 0 27 23\" xmlns=\"http:\/\/www.w3.org\/2000\/svg\"><path class=\"svg-line-check\" d=\"M1.97 11.94L10.03 20 25.217 2\" fill=\"none\" fill-rule=\"evenodd\" stroke=\"currentColor\" stroke-width=\"3\" stroke-linecap=\"round\"><\/path><\/svg><!--]--><\/span><\/span><\/button><\/div><div class=\"grid-product__button-justify-inner\"><!----><!----><\/div><\/div><!----><!--]--><\/div><\/div><script>\n  (function () {\n    var container = document.querySelector(`.grid-product--id-222287863`);\n    var img = container?.getElementsByTagName(`img`)[0];\n    if (!img) return;\n    if (!img.complete || img.naturalHeight === 0) {\n      container?.classList.add(`grid-product--loading`);\n      function callback(){\n        container?.classList.remove(`grid-product--loading`);\n        img.removeEventListener(`load`, callback);\n      };\n      img?.addEventListener(`load`, callback);\n    }\n   })();\n  <\/script><\/div><div class=\"grid-product grid-product--id-213032690 grid-product--has-shadow\"><div class=\"grid-product__wrap\" data-product-id=\"213032690\"><div class=\"grid-product__scroller grid-product__scroller--id-213032690\"><\/div><div class=\"grid-product__wrap-inner\"><!--[--><a href=\"https:\/\/schutzmasken.ch\/it\/Sensor-Desinfektionsmittelspender-h%C3%B6henverstellbar-p213032690\" class=\"grid-product__image\" title=\"Sensor Desinfektionsmittelspender - h\u00f6henverstellbar\" data-product-id=\"213032690\"><!--[--><div class=\"grid-product__spacer\"><div class=\"grid-product__spacer-inner\"><\/div><\/div><div class=\"grid-product__bg\" style=\"background-color:#ffffff;\"><\/div><div class=\"grid-product__image-wrap\"><div class=\"grid-product__label\" is-only-preorder-available=\"false\"><div class=\"ec-label label--notice\" style=\"\"><div class=\"label__text\"><!--[-->In saldo<!--]--><\/div><\/div><\/div><img  src=\"https:\/\/d2j6dbq0eux0bg.cloudfront.net\/images\/28197001\/2756084493.jpg\" srcset=\"https:\/\/d2j6dbq0eux0bg.cloudfront.net\/images\/28197001\/2756084493.jpg 1x\" alt=\"Sensor Desinfektionsmittelspender - h\u00f6henverstellbar\" title=\"Sensor Desinfektionsmittelspender - h\u00f6henverstellbar\" width=\"1500\" height=\"1250\" loading=\"lazy\" style=\"width:100%;height:auto;margin-top:8.333333333333329%;\" class=\"grid-product__picture\" decoding=\"async\"><!----><\/div><div class=\"grid-product__shadow ec-text-muted\"><div class=\"grid-product__shadow-inner\">Sensor Desinfektionsmittelspender - h\u00f6henverstellbar<\/div><\/div><div class=\"grid__clearfix\"><\/div><div class=\"grid-product__hover-wrap\"><!----><!----><!----><!----><!----><!----><\/div><!--]--><\/a><!----><a href=\"https:\/\/schutzmasken.ch\/it\/Sensor-Desinfektionsmittelspender-h%C3%B6henverstellbar-p213032690\" class=\"grid-product__title\" title=\"Sensor Desinfektionsmittelspender - h\u00f6henverstellbar\" data-product-id=\"213032690\"><!--[--><!----><!----><div class=\"grid-product__title-inner\">Sensor Desinfektionsmittelspender - h\u00f6henverstellbar<\/div><!----><!--]--><\/a><!----><!----><!----><div class=\"grid-product__price\"><div class=\"grid-product__price-compare ec-text-muted\"><div class=\"grid-product__textblock\"><span class=\"grid-product__price-label\">was<\/span>   <s>CHF 322.15<\/s><\/div>   <div class=\"grid-product__textblock grid-product__price-label\">Risparmia   <!--[-->38%<!--]--><\/div><\/div><div class=\"grid-product__price-amount\"><div class=\"grid-product__price-value ec-price-item\"><!--[-->CHF 198.75<!--]--><\/div><\/div><!----><!----><!----><!----><\/div><!----><!----><div class=\"grid-product__button grid-product__buy-now\"><div class=\"form-control form-control--button form-control--medium form-control--secondary form-control--animated form-control--done form-control--no-animation\" data-product-id=\"213032690\"><button class=\"form-control__button form-control__button--icon-center\" type=\"button\"><!----><!----><span class=\"form-control__button-text\"><!--[--> Acquista Ora<!--]--><\/span><span class=\"form-control__button-svg\"><span class=\"svg-icon\"><!--[--><svg width=\"27\" height=\"23\" viewBox=\"0 0 27 23\" xmlns=\"http:\/\/www.w3.org\/2000\/svg\"><path class=\"svg-line-check\" d=\"M1.97 11.94L10.03 20 25.217 2\" fill=\"none\" fill-rule=\"evenodd\" stroke=\"currentColor\" stroke-width=\"3\" stroke-linecap=\"round\"><\/path><\/svg><!--]--><\/span><\/span><\/button><\/div><div class=\"grid-product__button-justify-inner\"><!----><!----><\/div><\/div><!----><!--]--><\/div><\/div><script>\n  (function () {\n    var container = document.querySelector(`.grid-product--id-213032690`);\n    var img = container?.getElementsByTagName(`img`)[0];\n    if (!img) return;\n    if (!img.complete || img.naturalHeight === 0) {\n      container?.classList.add(`grid-product--loading`);\n      function callback(){\n        container?.classList.remove(`grid-product--loading`);\n        img.removeEventListener(`load`, callback);\n      };\n      img?.addEventListener(`load`, callback);\n    }\n   })();\n  <\/script><\/div><div class=\"grid-product grid-product--id-218048661 grid-product--has-shadow\"><div class=\"grid-product__wrap\" data-product-id=\"218048661\"><div class=\"grid-product__scroller grid-product__scroller--id-218048661\"><\/div><div class=\"grid-product__wrap-inner\"><!--[--><a href=\"https:\/\/schutzmasken.ch\/it\/H%C3%A4nde-Desinfektionsmittel-CH-Produkt-100ml-p218048661\" class=\"grid-product__image\" title=\"Disinfettante per le mani - prodotto CH - 100ml\" data-product-id=\"218048661\"><!--[--><div class=\"grid-product__spacer\"><div class=\"grid-product__spacer-inner\"><\/div><\/div><div class=\"grid-product__bg\" style=\"background-color:#ffffff;\"><\/div><div class=\"grid-product__image-wrap\"><div class=\"grid-product__label\" is-only-preorder-available=\"false\"><div class=\"ec-label label--notice\" style=\"\"><div class=\"label__text\"><!--[-->In saldo<!--]--><\/div><\/div><\/div><img  src=\"https:\/\/d2j6dbq0eux0bg.cloudfront.net\/images\/28197001\/2756127514.jpg\" srcset=\"https:\/\/d2j6dbq0eux0bg.cloudfront.net\/images\/28197001\/2756127514.jpg 1x\" alt=\"Disinfettante per le mani - prodotto CH - 100ml\" title=\"Disinfettante per le mani - prodotto CH - 100ml\" width=\"1500\" height=\"1250\" loading=\"lazy\" style=\"width:100%;height:auto;margin-top:8.333333333333329%;\" class=\"grid-product__picture\" decoding=\"async\"><!----><\/div><div class=\"grid-product__shadow ec-text-muted\"><div class=\"grid-product__shadow-inner\">Disinfettante per le mani - prodotto CH - 100ml<\/div><\/div><div class=\"grid__clearfix\"><\/div><div class=\"grid-product__hover-wrap\"><!----><!----><!----><!----><!----><!----><\/div><!--]--><\/a><!----><a href=\"https:\/\/schutzmasken.ch\/it\/H%C3%A4nde-Desinfektionsmittel-CH-Produkt-100ml-p218048661\" class=\"grid-product__title\" title=\"Disinfettante per le mani - prodotto CH - 100ml\" data-product-id=\"218048661\"><!--[--><!----><!----><div class=\"grid-product__title-inner\">Disinfettante per le mani - prodotto CH - 100ml<\/div><!----><!--]--><\/a><!----><!----><!----><div class=\"grid-product__price\"><div class=\"grid-product__price-compare ec-text-muted\"><div class=\"grid-product__textblock\"><span class=\"grid-product__price-label\">was<\/span>   <s>CHF 7.55<\/s><\/div>   <div class=\"grid-product__textblock grid-product__price-label\">Risparmia   <!--[-->48%<!--]--><\/div><\/div><div class=\"grid-product__price-amount\"><div class=\"grid-product__price-value ec-price-item\"><!--[-->CHF 3.90<!--]--><\/div><\/div><!----><!----><!----><!----><\/div><!----><!----><div class=\"grid-product__button grid-product__buy-now\"><div class=\"form-control form-control--button form-control--medium form-control--secondary form-control--animated form-control--done form-control--no-animation\" data-product-id=\"218048661\"><button class=\"form-control__button form-control__button--icon-center\" type=\"button\"><!----><!----><span class=\"form-control__button-text\"><!--[--> Acquista Ora<!--]--><\/span><span class=\"form-control__button-svg\"><span class=\"svg-icon\"><!--[--><svg width=\"27\" height=\"23\" viewBox=\"0 0 27 23\" xmlns=\"http:\/\/www.w3.org\/2000\/svg\"><path class=\"svg-line-check\" d=\"M1.97 11.94L10.03 20 25.217 2\" fill=\"none\" fill-rule=\"evenodd\" stroke=\"currentColor\" stroke-width=\"3\" stroke-linecap=\"round\"><\/path><\/svg><!--]--><\/span><\/span><\/button><\/div><div class=\"grid-product__button-justify-inner\"><!----><!----><\/div><\/div><!----><!--]--><\/div><\/div><script>\n  (function () {\n    var container = document.querySelector(`.grid-product--id-218048661`);\n    var img = container?.getElementsByTagName(`img`)[0];\n    if (!img) return;\n    if (!img.complete || img.naturalHeight === 0) {\n      container?.classList.add(`grid-product--loading`);\n      function callback(){\n        container?.classList.remove(`grid-product--loading`);\n        img.removeEventListener(`load`, callback);\n      };\n      img?.addEventListener(`load`, callback);\n    }\n   })();\n  <\/script><\/div><div class=\"grid-product grid-product--id-214818444 grid-product--has-shadow\"><div class=\"grid-product__wrap\" data-product-id=\"214818444\"><div class=\"grid-product__scroller grid-product__scroller--id-214818444\"><\/div><div class=\"grid-product__wrap-inner\"><!--[--><a href=\"https:\/\/schutzmasken.ch\/it\/Infrarot-Thermometer-p214818444\" class=\"grid-product__image\" title=\"Termometro a infrarossi\" data-product-id=\"214818444\"><!--[--><div class=\"grid-product__spacer\"><div class=\"grid-product__spacer-inner\"><\/div><\/div><div class=\"grid-product__bg\" style=\"background-color:#ffffff;\"><\/div><div class=\"grid-product__image-wrap\"><div class=\"grid-product__label\" is-only-preorder-available=\"false\"><div class=\"ec-label label--notice\" style=\"\"><div class=\"label__text\"><!--[-->In saldo<!--]--><\/div><\/div><\/div><img  src=\"https:\/\/d2j6dbq0eux0bg.cloudfront.net\/images\/28197001\/2756126767.jpg\" srcset=\"https:\/\/d2j6dbq0eux0bg.cloudfront.net\/images\/28197001\/2756126767.jpg 1x\" alt=\"Termometro a infrarossi\" title=\"Termometro a infrarossi\" width=\"1500\" height=\"1250\" loading=\"lazy\" style=\"width:100%;height:auto;margin-top:8.333333333333329%;\" class=\"grid-product__picture\" decoding=\"async\"><!----><\/div><div class=\"grid-product__shadow ec-text-muted\"><div class=\"grid-product__shadow-inner\">Termometro a infrarossi<\/div><\/div><div class=\"grid__clearfix\"><\/div><div class=\"grid-product__hover-wrap\"><!----><!----><!----><!----><!----><!----><\/div><!--]--><\/a><!----><a href=\"https:\/\/schutzmasken.ch\/it\/Infrarot-Thermometer-p214818444\" class=\"grid-product__title\" title=\"Termometro a infrarossi\" data-product-id=\"214818444\"><!--[--><!----><!----><div class=\"grid-product__title-inner\">Termometro a infrarossi<\/div><!----><!--]--><\/a><!----><!----><!----><div class=\"grid-product__price\"><div class=\"grid-product__price-compare ec-text-muted\"><div class=\"grid-product__textblock\"><span class=\"grid-product__price-label\">was<\/span>   <s>CHF 161.05<\/s><\/div>   <div class=\"grid-product__textblock grid-product__price-label\">Risparmia   <!--[-->38%<!--]--><\/div><\/div><div class=\"grid-product__price-amount\"><div class=\"grid-product__price-value ec-price-item\"><!--[-->CHF 99.35<!--]--><\/div><\/div><!----><!----><!----><!----><\/div><!----><!----><div class=\"grid-product__button grid-product__buy-now\"><div class=\"form-control form-control--button form-control--medium form-control--secondary form-control--animated form-control--done form-control--no-animation\" data-product-id=\"214818444\"><button class=\"form-control__button form-control__button--icon-center\" type=\"button\"><!----><!----><span class=\"form-control__button-text\"><!--[--> Acquista Ora<!--]--><\/span><span class=\"form-control__button-svg\"><span class=\"svg-icon\"><!--[--><svg width=\"27\" height=\"23\" viewBox=\"0 0 27 23\" xmlns=\"http:\/\/www.w3.org\/2000\/svg\"><path class=\"svg-line-check\" d=\"M1.97 11.94L10.03 20 25.217 2\" fill=\"none\" fill-rule=\"evenodd\" stroke=\"currentColor\" stroke-width=\"3\" stroke-linecap=\"round\"><\/path><\/svg><!--]--><\/span><\/span><\/button><\/div><div class=\"grid-product__button-justify-inner\"><!----><!----><\/div><\/div><!----><!--]--><\/div><\/div><script>\n  (function () {\n    var container = document.querySelector(`.grid-product--id-214818444`);\n    var img = container?.getElementsByTagName(`img`)[0];\n    if (!img) return;\n    if (!img.complete || img.naturalHeight === 0) {\n      container?.classList.add(`grid-product--loading`);\n      function callback(){\n        container?.classList.remove(`grid-product--loading`);\n        img.removeEventListener(`load`, callback);\n      };\n      img?.addEventListener(`load`, callback);\n    }\n   })();\n  <\/script><\/div><div class=\"grid-product grid-product--id-196992117 grid-product--has-shadow\"><div class=\"grid-product__wrap\" data-product-id=\"196992117\"><div class=\"grid-product__scroller grid-product__scroller--id-196992117\"><\/div><div class=\"grid-product__wrap-inner\"><!--[--><a href=\"https:\/\/schutzmasken.ch\/it\/Hand-Gel-Antibacterial-p196992117\" class=\"grid-product__image\" title=\"Gel per le mani - antibatterico\" data-product-id=\"196992117\"><!--[--><div class=\"grid-product__spacer\"><div class=\"grid-product__spacer-inner\"><\/div><\/div><div class=\"grid-product__bg\" style=\"background-color:#ffffff;\"><\/div><div class=\"grid-product__image-wrap\"><div class=\"grid-product__label\" is-only-preorder-available=\"false\"><div class=\"ec-label label--notice\" style=\"\"><div class=\"label__text\"><!--[-->In saldo<!--]--><\/div><\/div><\/div><img  src=\"https:\/\/d2j6dbq0eux0bg.cloudfront.net\/images\/28197001\/2756127274.jpg\" srcset=\"https:\/\/d2j6dbq0eux0bg.cloudfront.net\/images\/28197001\/2756127274.jpg 1x\" alt=\"Gel per le mani - antibatterico\" title=\"Gel per le mani - antibatterico\" width=\"1500\" height=\"1250\" loading=\"lazy\" style=\"width:100%;height:auto;margin-top:8.333333333333329%;\" class=\"grid-product__picture\" decoding=\"async\"><!----><\/div><div class=\"grid-product__shadow ec-text-muted\"><div class=\"grid-product__shadow-inner\">Gel per le mani - antibatterico<\/div><\/div><div class=\"grid__clearfix\"><\/div><div class=\"grid-product__hover-wrap\"><!----><!----><!----><!----><!----><!----><\/div><!--]--><\/a><!----><a href=\"https:\/\/schutzmasken.ch\/it\/Hand-Gel-Antibacterial-p196992117\" class=\"grid-product__title\" title=\"Gel per le mani - antibatterico\" data-product-id=\"196992117\"><!--[--><!----><!----><div class=\"grid-product__title-inner\">Gel per le mani - antibatterico<\/div><!----><!--]--><\/a><!----><!----><!----><div class=\"grid-product__price\"><div class=\"grid-product__price-compare ec-text-muted\"><div class=\"grid-product__textblock\"><span class=\"grid-product__price-label\">was<\/span>   <s>CHF 7.45<\/s><\/div>   <div class=\"grid-product__textblock grid-product__price-label\">Risparmia   <!--[-->34%<!--]--><\/div><\/div><div class=\"grid-product__price-amount\"><div class=\"grid-product__price-value ec-price-item\"><!--[-->CHF 4.90<!--]--><\/div><\/div><!----><!----><!----><!----><\/div><!----><!----><div class=\"grid-product__button grid-product__buy-now\"><div class=\"form-control form-control--button form-control--medium form-control--secondary form-control--animated form-control--done form-control--no-animation\" data-product-id=\"196992117\"><button class=\"form-control__button form-control__button--icon-center\" type=\"button\"><!----><!----><span class=\"form-control__button-text\"><!--[--> Acquista Ora<!--]--><\/span><span class=\"form-control__button-svg\"><span class=\"svg-icon\"><!--[--><svg width=\"27\" height=\"23\" viewBox=\"0 0 27 23\" xmlns=\"http:\/\/www.w3.org\/2000\/svg\"><path class=\"svg-line-check\" d=\"M1.97 11.94L10.03 20 25.217 2\" fill=\"none\" fill-rule=\"evenodd\" stroke=\"currentColor\" stroke-width=\"3\" stroke-linecap=\"round\"><\/path><\/svg><!--]--><\/span><\/span><\/button><\/div><div class=\"grid-product__button-justify-inner\"><!----><!----><\/div><\/div><!----><!--]--><\/div><\/div><script>\n  (function () {\n    var container = document.querySelector(`.grid-product--id-196992117`);\n    var img = container?.getElementsByTagName(`img`)[0];\n    if (!img) return;\n    if (!img.complete || img.naturalHeight === 0) {\n      container?.classList.add(`grid-product--loading`);\n      function callback(){\n        container?.classList.remove(`grid-product--loading`);\n        img.removeEventListener(`load`, callback);\n      };\n      img?.addEventListener(`load`, callback);\n    }\n   })();\n  <\/script><\/div><div class=\"grid-product grid-product--id-192336344 grid-product--has-shadow\"><div class=\"grid-product__wrap\" data-product-id=\"192336344\"><div class=\"grid-product__scroller grid-product__scroller--id-192336344\"><\/div><div class=\"grid-product__wrap-inner\"><!--[--><a href=\"https:\/\/schutzmasken.ch\/it\/Gesichts-Visier-Tr%C3%B6pfchenschutz-p192336344\" class=\"grid-product__image\" title=\"Visiera protettiva antigoccia - confezione da 5 pz.\" data-product-id=\"192336344\"><!--[--><div class=\"grid-product__spacer\"><div class=\"grid-product__spacer-inner\"><\/div><\/div><div class=\"grid-product__bg\" style=\"background-color:#ffffff;\"><\/div><div class=\"grid-product__image-wrap\"><!----><img  src=\"https:\/\/d2j6dbq0eux0bg.cloudfront.net\/images\/28197001\/1907546327.jpg\" srcset=\"https:\/\/d2j6dbq0eux0bg.cloudfront.net\/images\/28197001\/1907546327.jpg 1x\" alt=\"Visiera protettiva antigoccia - confezione da 5 pz.\" title=\"Visiera protettiva antigoccia - confezione da 5 pz.\" width=\"550\" height=\"550\" loading=\"lazy\" style=\"width:100%;height:100%;\" class=\"grid-product__picture\" decoding=\"async\"><!----><\/div><div class=\"grid-product__shadow ec-text-muted\"><div class=\"grid-product__shadow-inner\">Visiera protettiva antigoccia - confezione da 5 pz.<\/div><\/div><div class=\"grid__clearfix\"><\/div><div class=\"grid-product__hover-wrap\"><!----><!----><!----><!----><!----><!----><\/div><!--]--><\/a><!----><a href=\"https:\/\/schutzmasken.ch\/it\/Gesichts-Visier-Tr%C3%B6pfchenschutz-p192336344\" class=\"grid-product__title\" title=\"Visiera protettiva antigoccia - confezione da 5 pz.\" data-product-id=\"192336344\"><!--[--><!----><!----><div class=\"grid-product__title-inner\">Visiera protettiva antigoccia - confezione da 5 pz.<\/div><!----><!--]--><\/a><!----><!----><!----><div class=\"grid-product__price\"><!----><div class=\"grid-product__price-amount\"><div class=\"grid-product__price-value ec-price-item\"><!--[-->CHF 9.95<!--]--><\/div><\/div><!----><!----><!----><!----><\/div><!----><!----><div class=\"grid-product__button grid-product__buy-now\"><div class=\"form-control form-control--button form-control--medium form-control--secondary form-control--animated form-control--done form-control--no-animation\" data-product-id=\"192336344\"><button class=\"form-control__button form-control__button--icon-center\" type=\"button\"><!----><!----><span class=\"form-control__button-text\"><!--[--> Acquista Ora<!--]--><\/span><span class=\"form-control__button-svg\"><span class=\"svg-icon\"><!--[--><svg width=\"27\" height=\"23\" viewBox=\"0 0 27 23\" xmlns=\"http:\/\/www.w3.org\/2000\/svg\"><path class=\"svg-line-check\" d=\"M1.97 11.94L10.03 20 25.217 2\" fill=\"none\" fill-rule=\"evenodd\" stroke=\"currentColor\" stroke-width=\"3\" stroke-linecap=\"round\"><\/path><\/svg><!--]--><\/span><\/span><\/button><\/div><div class=\"grid-product__button-justify-inner\"><!----><!----><\/div><\/div><!----><!--]--><\/div><\/div><script>\n  (function () {\n    var container = document.querySelector(`.grid-product--id-192336344`);\n    var img = container?.getElementsByTagName(`img`)[0];\n    if (!img) return;\n    if (!img.complete || img.naturalHeight === 0) {\n      container?.classList.add(`grid-product--loading`);\n      function callback(){\n        container?.classList.remove(`grid-product--loading`);\n        img.removeEventListener(`load`, callback);\n      };\n      img?.addEventListener(`load`, callback);\n    }\n   })();\n  <\/script><\/div><div class=\"grid-product grid-product--id-225355126 grid-product--dark grid-product--has-shadow ec-store-productsGrid-cell-outOfStock\"><div class=\"grid-product__wrap\" data-product-id=\"225355126\"><div class=\"grid-product__scroller grid-product__scroller--id-225355126\"><\/div><div class=\"grid-product__wrap-inner\"><!--[--><a href=\"https:\/\/schutzmasken.ch\/it\/Hand-Desinfektionsspr%C3%BCher-mit-Sensor-45-ml-p225355126\" class=\"grid-product__image\" title=\"Spray disinfettante per le mani con sensore - 45 ml.\" data-product-id=\"225355126\"><!--[--><div class=\"grid-product__spacer\"><div class=\"grid-product__spacer-inner\"><\/div><\/div><div class=\"grid-product__bg\" style=\"background-color:#c0c3bd;\"><\/div><div class=\"grid-product__image-wrap\"><div class=\"grid-product__label\" is-only-preorder-available=\"false\"><div class=\"ec-label label--attention\" style=\"\"><div class=\"label__text\"><!--[-->Esaurito<!--]--><\/div><\/div><\/div><img  src=\"https:\/\/d2j6dbq0eux0bg.cloudfront.net\/images\/28197001\/1813523753.jpg\" srcset=\"https:\/\/d2j6dbq0eux0bg.cloudfront.net\/images\/28197001\/1813523753.jpg 1x\" alt=\"Spray disinfettante per le mani con sensore - 45 ml.\" title=\"Spray disinfettante per le mani con sensore - 45 ml.\" width=\"368\" height=\"368\" loading=\"lazy\" style=\"width:100%;height:100%;\" class=\"grid-product__picture\" decoding=\"async\"><!----><\/div><div class=\"grid-product__shadow ec-text-muted\"><div class=\"grid-product__shadow-inner\">Spray disinfettante per le mani con sensore - 45 ml.<\/div><\/div><div class=\"grid__clearfix\"><\/div><div class=\"grid-product__hover-wrap\"><!----><!----><!----><!----><!----><!----><\/div><!--]--><\/a><!----><a href=\"https:\/\/schutzmasken.ch\/it\/Hand-Desinfektionsspr%C3%BCher-mit-Sensor-45-ml-p225355126\" class=\"grid-product__title\" title=\"Spray disinfettante per le mani con sensore - 45 ml.\" data-product-id=\"225355126\"><!--[--><!----><!----><div class=\"grid-product__title-inner\">Spray disinfettante per le mani con sensore - 45 ml.<\/div><!----><!--]--><\/a><!----><!----><!----><div class=\"grid-product__price\"><!----><div class=\"grid-product__price-amount\"><div class=\"grid-product__price-value ec-price-item\"><!--[-->CHF 69.25<!--]--><\/div><\/div><!----><!----><!----><!----><\/div><!----><!----><div class=\"grid-product__button grid-product__buy-now\"><span>Non disponibile<\/span><div class=\"grid-product__button-justify-inner\"><!----><!----><\/div><\/div><!----><!--]--><\/div><\/div><script>\n  (function () {\n    var container = document.querySelector(`.grid-product--id-225355126`);\n    var img = container?.getElementsByTagName(`img`)[0];\n    if (!img) return;\n    if (!img.complete || img.naturalHeight === 0) {\n      container?.classList.add(`grid-product--loading`);\n      function callback(){\n        container?.classList.remove(`grid-product--loading`);\n        img.removeEventListener(`load`, callback);\n      };\n      img?.addEventListener(`load`, callback);\n    }\n   })();\n  <\/script><\/div><div class=\"grid-product grid-product--id-218029198 grid-product--has-shadow\"><div class=\"grid-product__wrap\" data-product-id=\"218029198\"><div class=\"grid-product__scroller grid-product__scroller--id-218029198\"><\/div><div class=\"grid-product__wrap-inner\"><!--[--><a href=\"https:\/\/schutzmasken.ch\/it\/Desinfektions-Tunnel-p218029198\" class=\"grid-product__image\" title=\"Tunnel di disinfezione\" data-product-id=\"218029198\"><!--[--><div class=\"grid-product__spacer\"><div class=\"grid-product__spacer-inner\"><\/div><\/div><div class=\"grid-product__bg\" style=\"background-color:#ffffff;\"><\/div><div class=\"grid-product__image-wrap\"><!----><img  src=\"https:\/\/d2j6dbq0eux0bg.cloudfront.net\/images\/28197001\/1907445857.jpg\" srcset=\"https:\/\/d2j6dbq0eux0bg.cloudfront.net\/images\/28197001\/1907445857.jpg 1x\" alt=\"Tunnel di disinfezione\" title=\"Tunnel di disinfezione\" width=\"912\" height=\"1322\" loading=\"lazy\" style=\"width:auto;height:100%;margin-left:15.506807866868385%;\" class=\"grid-product__picture\" decoding=\"async\"><!----><\/div><div class=\"grid-product__shadow ec-text-muted\"><div class=\"grid-product__shadow-inner\">Tunnel di disinfezione<\/div><\/div><div class=\"grid__clearfix\"><\/div><div class=\"grid-product__hover-wrap\"><!----><!----><!----><!----><!----><!----><\/div><!--]--><\/a><!----><a href=\"https:\/\/schutzmasken.ch\/it\/Desinfektions-Tunnel-p218029198\" class=\"grid-product__title\" title=\"Tunnel di disinfezione\" data-product-id=\"218029198\"><!--[--><!----><!----><div class=\"grid-product__title-inner\">Tunnel di disinfezione<\/div><!----><!--]--><\/a><!----><!----><!----><div class=\"grid-product__price\"><!----><div class=\"grid-product__price-amount\"><div class=\"grid-product__price-value ec-price-item\"><!--[-->CHF 14\u00a0955.35<!--]--><\/div><\/div><!----><!----><!----><!----><\/div><!----><!----><div class=\"grid-product__button grid-product__buy-now\"><div class=\"form-control form-control--button form-control--medium form-control--secondary form-control--animated form-control--done form-control--no-animation\" data-product-id=\"218029198\"><button class=\"form-control__button form-control__button--icon-center\" type=\"button\"><!----><!----><span class=\"form-control__button-text\"><!--[--> Acquista Ora<!--]--><\/span><span class=\"form-control__button-svg\"><span class=\"svg-icon\"><!--[--><svg width=\"27\" height=\"23\" viewBox=\"0 0 27 23\" xmlns=\"http:\/\/www.w3.org\/2000\/svg\"><path class=\"svg-line-check\" d=\"M1.97 11.94L10.03 20 25.217 2\" fill=\"none\" fill-rule=\"evenodd\" stroke=\"currentColor\" stroke-width=\"3\" stroke-linecap=\"round\"><\/path><\/svg><!--]--><\/span><\/span><\/button><\/div><div class=\"grid-product__button-justify-inner\"><!----><!----><\/div><\/div><!----><!--]--><\/div><\/div><script>\n  (function () {\n    var container = document.querySelector(`.grid-product--id-218029198`);\n    var img = container?.getElementsByTagName(`img`)[0];\n    if (!img) return;\n    if (!img.complete || img.naturalHeight === 0) {\n      container?.classList.add(`grid-product--loading`);\n      function callback(){\n        container?.classList.remove(`grid-product--loading`);\n        img.removeEventListener(`load`, callback);\n      };\n      img?.addEventListener(`load`, callback);\n    }\n   })();\n  <\/script><\/div><!--]--><!----><\/div><\/div><!----><!----><!--]--><!--]--><\/div><\/div><\/div><\/div><\/div><!----><!--]--><!--]--><!--[--><div class=\"ec-footer data-nosnippet ec-footer--no-menu\"><!----><!----><div class=\"ec-currency-converter-element ec-currency-converter-selector\"><div class=\"form-control form-control--select-inline\"><div class=\"form-control__select-text\"><span class=\"form-control__select-text\">Mostra prezzi in:<\/span><span>CHF<\/span><\/div><select class=\"form-control__select\" aria-label=\"Mostra prezzi in:\"><\/select><div class=\"form-control__arrow\"><svg width=\"12\" height=\"12\" viewBox=\"0 0 12 12\" xmlns=\"http:\/\/www.w3.org\/2000\/svg\"><path d=\"M11 4L6 9 1 4\" fill=\"none\" fill-rule=\"evenodd\" stroke=\"currentColor\" stroke-width=\"1\" stroke-linecap=\"round\" stroke-linejoin=\"round\"><\/path><\/svg><\/div><\/div><\/div><\/div><!--]--><\/div><\/div><\/div><!--]--><!--]--><div class=\"ec-store ec-store--no-transition\"><div class=\"ec-notices ec-notices--animation-default ec-notices--order-direct ec-notices--fixed ec-notices--top ec-notices--right\"><div class=\"ec-notices__wrap\"><!--[--><!--]--><\/div><\/div><\/div><!----><!----><\/div><\/div><\/div><\/div><\/div><!----><!----><\/div><!--]--><style> .ec-store * {\n      transition: none !important;\n    }<\/style><\/div><\/div><\/div><!--noptimize--><script id=\"ec-static-inline-js\" data-cfasync=\"false\" data-no-optimize=\"1\" type=\"text\/javascript\">var EcStaticPageUtils = (function () {\nfunction isEmpty(str) {\nreturn (!str || 0 === str.length);\n}\nfunction isNotEmpty(str) {\nreturn !isEmpty(str);\n}\nfunction findFirstNotEmpty(urlArray) {\nif (!urlArray) {\nreturn \"\";\n}\nfor (var i = 0; i < urlArray.length; i++) {\nif (isNotEmpty(urlArray[i])) {\nreturn urlArray[i];\n}\n}\nreturn \"\";\n}\nreturn {\nfindFirstNotEmpty: function(urlArray) { return findFirstNotEmpty(urlArray); },\nisEmpty: function(str) { return isEmpty(str); },\nisNotEmpty: function(str) { return isNotEmpty(str); }\n};\n}) ();\nvar LanguageUtils = (function () {\nfunction isEnglish(languageCode) {\nreturn languageCode === \"en\";\n}\nfunction isItalian(languageCode) {\nreturn languageCode === \"it\";\n}\nfunction isGerman(languageCode) {\nreturn languageCode === \"de\";\n}\nfunction isPolish(languageCode) {\nreturn languageCode === \"pl\";\n}\nfunction isFrench(languageCode) {\nreturn languageCode === \"fr\";\n}\nfunction isSpanish(languageCode) {\nreturn languageCode === \"es\";\n}\nfunction isBulgarian(languageCode) {\nreturn languageCode === \"bg\";\n}\nfunction isCroatian(languageCode) {\nreturn languageCode === \"hr\";\n}\nfunction isCzech(languageCode) {\nreturn languageCode === \"cs\";\n}\nfunction isDanish(languageCode) {\nreturn languageCode === \"da\";\n}\nfunction isEstonian(languageCode) {\nreturn languageCode === \"et\";\n}\nfunction isFinnish(languageCode) {\nreturn languageCode === \"fi\";\n}\nfunction isGreek(languageCode) {\nreturn languageCode === \"el\";\n}\nfunction isHungarian(languageCode) {\nreturn languageCode === \"hu\";\n}\nfunction isLatvian(languageCode) {\nreturn languageCode === \"lv\";\n}\nfunction isLithuanian(languageCode) {\nreturn languageCode === \"lt\";\n}\nfunction isDutch(languageCode) {\nreturn languageCode === \"nl\";\n}\nfunction isPortuguese(languageCode) {\nreturn languageCode === \"pt\";\n}\nfunction isRomanian(languageCode) {\nreturn languageCode === \"ro\";\n}\nfunction isSlovak(languageCode) {\nreturn languageCode === \"sk\";\n}\nfunction isSlovenian(languageCode) {\nreturn languageCode === \"sl\";\n}\nfunction isSwedish(languageCode) {\nreturn languageCode === \"sv\";\n}\nreturn {\nisEnglish: function(language) { return isEnglish(language); },\nisItalian: function(language) { return isItalian(language); },\nisGerman: function(language) { return isGerman(language); },\nisPolish: function(language) { return isPolish(language); },\nisFrench: function(language) { return isFrench(language); },\nisSpanish: function(language) { return isSpanish(language); },\nisBulgarian: function(language) { return isBulgarian(language); },\nisCroatian: function(language) { return isCroatian(language); },\nisCzech: function(language) { return isCzech(language); },\nisDanish: function(language) { return isDanish(language); },\nisEstonian: function(language) { return isEstonian(language); },\nisFinnish: function(language) { return isFinnish(language); },\nisGreek: function(language) { return isGreek(language); },\nisHungarian: function(language) { return isHungarian(language); },\nisLatvian: function(language) { return isLatvian(language); },\nisLithuanian: function(language) { return isLithuanian(language); },\nisDutch: function(language) { return isDutch(language); },\nisPortuguese: function(language) { return isPortuguese(language); },\nisRomanian: function(language) { return isRomanian(language); },\nisSlovak: function(language) { return isSlovak(language); },\nisSlovenian: function(language) { return isSlovenian(language); },\nisSwedish: function(language) { return isSwedish(language); }\n};\n}) ();\n(function processProductPictures() {\nvar productsPicturesData = buildProductPicturesData();\nvar lastWidth = document.body.clientWidth;\nfunction buildProductPicturesData() {\nreturn [\n{\nid: \"474775324\",\nthumbnailUrl: \"https:\/\/d2j6dbq0eux0bg.cloudfront.net\/images\/28197001\/4368193959.jpg\",\noriginalImageUrl: \"https:\/\/d2j6dbq0eux0bg.cloudfront.net\/images\/28197001\/4368193955\",\nhdThumbnailUrl: \"https:\/\/d2j6dbq0eux0bg.cloudfront.net\/images\/28197001\/4368193958.jpg\",\npictureUrl: \"https:\/\/d2j6dbq0eux0bg.cloudfront.net\/images\/28197001\/4368193957.jpg\",\nadditionalImage: {\nthumbnailUrl: \"https:\/\/d2j6dbq0eux0bg.cloudfront.net\/images\/28197001\/4368199468.png\",\noriginalImageUrl: \"https:\/\/d2j6dbq0eux0bg.cloudfront.net\/images\/28197001\/4368199464\",\nhdThumbnailUrl: \"https:\/\/d2j6dbq0eux0bg.cloudfront.net\/images\/28197001\/4368199467.png\",\npictureUrl: \"https:\/\/d2j6dbq0eux0bg.cloudfront.net\/images\/28197001\/4368199466.png\",\nborderInfo: {\nalpha: \"255\",\nred: \"255\",\ngreen: \"255\",\nblue: \"255\"\n}\n}\n}\n,\n{\nid: \"267855053\",\nthumbnailUrl: \"https:\/\/d2j6dbq0eux0bg.cloudfront.net\/images\/28197001\/2756148874.jpg\",\noriginalImageUrl: \"https:\/\/d2j6dbq0eux0bg.cloudfront.net\/images\/28197001\/2756148870.jpg\",\nhdThumbnailUrl: \"https:\/\/d2j6dbq0eux0bg.cloudfront.net\/images\/28197001\/2756148873.jpg\",\npictureUrl: \"https:\/\/d2j6dbq0eux0bg.cloudfront.net\/images\/28197001\/2756148872.jpg\",\nadditionalImage: {\nthumbnailUrl: \"https:\/\/d2j6dbq0eux0bg.cloudfront.net\/images\/28197001\/2526323621.jpg\",\noriginalImageUrl: \"https:\/\/d2j6dbq0eux0bg.cloudfront.net\/images\/28197001\/2526323617.jpg\",\nhdThumbnailUrl: \"https:\/\/d2j6dbq0eux0bg.cloudfront.net\/images\/28197001\/2526323620.jpg\",\npictureUrl: \"https:\/\/d2j6dbq0eux0bg.cloudfront.net\/images\/28197001\/2526323619.jpg\",\nborderInfo: {\nalpha: \"255\",\nred: \"255\",\ngreen: \"255\",\nblue: \"255\"\n}\n}\n}\n,\n{\nid: \"472066563\",\nthumbnailUrl: \"https:\/\/d2j6dbq0eux0bg.cloudfront.net\/images\/28197001\/3113887616.jpg\",\noriginalImageUrl: \"https:\/\/d2j6dbq0eux0bg.cloudfront.net\/images\/28197001\/3113887612.jpg\",\nhdThumbnailUrl: \"https:\/\/d2j6dbq0eux0bg.cloudfront.net\/images\/28197001\/3113887615.jpg\",\npictureUrl: \"https:\/\/d2j6dbq0eux0bg.cloudfront.net\/images\/28197001\/3113887614.jpg\",\nadditionalImage: {\nthumbnailUrl: \"https:\/\/d2j6dbq0eux0bg.cloudfront.net\/images\/28197001\/2779553631.jpg\",\noriginalImageUrl: \"https:\/\/d2j6dbq0eux0bg.cloudfront.net\/images\/28197001\/2779553627.jpg\",\nhdThumbnailUrl: \"https:\/\/d2j6dbq0eux0bg.cloudfront.net\/images\/28197001\/2779553630.jpg\",\npictureUrl: \"https:\/\/d2j6dbq0eux0bg.cloudfront.net\/images\/28197001\/2779553629.jpg\",\nborderInfo: {\nalpha: \"255\",\nred: \"255\",\ngreen: \"255\",\nblue: \"255\"\n}\n}\n}\n,\n{\nid: \"513371763\",\nthumbnailUrl: \"https:\/\/d2j6dbq0eux0bg.cloudfront.net\/images\/28197001\/3351483373.jpg\",\noriginalImageUrl: \"https:\/\/d2j6dbq0eux0bg.cloudfront.net\/images\/28197001\/3351483369.jpg\",\nhdThumbnailUrl: \"https:\/\/d2j6dbq0eux0bg.cloudfront.net\/images\/28197001\/3351483372.jpg\",\npictureUrl: \"https:\/\/d2j6dbq0eux0bg.cloudfront.net\/images\/28197001\/3351483371.jpg\",\nadditionalImage: {\nthumbnailUrl: \"https:\/\/d2j6dbq0eux0bg.cloudfront.net\/images\/28197001\/3351483134.jpg\",\noriginalImageUrl: \"https:\/\/d2j6dbq0eux0bg.cloudfront.net\/images\/28197001\/3351483130.jpg\",\nhdThumbnailUrl: \"https:\/\/d2j6dbq0eux0bg.cloudfront.net\/images\/28197001\/3351483133.jpg\",\npictureUrl: \"https:\/\/d2j6dbq0eux0bg.cloudfront.net\/images\/28197001\/3351483132.jpg\",\nborderInfo: {\nalpha: \"255\",\nred: \"255\",\ngreen: \"255\",\nblue: \"255\"\n}\n}\n}\n,\n{\nid: \"474775596\",\nthumbnailUrl: \"https:\/\/d2j6dbq0eux0bg.cloudfront.net\/images\/28197001\/3137199241.jpg\",\noriginalImageUrl: \"https:\/\/d2j6dbq0eux0bg.cloudfront.net\/images\/28197001\/3137199237.jpg\",\nhdThumbnailUrl: \"https:\/\/d2j6dbq0eux0bg.cloudfront.net\/images\/28197001\/3137199240.jpg\",\npictureUrl: \"https:\/\/d2j6dbq0eux0bg.cloudfront.net\/images\/28197001\/3137199239.jpg\",\nadditionalImage: {\nthumbnailUrl: \"https:\/\/d2j6dbq0eux0bg.cloudfront.net\/images\/28197001\/3129227494.jpg\",\noriginalImageUrl: \"https:\/\/d2j6dbq0eux0bg.cloudfront.net\/images\/28197001\/3129227490.jpg\",\nhdThumbnailUrl: \"https:\/\/d2j6dbq0eux0bg.cloudfront.net\/images\/28197001\/3129227493.jpg\",\npictureUrl: \"https:\/\/d2j6dbq0eux0bg.cloudfront.net\/images\/28197001\/3129227492.jpg\",\nborderInfo: {\nalpha: \"0\",\nred: \"0\",\ngreen: \"0\",\nblue: \"0\"\n}\n}\n}\n,\n{\nid: \"474742895\",\nthumbnailUrl: \"https:\/\/d2j6dbq0eux0bg.cloudfront.net\/images\/28197001\/3137209289.jpg\",\noriginalImageUrl: \"https:\/\/d2j6dbq0eux0bg.cloudfront.net\/images\/28197001\/3137209285.jpg\",\nhdThumbnailUrl: \"https:\/\/d2j6dbq0eux0bg.cloudfront.net\/images\/28197001\/3137209288.jpg\",\npictureUrl: \"https:\/\/d2j6dbq0eux0bg.cloudfront.net\/images\/28197001\/3137209287.jpg\",\nadditionalImage: {\nthumbnailUrl: \"https:\/\/d2j6dbq0eux0bg.cloudfront.net\/images\/28197001\/3128973694.jpg\",\noriginalImageUrl: \"https:\/\/d2j6dbq0eux0bg.cloudfront.net\/images\/28197001\/3128973690.jpg\",\nhdThumbnailUrl: \"https:\/\/d2j6dbq0eux0bg.cloudfront.net\/images\/28197001\/3128973693.jpg\",\npictureUrl: \"https:\/\/d2j6dbq0eux0bg.cloudfront.net\/images\/28197001\/3128973692.jpg\",\nborderInfo: {\nalpha: \"0\",\nred: \"0\",\ngreen: \"0\",\nblue: \"0\"\n}\n}\n}\n,\n{\nid: \"513163021\",\nthumbnailUrl: \"https:\/\/d2j6dbq0eux0bg.cloudfront.net\/images\/28197001\/3349650715.jpg\",\noriginalImageUrl: \"https:\/\/d2j6dbq0eux0bg.cloudfront.net\/images\/28197001\/3349650711.jpg\",\nhdThumbnailUrl: \"https:\/\/d2j6dbq0eux0bg.cloudfront.net\/images\/28197001\/3349650714.jpg\",\npictureUrl: \"https:\/\/d2j6dbq0eux0bg.cloudfront.net\/images\/28197001\/3349650713.jpg\",\nadditionalImage: {\nthumbnailUrl: \"https:\/\/d2j6dbq0eux0bg.cloudfront.net\/images\/28197001\/3349600745.jpg\",\noriginalImageUrl: \"https:\/\/d2j6dbq0eux0bg.cloudfront.net\/images\/28197001\/3349600741.jpg\",\nhdThumbnailUrl: \"https:\/\/d2j6dbq0eux0bg.cloudfront.net\/images\/28197001\/3349600744.jpg\",\npictureUrl: \"https:\/\/d2j6dbq0eux0bg.cloudfront.net\/images\/28197001\/3349600743.jpg\",\nborderInfo: {\nalpha: \"255\",\nred: \"201\",\ngreen: \"175\",\nblue: \"153\"\n}\n}\n}\n,\n{\nid: \"222287863\",\nthumbnailUrl: \"https:\/\/d2j6dbq0eux0bg.cloudfront.net\/images\/28197001\/2827542536.jpg\",\noriginalImageUrl: \"https:\/\/d2j6dbq0eux0bg.cloudfront.net\/images\/28197001\/2827542532.jpg\",\nhdThumbnailUrl: \"https:\/\/d2j6dbq0eux0bg.cloudfront.net\/images\/28197001\/2827542535.jpg\",\npictureUrl: \"https:\/\/d2j6dbq0eux0bg.cloudfront.net\/images\/28197001\/2827542534.jpg\",\nadditionalImage: {\nthumbnailUrl: \"https:\/\/d2j6dbq0eux0bg.cloudfront.net\/images\/28197001\/2756178501.jpg\",\noriginalImageUrl: \"https:\/\/d2j6dbq0eux0bg.cloudfront.net\/images\/28197001\/2756127747.jpg\",\nhdThumbnailUrl: \"https:\/\/d2j6dbq0eux0bg.cloudfront.net\/images\/28197001\/2756178500.jpg\",\npictureUrl: \"https:\/\/d2j6dbq0eux0bg.cloudfront.net\/images\/28197001\/2756127749.jpg\",\nborderInfo: {\nalpha: \"255\",\nred: \"255\",\ngreen: \"255\",\nblue: \"255\"\n}\n}\n}\n,\n{\nid: \"213032690\",\nthumbnailUrl: \"https:\/\/d2j6dbq0eux0bg.cloudfront.net\/images\/28197001\/2756084495.jpg\",\noriginalImageUrl: \"https:\/\/d2j6dbq0eux0bg.cloudfront.net\/images\/28197001\/2756084491.jpg\",\nhdThumbnailUrl: \"https:\/\/d2j6dbq0eux0bg.cloudfront.net\/images\/28197001\/2756084494.jpg\",\npictureUrl: \"https:\/\/d2j6dbq0eux0bg.cloudfront.net\/images\/28197001\/2756084493.jpg\",\n}\n,\n{\nid: \"218048661\",\nthumbnailUrl: \"https:\/\/d2j6dbq0eux0bg.cloudfront.net\/images\/28197001\/2756127516.jpg\",\noriginalImageUrl: \"https:\/\/d2j6dbq0eux0bg.cloudfront.net\/images\/28197001\/2756127512.jpg\",\nhdThumbnailUrl: \"https:\/\/d2j6dbq0eux0bg.cloudfront.net\/images\/28197001\/2756127515.jpg\",\npictureUrl: \"https:\/\/d2j6dbq0eux0bg.cloudfront.net\/images\/28197001\/2756127514.jpg\",\n}\n,\n{\nid: \"214818444\",\nthumbnailUrl: \"https:\/\/d2j6dbq0eux0bg.cloudfront.net\/images\/28197001\/2756126769.jpg\",\noriginalImageUrl: \"https:\/\/d2j6dbq0eux0bg.cloudfront.net\/images\/28197001\/2756126765.jpg\",\nhdThumbnailUrl: \"https:\/\/d2j6dbq0eux0bg.cloudfront.net\/images\/28197001\/2756126768.jpg\",\npictureUrl: \"https:\/\/d2j6dbq0eux0bg.cloudfront.net\/images\/28197001\/2756126767.jpg\",\nadditionalImage: {\nthumbnailUrl: \"https:\/\/d2j6dbq0eux0bg.cloudfront.net\/images\/28197001\/1907612378.jpg\",\noriginalImageUrl: \"https:\/\/d2j6dbq0eux0bg.cloudfront.net\/images\/28197001\/1907612374.jpg\",\nhdThumbnailUrl: \"https:\/\/d2j6dbq0eux0bg.cloudfront.net\/images\/28197001\/1907612377.jpg\",\npictureUrl: \"https:\/\/d2j6dbq0eux0bg.cloudfront.net\/images\/28197001\/1907612376.jpg\",\nborderInfo: {\nalpha: \"255\",\nred: \"255\",\ngreen: \"255\",\nblue: \"255\"\n}\n}\n}\n,\n{\nid: \"196992117\",\nthumbnailUrl: \"https:\/\/d2j6dbq0eux0bg.cloudfront.net\/images\/28197001\/2756127276.jpg\",\noriginalImageUrl: \"https:\/\/d2j6dbq0eux0bg.cloudfront.net\/images\/28197001\/2756127272.jpg\",\nhdThumbnailUrl: \"https:\/\/d2j6dbq0eux0bg.cloudfront.net\/images\/28197001\/2756127275.jpg\",\npictureUrl: \"https:\/\/d2j6dbq0eux0bg.cloudfront.net\/images\/28197001\/2756127274.jpg\",\n}\n,\n{\nid: \"192336344\",\nthumbnailUrl: \"https:\/\/d2j6dbq0eux0bg.cloudfront.net\/images\/28197001\/1907546329.jpg\",\noriginalImageUrl: \"https:\/\/d2j6dbq0eux0bg.cloudfront.net\/images\/28197001\/1907546325.jpg\",\nhdThumbnailUrl: \"https:\/\/d2j6dbq0eux0bg.cloudfront.net\/images\/28197001\/1907546328.jpg\",\npictureUrl: \"https:\/\/d2j6dbq0eux0bg.cloudfront.net\/images\/28197001\/1907546327.jpg\",\n}\n,\n{\nid: \"225355126\",\nthumbnailUrl: \"https:\/\/d2j6dbq0eux0bg.cloudfront.net\/images\/28197001\/1813523755.jpg\",\noriginalImageUrl: \"https:\/\/d2j6dbq0eux0bg.cloudfront.net\/images\/28197001\/1813523751.jpg\",\nhdThumbnailUrl: \"https:\/\/d2j6dbq0eux0bg.cloudfront.net\/images\/28197001\/1813523754.jpg\",\npictureUrl: \"https:\/\/d2j6dbq0eux0bg.cloudfront.net\/images\/28197001\/1813523753.jpg\",\nadditionalImage: {\nthumbnailUrl: \"https:\/\/d2j6dbq0eux0bg.cloudfront.net\/images\/28197001\/1907546339.jpg\",\noriginalImageUrl: \"https:\/\/d2j6dbq0eux0bg.cloudfront.net\/images\/28197001\/1907546335.jpg\",\nhdThumbnailUrl: \"https:\/\/d2j6dbq0eux0bg.cloudfront.net\/images\/28197001\/1907546338.jpg\",\npictureUrl: \"https:\/\/d2j6dbq0eux0bg.cloudfront.net\/images\/28197001\/1907546337.jpg\",\nborderInfo: {\nalpha: \"255\",\nred: \"208\",\ngreen: \"206\",\nblue: \"179\"\n}\n}\n}\n,\n{\nid: \"218029198\",\nthumbnailUrl: \"https:\/\/d2j6dbq0eux0bg.cloudfront.net\/images\/28197001\/1907445859.jpg\",\noriginalImageUrl: \"https:\/\/d2j6dbq0eux0bg.cloudfront.net\/images\/28197001\/1907445855.jpg\",\nhdThumbnailUrl: \"https:\/\/d2j6dbq0eux0bg.cloudfront.net\/images\/28197001\/1907445858.jpg\",\npictureUrl: \"https:\/\/d2j6dbq0eux0bg.cloudfront.net\/images\/28197001\/1907445857.jpg\",\n}\n];\n}\nfunction addSrcSetAttribute(element, retinaThumbnailUrl) {\nif (!element) {\nreturn;\n}\nvar thumbnailUrl = element.getAttribute('src');\nvar srcSetAttribute;\nif (EcStaticPageUtils.isNotEmpty(thumbnailUrl) && EcStaticPageUtils.isNotEmpty(retinaThumbnailUrl)) {\nsrcSetAttribute = thumbnailUrl + \" 1x, \" + retinaThumbnailUrl + \" 2x\";\n} else if (EcStaticPageUtils.isNotEmpty(thumbnailUrl)) {\nsrcSetAttribute = thumbnailUrl + \" 1x\";\n} else if (EcStaticPageUtils.isNotEmpty(retinaThumbnailUrl)) {\nsrcSetAttribute = retinaThumbnailUrl + \" 2x\";\n}\nif (srcSetAttribute) {\nvar lazyLoadingEnabled = \"false\";\nif (lazyLoadingEnabled === \"true\") {\nelement.setAttribute(\"data-srcset\", srcSetAttribute);\n} else {\nelement.setAttribute(\"srcset\", srcSetAttribute);\n}\n}\n}\nfunction setBackgroundImageStyle(element, thumbnailUrl, retinaThumbnailUrl, borderInfo) {\nif (!element || !borderInfo || (EcStaticPageUtils.isEmpty(thumbnailUrl) && EcStaticPageUtils.isEmpty(retinaThumbnailUrl))) {\nreturn;\n}\nvar notEmptyRetinaThumbnailUrl = retinaThumbnailUrl;\nif (EcStaticPageUtils.isEmpty(retinaThumbnailUrl)) {\nnotEmptyRetinaThumbnailUrl = thumbnailUrl;\n}\nelement.setAttribute(\"style\", \"background-image: url(\"\n+ thumbnailUrl\n+ \"); background-image: -webkit-image-set(url(\"\n+ thumbnailUrl\n+ \") 1x, url(\"\n+ notEmptyRetinaThumbnailUrl\n+ \") 2x); background-image: -moz-image-set(url(\"\n+ thumbnailUrl\n+ \") 1x, url(\"\n+ notEmptyRetinaThumbnailUrl\n+ \") 2x); background-image: -o-image-set(url(\"\n+ thumbnailUrl\n+ \") 1x, url(\"\n+ notEmptyRetinaThumbnailUrl\n+ \") 2x); background-image: -ms-image-set(url(\"\n+ thumbnailUrl\n+ \") 1x, url(\"\n+ notEmptyRetinaThumbnailUrl\n+ \") 2x);\"\n+ backgroundColor(borderInfo));\n}\nfunction backgroundColor(borderInfo) {\nif (borderInfo.alpha == 0) {\nreturn \"\";\n}\nreturn \" background-color: rgba\" + \"(\" + borderInfo.red + \", \"\n+ borderInfo.green\n+ \", \" + borderInfo.blue + \", 1)\"\n}\nfunction hdProductImage(pictureModel) {\nvar imageSize = \"LARGE\";\nvar browserWidth = document.body.clientWidth;\nswitch (imageSize) {\ncase \"SMALL\":\nif (browserWidth < 520) {\nreturn hdThumbnailUrl(pictureModel);\n}\nreturn thumbnailUrl(pictureModel);\ncase \"MEDIUM\":\nreturn hdThumbnailUrl(pictureModel);\ncase \"LARGE\":\nreturn pictureUrl(pictureModel);\n}\n}\nfunction productImage(pictureModel) {\nvar imageSize = \"LARGE\";\nswitch (imageSize) {\ncase \"SMALL\":\ncase \"MEDIUM\":\nreturn thumbnailUrl(pictureModel);\ncase \"LARGE\":\nreturn hdThumbnailUrl(pictureModel);\n}\n}\nfunction hdThumbnailUrl(pictureModel) {\nvar urls = [\npictureModel.hdThumbnailUrl,\npictureModel.thumbnailUrl,\npictureModel.pictureUrl,\npictureModel.originalImageUrl\n];\nreturn EcStaticPageUtils.findFirstNotEmpty(urls);\n}\nfunction thumbnailUrl(pictureModel) {\nvar urls = [\npictureModel.thumbnailUrl,\npictureModel.hdThumbnailUrl,\npictureModel.pictureUrl,\npictureModel.originalImageUrl\n];\nreturn EcStaticPageUtils.findFirstNotEmpty(urls);\n}\nfunction pictureUrl(pictureModel) {\nvar urls = [\npictureModel.pictureUrl,\npictureModel.hdThumbnailUrl,\npictureModel.originalImageUrl,\npictureModel.thumbnailUrl\n];\nreturn EcStaticPageUtils.findFirstNotEmpty(urls);\n}\nfunction process() {\nif (window.ec && window.ec.storefront && window.ec.storefront.staticPages && window.ec.storefront.staticPages.staticContainerID) {\nvar staticContainer = document.querySelector('#' + window.ec.storefront.staticPages.staticContainerID);\nif (staticContainer == null) {\nwindow.removeEventListener(\"resize\", onResize);\nreturn;\n}\n}\nvar pictureElements = document.querySelectorAll('.grid-product__image');\nif (productsPicturesData.length !== pictureElements.length) {\nreturn;\n}\nproductsPicturesData.forEach(function (item, i) {\nvar imageWrapper = document.querySelector(\".grid-product__image[data-product-id='\" + item.id + \"']\");\nvar pictureElement = imageWrapper.querySelector('.grid-product__picture');\nvar additionalPictureElement = imageWrapper.querySelector('.grid-product__picture-additional');\naddSrcSetAttribute(pictureElement, hdProductImage(item));\nif (additionalPictureElement != null && item.additionalImage != undefined) {\nsetBackgroundImageStyle(additionalPictureElement, productImage(item.additionalImage), hdProductImage(item.additionalImage), item.additionalImage.borderInfo);\n}\n});\n}\nfunction onResize() {\nif (document.body.clientWidth !== lastWidth) {\nlastWidth = document.body.clientWidth;\nprocess();\n}\n}\nwindow.addEventListener(\"resize\", onResize);\nprocess();\n})();\n(function processRibbonColor() {\nfunction getColorValues(color) {\nif (!color)\nreturn;\nif (color.toLowerCase() === 'transparent')\nreturn [0, 0, 0, 0];\nif (color[0] === '#') {\nif (color.length == 6)\nreturn;\nif (color.length < 7) {\nvar r = color[1],\ng = color[2],\nb = color[3],\na = color[4];\ncolor = '#' + r + r + g + g + b + b + (color.length > 4 ? a + a : '');\n}\nreturn [\nparseInt(color.substr(1, 2), 16),\nparseInt(color.substr(3, 2), 16),\nparseInt(color.substr(5, 2), 16),\ncolor.length > 7 ? parseInt(color.substr(7, 2), 16)\/255 : 1\n];\n}\nif (color.indexOf('rgb') === -1) {\nvar tmp = document.body.appendChild(document.createElement('fictum'));\nvar flag = 'rgb(1, 2, 3)';\ntmp.style.color = flag;\nif (tmp.style.color !== flag)\nreturn;\ntmp.style.color = color;\nif (tmp.style.color === flag || tmp.style.color === '')\nreturn;\ncolor = getComputedStyle(tmp).color;\ndocument.body.removeChild(tmp);\n}\nif (color.indexOf('rgb') === 0) {\nif (color.indexOf('rgba') === -1)\ncolor += ',1';\nreturn color.match(\/[\\.\\d]+\/g).map(function (a) {\nreturn +a\n});\n}\n}\nfunction isColorDark(color) {\nvar c = getColorValues(color);\nvar hsp = Math.sqrt(\n0.299 * (c[0] * c[0]) +\n0.587 * (c[1] * c[1]) +\n0.114 * (c[2] * c[2])\n);\nreturn !!(hsp <= 200);\n}\nfunction process() {\nvar ribbonElements = document.querySelectorAll('.grid-product__label');\nif (ribbonElements) {\nribbonElements.forEach(function (item, i) {\nvar ribbonElement = ribbonElements[i].querySelector('.ec-label');\nvar color = ribbonElement.style.color;\nif (color) {\nribbonElement.classList.toggle('label--inversed', !isColorDark(color));\n}\n});\n}\n}\nprocess();\n})();\n(function processCategoryPictures() {\nvar categoryPicturesData = buildCategoryPicturesData();\nvar lastWidth = document.body.clientWidth;\nvar sizeBorder = 400;\nfunction buildCategoryPicturesData() {\nreturn [\n];\n}\nfunction categoryImage(pictureModel) {\nvar imageSize = \"LARGE\";\nswitch (imageSize) {\ncase \"SMALL\":\ncase \"MEDIUM\":\nreturn thumbnailUrl(pictureModel);\ncase \"LARGE\":\nreturn hdThumbnailUrl(pictureModel);\n}\n}\nfunction hdCategoryImage(pictureModel) {\nvar imageSize = \"LARGE\";\nvar browserWidth = document.body.clientWidth;\nswitch (imageSize) {\ncase \"SMALL\":\nif (browserWidth < 520) {\nreturn hdThumbnailUrl(pictureModel);\n}\nreturn thumbnailUrl(pictureModel);\ncase \"MEDIUM\":\nreturn hdThumbnailUrl(pictureModel);\ncase \"LARGE\":\nif (browserWidth < 1060) {\nreturn hdThumbnailUrl(pictureModel);\n}\nreturn mainImageUrl(pictureModel)\n}\n}\nfunction hdThumbnailUrl(pictureModel) {\nvar urls = [\npictureModel.hdThumbnailUrl,\npictureModel.mainImageUrl,\npictureModel.originalImageUrl,\npictureModel.pictureUrl\n];\nreturn EcStaticPageUtils.findFirstNotEmpty(urls);\n}\nfunction mainImageUrl(pictureModel) {\nvar urls = [\npictureModel.mainImageUrl,\npictureModel.originalImageUrl,\npictureModel.pictureUrl\n];\nreturn EcStaticPageUtils.findFirstNotEmpty(urls);\n}\nfunction thumbnailUrl(pictureModel) {\nif (pictureModel.pictureWidth < sizeBorder && pictureModel.pictureHeight < sizeBorder) {\nreturn hdThumbnailUrl(pictureModel);\n} else {\nreturn pictureModel.pictureUrl;\n}\n}\nfunction process() {\nvar categoryImageElements = document.querySelectorAll('.grid-category__image');\nif (categoryImageElements.length !== categoryPicturesData.length) {\nreturn;\n}\ncategoryPicturesData.forEach(function (item, i) {\nvar categoryImageUrl = categoryImage(item);\nvar hdCategoryImageUrl = hdCategoryImage(item);\nvar categoryPictureElements = categoryImageElements[i].querySelectorAll('.grid-category__picture-img');\ncategoryPictureElements.forEach(function (element, j) {\naddSrcSetAttribute(element, categoryImageUrl, hdCategoryImageUrl);\n});\n});\n}\nfunction addSrcSetAttribute(element, thumbnailUrl, retinaThumbnailUrl) {\nif (!element) {\nreturn;\n}\nvar srcSetAttribute;\nif (EcStaticPageUtils.isNotEmpty(thumbnailUrl) && EcStaticPageUtils.isNotEmpty(retinaThumbnailUrl)) {\nsrcSetAttribute = thumbnailUrl + \" 1x, \" + retinaThumbnailUrl + \" 2x\";\n} else if (EcStaticPageUtils.isNotEmpty(thumbnailUrl)) {\nsrcSetAttribute = thumbnailUrl + \" 1x\";\n} else if (EcStaticPageUtils.isNotEmpty(retinaThumbnailUrl)) {\nsrcSetAttribute = retinaThumbnailUrl + \" 2x\";\n}\nif (srcSetAttribute) {\nvar lazyLoadingEnabled = \"false\";\nif (lazyLoadingEnabled === \"true\") {\nelement.setAttribute(\"data-srcset\", srcSetAttribute);\n} else {\nelement.setAttribute(\"srcset\", srcSetAttribute);\n}\n}\n}\nfunction onResize() {\nif (document.body.clientWidth !== lastWidth) {\nlastWidth = document.body.clientWidth;\nprocess();\n}\n}\nwindow.addEventListener(\"resize\", onResize);\nprocess();\n})();\n(function() {\nwindow.ec = window.ec || {};\nif (window.ec.static_category_evaluated === true) {\nreturn;\n}\nwindow.ec.static_category_evaluated = true;\nvar Grid = function() {\nvar params = {\nproductListImageSize : \"LARGE\",\ncategoryImageSize : \"LARGE\",\nproductCellSpacing : \"\",\ncategoryCellSpacing : \"\"\n};\nvar settings = {\nproductBreakpoints: {\nLARGE : [0, 680, 1060, 1440, 10000],\nMEDIUM : [0, 260, 680, 1060, 1370, 1700, 10000],\nSMALL : [0, 260, 520, 680, 870, 1060, 1280, 1450, 1750, 10000]\n},\ncategoryBreakpoints: {\nLARGE : [0, 680, 1060, 1440, 10000],\nMEDIUM : [0, 480, 680, 1060, 1370, 1700, 10000],\nSMALL : [0, 390, 520, 680, 870, 1060, 1280, 1450, 1750, 10000]\n}\n};\nfunction setAttributes(grids, breakpoints) {\nif (!grids) {\nreturn;\n}\ngrids.forEach(function (grid) {\nvar w = grid.offsetWidth;\nvar columnCount = 0;\nfor (var i = 1; i <= breakpoints.length; i++) {\nif (w < Math.ceil(breakpoints[i])) {\nif (i !== columnCount) {\ncolumnCount = i;\ngrid.setAttribute('data-cols', i);\n}\nbreak;\n}\n}\n});\n}\nfunction checkProductGridsLayout() {\nvar productGrids = document.querySelectorAll('.grid__products');\nvar productBreakpoints = settings.productBreakpoints[params.productListImageSize];\nsetAttributes(productGrids, productBreakpoints);\n}\nfunction checkCategoryGridsLayout() {\nvar categoryGrids = document.querySelectorAll('.grid__categories');\nvar categoryBreakpoints = settings.categoryBreakpoints[params.categoryImageSize];\nsetAttributes(categoryGrids, categoryBreakpoints);\n}\nfunction checkLayout() {\ncheckProductGridsLayout();\ncheckCategoryGridsLayout();\n}\nfunction setCellInterval(p, c) {\nvar style = document.getElementById('customCss') || document.createElement('div');\nstyle.id = 'customCss';\ndocument.body.appendChild(style);\nvar css = '';\nif (+p == p && p != \"\" ) {\np = +p;\ncss += '.ec-size .ec-store .grid__products { margin-left: -' + Math.max(0, p\/2 - .4) + 'px; margin-right: -' + p\/2 + 'px; }';\ncss += '.ec-size .ec-store .grid__products .grid-product__wrap { padding: ' + p\/2 + 'px; }';\ncss += '.ec-size:not(.ec-size--s) .ec-store .grid__products { margin-left: -' + Math.max(0, Math.min(16, p) \/ 2 - .4) + 'px; margin-right: -' + Math.min(16, p) \/ 2 + 'px; }';\ncss += '.ec-size:not(.ec-size--s) .ec-store .grid__products .grid-product__wrap { padding: ' + Math.min(16, p) \/ 2 + 'px; }';\n}\nif (+c == c && c != \"\") {\nc = +c;\ncss += '.ec-size .ec-store .grid__categories { margin-left: -' + Math.max(0, c\/2 - .4) + 'px; margin-right: -' + c\/2 + 'px; }';\ncss += '.ec-size .ec-store .grid-category__wrap { padding: ' + c\/2 + 'px; }';\ncss += '.ec-size:not(.ec-size--s) .ec-store .grid__categories { margin-left: -' + Math.max(0, Math.min(16, c) \/ 2 - .4) + 'px; margin-right: -' + Math.min(16, c) \/ 2 + 'px; }';\ncss += '.ec-size:not(.ec-size--s) .ec-store .grid__categories .grid-category__wrap { padding: ' + Math.min(16, c) \/ 2 + 'px; }';\n}\nstyle.innerHTML = '<style>' + css + '<\/style>';\n}\nfunction init() {\nsetCellInterval(params.productCellSpacing, params.categoryCellSpacing);\ncheckLayout();\nwindow.addEventListener('resize', function() {\ncheckLayout();\n});\n}\ninit();\n};\nvar ecwidContainer = document.querySelector('.static-content .ec-size');\nvar breakpoints = {\n320: 'ec-size--xxs',\n414: 'ec-size--xs',\n480: 'ec-size--s',\n768: 'ec-size--m',\n1024: 'ec-size--l',\n1100: 'ec-size--xl',\n1440: 'ec-size--xxl'\n};\nfunction onResize() {\nvar w = ecwidContainer.offsetWidth;\nfor (var i in breakpoints) {\nif (w >= i) {\necwidContainer.classList.add(breakpoints[i]);\n}\nelse {\necwidContainer.classList.remove(breakpoints[i]);\n}\n}\n}\nonResize();\nwindow.addEventListener('load', onResize);\nwindow.addEventListener('resize', onResize);\nvar links = document.querySelectorAll(\".static-content a\");\nfor (var i = 0; i < links.length; i++) {\nvar link = links[i];\nlink.addEventListener('click',function(){\ndocument.querySelector('.ec-static-container').classList.add(\"static-content__wait\");\n})\n}\nvar grid = new Grid();\n})();<\/script><!--\/noptimize-->\n\n\t\t<\/div>\n\t\t\t\t\t<\/div>\n\n\t\n<\/div>\n\t\t<\/div>\n\n\t\t\n<style>\n#section_1007875932 {\n  padding-top: 30px;\n  padding-bottom: 30px;\n}\n<\/style>\n\t<\/section>\n\t\n\t<div id=\"gap-1377094780\" class=\"gap-element clearfix\" style=\"display:block; height:auto;\">\n\t\t\n<style>\n#gap-1377094780 {\n  padding-top: 50px;\n}\n<\/style>\n\t<\/div>\n\t\n\n\t<section class=\"section dark\" id=\"section_154329382\">\n\t\t<div class=\"section-bg fill\" >\n\t\t\t\t\t\t\t\t\t\n\t\t\t\n\n\t\t<\/div>\n\n\t\t\n\n\t\t<div class=\"section-content relative\">\n\t\t\t\n<div class=\"row row-collapse align-middle align-center\"  id=\"row-1537937903\">\n\n\t<div id=\"col-267511761\" class=\"col small-12 large-12\"  >\n\t\t\t\t<div class=\"col-inner text-center\"  >\n\t\t\t\n\t\t\t\n<h3>Informazioni per i clienti: Abbiamo tutti i prodotti in magazzino e spediamo il giorno stesso<\/h3>\n\t\t<\/div>\n\t\t\t\t\n<style>\n#col-267511761 > .col-inner {\n  padding: 10px 0px 0px 0px;\n}\n<\/style>\n\t<\/div>\n\n\t\n<\/div>\n\t\t<\/div>\n\n\t\t\n<style>\n#section_154329382 {\n  padding-top: 0px;\n  padding-bottom: 0px;\n  background-color: rgb(0,0,0);\n}\n<\/style>\n\t<\/section>\n\t\n\n\t<section class=\"section info-cards-chess-box\" id=\"section_1904343293\">\n\t\t<div class=\"section-bg fill\" >\n\t\t\t\t\t\t\t\t\t\n\t\t\t\n\n\t\t<\/div>\n\n\t\t\n\n\t\t<div class=\"section-content relative\">\n\t\t\t\n<div class=\"row row-collapse align-middle\"  id=\"row-1397458015\">\n\n\t<div id=\"col-1912710676\" class=\"col medium-4 small-12 large-4\"  >\n\t\t\t\t<div class=\"col-inner\" style=\"background-color:rgb(255,255,255);\" >\n\t\t\t\n\t\t\t\n\t<div class=\"img has-hover x md-x lg-x y md-y lg-y\" id=\"image_196748602\">\n\t\t<a class=\"\" href=\"\/shop\/Atemschutzmasken-FFP2-CE-0598-CE-0099-p244608335\" >\t\t\t\t\t\t<div class=\"img-inner dark\" >\n\t\t\t<img loading=\"lazy\" decoding=\"async\" width=\"960\" height=\"800\" src=\"https:\/\/schutzmasken.ch\/wp-content\/uploads\/2020\/08\/1537305934-960x800.jpg\" class=\"attachment-large size-large\" alt=\"Atemschutzmaske KN95\" srcset=\"https:\/\/schutzmasken.ch\/wp-content\/uploads\/2020\/08\/1537305934-960x800.jpg 960w, https:\/\/schutzmasken.ch\/wp-content\/uploads\/2020\/08\/1537305934-480x400.jpg 480w, https:\/\/schutzmasken.ch\/wp-content\/uploads\/2020\/08\/1537305934-768x640.jpg 768w, https:\/\/schutzmasken.ch\/wp-content\/uploads\/2020\/08\/1537305934-600x500.jpg 600w, https:\/\/schutzmasken.ch\/wp-content\/uploads\/2020\/08\/1537305934.jpg 1500w\" sizes=\"(max-width: 960px) 100vw, 960px\" \/>\t\t\t\t\t\t\n\t\t\t\t\t<\/div>\n\t\t\t\t\t\t<\/a>\t\t\n<style>\n#image_196748602 {\n  width: 100%;\n}\n<\/style>\n\t<\/div>\n\t\n\t\t<\/div>\n\t\t\t\t\n<style>\n#col-1912710676 > .col-inner {\n  padding: 50px 0px 60px 0px;\n}\n<\/style>\n\t<\/div>\n\n\t\n\n\t<div id=\"col-1372985625\" class=\"col medium-8 small-12 large-8\"  >\n\t\t\t\t<div class=\"col-inner\"  >\n\t\t\t\n\t\t\t\n<div class=\"row align-center\"  id=\"row-936852659\">\n\n\t<div id=\"col-810098860\" class=\"col medium-10 small-10 large-10\"  >\n\t\t\t\t<div class=\"col-inner\"  >\n\t\t\t\n\t\t\t\n<p><span style=\"color: #d92e17;\">ORDINARE PER<br \/>\nCONSIGLIATE DALL\u2018UFSP<br \/>\n<\/span><\/p>\n<h2>Le maschere respiratorie KN95 (FFP2) resistono ad alti livelli di stress e sono adatte all&#8217;uso quotidiano.<\/h2>\n<p>Le maschere respiratorie KN95 senza valvola offrono all&#8217;utilizzatore e alla controparte una protezione contro l&#8217;infezione da coronavirus (COVID-19). Le maschere KN95 (FFP2) sono disponibili con o senza valvola, sono realizzate in pile multistrato e offrono un elevato comfort di indossabilit\u00e0.<\/p>\n<a href=\"\/shop\/Atemschutzmasken-FFP2-CE-0598-CE-0099-p244608335\" class=\"button primary\"  >\n\t\t<span>Alla maschera KN95<\/span>\n\t<i class=\"icon-angle-right\" aria-hidden=\"true\" ><\/i><\/a>\n\n\t\t<\/div>\n\t\t\t\t\n<style>\n#col-810098860 > .col-inner {\n  padding: 50px 0px 0px 0px;\n}\n<\/style>\n\t<\/div>\n\n\t\n<\/div>\n\t\t<\/div>\n\t\t\t\t\n<style>\n#col-1372985625 > .col-inner {\n  padding: 50 0px 0px 0px;\n}\n<\/style>\n\t<\/div>\n\n\t\n<\/div>\n\t<div id=\"gap-2010736671\" class=\"gap-element clearfix\" style=\"display:block; height:auto;\">\n\t\t\n<style>\n#gap-2010736671 {\n  padding-top: 50px;\n}\n<\/style>\n\t<\/div>\n\t\n<div class=\"row row-collapse align-middle\"  id=\"row-384907634\">\n\n\t<div id=\"col-739882694\" class=\"col medium-8 small-12 large-8\"  >\n\t\t\t\t<div class=\"col-inner\"  >\n\t\t\t\n\t\t\t\n<div class=\"row align-center\"  id=\"row-1512792597\">\n\n\t<div id=\"col-714508170\" class=\"col medium-10 small-10 large-10\"  >\n\t\t\t\t<div class=\"col-inner\"  >\n\t\t\t\n\t\t\t\n<p><span style=\"color: #d92e17;\">CONSIGLIATE DALL\u2018UFSP<\/span><\/p>\n<h2>Le maschere protettivi sono utili quando il carico non \u00e8 troppo elevato.<\/h2>\n<p>Le mascherine protettive offrono protezione contro l&#8217;infezione del coronavirus (COVID-19). Sono consigliate dall&#8217;UFSP durante la crisi del Corona virus, soprattutto per le persone malate che non possono mantenere una distanza minima di un metro dalle altre persone. Le maschere protettive coprono la bocca e il naso, in modo che ci sia il minor spazio possibile tra la maschera e il viso. Se le maschere igieniche diventano umide, devono essere sostituite. Importante: indossare una maschera protettiva offre protezione contro l&#8217;infezione da coronavirus (COVID-19) solo in combinazione con altre misure igieniche come mantenere la distanza e lavarsi le mani.<\/p>\n<a href=\"https:\/\/schutzmasken.ch\/it\/TYP-I-Atemschutzmasken-50er-Packung-solange-Vorrat-p191394838\" class=\"button primary\"  >\n\t\t<span>Alla maschera protettiva TYPE IIR<\/span>\n\t<i class=\"icon-angle-right\" aria-hidden=\"true\" ><\/i><\/a>\n\n\t\t<\/div>\n\t\t\t\t\t<\/div>\n\n\t\n<\/div>\n\t\t<\/div>\n\t\t\t\t\n<style>\n#col-739882694 > .col-inner {\n  padding: 50px 0px 0px 0px;\n}\n<\/style>\n\t<\/div>\n\n\t\n\n\t<div id=\"col-540445901\" class=\"col medium-4 small-12 large-4 small-col-first\"  >\n\t\t\t\t<div class=\"col-inner\" style=\"background-color:rgb(255,255,255);\" >\n\t\t\t\n\t\t\t\n\t<div class=\"img has-hover x md-x lg-x y md-y lg-y\" id=\"image_1815483374\">\n\t\t\t\t\t\t\t\t<div class=\"img-inner dark\" >\n\t\t\t<img loading=\"lazy\" decoding=\"async\" width=\"960\" height=\"800\" src=\"https:\/\/schutzmasken.ch\/wp-content\/uploads\/2020\/09\/1537328392-960x800.jpg\" class=\"attachment-large size-large\" alt=\"Schutzmaske Typ IIR\" srcset=\"https:\/\/schutzmasken.ch\/wp-content\/uploads\/2020\/09\/1537328392-960x800.jpg 960w, https:\/\/schutzmasken.ch\/wp-content\/uploads\/2020\/09\/1537328392-480x400.jpg 480w, https:\/\/schutzmasken.ch\/wp-content\/uploads\/2020\/09\/1537328392-768x640.jpg 768w, https:\/\/schutzmasken.ch\/wp-content\/uploads\/2020\/09\/1537328392-600x500.jpg 600w, https:\/\/schutzmasken.ch\/wp-content\/uploads\/2020\/09\/1537328392.jpg 1500w\" sizes=\"(max-width: 960px) 100vw, 960px\" \/>\t\t\t\t\t\t\n\t\t\t\t\t<\/div>\n\t\t\t\t\t\t\t\t\n<style>\n#image_1815483374 {\n  width: 100%;\n}\n<\/style>\n\t<\/div>\n\t\n\t\t<\/div>\n\t\t\t\t\n<style>\n#col-540445901 > .col-inner {\n  padding: 90px 0px 90px 0px;\n}\n<\/style>\n\t<\/div>\n\n\t\n<\/div>\n\n\t\t<\/div>\n\n\t\t\n<style>\n#section_1904343293 {\n  padding-top: 60px;\n  padding-bottom: 60px;\n}\n<\/style>\n\t<\/section>\n\t\n\n  <div class=\"banner has-hover has-parallax\" id=\"banner-528396611\">\n          <div class=\"banner-inner fill\">\n        <div class=\"banner-bg fill\" data-parallax=\"-3\" data-parallax-container=\".banner\" data-parallax-background>\n            <img loading=\"lazy\" decoding=\"async\" width=\"1020\" height=\"574\" src=\"https:\/\/schutzmasken.ch\/wp-content\/uploads\/2020\/09\/banner-new-1400x788.jpg\" class=\"bg attachment-large size-large\" alt=\"Schutzmasken Onlineshop\" \/>                        <div class=\"overlay\"><\/div>            \n                    <\/div>\n\t\t\n        <div class=\"banner-layers container\">\n            <div class=\"fill banner-link\"><\/div>            \n   <div id=\"text-box-511489428\" class=\"text-box banner-layer x50 md-x50 lg-x50 y50 md-y50 lg-y50 res-text\">\n                                <div class=\"text-box-content text dark\">\n              \n              <div class=\"text-inner text-center\">\n                  \n<h3 class=\"uppercase\"><strong> Negozio online di maschere protettive <\/strong><\/h2>\n<h4 class=\"lead uppercase\">Fino al <strong> 50% di sconto <\/strong> sui prodotti selezionati<\/h4>\n<a href=\"\/shop\/\" class=\"button primary\"  >\n\t\t<span>Pi\u00f9 esperienza<\/span>\n\t<\/a>\n\n              <\/div>\n           <\/div>\n                            \n<style>\n#text-box-511489428 {\n  width: 80%;\n}\n#text-box-511489428 .text-box-content {\n  font-size: 100%;\n}\n@media (min-width:550px) {\n  #text-box-511489428 {\n    width: 58%;\n  }\n}\n<\/style>\n    <\/div>\n \n        <\/div>\n      <\/div>\n\n            \n<style>\n#banner-528396611 {\n  padding-top: 399px;\n}\n#banner-528396611 .overlay {\n  background-color: rgba(0, 0, 0, 0.3);\n}\n#banner-528396611 .banner-bg img {\n  object-position: 58% 70%;\n}\n<\/style>\n  <\/div>\n\n\n\n\t<section class=\"section\" id=\"section_167374713\">\n\t\t<div class=\"section-bg fill\" >\n\t\t\t\t\t\t\t\t\t<div class=\"section-bg-overlay absolute fill\"><\/div>\n\t\t\t\n\n\t\t<\/div>\n\n\t\t\n\n\t\t<div class=\"section-content relative\">\n\t\t\t\n<div class=\"row row-collapse\"  id=\"row-1267544972\">\n\n\t<div id=\"col-21064143\" class=\"col medium-6 small-12 large-6\"  >\n\t\t\t\t<div class=\"col-inner text-left\"  >\n\t\t\t\n\t\t\t\n<h2>So verwenden Sie eine Schutzmaske<\/h2>\n<p>Damit der Schutz auch besser wirkt, muss die Schutzmaske komplett Mund und Nase bedecken.<\/p>\n<p>Vermeiden Sie es, die Maske w\u00e4hrend des Tragens zu ber\u00fchren oder auch das Gesicht allgemein zu ber\u00fchren. <strong>Nach dem einmaligen Gebrauch m\u00fcssen Sie die Hygienemasken entsorgen.<\/strong><\/p>\n\t\t<\/div>\n\t\t\t\t\n<style>\n#col-21064143 > .col-inner {\n  padding: 50px 20px 0px 20px;\n}\n<\/style>\n\t<\/div>\n\n\t\n\n\t<div id=\"col-519683146\" class=\"col medium-6 large-6\"  >\n\t\t\t\t<div class=\"col-inner text-right\"  >\n\t\t\t\n\t\t\t\n\n  <div class=\"banner has-hover\" id=\"banner-1367750980\">\n          <div class=\"banner-inner fill\">\n        <div class=\"banner-bg fill\" >\n            <img loading=\"lazy\" decoding=\"async\" width=\"990\" height=\"557\" src=\"https:\/\/schutzmasken.ch\/wp-content\/uploads\/2020\/10\/schutzmasken-richtig-verwenden-shop.jpg\" class=\"bg attachment-large size-large\" alt=\"Schutzmasken kaufen, Schutzmasken kaufen Schweiz, FFP2 Masken, FFP2 Masken, kaufen corona schnelltest, corona antigen Tes,t Kinder Schutzmasken\" \/>                                    \n                    <\/div>\n\t\t\n        <div class=\"banner-layers container\">\n            <div class=\"fill banner-link\"><\/div>            \n   <div id=\"text-box-704518101\" class=\"text-box banner-layer x50 md-x50 lg-x50 y50 md-y50 lg-y50 res-text\">\n                                <div class=\"text-box-content text dark\">\n              \n              <div class=\"text-inner text-center\">\n                  \n<div class=\"video-button-wrapper\" style=\"font-size:199%\"><a href=\"https:\/\/schutzmasken.ch\/wp-content\/uploads\/2020\/10\/schutzmasken-richtig-verwenden.mp4\" class=\"button open-video icon circle is-outline is-xlarge\"><i class=\"icon-play\" style=\"font-size:1.5em;\" ><\/i><\/a><\/div>\n              <\/div>\n           <\/div>\n                            \n<style>\n#text-box-704518101 {\n  width: 60%;\n}\n#text-box-704518101 .text-box-content {\n  font-size: 100%;\n}\n<\/style>\n    <\/div>\n \n        <\/div>\n      <\/div>\n\n            \n<style>\n#banner-1367750980 {\n  padding-top: 56.25%;\n}\n<\/style>\n  <\/div>\n\n\n\t\t<\/div>\n\t\t\t\t\t<\/div>\n\n\t\n<\/div>\n\t\t<\/div>\n\n\t\t\n<style>\n#section_167374713 {\n  padding-top: 0px;\n  padding-bottom: 0px;\n  background-color: rgb(211, 224, 237);\n}\n#section_167374713 .section-bg-overlay {\n  background-color: rgba(255, 255, 255, 0.2);\n}\n<\/style>\n\t<\/section>\n\t\n\n\t<section class=\"section\" id=\"section_1256981316\">\n\t\t<div class=\"section-bg fill\" >\n\t\t\t\t\t\t\t\t\t\n\t\t\t\n\n\t\t<\/div>\n\n\t\t\n\n\t\t<div class=\"section-content relative\">\n\t\t\t\n<div class=\"row align-center\"  id=\"row-1225588981\">\n\n\t<div id=\"col-47759137\" class=\"col medium-5 small-12 large-5\"  >\n\t\t\t\t<div class=\"col-inner text-center\"  >\n\t\t\t\n\t\t\t\n\t<div id=\"gap-593154238\" class=\"gap-element clearfix\" style=\"display:block; height:auto;\">\n\t\t\n<style>\n#gap-593154238 {\n  padding-top: 22px;\n}\n<\/style>\n\t<\/div>\n\t\n<p><span style=\"font-size: 200%; font-weight:300;\">Noto da <\/span><\/p>\n\t\t<\/div>\n\t\t\t\t\n<style>\n#col-47759137 > .col-inner {\n  padding: 0px 0px 0px 0px;\n  margin: 0px 0px -15px 0px;\n}\n<\/style>\n\t<\/div>\n\n\t\n<\/div>\n\t<div id=\"gap-1038253117\" class=\"gap-element clearfix\" style=\"display:block; height:auto;\">\n\t\t\n<style>\n#gap-1038253117 {\n  padding-top: 15px;\n}\n<\/style>\n\t<\/div>\n\t\n<div class=\"row align-center\"  id=\"row-952809478\">\n\n\t<div id=\"col-535992955\" class=\"col small-12 large-12\"  >\n\t\t\t\t<div class=\"col-inner text-center\"  >\n\t\t\t\n\t\t\t\n<div class=\"ux-logo has-hover align-middle ux_logo inline-block\" style=\"max-width: 100%!important; width: 326.90721649485px!important\"><div class=\"ux-logo-link block image-\" title=\"\" href=\"\" style=\"padding: 15px;\"><img decoding=\"async\" src=\"https:\/\/schutzmasken.ch\/wp-content\/uploads\/2020\/09\/telezueri.png\" title=\"\" alt=\"\" class=\"ux-logo-image block\" style=\"height:90px;\" \/><\/div><\/div>\n<div class=\"ux-logo has-hover align-middle ux_logo inline-block\" style=\"max-width: 100%!important; width: 326.90721649485px!important\"><div class=\"ux-logo-link block image-\" title=\"\" href=\"\" style=\"padding: 15px;\"><img decoding=\"async\" src=\"https:\/\/schutzmasken.ch\/wp-content\/uploads\/2020\/09\/20-min.png\" title=\"\" alt=\"\" class=\"ux-logo-image block\" style=\"height:90px;\" \/><\/div><\/div>\n\t\t<\/div>\n\t\t\t\t\t<\/div>\n\n\t\n<\/div>\n\t\t<\/div>\n\n\t\t\n<style>\n#section_1256981316 {\n  padding-top: 50px;\n  padding-bottom: 50px;\n  background-color: rgb(255,255,255);\n}\n<\/style>\n\t<\/section>\n\t\n\n\t<section class=\"section\" id=\"section_1664359073\">\n\t\t<div class=\"section-bg fill\" >\n\t\t\t\t\t\t\t\t\t\n\t\t\t\n\n\t\t<\/div>\n\n\t\t\n\n\t\t<div class=\"section-content relative\">\n\t\t\t\n<div class=\"row align-center\"  id=\"row-93140655\">\n\n\t<div id=\"col-1012647865\" class=\"col medium-8 small-12 large-8\"  >\n\t\t\t\t<div class=\"col-inner text-center\"  >\n\t\t\t\n\t\t\t\n\t<div id=\"gap-329232606\" class=\"gap-element clearfix\" style=\"display:block; height:auto;\">\n\t\t\n<style>\n#gap-329232606 {\n  padding-top: 22px;\n}\n<\/style>\n\t<\/div>\n\t\n<p><span style=\"font-size: 200%; font-weight:300;\">Esperienza pratica<\/span><\/p>\n\t\t<\/div>\n\t\t\t\t\n<style>\n#col-1012647865 > .col-inner {\n  padding: 0px 0px 0px 0px;\n  margin: 0px 0px -15px 0px;\n}\n<\/style>\n\t<\/div>\n\n\t\n<\/div>\n\t<div id=\"gap-1896181146\" class=\"gap-element clearfix\" style=\"display:block; height:auto;\">\n\t\t\n<style>\n#gap-1896181146 {\n  padding-top: 15px;\n}\n<\/style>\n\t<\/div>\n\t\n<div class=\"row align-center\"  id=\"row-1656937590\">\n\n\t<div id=\"col-227487146\" class=\"col small-12 large-12\"  >\n\t\t\t\t<div class=\"col-inner text-center\"  >\n\t\t\t\n\t\t\t\n<p>In Asia le persone indossano maschere protettive da molto tempo. \u00c8 stato riconosciuto fin dall&#8217;inizio che l&#8217;infezione di altre persone pu\u00f2 essere ridotta al minimo indossando maschere protettive. Ecco perch\u00e9 in Asia \u00e8 buona educazione proteggersi l&#8217;un l&#8217;altro indossando una maschera protettiva in pubblico durante la stagione dell&#8217;influenza. Durante la pandemia del Corona virus, il bisogno di maschere in tutto il mondo \u00e8 salito a livelli inimmaginabili e la domanda non ha potuto essere soddisfatta. In Europa, le maschere protettive fanno parte della strategia di uscita dalle norme di blocco per molti governi. Ad esempio, gli operatori e i clienti dei parrucchieri, dei saloni di massaggi cosmetici e degli studi di tatuaggio devono proteggersi con le maschere. \u00c8 del tutto plausibile che le maschere igieniche continueranno a dominare la vita quotidiana in Svizzera durante la stagione dell&#8217;influenza, anche dopo la crisi della corona.<\/p>\n\t\t<\/div>\n\t\t\t\t\t<\/div>\n\n\t\n<\/div>\n\t\t<\/div>\n\n\t\t\n<style>\n#section_1664359073 {\n  padding-top: 50px;\n  padding-bottom: 50px;\n  background-color: rgb(255,255,255);\n}\n<\/style>\n\t<\/section>","protected":false},"excerpt":{"rendered":"[\/col] [\/row] [\/section]\n","protected":false},"author":1,"featured_media":0,"parent":0,"menu_order":9,"comment_status":"closed","ping_status":"closed","template":"","meta":{"footnotes":""},"_links":{"self":[{"href":"https:\/\/schutzmasken.ch\/it\/wp-json\/wp\/v2\/pages\/2756"}],"collection":[{"href":"https:\/\/schutzmasken.ch\/it\/wp-json\/wp\/v2\/pages"}],"about":[{"href":"https:\/\/schutzmasken.ch\/it\/wp-json\/wp\/v2\/types\/page"}],"author":[{"embeddable":true,"href":"https:\/\/schutzmasken.ch\/it\/wp-json\/wp\/v2\/users\/1"}],"replies":[{"embeddable":true,"href":"https:\/\/schutzmasken.ch\/it\/wp-json\/wp\/v2\/comments?post=2756"}],"version-history":[{"count":1,"href":"https:\/\/schutzmasken.ch\/it\/wp-json\/wp\/v2\/pages\/2756\/revisions"}],"predecessor-version":[{"id":61281,"href":"https:\/\/schutzmasken.ch\/it\/wp-json\/wp\/v2\/pages\/2756\/revisions\/61281"}],"wp:attachment":[{"href":"https:\/\/schutzmasken.ch\/it\/wp-json\/wp\/v2\/media?parent=2756"}],"curies":[{"name":"wp","href":"https:\/\/api.w.org\/{rel}","templated":true}]}}